{"id":88834,"date":"2025-07-23T17:02:12","date_gmt":"2025-07-23T22:02:12","guid":{"rendered":"https:\/\/www.ucaldas.edu.co\/portal\/?page_id=88834"},"modified":"2025-12-09T13:33:29","modified_gmt":"2025-12-09T18:33:29","slug":"infancia-adolescencia-y-mujeres","status":"publish","type":"page","link":"https:\/\/www.ucaldas.edu.co\/portal\/infancia-adolescencia-y-mujeres\/","title":{"rendered":"Ni\u00f1os, ni\u00f1as adolescentes y mujeres"},"content":{"rendered":"<div class=\"wpb-content-wrapper\"><p>[vc_row full_width=\u00bbstretch_row_content_no_spaces\u00bb el_class=\u00bbportada-bienestar-universitario\u00bb][vc_column][vc_custom_heading text=\u00bbNi\u00f1os, ni\u00f1as, adolescentes y mujeres\u00bb font_container=\u00bbtag:h1|text_align:center|color:%23FFFFFF\u00bb google_fonts=\u00bbfont_family:Roboto%3A100%2C100italic%2C300%2C300italic%2Cregular%2Citalic%2C500%2C500italic%2C700%2C700italic%2C900%2C900italic|font_style:900%20bold%20regular%3A900%3Anormal\u00bb css=\u00bb\u00bb el_class=\u00bbtitulo-bienestar-universitario\u00bb][vc_single_image image=\u00bb88836&#8243; img_size=\u00bbfull\u00bb alignment=\u00bbcenter\u00bb css=\u00bb\u00bb][\/vc_column][\/vc_row][vc_row][vc_column][vc_column_text css=\u00bb\u00bb]<\/p>\n<p style=\"text-align: justify;\"><strong>\u00a1Bienvenidos a la secci\u00f3n de Grupos Espec\u00edficos de la Universidad de Caldas!<\/strong> En esta p\u00e1gina, est\u00e1 toda la informaci\u00f3n sobre las iniciativas que hemos dedicado a promover la <strong>equidad<\/strong>, el <strong>bienestar<\/strong> y el <strong>desarrollo integral<\/strong> dentro de nuestra comunidad. La Universidad de Caldas est\u00e1 firmemente comprometida con el impulso del <strong>liderazgo<\/strong> y <strong>empoderamiento femenino<\/strong>, creando <strong>espacios seguros<\/strong> y <strong>equitativos<\/strong> para todas las <strong>mujeres<\/strong> en el \u00e1mbito acad\u00e9mico, investigativo y administrativo. Asimismo, valoramos profundamente el desarrollo de las <strong>nuevas generaciones<\/strong>, ofreciendo programas y actividades que fomentan el<strong> crecimiento educativo<\/strong>, <strong>recreativo<\/strong> y <strong>cultural<\/strong> de <strong>ni\u00f1os<\/strong>, <strong>ni\u00f1as<\/strong> y <strong>adolescentes<\/strong>, garantizando entornos protectores y enriquecedores para ellos. Los invitamos a descubrir c\u00f3mo juntos construimos una universidad m\u00e1s justa, diversa e inclusiva para todos.<\/p>\n<p>[\/vc_column_text][\/vc_column][\/vc_row][vc_row][vc_column][vc_tta_tabs color=\u00bbblue\u00bb active_section=\u00bb1&#8243;][vc_tta_section title=\u00bbNi\u00f1as, ni\u00f1os y adolescentes\u00bb tab_id=\u00bb1753221539104-0f7407d2-866a\u00bb][vc_row_inner css=\u00bb.vc_custom_1753223018302{background-color: #FFFFFF00 !important;}\u00bb][vc_column_inner width=\u00bb1\/4&#8243;][vc_column_text css=\u00bb\u00bb]<iframe loading=\"lazy\" style=\"border: none; overflow: hidden;\" src=\"https:\/\/www.facebook.com\/plugins\/video.php?height=476&amp;href=https%3A%2F%2Fwww.facebook.com%2Freel%2F836138669325564%2F&amp;show_text=false&amp;width=267&amp;t=0\" width=\"267\" height=\"476\" frameborder=\"0\" scrolling=\"no\" allowfullscreen=\"allowfullscreen\"><\/iframe>[\/vc_column_text][\/vc_column_inner][vc_column_inner width=\u00bb3\/4&#8243;][vc_column_text css=\u00bb\u00bb]En la Universidad, creemos firmemente en la importancia de brindar espacios educativos, recreativos y culturales que contribuyan al desarrollo integral de ni\u00f1os, ni\u00f1as y adolescentes. Por ello, hemos dise\u00f1ado una oferta de programas dirigidos a la infancia, que incluyen actividades vacacionales, l\u00fadicas y art\u00edsticas, pensadas para fomentar la creatividad, el juego, el aprendizaje y la sana convivencia.<\/p>\n<p>Adem\u00e1s, reconocemos que en nuestra comunidad educativa tambi\u00e9n contamos con estudiantes menores de edad, por lo cual promovemos entornos protectores, incluyentes y seguros, que garanticen su bienestar y participaci\u00f3n activa en la vida universitaria.<\/p>\n<p>Estos programas hacen parte del compromiso institucional con la formaci\u00f3n integral y el fortalecimiento de los v\u00ednculos con las familias y la sociedad. Invitamos a padres, madres y cuidadores a conocer y participar de estas iniciativas que enriquecen la experiencia universitaria desde la ni\u00f1ez.[\/vc_column_text][\/vc_column_inner][\/vc_row_inner][vc_row_inner css=\u00bb.vc_custom_1753223018302{background-color: #FFFFFF00 !important;}\u00bb][vc_column_inner width=\u00bb3\/4&#8243;][vc_column_text css=\u00bb\u00bb]<\/p>\n<h4><strong>Servicios<\/strong><\/h4>\n<p>En la Universidad se construyen diversos espacios dirigidos a ni\u00f1as, ni\u00f1os y adolescentes para que aprendan, se diviertan y exploren sus talentos. Adicionalmente, a trav\u00e9s de las asociaciones sindicales y la Oficina de Bienestar Universitario, se promueven actividades donde participan los hijos e hijas de funcionarios y docentes, fortaleciendo el lazo entre la comunidad universitaria y sus familias.<\/p>\n<ul>\n<li><a href=\"https:\/\/artesyhumanidades.ucaldas.edu.co\/extensionenartesplasticas\/\" target=\"_blank\" rel=\"noopener\">Programa de Extensi\u00f3n en Artes Pl\u00e1sticas<\/a><\/li>\n<li><a href=\"https:\/\/artesyhumanidades.ucaldas.edu.co\/prelex\/\" target=\"_blank\" rel=\"noopener\">Programa de Ense\u00f1anza en Lenguas Extranjeras<\/a><\/li>\n<li><a href=\"https:\/\/www.ucaldas.edu.co\/portal\/fomento-de-la-actividad-fisica-el-deporte-y-la-recreacion\/\" target=\"_blank\" rel=\"noopener\">Deporte formativo<\/a><\/li>\n<\/ul>\n<p>[\/vc_column_text][\/vc_column_inner][vc_column_inner width=\u00bb1\/4&#8243;][vc_single_image image=\u00bb89643&#8243; img_size=\u00bbfull\u00bb alignment=\u00bbcenter\u00bb css=\u00bb\u00bb][\/vc_column_inner][\/vc_row_inner][vc_row_inner][vc_column_inner width=\u00bb1\/4&#8243;][vc_single_image image=\u00bb88862&#8243; img_size=\u00bbfull\u00bb alignment=\u00bbcenter\u00bb css=\u00bb\u00bb][\/vc_column_inner][vc_column_inner width=\u00bb1\/2&#8243;][vc_images_carousel images=\u00bb87882,76261,81682,72772,86993,87769,88476,86664,88240,87352,86322&#8243; img_size=\u00bbfull\u00bb onclick=\u00bbcustom_link\u00bb custom_links_target=\u00bb_blank\u00bb wrap=\u00bbyes\u00bb css=\u00bb\u00bb custom_links=\u00bb#E-8_aHR0cHMlM0ElMkYlMkZ3d3cudWNhbGRhcy5lZHUuY28lMkZwb3J0YWwlMkZuaW5vcy1kZWwtc2VtaWxsZXJvLWRlLXJvYm90aWNhLWVkdWNhdGl2YS1ncnVwby10ZXNsYS1kZS1sYS11bml2ZXJzaWRhZC1kZS1jYWxkYXMtc2UtcHJlcGFyYW4tcGFyYS1sYS1vbGltcGlhZGEtbXVuZGlhbC13cm8tMjAyNSUyRiUyQ2h0dHBzJTNBJTJGJTJGd3d3LnVjYWxkYXMuZWR1LmNvJTJGcG9ydGFsJTJGZW4tbGEtdW5pdmVyc2lkYWQtZGUtY2FsZGFzLXNlLWxsZXZvLWEtY2Fiby1lbC10YWxsZXItcGFyYS1uaW5vcy1leHBsb3JhZG9yZXMtZ2VvbG9naWNvcy1kZXNjdWJyaWVuZG8tbG9zLXNlY3JldG9zLWRlLWxhcy1yb2NhcyUyRiUyQ2h0dHBzJTNBJTJGJTJGd3d3LnVjYWxkYXMuZWR1LmNvJTJGcG9ydGFsJTJGbG9zLW5pbm9zLWV4cGxvcmFuLWVsLW11bmRvLWRlLWxhcy1wbGFudGFzLW1lZGljaW5hbGVzLWdyYWNpYXMtYS1wcm95ZWN0by1kZS1hbnRyb3BvbG9nYXMtZGUtbGEtdW5pdmVyc2lkYWQtZGUtY2FsZGFzJTJGJTJDaHR0cHMlM0ElMkYlMkZ3d3cudWNhbGRhcy5lZHUuY28lMkZwb3J0YWwlMkZuaW5vcy15LW5pbmFzLWRlLW1hbml6YWxlcy1wYXJ0aWNpcGFuLWVuLWxhLXdvcmxkLXJvYm90LW9seW1waWFkLXdyby1kZXNkZS1lbC1jZW50cm8tZGUtY2llbmNpYS1mcmFuY2lzY28tam9zZS1kZS1jYWxkYXMlMkYlMkNodHRwcyUzQSUyRiUyRnd3dy51Y2FsZGFzLmVkdS5jbyUyRnBvcnRhbCUyRmxvcy1oYWJpdGFudGVzLWRlLXZpbGxhaGVybW9zYS1yZWNpYmllcm9uLWEtbGEtdW5pdmVyc2lkYWQtZGUtY2FsZGFzJTJGJTJDaHR0cHMlM0ElMkYlMkZ3d3cudWNhbGRhcy5lZHUuY28lMkZwb3J0YWwlMkY2Mi1qb3ZlbmVzLWRlLXpvbmFzLXJ1cmFsZXMtZGUtc2FuLWpvc2UtcmlzYXJhbGRhLXktYW5zZXJtYS1yZWNpYmllcm9uLXN1LXRpdHVsby1jb24tbGEtdW5pdmVyc2lkYWQtZGUtY2FsZGFzJTJGJTJDaHR0cHMlM0ElMkYlMkZ3d3cudWNhbGRhcy5lZHUuY28lMkZwb3J0YWwlMkYxOS1udWV2b3MtdGVjbmljb3MtcHJvZmVzaW9uYWxlcy1zZS1ncmFkdWFuLWdyYWNpYXMtYWwtcHJvZ3JhbWEtdW5pdmVyc2lkYWQtZW4tZWwtY2FtcG8lMkYlMkNodHRwcyUzQSUyRiUyRnd3dy51Y2FsZGFzLmVkdS5jbyUyRnBvcnRhbCUyRjk2LWpvdmVuZXMtZGUtbWFuaXphbGVzLXktcGFsZXN0aW5hLXNlLWdyYWR1YW4tY29uLWRvYmxlLXRpdHVsYWNpb24tZ3JhY2lhcy1hLXUtZW4tdHUtY29sZWdpby15LXUtZGUtY2FsZGFzLWVuLXR1LXB1ZWJsbyUyRiUyQ2h0dHBzJTNBJTJGJTJGd3d3LnVjYWxkYXMuZWR1LmNvJTJGcG9ydGFsJTJGdW5pdmVyc2lkYWQtZGUtY2FsZGFzLWVuLXR1LXB1ZWJsby10aWVuZS1udWV2b3MtZnJ1dG9zLWNvbi1ncmFkb3MtZW4tYXJhdWNhJTJGJTJDaHR0cHMlM0ElMkYlMkZ3d3cudWNhbGRhcy5lZHUuY28lMkZwb3J0YWwlMkZsYS1tdXNpY2Etc2lndWUtdml2YS1jb25jbHV5ZS1zb25pZG9zLXBhcmEtbGEtY29uc3RydWNjaW9uLWRlLXBheiUyRiUyQ2h0dHBzJTNBJTJGJTJGd3d3LnVjYWxkYXMuZWR1LmNvJTJGcG9ydGFsJTJGMzAwLWVzdHVkaWFudGVzLWRlbC11bml2ZXJzaXRhcmlvLWVzdGFuLWFydGljdWxhZG9zLWNvbi1sYS11bml2ZXJzaWRhZC1kZS1jYWxkYXMtZ3JhY2lhcy1hLXUtZW4tdHUtY29sZWdpbyUyRg==\u00bb][\/vc_column_inner][vc_column_inner width=\u00bb1\/4&#8243;][vc_single_image image=\u00bb88857&#8243; img_size=\u00bbfull\u00bb alignment=\u00bbcenter\u00bb css=\u00bb\u00bb][\/vc_column_inner][\/vc_row_inner][vc_row_inner][vc_column_inner][vc_custom_heading text=\u00bbNoticias\u00bb font_container=\u00bbtag:h4|text_align:left\u00bb google_fonts=\u00bbfont_family:Roboto%3A100%2C100italic%2C300%2C300italic%2Cregular%2Citalic%2C500%2C500italic%2C700%2C700italic%2C900%2C900italic|font_style:900%20bold%20regular%3A900%3Anormal\u00bb css=\u00bb\u00bb][\/vc_column_inner][\/vc_row_inner][vc_row_inner][vc_column_inner width=\u00bb1\/2&#8243;][vc_column_text css=\u00bb\u00bb]<\/p>\n<ul>\n<li><a href=\"https:\/\/www.ucaldas.edu.co\/portal\/los-habitantes-de-villahermosa-recibieron-a-la-universidad-de-caldas\/\">Los habitantes de Villahermosa recibieron a la Universidad de Caldas<\/a><\/li>\n<li><a href=\"https:\/\/www.ucaldas.edu.co\/portal\/ninos-del-semillero-de-robotica-educativa-grupo-tesla-de-la-universidad-de-caldas-se-preparan-para-la-olimpiada-mundial-wro-2025\/\">Ni\u00f1os del Semillero de Rob\u00f3tica Educativa \u201cGrupo Tesla\u201d de la Universidad de Caldas se Preparan para la Olimpiada Mundial WRO 2025<\/a><\/li>\n<li><a href=\"https:\/\/www.ucaldas.edu.co\/portal\/62-jovenes-de-zonas-rurales-de-san-jose-risaralda-y-anserma-recibieron-su-titulo-con-la-universidad-de-caldas\/\">62 j\u00f3venes de zonas rurales de San Jos\u00e9, Risaralda y Anserma recibieron su t\u00edtulo con la Universidad de Caldas<\/a><\/li>\n<li><a href=\"https:\/\/www.ucaldas.edu.co\/portal\/19-nuevos-tecnicos-profesionales-se-graduan-gracias-al-programa-universidad-en-el-campo\/\">19 nuevos t\u00e9cnicos profesionales se grad\u00faan gracias al programa \u201cUniversidad en el Campo\u201d<\/a><\/li>\n<li><a href=\"https:\/\/www.ucaldas.edu.co\/portal\/19-nuevos-tecnicos-profesionales-se-graduan-gracias-al-programa-universidad-en-el-campo\/\">94 mil estudiantes en seis departamentos se beneficiar\u00e1n del proyecto Artes para la construcci\u00f3n de paz de la Universidad de Caldas y Ministerio de las Culturas, las Artes y los Saberes<\/a><\/li>\n<\/ul>\n<p>[\/vc_column_text][\/vc_column_inner][vc_column_inner width=\u00bb1\/2&#8243;][vc_column_text css=\u00bb\u00bb]<\/p>\n<ul>\n<li><a href=\"https:\/\/www.ucaldas.edu.co\/portal\/96-jovenes-de-manizales-y-palestina-se-graduan-con-doble-titulacion-gracias-a-u-en-tu-colegio-y-u-de-caldas-en-tu-pueblo\/\">96 j\u00f3venes de Manizales y Palestina se grad\u00faan con doble titulaci\u00f3n gracias a \u201cU en tu colegio\u201d y \u201cU de Caldas en tu pueblo\u201d<\/a><\/li>\n<li><a href=\"https:\/\/www.ucaldas.edu.co\/portal\/universidad-de-caldas-en-tu-pueblo-tiene-nuevos-frutos-con-grados-en-arauca\/\">Universidad de Caldas en tu pueblo tiene nuevos frutos con grados en Arauca<\/a><\/li>\n<li><a href=\"https:\/\/www.ucaldas.edu.co\/portal\/la-musica-sigue-viva-concluye-sonidos-para-la-construccion-de-paz\/\">La m\u00fasica sigue viva: concluye Sonidos para la Construcci\u00f3n de Paz<\/a><\/li>\n<li><a href=\"https:\/\/www.ucaldas.edu.co\/portal\/300-estudiantes-del-universitario-estan-articulados-con-la-universidad-de-caldas-gracias-a-u-en-tu-colegio\/\">300 estudiantes del Universitario est\u00e1n articulados con la Universidad de Caldas gracias a \u201cU en tu Colegio\u201d<\/a><\/li>\n<\/ul>\n<p>[\/vc_column_text][\/vc_column_inner][\/vc_row_inner][\/vc_tta_section][vc_tta_section title=\u00bbMujeres\u00bb tab_id=\u00bb1753221584991-b04e012f-1ef4&#8243;][vc_row_inner][vc_column_inner][vc_single_image image=\u00bb88870&#8243; img_size=\u00bbfull\u00bb css=\u00bb\u00bb][\/vc_column_inner][\/vc_row_inner][vc_row_inner][vc_column_inner][vc_column_text css=\u00bb\u00bb]En el marco de su compromiso con la equidad de g\u00e9nero, la Universidad reconoce el papel fundamental de las mujeres en la vida acad\u00e9mica, investigativa, administrativa y comunitaria. Por ello, ha dise\u00f1ado e implementado una serie de programas, estrategias y acciones orientadas a promover el bienestar, la participaci\u00f3n activa, el liderazgo y el empoderamiento de las mujeres en todos los \u00e1mbitos universitarios.<\/p>\n<p>Estas iniciativas buscan garantizar espacios libres de violencia, fomentar el acceso equitativo a oportunidades y contribuir a la construcci\u00f3n de una comunidad universitaria m\u00e1s justa, diversa e inclusiva. Desde la prevenci\u00f3n y atenci\u00f3n de violencias basadas en g\u00e9nero, hasta el fortalecimiento de redes de apoyo, formaci\u00f3n y liderazgo femenino, la Universidad reafirma su compromiso con una educaci\u00f3n superior con perspectiva de g\u00e9nero y respeto por los derechos de todas las personas.[\/vc_column_text][\/vc_column_inner][\/vc_row_inner][vc_row_inner css=\u00bb.vc_custom_1753223018302{background-color: #FFFFFF00 !important;}\u00bb][vc_column_inner width=\u00bb3\/4&#8243;][vc_column_text css=\u00bb\u00bb]<\/p>\n<h4><strong>Servicios<\/strong><\/h4>\n<p>Los servicios de la Universidad est\u00e1n disponibles para todas las mujeres, sin distinci\u00f3n, en condiciones de igualdad y con enfoque de equidad. La instituci\u00f3n promueve la participaci\u00f3n activa de las mujeres en todos los \u00e1mbitos acad\u00e9micos, investigativos, culturales y de bienestar, garantizando espacios seguros, respetuosos y libres de discriminaci\u00f3n:[\/vc_column_text][\/vc_column_inner][vc_column_inner width=\u00bb1\/4&#8243;][vc_single_image image=\u00bb89649&#8243; img_size=\u00bbfull\u00bb alignment=\u00bbcenter\u00bb css=\u00bb\u00bb][\/vc_column_inner][\/vc_row_inner][vc_row_inner css=\u00bb.vc_custom_1753223018302{background-color: #FFFFFF00 !important;}\u00bb][vc_column_inner width=\u00bb1\/4&#8243;][vc_column_text css=\u00bb\u00bb]<\/p>\n<ul>\n<li><a href=\"https:\/\/www.ucaldas.edu.co\/portal\/grupo-especial-de-equidad-y-no-discriminacion\/\">Grupo Especial de Equidad y No Discriminaci\u00f3n<\/a><\/li>\n<li><a href=\"https:\/\/www.ucaldas.edu.co\/portal\/convivencia-universitaria\/#1699477684678-526496d9-bedf\">Prevenci\u00f3n de las violencias de g\u00e9nero y promoci\u00f3n de la equidad<\/a><\/li>\n<li><a href=\"https:\/\/www.ucaldas.edu.co\/portal\/expresiones-culturales-y-artisticas\/\" target=\"_blank\" rel=\"noopener\">Expresiones Culturales y Art\u00edsticas<\/a><\/li>\n<li><a href=\"https:\/\/www.ucaldas.edu.co\/portal\/fomento-de-la-actividad-fisica-el-deporte-y-la-recreacion\/\">\u00c1rea del Fomento de la Actividad F\u00edsica, el Deporte y la Recreaci\u00f3n<\/a><\/li>\n<li><a href=\"https:\/\/www.ucaldas.edu.co\/portal\/permanece-con-calidad\/\">Permanece con Calidad<\/a><\/li>\n<li><a href=\"https:\/\/www.ucaldas.edu.co\/portal\/convivencia-universitaria\/\">Desarrollo Humano y Convivencia Universitaria<\/a><\/li>\n<\/ul>\n<p>[\/vc_column_text][\/vc_column_inner][vc_column_inner width=\u00bb1\/4&#8243;][vc_column_text css=\u00bb\u00bb]<\/p>\n<ul>\n<li><a href=\"https:\/\/www.ucaldas.edu.co\/portal\/promocion-socioeconomica\/\">Promoci\u00f3n Socioecon\u00f3mica<\/a><\/li>\n<li><a href=\"https:\/\/www.ucaldas.edu.co\/portal\/promocion-de-la-salud\">Promoci\u00f3n de la salud<\/a><\/li>\n<li><a href=\"https:\/\/artesyhumanidades.ucaldas.edu.co\/blog\/2022\/06\/24\/las-hijas-de-lilith-2\/\" target=\"_blank\" rel=\"noopener\">Semillero de Investigaci\u00f3n las Hijas de Lilith<\/a><\/li>\n<li><a href=\"https:\/\/artesyhumanidades.ucaldas.edu.co\/blog\/2022\/06\/24\/las-mujeres-compositoras-y-la-flauta-traversa\/\" target=\"_blank\" rel=\"noopener\">Semillero de Investigaci\u00f3n Las mujeres compositoras y la Flauta Traversa.<\/a><\/li>\n<li><a href=\"https:\/\/juridicasysociales.ucaldas.edu.co\/observatorio-genero-sexualidades\/\" target=\"_blank\" rel=\"noopener\">Observatorio de G\u00e9nero y Sexualidades, Facultad de Ciencias Jur\u00eddicas y Sociales, Universidad de Caldas<\/a><\/li>\n<li><a href=\"https:\/\/telesaludcolombia.co\/sexualidad-derechos-sexuales-y-derechos-reproductivos\/\" target=\"_blank\" rel=\"noopener\">Diplomado virtual Sexualidad, Derechos Sexuales y Derechos Reproductivos<\/a><\/li>\n<\/ul>\n<p>[\/vc_column_text][\/vc_column_inner][vc_column_inner width=\u00bb1\/4&#8243;][vc_column_text css=\u00bb\u00bb]<\/p>\n<ul>\n<li><a href=\"https:\/\/telesaludcolombia.co\/consejeria-en-lactancia-materna\/\" target=\"_blank\" rel=\"noopener\">Diplomado virtual Consejer\u00eda en Lactancia Materna<\/a><\/li>\n<li><a href=\"https:\/\/telesaludcolombia.co\/atencion-integral-a-victimas-de-violencia-sexual\/\" target=\"_blank\" rel=\"noopener\">Curso virtual Atenci\u00f3n Integral a V\u00edctimas de Violencia Sexual C\u00f3digo Fucsia<\/a><\/li>\n<li><a href=\"https:\/\/telesaludcolombia.co\/etmiplus-y-ruta-materno-perinatal-diplomado-virtual\/\" target=\"_blank\" rel=\"noopener\">Diplomado virtual ETMIplus y ruta materno perinatal<\/a><\/li>\n<li><a href=\"https:\/\/acticvate.ucaldas.edu.co\/\" target=\"_blank\" rel=\"noopener\">AcTICvate<\/a><\/li>\n<li><a href=\"https:\/\/www.ucaldas.edu.co\/portal\/escuela-de-la-duda\/#1716216016335-3499b433-db1d\">Mujeres en el Cine<\/a><\/li>\n<li><a href=\"https:\/\/www.ucaldas.edu.co\/portal\/escuela-de-la-duda\/#1716213049572-5f8e59de-1a64\">Entre Irreverentes<\/a><\/li>\n<\/ul>\n<p>[\/vc_column_text][\/vc_column_inner][vc_column_inner width=\u00bb1\/4&#8243;][\/vc_column_inner][\/vc_row_inner][vc_row_inner][vc_column_inner width=\u00bb1\/2&#8243;][vc_images_carousel images=\u00bb88089,87108,86752,86502,86060,86042&#8243; img_size=\u00bbfull\u00bb onclick=\u00bbcustom_link\u00bb css=\u00bb\u00bb custom_links=\u00bb#E-8_aHR0cHMlM0ElMkYlMkZ3d3cudWNhbGRhcy5lZHUuY28lMkZwb3J0YWwlMkZwb3ItcHJpbWVyYS12ZXotZXN0dWRpYW50ZS1kZS1sYS11LWRlLWNhbGRhcy1pcmEtYS1tdW5kaWFsLW1pY2hlbC1tYXJ0aW5lei1yZXByZXNlbnRhcmEtYS1jb2xvbWJpYS1lbi1sb3MtanVlZ29zLW11bmRpYWxlcy11bml2ZXJzaXRhcmlvcy1lbi1hbGVtYW5pYSUyRiUyQ2h0dHBzJTNBJTJGJTJGd3d3LnVjYWxkYXMuZWR1LmNvJTJGcG9ydGFsJTJGdmFzaWphLXV0ZXJvLW1hZHJlLXVuYS1leHBlcmllbmNpYS1hcnRpc3RpY2EtcGFyYS1yZWNvbmVjdGFyLWNvbi1lbC1vcmlnZW4teS1sYS1tZW1vcmlhJTJGJTJDaHR0cHMlM0ElMkYlMkZ3d3cudWNhbGRhcy5lZHUuY28lMkZwb3J0YWwlMkZ2b2Nlcy1kZS1yZWN1cGVyYWNpb24tdW4tcHJveWVjdG8taW52ZXN0aWdhdGl2by1xdWUtaW1wdWxzYS1yZXNpbGllbmNpYS1lbi1jb211bmlkYWRlcy1hZmVjdGFkYXMtcG9yLWxhLXZpb2xlbmNpYSUyRiUyQ2h0dHBzJTNBJTJGJTJGd3d3LnVjYWxkYXMuZWR1LmNvJTJGcG9ydGFsJTJGZW4tbGEtdW5pdmVyc2lkYWQtZGUtY2FsZGFzLWxsZXZhbW9zLXVuLW1lbnNhamUtZGUtZXNwZXJhbnphLWEtbGEtY2FyY2VsLWRlLW11amVyZXMtZGUtbWFuaXphbGVzJTJGJTJDaHR0cHMlM0ElMkYlMkZ3d3cudWNhbGRhcy5lZHUuY28lMkZwb3J0YWwlMkZlc3R1ZGlhbnRlLWRlLWJpb2xvZ2lhLWJlY2FyaWEtbmFjaW9uYWwtZS1pbnRlcm5hY2lvbmFsLWdyYWNpYXMtdHJhYmFqby1kZS1pbnZlc3RpZ2FjaW9uLXF1ZS1idXNjYS1wcm90ZWdlci1sYS1yYXlhLWFndWlsYS1kZWwtcGFjaWZpY28tZW4tbGEtaXNsYS1tYWxwZWxvJTJGJTJDaHR0cHMlM0ElMkYlMkZ3d3cudWNhbGRhcy5lZHUuY28lMkZwb3J0YWwlMkZoYWNlci1kZS1sYS1wZWRhZ29naWEtdW5hLWxlbmd1YS1yZXNwb25kb25hLXByaW1lcmEtY29uZmVyZW5jaWEtZGUtbGEtbWFlc3RyaWEtZW4tZXN0dWRpb3MtZGUtZ2VuZXJvLWRlLWxhLXVuaXZlcnNpZGFkLWRlLWNhbGRhcyUyRg==\u00bb][\/vc_column_inner][vc_column_inner width=\u00bb1\/2&#8243;][vc_column_text css=\u00bb\u00bb]<\/p>\n<ul>\n<li><a href=\"https:\/\/www.ucaldas.edu.co\/portal\/por-primera-vez-estudiante-de-la-u-de-caldas-ira-a-mundial-michel-martinez-representara-a-colombia-en-los-juegos-mundiales-universitarios-en-alemania\/\">Por primera vez estudiante de la U de Caldas ir\u00e1 a mundial: Michel Mart\u00ednez representar\u00e1 a Colombia en los Juegos Mundiales Universitarios en Alemania<\/a><\/li>\n<li><a href=\"https:\/\/www.ucaldas.edu.co\/portal\/vasija-utero-madre-una-experiencia-artistica-para-reconectar-con-el-origen-y-la-memoria\/\">\u201cVasija \u00datero Madre\u201d: una experiencia art\u00edstica para reconectar con el origen y la memoria<\/a><\/li>\n<li><a href=\"https:\/\/www.ucaldas.edu.co\/portal\/voces-de-recuperacion-un-proyecto-investigativo-que-impulsa-resiliencia-en-comunidades-afectadas-por-la-violencia\/\">Voces de recuperaci\u00f3n un proyecto investigativo que impulsa resiliencia en comunidades afectadas por la violencia.<\/a><\/li>\n<li><a href=\"https:\/\/www.ucaldas.edu.co\/portal\/en-la-universidad-de-caldas-llevamos-un-mensaje-de-esperanza-a-la-carcel-de-mujeres-de-manizales\/\">En la Universidad de Caldas llevamos un mensaje de esperanza a la C\u00e1rcel de Mujeres de Manizales<\/a><\/li>\n<li><a href=\"https:\/\/www.ucaldas.edu.co\/portal\/asi-conmemoramos-el-dia-de-la-mujer-en-la-universidad-de-caldas\/\">\u00a1As\u00ed conmemoramos el D\u00eda de la Mujer en la Universidad de Caldas!<\/a><\/li>\n<li><a href=\"https:\/\/www.ucaldas.edu.co\/portal\/estudiante-de-biologia-becaria-nacional-e-internacional-gracias-trabajo-de-investigacion-que-busca-proteger-la-raya-aguila-del-pacifico-en-la-isla-malpelo\/\">Estudiante de Biolog\u00eda, becaria nacional e internacional, gracias trabajo de investigaci\u00f3n que busca proteger la raya \u00e1guila del Pac\u00edfico, en la Isla Malpelo.<\/a><\/li>\n<li><a href=\"https:\/\/www.ucaldas.edu.co\/portal\/hacer-de-la-pedagogia-una-lengua-respondona-primera-conferencia-de-la-maestria-en-estudios-de-genero-de-la-universidad-de-caldas\/\">\u201cHacer de la pedagog\u00eda una lengua respondona\u201d primera conferencia de la Maestr\u00eda en Estudios de G\u00e9nero de la Universidad de Caldas.<\/a><\/li>\n<\/ul>\n<p>[\/vc_column_text][\/vc_column_inner][\/vc_row_inner][\/vc_tta_section][\/vc_tta_tabs][\/vc_column][\/vc_row]<\/p>\n<\/div>","protected":false},"excerpt":{"rendered":"<p>[vc_row full_width=\u00bbstretch_row_content_no_spaces\u00bb el_class=\u00bbportada-bienestar-universitario\u00bb][vc_column][vc_custom_heading text=\u00bbNi\u00f1os, ni\u00f1as, adolescentes y mujeres\u00bb font_container=\u00bbtag:h1|text_align:center|color:%23FFFFFF\u00bb google_fonts=\u00bbfont_family:Roboto%3A100%2C100italic%2C300%2C300italic%2Cregular%2Citalic%2C500%2C500italic%2C700%2C700italic%2C900%2C900italic|font_style:900%20bold%20regular%3A900%3Anormal\u00bb css=\u00bb\u00bb el_class=\u00bbtitulo-bienestar-universitario\u00bb][vc_single_image image=\u00bb88836&#8243; img_size=\u00bbfull\u00bb alignment=\u00bbcenter\u00bb css=\u00bb\u00bb][\/vc_column][\/vc_row][vc_row][vc_column][vc_column_text css=\u00bb\u00bb] \u00a1Bienvenidos a la secci\u00f3n de Grupos Espec\u00edficos de la Universidad de Caldas! En esta p\u00e1gina, est\u00e1 toda la informaci\u00f3n sobre las iniciativas que hemos dedicado a promover la equidad, el bienestar y el desarrollo integral dentro de nuestra [&hellip;]<\/p>\n","protected":false},"author":1,"featured_media":0,"parent":0,"menu_order":0,"comment_status":"closed","ping_status":"closed","template":"","meta":{"footnotes":""},"class_list":["post-88834","page","type-page","status-publish","hentry"],"yoast_head":"<!-- This site is optimized with the Yoast SEO plugin v27.5 - https:\/\/yoast.com\/product\/yoast-seo-wordpress\/ -->\n<title>Ni\u00f1os, ni\u00f1as adolescentes y mujeres<\/title>\n<meta name=\"description\" content=\"Descubra aqu\u00ed toda la informaci\u00f3n relacionada con grupos espec\u00edficos de la Universidad de Caldas: ni\u00f1os, adolescentes y mujeres.\" \/>\n<meta name=\"robots\" content=\"index, follow, max-snippet:-1, max-image-preview:large, max-video-preview:-1\" \/>\n<link rel=\"canonical\" href=\"https:\/\/www.ucaldas.edu.co\/portal\/infancia-adolescencia-y-mujeres\/\" \/>\n<script type=\"application\/ld+json\" class=\"yoast-schema-graph\">{\"@context\":\"https:\\\/\\\/schema.org\",\"@graph\":[{\"@type\":\"WebPage\",\"@id\":\"https:\\\/\\\/www.ucaldas.edu.co\\\/portal\\\/infancia-adolescencia-y-mujeres\\\/\",\"url\":\"https:\\\/\\\/www.ucaldas.edu.co\\\/portal\\\/infancia-adolescencia-y-mujeres\\\/\",\"name\":\"Ni\u00f1os, ni\u00f1as adolescentes y mujeres\",\"isPartOf\":{\"@id\":\"https:\\\/\\\/www.ucaldas.edu.co\\\/portal\\\/#website\"},\"datePublished\":\"2025-07-23T22:02:12+00:00\",\"dateModified\":\"2025-12-09T18:33:29+00:00\",\"description\":\"Descubra aqu\u00ed toda la informaci\u00f3n relacionada con grupos espec\u00edficos de la Universidad de Caldas: ni\u00f1os, adolescentes y mujeres.\",\"breadcrumb\":{\"@id\":\"https:\\\/\\\/www.ucaldas.edu.co\\\/portal\\\/infancia-adolescencia-y-mujeres\\\/#breadcrumb\"},\"inLanguage\":\"es\",\"potentialAction\":[{\"@type\":\"ReadAction\",\"target\":[\"https:\\\/\\\/www.ucaldas.edu.co\\\/portal\\\/infancia-adolescencia-y-mujeres\\\/\"]}]},{\"@type\":\"BreadcrumbList\",\"@id\":\"https:\\\/\\\/www.ucaldas.edu.co\\\/portal\\\/infancia-adolescencia-y-mujeres\\\/#breadcrumb\",\"itemListElement\":[{\"@type\":\"ListItem\",\"position\":1,\"name\":\"Portada\",\"item\":\"https:\\\/\\\/www.ucaldas.edu.co\\\/portal\\\/\"},{\"@type\":\"ListItem\",\"position\":2,\"name\":\"Ni\u00f1os, ni\u00f1as adolescentes y mujeres\"}]},{\"@type\":\"WebSite\",\"@id\":\"https:\\\/\\\/www.ucaldas.edu.co\\\/portal\\\/#website\",\"url\":\"https:\\\/\\\/www.ucaldas.edu.co\\\/portal\\\/\",\"name\":\"Universidad de Caldas\",\"description\":\"\",\"publisher\":{\"@id\":\"https:\\\/\\\/www.ucaldas.edu.co\\\/portal\\\/#organization\"},\"alternateName\":\"U. de Caldas\",\"potentialAction\":[{\"@type\":\"SearchAction\",\"target\":{\"@type\":\"EntryPoint\",\"urlTemplate\":\"https:\\\/\\\/www.ucaldas.edu.co\\\/portal\\\/?s={search_term_string}\"},\"query-input\":{\"@type\":\"PropertyValueSpecification\",\"valueRequired\":true,\"valueName\":\"search_term_string\"}}],\"inLanguage\":\"es\"},{\"@type\":\"Organization\",\"@id\":\"https:\\\/\\\/www.ucaldas.edu.co\\\/portal\\\/#organization\",\"name\":\"Universidad de Caldas\",\"alternateName\":\"U. de Caldas\",\"url\":\"https:\\\/\\\/www.ucaldas.edu.co\\\/portal\\\/\",\"logo\":{\"@type\":\"ImageObject\",\"inLanguage\":\"es\",\"@id\":\"https:\\\/\\\/www.ucaldas.edu.co\\\/portal\\\/#\\\/schema\\\/logo\\\/image\\\/\",\"url\":\"https:\\\/\\\/www.ucaldas.edu.co\\\/portal\\\/wp-content\\\/uploads\\\/2023\\\/11\\\/Logo_horizontal_oscuroU-2023.png\",\"contentUrl\":\"https:\\\/\\\/www.ucaldas.edu.co\\\/portal\\\/wp-content\\\/uploads\\\/2023\\\/11\\\/Logo_horizontal_oscuroU-2023.png\",\"width\":263,\"height\":101,\"caption\":\"Universidad de Caldas\"},\"image\":{\"@id\":\"https:\\\/\\\/www.ucaldas.edu.co\\\/portal\\\/#\\\/schema\\\/logo\\\/image\\\/\"},\"sameAs\":[\"https:\\\/\\\/www.facebook.com\\\/udecaldas\",\"https:\\\/\\\/x.com\\\/udecaldas\",\"https:\\\/\\\/www.youtube.com\\\/universidadcaldas\",\"https:\\\/\\\/www.instagram.com\\\/udecaldas\\\/\"]}]}<\/script>\n<!-- \/ Yoast SEO plugin. -->","yoast_head_json":{"title":"Ni\u00f1os, ni\u00f1as adolescentes y mujeres","description":"Descubra aqu\u00ed toda la informaci\u00f3n relacionada con grupos espec\u00edficos de la Universidad de Caldas: ni\u00f1os, adolescentes y mujeres.","robots":{"index":"index","follow":"follow","max-snippet":"max-snippet:-1","max-image-preview":"max-image-preview:large","max-video-preview":"max-video-preview:-1"},"canonical":"https:\/\/www.ucaldas.edu.co\/portal\/infancia-adolescencia-y-mujeres\/","schema":{"@context":"https:\/\/schema.org","@graph":[{"@type":"WebPage","@id":"https:\/\/www.ucaldas.edu.co\/portal\/infancia-adolescencia-y-mujeres\/","url":"https:\/\/www.ucaldas.edu.co\/portal\/infancia-adolescencia-y-mujeres\/","name":"Ni\u00f1os, ni\u00f1as adolescentes y mujeres","isPartOf":{"@id":"https:\/\/www.ucaldas.edu.co\/portal\/#website"},"datePublished":"2025-07-23T22:02:12+00:00","dateModified":"2025-12-09T18:33:29+00:00","description":"Descubra aqu\u00ed toda la informaci\u00f3n relacionada con grupos espec\u00edficos de la Universidad de Caldas: ni\u00f1os, adolescentes y mujeres.","breadcrumb":{"@id":"https:\/\/www.ucaldas.edu.co\/portal\/infancia-adolescencia-y-mujeres\/#breadcrumb"},"inLanguage":"es","potentialAction":[{"@type":"ReadAction","target":["https:\/\/www.ucaldas.edu.co\/portal\/infancia-adolescencia-y-mujeres\/"]}]},{"@type":"BreadcrumbList","@id":"https:\/\/www.ucaldas.edu.co\/portal\/infancia-adolescencia-y-mujeres\/#breadcrumb","itemListElement":[{"@type":"ListItem","position":1,"name":"Portada","item":"https:\/\/www.ucaldas.edu.co\/portal\/"},{"@type":"ListItem","position":2,"name":"Ni\u00f1os, ni\u00f1as adolescentes y mujeres"}]},{"@type":"WebSite","@id":"https:\/\/www.ucaldas.edu.co\/portal\/#website","url":"https:\/\/www.ucaldas.edu.co\/portal\/","name":"Universidad de Caldas","description":"","publisher":{"@id":"https:\/\/www.ucaldas.edu.co\/portal\/#organization"},"alternateName":"U. de Caldas","potentialAction":[{"@type":"SearchAction","target":{"@type":"EntryPoint","urlTemplate":"https:\/\/www.ucaldas.edu.co\/portal\/?s={search_term_string}"},"query-input":{"@type":"PropertyValueSpecification","valueRequired":true,"valueName":"search_term_string"}}],"inLanguage":"es"},{"@type":"Organization","@id":"https:\/\/www.ucaldas.edu.co\/portal\/#organization","name":"Universidad de Caldas","alternateName":"U. de Caldas","url":"https:\/\/www.ucaldas.edu.co\/portal\/","logo":{"@type":"ImageObject","inLanguage":"es","@id":"https:\/\/www.ucaldas.edu.co\/portal\/#\/schema\/logo\/image\/","url":"https:\/\/www.ucaldas.edu.co\/portal\/wp-content\/uploads\/2023\/11\/Logo_horizontal_oscuroU-2023.png","contentUrl":"https:\/\/www.ucaldas.edu.co\/portal\/wp-content\/uploads\/2023\/11\/Logo_horizontal_oscuroU-2023.png","width":263,"height":101,"caption":"Universidad de Caldas"},"image":{"@id":"https:\/\/www.ucaldas.edu.co\/portal\/#\/schema\/logo\/image\/"},"sameAs":["https:\/\/www.facebook.com\/udecaldas","https:\/\/x.com\/udecaldas","https:\/\/www.youtube.com\/universidadcaldas","https:\/\/www.instagram.com\/udecaldas\/"]}]}},"_links":{"self":[{"href":"https:\/\/www.ucaldas.edu.co\/portal\/wp-json\/wp\/v2\/pages\/88834","targetHints":{"allow":["GET"]}}],"collection":[{"href":"https:\/\/www.ucaldas.edu.co\/portal\/wp-json\/wp\/v2\/pages"}],"about":[{"href":"https:\/\/www.ucaldas.edu.co\/portal\/wp-json\/wp\/v2\/types\/page"}],"author":[{"embeddable":true,"href":"https:\/\/www.ucaldas.edu.co\/portal\/wp-json\/wp\/v2\/users\/1"}],"replies":[{"embeddable":true,"href":"https:\/\/www.ucaldas.edu.co\/portal\/wp-json\/wp\/v2\/comments?post=88834"}],"version-history":[{"count":2,"href":"https:\/\/www.ucaldas.edu.co\/portal\/wp-json\/wp\/v2\/pages\/88834\/revisions"}],"predecessor-version":[{"id":100520,"href":"https:\/\/www.ucaldas.edu.co\/portal\/wp-json\/wp\/v2\/pages\/88834\/revisions\/100520"}],"wp:attachment":[{"href":"https:\/\/www.ucaldas.edu.co\/portal\/wp-json\/wp\/v2\/media?parent=88834"}],"curies":[{"name":"wp","href":"https:\/\/api.w.org\/{rel}","templated":true}]}}