{"id":88739,"date":"2025-08-25T22:49:52","date_gmt":"2025-08-26T03:49:52","guid":{"rendered":"https:\/\/www.ucaldas.edu.co\/portal\/?page_id=88739"},"modified":"2025-11-18T15:13:45","modified_gmt":"2025-11-18T20:13:45","slug":"alianza-por-la-educacion","status":"publish","type":"page","link":"https:\/\/www.ucaldas.edu.co\/portal\/alianza-por-la-educacion\/","title":{"rendered":"Alianza por la Educaci\u00f3n"},"content":{"rendered":"<div class=\"wpb-content-wrapper\"><p>[vc_row full_width=\u00bbstretch_row_content\u00bb disable_element=\u00bbyes\u00bb css=\u00bb.vc_custom_1763496706213{background-color: #003b70 !important;}\u00bb el_class=\u00bbcontenedor-accesos-directos\u00bb][vc_column width=\u00bb1\/4&#8243;][vc_row_inner][vc_column_inner el_class=\u00bbaccesos-directos\u00bb width=\u00bb1\/2&#8243; el_id=\u00bbir_a_admisiones\u00bb][vc_icon type=\u00bbentypo\u00bb icon_entypo=\u00bbentypo-icon entypo-icon-check\u00bb color=\u00bbcustom\u00bb align=\u00bbcenter\u00bb css_animation=\u00bbfadeInDown\u00bb custom_color=\u00bb#ffffff\u00bb][vc_custom_heading text=\u00bbAdmisiones\u00bb font_container=\u00bbtag:div|text_align:center|color:%23ffffff\u00bb google_fonts=\u00bbfont_family:Roboto%3A100%2C100italic%2C300%2C300italic%2Cregular%2Citalic%2C500%2C500italic%2C700%2C700italic%2C900%2C900italic|font_style:700%20bold%20regular%3A700%3Anormal\u00bb][\/vc_column_inner][vc_column_inner el_class=\u00bbaccesos-directos\u00bb width=\u00bb1\/2&#8243; el_id=\u00bbir_a_sia\u00bb][vc_icon icon_fontawesome=\u00bbfas fa-bullhorn\u00bb color=\u00bbcustom\u00bb align=\u00bbcenter\u00bb css_animation=\u00bbfadeInDown\u00bb css=\u00bb\u00bb custom_color=\u00bb#ffffff\u00bb][vc_custom_heading text=\u00bbNoticias\u00bb font_container=\u00bbtag:div|text_align:center|color:%23ffffff\u00bb google_fonts=\u00bbfont_family:Roboto%3A100%2C100italic%2C300%2C300italic%2Cregular%2Citalic%2C500%2C500italic%2C700%2C700italic%2C900%2C900italic|font_style:700%20bold%20regular%3A700%3Anormal\u00bb css=\u00bb\u00bb][\/vc_column_inner][\/vc_row_inner][\/vc_column][vc_column width=\u00bb1\/4&#8243;][vc_row_inner][vc_column_inner el_class=\u00bbaccesos-directos\u00bb width=\u00bb1\/2&#8243; el_id=\u00bbir_a_bienestar\u00bb][vc_icon type=\u00bbentypo\u00bb icon_entypo=\u00bbentypo-icon entypo-icon-heart\u00bb color=\u00bbcustom\u00bb size=\u00bblg\u00bb align=\u00bbcenter\u00bb css_animation=\u00bbfadeInDown\u00bb custom_color=\u00bb#ffffff\u00bb][vc_custom_heading text=\u00bbBienestar\u00bb font_container=\u00bbtag:div|text_align:center|color:%23ffffff\u00bb google_fonts=\u00bbfont_family:Roboto%3A100%2C100italic%2C300%2C300italic%2Cregular%2Citalic%2C500%2C500italic%2C700%2C700italic%2C900%2C900italic|font_style:700%20bold%20regular%3A700%3Anormal\u00bb][\/vc_column_inner][vc_column_inner el_class=\u00bbaccesos-directos\u00bb width=\u00bb1\/2&#8243; el_id=\u00bbir_a_biblioteca\u00bb][vc_icon type=\u00bbentypo\u00bb icon_entypo=\u00bbentypo-icon entypo-icon-book\u00bb color=\u00bbcustom\u00bb size=\u00bblg\u00bb align=\u00bbcenter\u00bb css_animation=\u00bbfadeInDown\u00bb custom_color=\u00bb#ffffff\u00bb][vc_custom_heading text=\u00bbBiblioteca\u00bb font_container=\u00bbtag:div|text_align:center|color:%23ffffff\u00bb google_fonts=\u00bbfont_family:Roboto%3A100%2C100italic%2C300%2C300italic%2Cregular%2Citalic%2C500%2C500italic%2C700%2C700italic%2C900%2C900italic|font_style:700%20bold%20regular%3A700%3Anormal\u00bb][\/vc_column_inner][\/vc_row_inner][\/vc_column][vc_column width=\u00bb1\/4&#8243;][vc_row_inner][vc_column_inner el_class=\u00bbaccesos-directos\u00bb width=\u00bb1\/2&#8243; el_id=\u00bbir_a_correo\u00bb][vc_icon type=\u00bbentypo\u00bb icon_entypo=\u00bbentypo-icon entypo-icon-mail\u00bb color=\u00bbcustom\u00bb size=\u00bblg\u00bb align=\u00bbcenter\u00bb css_animation=\u00bbfadeInDown\u00bb custom_color=\u00bb#ffffff\u00bb][vc_custom_heading text=\u00bbCorreo\u00bb font_container=\u00bbtag:div|text_align:center|color:%23ffffff\u00bb google_fonts=\u00bbfont_family:Roboto%3A100%2C100italic%2C300%2C300italic%2Cregular%2Citalic%2C500%2C500italic%2C700%2C700italic%2C900%2C900italic|font_style:700%20bold%20regular%3A700%3Anormal\u00bb][\/vc_column_inner][vc_column_inner el_class=\u00bbaccesos-directos\u00bb width=\u00bb1\/2&#8243; el_id=\u00bbir_a_intranet\u00bb][vc_icon type=\u00bbentypo\u00bb icon_entypo=\u00bbentypo-icon entypo-icon-picture\u00bb color=\u00bbcustom\u00bb size=\u00bblg\u00bb align=\u00bbcenter\u00bb css_animation=\u00bbfadeInDown\u00bb css=\u00bb\u00bb custom_color=\u00bb#ffffff\u00bb][vc_custom_heading text=\u00bbGaler\u00eda\u00bb font_container=\u00bbtag:div|text_align:center|color:%23ffffff\u00bb google_fonts=\u00bbfont_family:Roboto%3A100%2C100italic%2C300%2C300italic%2Cregular%2Citalic%2C500%2C500italic%2C700%2C700italic%2C900%2C900italic|font_style:700%20bold%20regular%3A700%3Anormal\u00bb css=\u00bb\u00bb][\/vc_column_inner][\/vc_row_inner][\/vc_column][vc_column width=\u00bb1\/4&#8243;][vc_row_inner][vc_column_inner el_class=\u00bbaccesos-directos\u00bb width=\u00bb1\/2&#8243; el_id=\u00bbir_a_proyeccion\u00bb][vc_icon type=\u00bbentypo\u00bb icon_entypo=\u00bbentypo-icon entypo-icon-comment\u00bb color=\u00bbcustom\u00bb size=\u00bblg\u00bb align=\u00bbcenter\u00bb css_animation=\u00bbfadeInDown\u00bb css=\u00bb\u00bb custom_color=\u00bb#ffffff\u00bb][vc_custom_heading text=\u00bbTestimonios\u00bb font_container=\u00bbtag:div|text_align:center|color:%23ffffff\u00bb google_fonts=\u00bbfont_family:Roboto%3A100%2C100italic%2C300%2C300italic%2Cregular%2Citalic%2C500%2C500italic%2C700%2C700italic%2C900%2C900italic|font_style:700%20bold%20regular%3A700%3Anormal\u00bb css=\u00bb\u00bb][\/vc_column_inner][vc_column_inner el_class=\u00bbaccesos-directos\u00bb width=\u00bb1\/2&#8243; el_id=\u00bbir_a_investigacion\u00bb][vc_icon icon_fontawesome=\u00bbfas fa-headset\u00bb color=\u00bbcustom\u00bb size=\u00bblg\u00bb align=\u00bbcenter\u00bb css_animation=\u00bbfadeInDown\u00bb css=\u00bb\u00bb custom_color=\u00bb#ffffff\u00bb][vc_custom_heading text=\u00bbcont\u00e1ctame\u00bb font_container=\u00bbtag:div|text_align:center|color:%23ffffff\u00bb google_fonts=\u00bbfont_family:Roboto%3A100%2C100italic%2C300%2C300italic%2Cregular%2Citalic%2C500%2C500italic%2C700%2C700italic%2C900%2C900italic|font_style:700%20bold%20regular%3A700%3Anormal\u00bb css=\u00bb\u00bb][\/vc_column_inner][\/vc_row_inner][\/vc_column][\/vc_row][vc_row][vc_column][vc_column_text css=\u00bb\u00bb]\r\n<!-- Bot\u00f3n de toggle (hamburguesa) -->\r\n<div class=\"ucaldas-sidebar-menu\">\r\n    <div id=\"svm-toggle-btn\" class=\"svm-toggle-btn\" style=\"background-color: #04213e;>\r\n        <span id=\"svm-icon\">&#9776;<\/span>\r\n    <\/div>\r\n\r\n    <div class=\"svm-sidebar svm-closed\" id=\"ucaldas-sidebar\" style=\"background-color: #003366;\">\r\n        <ul id=\"menu-regionalizacion\" class=\"svm-nav-list\"><li id=\"menu-item-94020\" class=\"menu-item menu-item-type-post_type menu-item-object-page menu-item-94020\"><a href=\"https:\/\/www.ucaldas.edu.co\/portal\/regionalizacion\/\">Regionalizaci\u00f3n<\/a><\/li>\n<li id=\"menu-item-88434\" class=\"menu-item menu-item-type-post_type menu-item-object-page menu-item-88434\"><a href=\"https:\/\/www.ucaldas.edu.co\/portal\/universidad-en-tu-pueblo\/\">Universidad en tu pueblo<\/a><\/li>\n<li id=\"menu-item-94021\" class=\"menu-item menu-item-type-custom menu-item-object-custom menu-item-has-children menu-item-94021\"><a href=\"#\">Sedes<\/a>\n<ul class=\"sub-menu\">\n\t<li id=\"menu-item-88436\" class=\"menu-item menu-item-type-post_type menu-item-object-page menu-item-88436\"><a href=\"https:\/\/www.ucaldas.edu.co\/portal\/regionalizacion\/aguadas\/\">Aguadas<\/a><\/li>\n\t<li id=\"menu-item-88435\" class=\"menu-item menu-item-type-post_type menu-item-object-page menu-item-88435\"><a href=\"https:\/\/www.ucaldas.edu.co\/portal\/magdalena-centro\/\">Magdalena Centro<\/a><\/li>\n<\/ul>\n<\/li>\n<li id=\"menu-item-94019\" class=\"menu-item menu-item-type-post_type menu-item-object-page menu-item-94019\"><a href=\"https:\/\/www.ucaldas.edu.co\/portal\/alianza-por-la-educacion\/\">Alianza por la Educaci\u00f3n<\/a><\/li>\n<\/ul>    <\/div>\r\n<\/div>\r\n[\/vc_column_text][\/vc_column][\/vc_row][vc_row full_width=\u00bbstretch_row_content_no_spaces\u00bb css=\u00bb.vc_custom_1752721789578{padding-top: 60px !important;}\u00bb][vc_column][vc_column_text css=\u00bb\u00bb]<\/p>\n<div style=\"display: flex; align-items: center;\"><!-- Cuadrado de Color --><\/p>\n<div style=\"width: 100px; height: 80px; background-color: #d7b860; margin-right: 10px;\"><\/div>\n<p><!-- T\u00edtulo de Dos L\u00edneas con diferentes grosores de fuente --><\/p>\n<div>\n<h4 style=\"font-family: 'Roboto', sans-serif; font-weight: 400; margin: 0;\">Alianza por la Educaci\u00f3n<\/h4>\n<h2 style=\"font-family: 'Roboto', sans-serif; font-weight: 900; margin: 0;\">Regionalizaci\u00f3n de la Universidad de Caldas<\/h2>\n<\/div>\n<\/div>\n<p>[\/vc_column_text][\/vc_column][\/vc_row][vc_row gap=\u00bb15&#8243; content_placement=\u00bbmiddle\u00bb css=\u00bb.vc_custom_1753323550536{margin-bottom: 60px !important;}\u00bb][vc_column][vc_row_inner][vc_column_inner width=\u00bb1\/2&#8243;][vc_video link=\u00bbhttps:\/\/www.youtube.com\/watch?v=E6TEq4wnCpI\u00bb css=\u00bb\u00bb][\/vc_column_inner][vc_column_inner width=\u00bb1\/2&#8243;][vc_column_text css=\u00bb\u00bb]<\/p>\n<p data-start=\"670\" data-end=\"1079\">La <strong data-start=\"673\" data-end=\"720\">Regionalizaci\u00f3n de la Universidad de Caldas<\/strong> es una estrategia institucional que transforma vidas al llevar la educaci\u00f3n superior a cada rinc\u00f3n del departamento y la regi\u00f3n. Este proyecto se fundamenta en la <strong data-start=\"884\" data-end=\"912\">Alianza por la Educaci\u00f3n<\/strong>, un fondo creado para garantizar que m\u00e1s j\u00f3venes accedan a programas de formaci\u00f3n t\u00e9cnica, tecnol\u00f3gica y profesional, con permanencia, calidad y graduaci\u00f3n exitosa.<\/p>\n<p data-start=\"670\" data-end=\"1079\">Gracias a esta iniciativa, se construyen nuevas <strong>oportunidades educativas en los municipios<\/strong>, con el respaldo de actores p\u00fablicos y privados que se unen para fortalecer el derecho a la educaci\u00f3n y generar impacto social y econ\u00f3mico en el territorio.<\/p>\n<p>[\/vc_column_text][\/vc_column_inner][\/vc_row_inner][\/vc_column][\/vc_row][vc_row full_width=\u00bbstretch_row_content_no_spaces\u00bb css=\u00bb.vc_custom_1756269104883{margin-top: 60px !important;padding-top: 60px !important;background-color: #F8F8F8 !important;}\u00bb][vc_column][vc_column_text css=\u00bb\u00bb]<\/p>\n<div style=\"display: flex; align-items: center;\"><!-- Cuadrado de Color --><\/p>\n<div style=\"width: 100px; height: 80px; background-color: #d7b860; margin-right: 10px;\"><\/div>\n<p><!-- T\u00edtulo de Dos L\u00edneas con diferentes grosores de fuente --><\/p>\n<div>\n<h4 style=\"font-family: 'Roboto', sans-serif; font-weight: 400; margin: 0;\">\u00bfQu\u00e9 es la Alianza<\/h4>\n<h2 style=\"font-family: 'Roboto', sans-serif; font-weight: 900; margin: 0;\">por la Educaci\u00f3n?<\/h2>\n<\/div>\n<\/div>\n<p>[\/vc_column_text][\/vc_column][\/vc_row][vc_row full_width=\u00bbstretch_row\u00bb css=\u00bb.vc_custom_1756269114350{background-color: #F8F8F8 !important;}\u00bb][vc_column css=\u00bb.vc_custom_1761190045027{background-color: #F8F8F8 !important;}\u00bb][vc_column_text css=\u00bb\u00bb]<\/p>\n<p data-start=\"1380\" data-end=\"1694\">La <strong data-start=\"1383\" data-end=\"1411\">Alianza por la Educaci\u00f3n para la Articulaci\u00f3n de la Educaci\u00f3n Superior<\/strong> es un compromiso conjunto entre la Universidad de Caldas, los gobiernos locales, el sector privado y la sociedad civil. Su objetivo es claro: <strong data-start=\"1554\" data-end=\"1691\">ampliar la cobertura de la educaci\u00f3n superior, garantizar el acceso inclusivo y acompa\u00f1ar al estudiante hasta su graduaci\u00f3n con \u00e9xito<\/strong>.<\/p>\n<p data-start=\"1696\" data-end=\"1984\">Este modelo de articulaci\u00f3n entre la educaci\u00f3n media y la superior se convierte en un motor de transformaci\u00f3n social, al brindar a los j\u00f3venes la posibilidad de iniciar su formaci\u00f3n universitaria desde el colegio y continuar su trayectoria acad\u00e9mica hasta obtener un t\u00edtulo profesional.<\/p>\n<p>[\/vc_column_text][vc_single_image image=\u00bb98060&#8243; img_size=\u00bbFULL\u00bb css=\u00bb\u00bb][vc_tta_tabs style=\u00bbmodern\u00bb color=\u00bbblue\u00bb active_section=\u00bb1&#8243; css=\u00bb.vc_custom_1756269126072{background-color: #F8F8F8 !important;}\u00bb][vc_tta_section i_type=\u00bbentypo\u00bb i_icon_entypo=\u00bbentypo-icon entypo-icon-address\u00bb add_icon=\u00bbtrue\u00bb title=\u00bbImpacto en el territorio\u00bb tab_id=\u00bb1597096002398-1e752069-da0a\u00bb][vc_row_inner css=\u00bb.vc_custom_1756269144265{background-color: #F8F8F8 !important;}\u00bb][vc_column_inner][vc_column_text css=\u00bb\u00bb]<!-- T\u00edtulo de Dos L\u00edneas con diferentes grosores de fuente --><\/p>\n<div>\n<h4 style=\"font-family: 'Roboto', sans-serif; font-weight: 400; margin: 0;\">Impacto en<\/h4>\n<h2 style=\"font-family: 'Roboto', sans-serif; font-weight: 900; margin: 0;\">El territorio<\/h2>\n<\/div>\n<p>[\/vc_column_text][vc_column_text css=\u00bb\u00bb]El proyecto de <strong data-start=\"2082\" data-end=\"2129\">Regionalizaci\u00f3n de la Universidad de Caldas<\/strong> busca responder a los retos de cobertura educativa. Hoy, m\u00e1s de la mitad de los j\u00f3venes bachilleres en Colombia no acceden a la educaci\u00f3n superior, en gran medida por dificultades econ\u00f3micas y falta de oferta cercana. La Regionalizaci\u00f3n responde a esta problem\u00e1tica con soluciones innovadoras:[\/vc_column_text][\/vc_column_inner][\/vc_row_inner][vc_row_inner equal_height=\u00bbyes\u00bb gap=\u00bb25&#8243; css=\u00bb.vc_custom_1756269158228{padding-right: 40px !important;padding-left: 40px !important;background-color: #F8F8F8 !important;}\u00bb][vc_column_inner width=\u00bb1\/3&#8243; css=\u00bb.vc_custom_1756180163582{padding-top: 20px !important;padding-right: 20px !important;padding-bottom: 20px !important;padding-left: 20px !important;background-color: #002147 !important;border-radius: 15px !important;}\u00bb][vc_single_image image=\u00bb93575&#8243; alignment=\u00bbcenter\u00bb css_animation=\u00bbappear\u00bb css=\u00bb.vc_custom_1756180554239{margin-bottom: -20px !important;}\u00bb][vc_column_text css_animation=\u00bbnone\u00bb css=\u00bb.vc_custom_1757296672384{margin-bottom: 0px !important;padding-top: -20px !important;}\u00bb]<!-- T\u00edtulo de Dos L\u00edneas con diferentes grosores de fuente --><\/p>\n<div>\n<p style=\"font-family: Roboto, sans-serif; font-weight: 900; margin: 0px; line-height: 1.2; text-align: center;\"><span style=\"color: #d7b860;\"><strong data-start=\"2587\" data-end=\"2608\">La U en tu Pueblo<\/strong><\/span><\/p>\n<p style=\"font-family: Roboto, sans-serif; font-weight: 300; margin-top: 10px; line-height: 1.2; text-align: center;\"><span style=\"font-size: 15px; color: #ffffff;\">Una estrategia que conecta a <strong>estudiantes de instituciones oficiales en Caldas<\/strong> con programas <span style=\"font-size: 14px; font-family: Roboto, sans-serif; font-weight: 400; margin-top: 10px; line-height: 1.2; text-align: left;\">t<strong>\u00e9cnicos, tecnol\u00f3gicos y profesionales<\/strong> en sedes regionales como <strong>Aguadas, Anserma, Manizales y Guarinocito (cadena de formaci\u00f3n),<\/strong>.<\/span><\/span><\/p>\n<\/div>\n<p>[\/vc_column_text][\/vc_column_inner][vc_column_inner width=\u00bb1\/3&#8243; css=\u00bb.vc_custom_1756180953156{padding-top: 20px !important;padding-right: 20px !important;padding-bottom: 20px !important;padding-left: 20px !important;background-color: #002147 !important;border-radius: 15px !important;}\u00bb][vc_single_image image=\u00bb93574&#8243; alignment=\u00bbcenter\u00bb css_animation=\u00bbappear\u00bb css=\u00bb.vc_custom_1756181337609{margin-bottom: -20px !important;}\u00bb][vc_column_text css_animation=\u00bbnone\u00bb css=\u00bb.vc_custom_1757296479400{margin-bottom: 0px !important;padding-top: -20px !important;}\u00bb]<!-- T\u00edtulo de Dos L\u00edneas con diferentes grosores de fuente --><\/p>\n<div>\n<p style=\"font-family: Roboto, sans-serif; font-weight: 900; margin: 0px; line-height: 1.2; text-align: center;\"><span style=\"color: #d7b860;\"><strong data-start=\"2587\" data-end=\"2608\">La U en tu colegio<\/strong><\/span><\/p>\n<p style=\"font-family: Roboto, sans-serif; font-weight: 300; margin-top: 10px; line-height: 1.2; text-align: center;\"><span style=\"font-size: 15px; color: #ffffff;\"><strong>Programas t\u00e9cnicos profesionales<\/strong> articulados con la media<b>,<\/b> que los estudiantes desarrollan mientras<strong> cursan grados 10\u00b0 y 11\u00b0.<\/strong><\/span><\/p>\n<\/div>\n<p>[\/vc_column_text][\/vc_column_inner][vc_column_inner width=\u00bb1\/3&#8243; css=\u00bb.vc_custom_1756181107389{padding-top: 20px !important;padding-right: 20px !important;padding-bottom: 20px !important;padding-left: 20px !important;background-color: #002147 !important;border-radius: 15px !important;}\u00bb][vc_single_image image=\u00bb98054&#8243; alignment=\u00bbcenter\u00bb css_animation=\u00bbappear\u00bb css=\u00bb.vc_custom_1761189663496{margin-bottom: -20px !important;}\u00bb][vc_column_text css_animation=\u00bbnone\u00bb css=\u00bb.vc_custom_1757296658095{margin-bottom: 0px !important;padding-top: -20px !important;}\u00bb]<!-- T\u00edtulo de Dos L\u00edneas con diferentes grosores de fuente --><\/p>\n<div>\n<p style=\"font-family: Roboto, sans-serif; font-weight: 900; margin: 0px; line-height: 1.2; text-align: center;\"><span style=\"color: #d7b860;\"><strong data-start=\"2587\" data-end=\"2608\">La U en El Campo<\/strong><\/span><\/p>\n<p style=\"font-family: Roboto, sans-serif; font-weight: 300; margin-top: 10px; line-height: 1.2; text-align: center;\"><span style=\"font-size: 15px; color: #ffffff;\">Acerca la <strong>educaci\u00f3n superior a j\u00f3venes rurales de Caldas y Risaralda<\/strong> con fortaleciendo la <strong>permanencia y la calidad<\/strong>.<\/span><\/p>\n<\/div>\n<p>[\/vc_column_text][\/vc_column_inner][\/vc_row_inner][vc_row_inner equal_height=\u00bbyes\u00bb gap=\u00bb25&#8243; css=\u00bb.vc_custom_1757296413461{margin-top: -20px !important;padding-right: 40px !important;padding-left: 40px !important;background-color: #F8F8F8 !important;}\u00bb][vc_column_inner width=\u00bb1\/3&#8243; css=\u00bb.vc_custom_1757296311942{padding-top: 20px !important;padding-right: 20px !important;padding-bottom: 20px !important;padding-left: 20px !important;background-color: #00214700 !important;}\u00bb][vc_btn title=\u00bbIr a La U en tu Pueblo\u00bb style=\u00bbflat\u00bb color=\u00bbblue\u00bb align=\u00bbright\u00bb i_icon_fontawesome=\u00bbstm-icon stm-icon-arrow-right\u00bb css=\u00bb.vc_custom_1757296680799{margin-bottom: 0px !important;padding-bottom: 20px !important;}\u00bb add_icon=\u00bbtrue\u00bb el_class=\u00bbbtn-oferta-home\u00bb link=\u00bburl:https%3A%2F%2Fwww.ucaldas.edu.co%2Fportal%2Funiversidad-en-tu-pueblo%2F|target:_blank\u00bb][\/vc_column_inner][vc_column_inner width=\u00bb1\/3&#8243; css=\u00bb.vc_custom_1757296329901{padding-top: 20px !important;padding-right: 20px !important;padding-bottom: 20px !important;padding-left: 20px !important;background-color: #00214700 !important;border-radius: 15px !important;}\u00bb][vc_btn title=\u00bbIr a La U en tu Colegio\u00bb style=\u00bbflat\u00bb color=\u00bbblue\u00bb align=\u00bbright\u00bb i_icon_fontawesome=\u00bbstm-icon stm-icon-arrow-right\u00bb css=\u00bb.vc_custom_1757296529408{margin-bottom: 0px !important;padding-bottom: 20px !important;}\u00bb add_icon=\u00bbtrue\u00bb el_class=\u00bbbtn-oferta-home\u00bb link=\u00bburl:https%3A%2F%2Ffundacionluker.org.co%2F|target:_blank\u00bb][\/vc_column_inner][vc_column_inner width=\u00bb1\/3&#8243; css=\u00bb.vc_custom_1757296347510{padding-top: 20px !important;padding-right: 20px !important;padding-bottom: 20px !important;padding-left: 20px !important;background-color: #FFFFFF00 !important;}\u00bb][vc_btn title=\u00bbIr a La U en El Campo\u00bb style=\u00bbflat\u00bb color=\u00bbblue\u00bb align=\u00bbright\u00bb i_icon_fontawesome=\u00bbstm-icon stm-icon-arrow-right\u00bb css=\u00bb.vc_custom_1757296665524{margin-bottom: 0px !important;padding-bottom: 20px !important;}\u00bb add_icon=\u00bbtrue\u00bb el_class=\u00bbbtn-oferta-home\u00bb link=\u00bburl:https%3A%2F%2Fcaldas.federaciondecafeteros.org%2F|target:_blank\u00bb][\/vc_column_inner][\/vc_row_inner][\/vc_tta_section][vc_tta_section i_icon_fontawesome=\u00bbfas fa-hands-helping\u00bb add_icon=\u00bbtrue\u00bb title=\u00bbNuestros aliados\u00bb tab_id=\u00bb1753163417672-247481a0-ed9e\u00bb el_class=\u00bbnuestros_aliados\u00bb][vc_row_inner css=\u00bb.vc_custom_1753150646790{background-color: #FFFFFF !important;}\u00bb][vc_column_inner][vc_column_text css=\u00bb\u00bb]<!-- T\u00edtulo de Dos L\u00edneas con diferentes grosores de fuente --><\/p>\n<div>\n<h4 style=\"font-family: 'Roboto', sans-serif; font-weight: 400; margin: 0;\">Conoce a<\/h4>\n<h2 style=\"font-family: 'Roboto', sans-serif; font-weight: 900; margin: 0;\">Nuestros Aliados<\/h2>\n<\/div>\n<p>[\/vc_column_text][vc_column_text css=\u00bb\u00bb]Ent\u00e9rate de quienes son nuestros <strong>Aliados estrat\u00e9gicos<\/strong>[\/vc_column_text][\/vc_column_inner][\/vc_row_inner][vc_row_inner content_placement=\u00bbmiddle\u00bb gap=\u00bb20&#8243; css=\u00bb.vc_custom_1756263871975{padding-right: 40px !important;padding-left: 40px !important;background-color: #FFFFFF !important;}\u00bb][vc_column_inner width=\u00bb1\/4&#8243; css=\u00bb.vc_custom_1754268753998{border-radius: 15px !important;}\u00bb][vc_column_text css_animation=\u00bbnone\u00bb css=\u00bb.vc_custom_1754271569564{margin-bottom: 0px !important;padding-bottom: 20px !important;}\u00bb]<!-- T\u00edtulo de Dos L\u00edneas con diferentes grosores de fuente --><\/p>\n<div>\n<p style=\"font-family: 'Roboto', sans-serif; font-weight: 400; margin: 0; line-height: 1.2;\"><span style=\"color: #002147;\">Ministerio<\/span><\/p>\n<p style=\"font-family: 'Roboto', sans-serif; font-weight: 900; margin: 0; line-height: 1.2;\"><span style=\"color: #002147;\">Educaci\u00f3n<\/span><\/p>\n<\/div>\n<p>[\/vc_column_text][vc_single_image image=\u00bb95275&#8243; img_size=\u00bbfull\u00bb alignment=\u00bbcenter\u00bb style=\u00bbvc_box_shadow_3d\u00bb onclick=\u00bbcustom_link\u00bb img_link_target=\u00bb_blank\u00bb css_animation=\u00bbnone\u00bb css=\u00bb.vc_custom_1757650885871{margin-bottom: 0px !important;padding-bottom: -10px !important;}\u00bb link=\u00bbhttps:\/\/www.mineducacion.gov.co\/portal\/\u00bb el_class=\u00bbcard\u00bb][\/vc_column_inner][vc_column_inner width=\u00bb1\/4&#8243;][vc_column_text css_animation=\u00bbnone\u00bb css=\u00bb.vc_custom_1754271653371{margin-bottom: 0px !important;padding-bottom: 20px !important;}\u00bb]<!-- T\u00edtulo de Dos L\u00edneas con diferentes grosores de fuente --><\/p>\n<div>\n<p style=\"font-family: 'Roboto', sans-serif; font-weight: 400; margin: 0; line-height: 1.2;\"><span style=\"color: #002147;\">Gobernaci\u00f3n<\/span><\/p>\n<p style=\"font-family: 'Roboto', sans-serif; font-weight: 900; margin: 0; line-height: 1.2;\"><span style=\"color: #002147;\">de Caldas<\/span><\/p>\n<\/div>\n<p>[\/vc_column_text][vc_single_image image=\u00bb95273&#8243; img_size=\u00bbfull\u00bb alignment=\u00bbcenter\u00bb style=\u00bbvc_box_shadow_3d\u00bb onclick=\u00bbcustom_link\u00bb img_link_target=\u00bb_blank\u00bb css_animation=\u00bbnone\u00bb css=\u00bb.vc_custom_1757650916440{margin-bottom: 0px !important;padding-bottom: -10px !important;}\u00bb link=\u00bbhttps:\/\/site.caldas.gov.co\/\u00bb el_class=\u00bbcard\u00bb][\/vc_column_inner][vc_column_inner width=\u00bb1\/4&#8243;][vc_column_text css_animation=\u00bbnone\u00bb css=\u00bb.vc_custom_1754271682061{margin-bottom: 0px !important;padding-bottom: 20px !important;}\u00bb]<!-- T\u00edtulo de Dos L\u00edneas con diferentes grosores de fuente --><\/p>\n<div>\n<p style=\"font-family: 'Roboto', sans-serif; font-weight: 400; margin: 0; line-height: 1.2;\"><span style=\"color: #002147;\">Alcald\u00eda<\/span><\/p>\n<p style=\"font-family: 'Roboto', sans-serif; font-weight: 900; margin: 0; line-height: 1.2;\"><span style=\"color: #002147;\">de Manizales<\/span><\/p>\n<\/div>\n<p>[\/vc_column_text][vc_single_image image=\u00bb95256&#8243; img_size=\u00bbfull\u00bb alignment=\u00bbcenter\u00bb style=\u00bbvc_box_shadow_3d\u00bb onclick=\u00bbcustom_link\u00bb img_link_target=\u00bb_blank\u00bb css_animation=\u00bbnone\u00bb css=\u00bb.vc_custom_1757650930201{margin-bottom: 0px !important;padding-bottom: -10px !important;}\u00bb link=\u00bbhttps:\/\/manizales.gov.co\/\u00bb el_class=\u00bbcard\u00bb][\/vc_column_inner][vc_column_inner width=\u00bb1\/4&#8243;][vc_column_text css_animation=\u00bbnone\u00bb css=\u00bb.vc_custom_1754271703800{margin-bottom: 0px !important;padding-bottom: 20px !important;}\u00bb]<!-- T\u00edtulo de Dos L\u00edneas con diferentes grosores de fuente --><\/p>\n<div>\n<p style=\"font-family: 'Roboto', sans-serif; font-weight: 400; margin: 0; line-height: 1.2;\"><span style=\"color: #002147;\">Fundaci\u00f3n<\/span><\/p>\n<p style=\"font-family: 'Roboto', sans-serif; font-weight: 900; margin: 0; line-height: 1.2;\"><span style=\"color: #002147;\">LUKER<\/span><\/p>\n<\/div>\n<p>[\/vc_column_text][vc_single_image image=\u00bb95272&#8243; img_size=\u00bbfull\u00bb alignment=\u00bbcenter\u00bb style=\u00bbvc_box_shadow_3d\u00bb onclick=\u00bbcustom_link\u00bb img_link_target=\u00bb_blank\u00bb css_animation=\u00bbnone\u00bb css=\u00bb.vc_custom_1757650953179{margin-bottom: 0px !important;padding-bottom: -10px !important;}\u00bb link=\u00bbhttps:\/\/fundacionluker.org.co\/\u00bb el_class=\u00bbcard\u00bb][\/vc_column_inner][\/vc_row_inner][vc_row_inner content_placement=\u00bbmiddle\u00bb gap=\u00bb20&#8243; css=\u00bb.vc_custom_1756264035582{padding-right: 40px !important;padding-left: 40px !important;background-color: #FFFFFF !important;}\u00bb][vc_column_inner width=\u00bb1\/4&#8243;][vc_column_text css_animation=\u00bbnone\u00bb css=\u00bb.vc_custom_1754271838477{margin-bottom: 0px !important;padding-bottom: 20px !important;}\u00bb]<!-- T\u00edtulo de Dos L\u00edneas con diferentes grosores de fuente --><\/p>\n<div>\n<p style=\"font-family: 'Roboto', sans-serif; font-weight: 400; margin: 0; line-height: 1.2;\"><span style=\"color: #002147;\">Alcald\u00eda<\/span><\/p>\n<p style=\"font-family: 'Roboto', sans-serif; font-weight: 900; margin: 0; line-height: 1.2;\"><span style=\"color: #002147;\">de Salamina<\/span><\/p>\n<\/div>\n<p>[\/vc_column_text][vc_single_image image=\u00bb95265&#8243; img_size=\u00bbfull\u00bb alignment=\u00bbcenter\u00bb style=\u00bbvc_box_shadow_3d\u00bb onclick=\u00bbcustom_link\u00bb img_link_target=\u00bb_blank\u00bb css_animation=\u00bbnone\u00bb css=\u00bb.vc_custom_1757650992302{margin-bottom: 0px !important;padding-bottom: -10px !important;}\u00bb link=\u00bbhttps:\/\/www.salamina-caldas.gov.co\/\u00bb el_class=\u00bbcard\u00bb][\/vc_column_inner][vc_column_inner width=\u00bb1\/4&#8243;][vc_column_text css_animation=\u00bbnone\u00bb css=\u00bb.vc_custom_1757303484249{margin-bottom: 0px !important;padding-bottom: 20px !important;}\u00bb]<!-- T\u00edtulo de Dos L\u00edneas con diferentes grosores de fuente --><\/p>\n<div>\n<p style=\"font-family: 'Roboto', sans-serif; font-weight: 400; margin: 0; line-height: 1.2;\"><span style=\"color: #002147;\">Alcald\u00eda<\/span><\/p>\n<p style=\"font-family: 'Roboto', sans-serif; font-weight: 900; margin: 0; line-height: 1.2;\"><span style=\"color: #002147;\">de Saman\u00e1<\/span><\/p>\n<\/div>\n<p>[\/vc_column_text][vc_single_image image=\u00bb95266&#8243; img_size=\u00bbfull\u00bb alignment=\u00bbcenter\u00bb style=\u00bbvc_box_shadow_3d\u00bb onclick=\u00bbcustom_link\u00bb img_link_target=\u00bb_blank\u00bb css_animation=\u00bbnone\u00bb css=\u00bb.vc_custom_1757651002417{margin-bottom: 0px !important;padding-bottom: -10px !important;}\u00bb link=\u00bbhttps:\/\/samana-caldas.gov.co\/turismo\/samana-caldas\u00bb el_class=\u00bbcard\u00bb][\/vc_column_inner][vc_column_inner width=\u00bb1\/4&#8243;][vc_column_text css_animation=\u00bbnone\u00bb css=\u00bb.vc_custom_1757305994153{margin-bottom: 0px !important;padding-bottom: 20px !important;}\u00bb]<!-- T\u00edtulo de Dos L\u00edneas con diferentes grosores de fuente --><\/p>\n<div>\n<p style=\"font-family: 'Roboto', sans-serif; font-weight: 400; margin: 0; line-height: 1.2;\"><span style=\"color: #002147;\">Alcald\u00eda<\/span><\/p>\n<p style=\"font-family: 'Roboto', sans-serif; font-weight: 900; margin: 0; line-height: 1.2;\"><span style=\"color: #002147;\">de Belalc\u00e1zar<\/span><\/p>\n<\/div>\n<p>[\/vc_column_text][vc_single_image image=\u00bb95252&#8243; img_size=\u00bbfull\u00bb alignment=\u00bbcenter\u00bb style=\u00bbvc_box_shadow_3d\u00bb onclick=\u00bbcustom_link\u00bb img_link_target=\u00bb_blank\u00bb css_animation=\u00bbnone\u00bb css=\u00bb.vc_custom_1757651016898{margin-bottom: 0px !important;padding-bottom: -10px !important;}\u00bb link=\u00bbhttps:\/\/www.belalcazar-caldas.gov.co\/\u00bb el_class=\u00bbcard\u00bb][\/vc_column_inner][vc_column_inner width=\u00bb1\/4&#8243; css=\u00bb.vc_custom_1754268753998{border-radius: 15px !important;}\u00bb][vc_column_text css_animation=\u00bbnone\u00bb css=\u00bb.vc_custom_1757303824536{margin-bottom: 0px !important;padding-bottom: 20px !important;}\u00bb]<!-- T\u00edtulo de Dos L\u00edneas con diferentes grosores de fuente --><\/p>\n<div>\n<p style=\"font-family: 'Roboto', sans-serif; font-weight: 400; margin: 0; line-height: 1.2;\"><span style=\"color: #002147;\">Alcald\u00eda<\/span><\/p>\n<p style=\"font-family: 'Roboto', sans-serif; font-weight: 900; margin: 0; line-height: 1.2;\"><span style=\"color: #002147;\">de La Dorada<\/span><\/p>\n<\/div>\n<p>[\/vc_column_text][vc_single_image image=\u00bb95255&#8243; img_size=\u00bbfull\u00bb alignment=\u00bbcenter\u00bb style=\u00bbvc_box_shadow_3d\u00bb onclick=\u00bbcustom_link\u00bb img_link_target=\u00bb_blank\u00bb css_animation=\u00bbnone\u00bb css=\u00bb.vc_custom_1757651032935{margin-bottom: 0px !important;padding-bottom: -10px !important;}\u00bb link=\u00bbhttps:\/\/www.ladorada-caldas.gov.co\/\u00bb el_class=\u00bbcard\u00bb][\/vc_column_inner][\/vc_row_inner][vc_row_inner content_placement=\u00bbmiddle\u00bb gap=\u00bb20&#8243; css=\u00bb.vc_custom_1756264069758{padding-right: 40px !important;padding-left: 40px !important;background-color: #FFFFFF !important;}\u00bb][vc_column_inner width=\u00bb1\/4&#8243; css=\u00bb.vc_custom_1754268753998{border-radius: 15px !important;}\u00bb][vc_column_text css_animation=\u00bbnone\u00bb css=\u00bb.vc_custom_1757303892400{margin-bottom: 0px !important;padding-bottom: 20px !important;}\u00bb]<!-- T\u00edtulo de Dos L\u00edneas con diferentes grosores de fuente --><\/p>\n<div>\n<p style=\"font-family: 'Roboto', sans-serif; font-weight: 400; margin: 0; line-height: 1.2;\"><span style=\"color: #002147;\">Alcald\u00eda<\/span><\/p>\n<p style=\"font-family: 'Roboto', sans-serif; font-weight: 900; margin: 0; line-height: 1.2;\"><span style=\"color: #002147;\">de Manzanares<\/span><\/p>\n<\/div>\n<p>[\/vc_column_text][vc_single_image image=\u00bb95257&#8243; img_size=\u00bbfull\u00bb alignment=\u00bbcenter\u00bb style=\u00bbvc_box_shadow_3d\u00bb onclick=\u00bbcustom_link\u00bb img_link_target=\u00bb_blank\u00bb css_animation=\u00bbnone\u00bb css=\u00bb.vc_custom_1757651049687{margin-bottom: 0px !important;padding-bottom: -10px !important;}\u00bb link=\u00bbhttp:\/\/www.manzanares-caldas.gov.co\/\u00bb el_class=\u00bbcard\u00bb][\/vc_column_inner][vc_column_inner width=\u00bb1\/4&#8243;][vc_column_text css_animation=\u00bbnone\u00bb css=\u00bb.vc_custom_1754271789476{margin-bottom: 0px !important;padding-bottom: 20px !important;}\u00bb]<!-- T\u00edtulo de Dos L\u00edneas con diferentes grosores de fuente --><\/p>\n<div>\n<p style=\"font-family: 'Roboto', sans-serif; font-weight: 400; margin: 0; line-height: 1.2;\"><span style=\"color: #002147;\">Alcald\u00eda<\/span><\/p>\n<p style=\"font-family: 'Roboto', sans-serif; font-weight: 900; margin: 0; line-height: 1.2;\"><span style=\"color: #002147;\">de Aguadas<\/span><\/p>\n<\/div>\n<p>[\/vc_column_text][vc_single_image image=\u00bb95249&#8243; img_size=\u00bbfull\u00bb alignment=\u00bbcenter\u00bb style=\u00bbvc_box_shadow_3d\u00bb onclick=\u00bbcustom_link\u00bb img_link_target=\u00bb_blank\u00bb css_animation=\u00bbnone\u00bb css=\u00bb.vc_custom_1757651063623{margin-bottom: 0px !important;padding-bottom: -10px !important;}\u00bb link=\u00bbhttps:\/\/www.aguadas-caldas.gov.co\/\u00bb el_class=\u00bbcard\u00bb][\/vc_column_inner][vc_column_inner width=\u00bb1\/4&#8243;][vc_column_text css_animation=\u00bbnone\u00bb css=\u00bb.vc_custom_1754271810788{margin-bottom: 0px !important;padding-bottom: 20px !important;}\u00bb]<!-- T\u00edtulo de Dos L\u00edneas con diferentes grosores de fuente --><\/p>\n<div>\n<p style=\"font-family: 'Roboto', sans-serif; font-weight: 400; margin: 0; line-height: 1.2;\"><span style=\"color: #002147;\">Alcald\u00eda<\/span><\/p>\n<p style=\"font-family: 'Roboto', sans-serif; font-weight: 900; margin: 0; line-height: 1.2;\"><span style=\"color: #002147;\">de Palestina<\/span><\/p>\n<\/div>\n<p>[\/vc_column_text][vc_single_image image=\u00bb95262&#8243; img_size=\u00bbfull\u00bb alignment=\u00bbcenter\u00bb style=\u00bbvc_box_shadow_3d\u00bb onclick=\u00bbcustom_link\u00bb img_link_target=\u00bb_blank\u00bb css_animation=\u00bbnone\u00bb css=\u00bb.vc_custom_1757651078343{margin-bottom: 0px !important;padding-bottom: -10px !important;}\u00bb link=\u00bbhttps:\/\/www.palestina-caldas.gov.co\/\u00bb el_class=\u00bbcard\u00bb][\/vc_column_inner][vc_column_inner width=\u00bb1\/4&#8243;][vc_column_text css_animation=\u00bbnone\u00bb css=\u00bb.vc_custom_1757304068075{margin-bottom: 0px !important;padding-bottom: 20px !important;}\u00bb]<!-- T\u00edtulo de Dos L\u00edneas con diferentes grosores de fuente --><\/p>\n<div>\n<p style=\"font-family: 'Roboto', sans-serif; font-weight: 400; margin: 0; line-height: 1.2;\"><span style=\"color: #002147;\">Alcald\u00eda<\/span><\/p>\n<p style=\"font-family: 'Roboto', sans-serif; font-weight: 900; margin: 0; line-height: 1.2;\"><span style=\"color: #002147;\">de Supia<\/span><\/p>\n<\/div>\n<p>[\/vc_column_text][vc_single_image image=\u00bb95268&#8243; img_size=\u00bbfull\u00bb alignment=\u00bbcenter\u00bb style=\u00bbvc_box_shadow_3d\u00bb onclick=\u00bbcustom_link\u00bb img_link_target=\u00bb_blank\u00bb css_animation=\u00bbnone\u00bb css=\u00bb.vc_custom_1757651095106{margin-bottom: 0px !important;padding-bottom: -10px !important;}\u00bb link=\u00bbhttps:\/\/www.supia-caldas.gov.co\/Paginas\/Inicio.aspx\u00bb el_class=\u00bbcard\u00bb][\/vc_column_inner][\/vc_row_inner][vc_row_inner content_placement=\u00bbmiddle\u00bb gap=\u00bb20&#8243; css=\u00bb.vc_custom_1756264069758{padding-right: 40px !important;padding-left: 40px !important;background-color: #FFFFFF !important;}\u00bb][vc_column_inner width=\u00bb1\/4&#8243; css=\u00bb.vc_custom_1754268753998{border-radius: 15px !important;}\u00bb][vc_column_text css_animation=\u00bbnone\u00bb css=\u00bb.vc_custom_1757304179783{margin-bottom: 0px !important;padding-bottom: 20px !important;}\u00bb]<!-- T\u00edtulo de Dos L\u00edneas con diferentes grosores de fuente --><\/p>\n<div>\n<p style=\"font-family: 'Roboto', sans-serif; font-weight: 400; margin: 0; line-height: 1.2;\"><span style=\"color: #002147;\">Alcald\u00eda<\/span><\/p>\n<p style=\"font-family: 'Roboto', sans-serif; font-weight: 900; margin: 0; line-height: 1.2;\"><span style=\"color: #002147;\">de Marquetal\u00eda<\/span><\/p>\n<\/div>\n<p>[\/vc_column_text][vc_single_image image=\u00bb95258&#8243; img_size=\u00bbfull\u00bb alignment=\u00bbcenter\u00bb style=\u00bbvc_box_shadow_3d\u00bb onclick=\u00bbcustom_link\u00bb img_link_target=\u00bb_blank\u00bb css_animation=\u00bbnone\u00bb css=\u00bb.vc_custom_1757651112863{margin-bottom: 0px !important;padding-bottom: -10px !important;}\u00bb link=\u00bbhttps:\/\/www.marquetalia-caldas.gov.co\/\u00bb el_class=\u00bbcard\u00bb][\/vc_column_inner][vc_column_inner width=\u00bb1\/4&#8243;][vc_column_text css_animation=\u00bbnone\u00bb css=\u00bb.vc_custom_1757304242124{margin-bottom: 0px !important;padding-bottom: 20px !important;}\u00bb]<!-- T\u00edtulo de Dos L\u00edneas con diferentes grosores de fuente --><\/p>\n<div>\n<p style=\"font-family: 'Roboto', sans-serif; font-weight: 400; margin: 0; line-height: 1.2;\"><span style=\"color: #002147;\">Alcald\u00eda<\/span><\/p>\n<p style=\"font-family: 'Roboto', sans-serif; font-weight: 900; margin: 0; line-height: 1.2;\"><span style=\"color: #002147;\">de Anserma<\/span><\/p>\n<\/div>\n<p>[\/vc_column_text][vc_single_image image=\u00bb95250&#8243; img_size=\u00bbfull\u00bb alignment=\u00bbcenter\u00bb style=\u00bbvc_box_shadow_3d\u00bb onclick=\u00bbcustom_link\u00bb img_link_target=\u00bb_blank\u00bb css_animation=\u00bbnone\u00bb css=\u00bb.vc_custom_1757651128157{margin-bottom: 0px !important;padding-bottom: -10px !important;}\u00bb link=\u00bbhttps:\/\/www.anserma-caldas.gov.co\/\u00bb el_class=\u00bbcard\u00bb][\/vc_column_inner][vc_column_inner width=\u00bb1\/4&#8243;][vc_column_text css_animation=\u00bbnone\u00bb css=\u00bb.vc_custom_1757304393117{margin-bottom: 0px !important;padding-bottom: 20px !important;}\u00bb]<!-- T\u00edtulo de Dos L\u00edneas con diferentes grosores de fuente --><\/p>\n<div>\n<p style=\"font-family: 'Roboto', sans-serif; font-weight: 400; margin: 0; line-height: 1.2;\"><span style=\"color: #002147;\">Alcald\u00eda<\/span><\/p>\n<p style=\"font-family: 'Roboto', sans-serif; font-weight: 900; margin: 0; line-height: 1.2;\"><span style=\"color: #002147;\">de Aranzazu<\/span><\/p>\n<\/div>\n<p>[\/vc_column_text][vc_single_image image=\u00bb95251&#8243; img_size=\u00bbfull\u00bb alignment=\u00bbcenter\u00bb style=\u00bbvc_box_shadow_3d\u00bb onclick=\u00bbcustom_link\u00bb img_link_target=\u00bb_blank\u00bb css_animation=\u00bbnone\u00bb css=\u00bb.vc_custom_1757651150522{margin-bottom: 0px !important;padding-bottom: -10px !important;}\u00bb link=\u00bbhttps:\/\/www.aranzazu-caldas.gov.co\/\u00bb el_class=\u00bbcard\u00bb][\/vc_column_inner][vc_column_inner width=\u00bb1\/4&#8243;][vc_column_text css_animation=\u00bbnone\u00bb css=\u00bb.vc_custom_1757304497852{margin-bottom: 0px !important;padding-bottom: 20px !important;}\u00bb]<!-- T\u00edtulo de Dos L\u00edneas con diferentes grosores de fuente --><\/p>\n<div>\n<p style=\"font-family: 'Roboto', sans-serif; font-weight: 400; margin: 0; line-height: 1.2;\"><span style=\"color: #002147;\">Alcald\u00eda<\/span><\/p>\n<p style=\"font-family: 'Roboto', sans-serif; font-weight: 900; margin: 0; line-height: 1.2;\"><span style=\"color: #002147;\">de Neira<\/span><\/p>\n<\/div>\n<p>[\/vc_column_text][vc_single_image image=\u00bb95259&#8243; img_size=\u00bbfull\u00bb alignment=\u00bbcenter\u00bb style=\u00bbvc_box_shadow_3d\u00bb onclick=\u00bbcustom_link\u00bb img_link_target=\u00bb_blank\u00bb css_animation=\u00bbnone\u00bb css=\u00bb.vc_custom_1757651177504{margin-bottom: 0px !important;padding-bottom: -10px !important;}\u00bb link=\u00bbhttps:\/\/www.neira-caldas.gov.co\/\u00bb el_class=\u00bbcard\u00bb][\/vc_column_inner][\/vc_row_inner][vc_row_inner content_placement=\u00bbmiddle\u00bb gap=\u00bb20&#8243; css=\u00bb.vc_custom_1756264069758{padding-right: 40px !important;padding-left: 40px !important;background-color: #FFFFFF !important;}\u00bb][vc_column_inner width=\u00bb1\/4&#8243; css=\u00bb.vc_custom_1754268753998{border-radius: 15px !important;}\u00bb][vc_column_text css_animation=\u00bbnone\u00bb css=\u00bb.vc_custom_1757304810017{margin-bottom: 0px !important;padding-bottom: 20px !important;}\u00bb]<!-- T\u00edtulo de Dos L\u00edneas con diferentes grosores de fuente --><\/p>\n<div>\n<p style=\"font-family: 'Roboto', sans-serif; font-weight: 400; margin: 0; line-height: 1.2;\"><span style=\"color: #002147;\">Alcald\u00eda<\/span><\/p>\n<p style=\"font-family: 'Roboto', sans-serif; font-weight: 900; margin: 0; line-height: 1.2;\"><span style=\"color: #002147;\">de P\u00e1cora<\/span><\/p>\n<\/div>\n<p>[\/vc_column_text][vc_single_image image=\u00bb95261&#8243; img_size=\u00bbfull\u00bb alignment=\u00bbcenter\u00bb style=\u00bbvc_box_shadow_3d\u00bb onclick=\u00bbcustom_link\u00bb img_link_target=\u00bb_blank\u00bb css_animation=\u00bbnone\u00bb css=\u00bb.vc_custom_1757651191508{margin-bottom: 0px !important;padding-bottom: -10px !important;}\u00bb link=\u00bbhttp:\/\/www.pacora-caldas.gov.co\/\u00bb el_class=\u00bbcard\u00bb][\/vc_column_inner][vc_column_inner width=\u00bb1\/4&#8243;][vc_column_text css_animation=\u00bbnone\u00bb css=\u00bb.vc_custom_1757304942878{margin-bottom: 0px !important;padding-bottom: 20px !important;}\u00bb]<!-- T\u00edtulo de Dos L\u00edneas con diferentes grosores de fuente --><\/p>\n<div>\n<p style=\"font-family: 'Roboto', sans-serif; font-weight: 400; margin: 0; line-height: 1.2;\"><span style=\"color: #002147;\">Alcald\u00eda<\/span><\/p>\n<p style=\"font-family: 'Roboto', sans-serif; font-weight: 900; margin: 0; line-height: 1.2;\"><span style=\"color: #002147;\">de Norcasia<\/span><\/p>\n<\/div>\n<p>[\/vc_column_text][vc_single_image image=\u00bb95260&#8243; img_size=\u00bbfull\u00bb alignment=\u00bbcenter\u00bb style=\u00bbvc_box_shadow_3d\u00bb onclick=\u00bbcustom_link\u00bb img_link_target=\u00bb_blank\u00bb css_animation=\u00bbnone\u00bb css=\u00bb.vc_custom_1757651207590{margin-bottom: 0px !important;padding-bottom: -10px !important;}\u00bb link=\u00bbhttp:\/\/www.norcasia-caldas.gov.co\/\u00bb el_class=\u00bbcard\u00bb][\/vc_column_inner][vc_column_inner width=\u00bb1\/4&#8243;][vc_column_text css_animation=\u00bbnone\u00bb css=\u00bb.vc_custom_1754271872497{margin-bottom: 0px !important;padding-bottom: 20px !important;}\u00bb]<!-- T\u00edtulo de Dos L\u00edneas con diferentes grosores de fuente --><\/p>\n<div>\n<p style=\"font-family: 'Roboto', sans-serif; font-weight: 400; margin: 0; line-height: 1.2;\"><span style=\"color: #002147;\">Alcald\u00eda<\/span><\/p>\n<p style=\"font-family: 'Roboto', sans-serif; font-weight: 900; margin: 0; line-height: 1.2;\"><span style=\"color: #002147;\">de Chinchin\u00e1<\/span><\/p>\n<\/div>\n<p>[\/vc_column_text][vc_single_image image=\u00bb95253&#8243; img_size=\u00bbfull\u00bb alignment=\u00bbcenter\u00bb style=\u00bbvc_box_shadow_3d\u00bb onclick=\u00bbcustom_link\u00bb img_link_target=\u00bb_blank\u00bb css_animation=\u00bbnone\u00bb css=\u00bb.vc_custom_1757651231543{margin-bottom: 0px !important;padding-bottom: -10px !important;}\u00bb link=\u00bbhttps:\/\/www.chinchina-caldas.gov.co\/\u00bb][\/vc_column_inner][vc_column_inner width=\u00bb1\/4&#8243;][vc_column_text css_animation=\u00bbnone\u00bb css=\u00bb.vc_custom_1757305094426{margin-bottom: 0px !important;padding-bottom: 20px !important;}\u00bb]<!-- T\u00edtulo de Dos L\u00edneas con diferentes grosores de fuente --><\/p>\n<div>\n<p style=\"font-family: 'Roboto', sans-serif; font-weight: 400; margin: 0; line-height: 1.2;\"><span style=\"color: #002147;\">Alcald\u00eda<\/span><\/p>\n<p style=\"font-family: 'Roboto', sans-serif; font-weight: 900; margin: 0; line-height: 1.2;\"><span style=\"color: #002147;\">de Filadelfia<\/span><\/p>\n<\/div>\n<p>[\/vc_column_text][vc_single_image image=\u00bb95254&#8243; img_size=\u00bbfull\u00bb alignment=\u00bbcenter\u00bb style=\u00bbvc_box_shadow_3d\u00bb onclick=\u00bbcustom_link\u00bb img_link_target=\u00bb_blank\u00bb css_animation=\u00bbnone\u00bb css=\u00bb.vc_custom_1757651246660{margin-bottom: 0px !important;padding-bottom: -10px !important;}\u00bb link=\u00bbhttp:\/\/www.filadelfia-caldas.gov.co\/\u00bb el_class=\u00bbcard\u00bb][\/vc_column_inner][\/vc_row_inner][vc_row_inner content_placement=\u00bbmiddle\u00bb gap=\u00bb20&#8243; css=\u00bb.vc_custom_1756264069758{padding-right: 40px !important;padding-left: 40px !important;background-color: #FFFFFF !important;}\u00bb][vc_column_inner width=\u00bb1\/4&#8243; css=\u00bb.vc_custom_1754268753998{border-radius: 15px !important;}\u00bb][vc_column_text css_animation=\u00bbnone\u00bb css=\u00bb.vc_custom_1754271907801{margin-bottom: 0px !important;padding-bottom: 20px !important;}\u00bb]<!-- T\u00edtulo de Dos L\u00edneas con diferentes grosores de fuente --><\/p>\n<div>\n<p style=\"font-family: 'Roboto', sans-serif; font-weight: 400; margin: 0; line-height: 1.2;\"><span style=\"color: #002147;\">Alcald\u00eda<\/span><\/p>\n<p style=\"font-family: 'Roboto', sans-serif; font-weight: 900; margin: 0; line-height: 1.2;\"><span style=\"color: #002147;\">de Riosucio<\/span><\/p>\n<\/div>\n<p>[\/vc_column_text][vc_single_image image=\u00bb95244&#8243; img_size=\u00bbfull\u00bb alignment=\u00bbcenter\u00bb style=\u00bbvc_box_shadow_3d\u00bb onclick=\u00bbcustom_link\u00bb img_link_target=\u00bb_blank\u00bb css_animation=\u00bbnone\u00bb css=\u00bb.vc_custom_1757647543845{margin-bottom: 0px !important;padding-bottom: -10px !important;}\u00bb link=\u00bbhttps:\/\/riosucio-caldas.gov.co\/Paginas\/Default.aspx\u00bb el_class=\u00bbcard\u00bb][\/vc_column_inner][vc_column_inner width=\u00bb1\/4&#8243;][vc_column_text css_animation=\u00bbnone\u00bb css=\u00bb.vc_custom_1757305318953{margin-bottom: 0px !important;padding-bottom: 20px !important;}\u00bb]<!-- T\u00edtulo de Dos L\u00edneas con diferentes grosores de fuente --><\/p>\n<div>\n<p style=\"font-family: 'Roboto', sans-serif; font-weight: 400; margin: 0; line-height: 1.2;\"><span style=\"color: #002147;\">Alcald\u00eda<\/span><\/p>\n<p style=\"font-family: 'Roboto', sans-serif; font-weight: 900; margin: 0; line-height: 1.2;\"><span style=\"color: #002147;\">de San Jos\u00e9<\/span><\/p>\n<\/div>\n<p>[\/vc_column_text][vc_single_image image=\u00bb95267&#8243; img_size=\u00bbfull\u00bb alignment=\u00bbcenter\u00bb style=\u00bbvc_box_shadow_3d\u00bb onclick=\u00bbcustom_link\u00bb img_link_target=\u00bb_blank\u00bb css_animation=\u00bbnone\u00bb css=\u00bb.vc_custom_1757651280173{margin-bottom: 0px !important;padding-bottom: -10px !important;}\u00bb link=\u00bbhttp:\/\/www.sanjose-caldas.gov.co\/\u00bb el_class=\u00bbcard\u00bb][\/vc_column_inner][vc_column_inner width=\u00bb1\/4&#8243;][vc_column_text css_animation=\u00bbnone\u00bb css=\u00bb.vc_custom_1757305379896{margin-bottom: 0px !important;padding-bottom: 20px !important;}\u00bb]<!-- T\u00edtulo de Dos L\u00edneas con diferentes grosores de fuente --><\/p>\n<div>\n<p style=\"font-family: 'Roboto', sans-serif; font-weight: 400; margin: 0; line-height: 1.2;\"><span style=\"color: #002147;\">Alcald\u00eda<\/span><\/p>\n<p style=\"font-family: 'Roboto', sans-serif; font-weight: 900; margin: 0; line-height: 1.2;\"><span style=\"color: #002147;\">de Villamar\u00eda<\/span><\/p>\n<\/div>\n<p>[\/vc_column_text][vc_single_image image=\u00bb95270&#8243; img_size=\u00bbfull\u00bb alignment=\u00bbcenter\u00bb style=\u00bbvc_box_shadow_3d\u00bb onclick=\u00bbcustom_link\u00bb img_link_target=\u00bb_blank\u00bb css_animation=\u00bbnone\u00bb css=\u00bb.vc_custom_1757651472535{margin-bottom: 0px !important;padding-bottom: -10px !important;}\u00bb link=\u00bbhttps:\/\/www.villamaria-caldas.gov.co\/MiMunicipio\/Paginas\/Mi-Municipio.aspx\u00bb el_class=\u00bbcard\u00bb][\/vc_column_inner][vc_column_inner width=\u00bb1\/4&#8243;][vc_column_text css_animation=\u00bbnone\u00bb css=\u00bb.vc_custom_1757305541683{margin-bottom: 0px !important;padding-bottom: 20px !important;}\u00bb]<!-- T\u00edtulo de Dos L\u00edneas con diferentes grosores de fuente --><\/p>\n<div>\n<p style=\"font-family: 'Roboto', sans-serif; font-weight: 400; margin: 0; line-height: 1.2;\"><span style=\"color: #002147;\">Alcald\u00eda<\/span><\/p>\n<p style=\"font-family: 'Roboto', sans-serif; font-weight: 900; margin: 0; line-height: 1.2;\"><span style=\"color: #002147;\">de Risaralda<\/span><\/p>\n<\/div>\n<p>[\/vc_column_text][vc_single_image image=\u00bb95264&#8243; img_size=\u00bbfull\u00bb alignment=\u00bbcenter\u00bb style=\u00bbvc_box_shadow_3d\u00bb onclick=\u00bbcustom_link\u00bb img_link_target=\u00bb_blank\u00bb css_animation=\u00bbnone\u00bb css=\u00bb.vc_custom_1757651339589{margin-bottom: 0px !important;padding-bottom: -10px !important;}\u00bb link=\u00bbhttps:\/\/www.risaralda-caldas.gov.co\/\u00bb el_class=\u00bbcard\u00bb][\/vc_column_inner][\/vc_row_inner][vc_row_inner content_placement=\u00bbmiddle\u00bb gap=\u00bb20&#8243; css=\u00bb.vc_custom_1756264069758{padding-right: 40px !important;padding-left: 40px !important;background-color: #FFFFFF !important;}\u00bb][vc_column_inner width=\u00bb1\/4&#8243; css=\u00bb.vc_custom_1754268753998{border-radius: 15px !important;}\u00bb][vc_column_text css_animation=\u00bbnone\u00bb css=\u00bb.vc_custom_1757305669897{margin-bottom: 0px !important;padding-bottom: 20px !important;}\u00bb]<!-- T\u00edtulo de Dos L\u00edneas con diferentes grosores de fuente --><\/p>\n<div>\n<p style=\"font-family: 'Roboto', sans-serif; font-weight: 400; margin: 0; line-height: 1.2;\"><span style=\"color: #002147;\">Alcald\u00eda<\/span><\/p>\n<p style=\"font-family: 'Roboto', sans-serif; font-weight: 900; margin: 0; line-height: 1.2;\"><span style=\"color: #002147;\">de Victoria<\/span><\/p>\n<\/div>\n<p>[\/vc_column_text][vc_single_image image=\u00bb95269&#8243; img_size=\u00bbfull\u00bb alignment=\u00bbcenter\u00bb style=\u00bbvc_box_shadow_3d\u00bb onclick=\u00bbcustom_link\u00bb img_link_target=\u00bb_blank\u00bb css_animation=\u00bbnone\u00bb css=\u00bb.vc_custom_1757651361059{margin-bottom: 0px !important;padding-bottom: -10px !important;}\u00bb link=\u00bbhttps:\/\/www.victoria-caldas.gov.co\/\u00bb el_class=\u00bbcard\u00bb][\/vc_column_inner][vc_column_inner width=\u00bb1\/4&#8243;][vc_column_text css_animation=\u00bbnone\u00bb css=\u00bb.vc_custom_1757305757081{margin-bottom: 0px !important;padding-bottom: 20px !important;}\u00bb]<!-- T\u00edtulo de Dos L\u00edneas con diferentes grosores de fuente --><\/p>\n<div>\n<p style=\"font-family: 'Roboto', sans-serif; font-weight: 400; margin: 0; line-height: 1.2;\"><span style=\"color: #002147;\">Alcald\u00eda<\/span><\/p>\n<p style=\"font-family: 'Roboto', sans-serif; font-weight: 900; margin: 0; line-height: 1.2;\"><span style=\"color: #002147;\">de Viterbo<\/span><\/p>\n<\/div>\n<p>[\/vc_column_text][vc_single_image image=\u00bb95271&#8243; img_size=\u00bbfull\u00bb alignment=\u00bbcenter\u00bb style=\u00bbvc_box_shadow_3d\u00bb onclick=\u00bbcustom_link\u00bb img_link_target=\u00bb_blank\u00bb css_animation=\u00bbnone\u00bb css=\u00bb.vc_custom_1757651379124{margin-bottom: 0px !important;padding-bottom: -10px !important;}\u00bb link=\u00bbhttps:\/\/www.viterbo-caldas.gov.co\/\u00bb el_class=\u00bbcard\u00bb][\/vc_column_inner][vc_column_inner width=\u00bb1\/4&#8243;][\/vc_column_inner][vc_column_inner width=\u00bb1\/4&#8243;][\/vc_column_inner][\/vc_row_inner][\/vc_tta_section][vc_tta_section i_type=\u00bbentypo\u00bb i_icon_entypo=\u00bbentypo-icon entypo-icon-chat\u00bb add_icon=\u00bbtrue\u00bb title=\u00bbBeneficios de la Regionalizaci\u00f3n\u00bb tab_id=\u00bb1653600569848-2249ea38-6450&#8243;][vc_row_inner][vc_column_inner][vc_column_text css=\u00bb\u00bb]<!-- T\u00edtulo de Dos L\u00edneas con diferentes grosores de fuente --><\/p>\n<div>\n<h4 style=\"font-family: 'Roboto', sans-serif; font-weight: 400; margin: 0;\">Beneficios de<\/h4>\n<h2 style=\"font-family: 'Roboto', sans-serif; font-weight: 900; margin: 0;\">La Regionalizaci\u00f3n<\/h2>\n<\/div>\n<p>[\/vc_column_text][\/vc_column_inner][\/vc_row_inner][vc_row_inner gap=\u00bb20&#8243;][vc_column_inner width=\u00bb1\/2&#8243;][vc_images_carousel images=\u00bb47142,77463,77701,81026,77275&#8243; img_size=\u00bbfull\u00bb autoplay=\u00bbyes\u00bb wrap=\u00bbyes\u00bb css=\u00bb\u00bb][vc_column_text css=\u00bb\u00bb]<\/p>\n<p data-start=\"165\" data-end=\"622\">La <strong data-start=\"168\" data-end=\"215\">Regionalizaci\u00f3n de la Universidad de Caldas<\/strong>, fortalecida por la <strong data-start=\"236\" data-end=\"264\">Alianza por la Educaci\u00f3n<\/strong>, ofrece m\u00faltiples beneficios que transforman la vida de los estudiantes y sus comunidades. Este modelo permite <strong>acceder a la educaci\u00f3n superior sin barreras, directamente en los municipios,<\/strong> ampliando la cobertura con m\u00e1s cupos y garantizando la permanencia gracias al acompa\u00f1amiento <strong>acad\u00e9mico, institucional y financiero<\/strong> que asegura una graduaci\u00f3n exitosa.<\/p>\n<p data-start=\"624\" data-end=\"1141\">Adem\u00e1s de abrir oportunidades de formaci\u00f3n, la <strong>Regionalizaci\u00f3n impulsa el desarrollo social, cultural y econ\u00f3mico en cada territorio.<\/strong> Su impacto se refleja en comunidades m\u00e1s fuertes, con j\u00f3venes que permanecen en <strong>espacios formativos, reducen riesgos psicosociales y se preparan con bases s\u00f3lidas<\/strong> para continuar su cadena educativa o ingresar al mundo laboral. En conjunto, la Regionalizaci\u00f3n y la Alianza son una apuesta estrat\u00e9gica por la equidad, el arraigo y el crecimiento sostenible de las regiones de Caldas.<\/p>\n<p>[\/vc_column_text][\/vc_column_inner][vc_column_inner width=\u00bb1\/2&#8243;][vc_column_text css=\u00bb\u00bb]<div class=\"_df_book df-lite\" id=\"df_93896\"  _slug=\"93896\" data-title=\"fondo-alianza\" wpoptions=\"true\" thumbtype=\"\" ><\/div><script class=\"df-shortcode-script\" nowprocket type=\"application\/javascript\">window.option_df_93896 = {\"outline\":[],\"viewerType\":\"reader\",\"autoEnableOutline\":\"false\",\"autoEnableThumbnail\":\"false\",\"overwritePDFOutline\":\"false\",\"direction\":\"1\",\"pageSize\":\"0\",\"soundEnable\":\"false\",\"source\":\"https:\\\/\\\/www.ucaldas.edu.co\\\/portal\\\/wp-content\\\/uploads\\\/2025\\\/10\\\/1100-1511.pdf\",\"wpOptions\":\"true\"}; if(window.DFLIP && window.DFLIP.parseBooks){window.DFLIP.parseBooks();}<\/script>[\/vc_column_text][\/vc_column_inner][\/vc_row_inner][\/vc_tta_section][vc_tta_section i_type=\u00bbentypo\u00bb i_icon_entypo=\u00bbentypo-icon entypo-icon-graduation-cap\u00bb add_icon=\u00bbtrue\u00bb title=\u00bbPrimer Comit\u00e9 de la Alianza\u00bb tab_id=\u00bb1597096002312-a891ffa1-e9eb\u00bb][vc_row_inner][vc_column_inner width=\u00bb1\/2&#8243;][vc_column_text css=\u00bb\u00bb]<!-- T\u00edtulo de Dos L\u00edneas con diferentes grosores de fuente --><\/p>\n<div>\n<h4 style=\"font-family: 'Roboto', sans-serif; font-weight: 400; margin: 0;\">Primer Comit\u00e9 de la Alianza<\/h4>\n<h2 style=\"font-family: 'Roboto', sans-serif; font-weight: 900; margin: 0;\">por la Cobertura Educativa 2024<\/h2>\n<\/div>\n<p>[\/vc_column_text][vc_column_text css=\u00bb\u00bb]En el primer comit\u00e9 de la <strong class=\"skrollable skrollable-between\" data-start=\"1383\" data-end=\"1411\">Alianza por la Educaci\u00f3n para la Articulaci\u00f3n de la Educaci\u00f3n Superior<\/strong>, realizado en 2024, se consolid\u00f3 el respaldo de m\u00faltiples actores. Cada aliado decidi\u00f3 <em>\u201cponer un granito de arena\u201d<\/em> para fortalecer el acceso a la <strong>educaci\u00f3n superior en Caldas<\/strong>:[\/vc_column_text][\/vc_column_inner][vc_column_inner width=\u00bb1\/2&#8243;][vc_single_image image=\u00bb98064&#8243; img_size=\u00bbFULL\u00bb css=\u00bb\u00bb][\/vc_column_inner][\/vc_row_inner][vc_row_inner equal_height=\u00bbyes\u00bb content_placement=\u00bbtop\u00bb gap=\u00bb25&#8243; css=\u00bb.vc_custom_1756258297389{padding-right: 40px !important;padding-left: 40px !important;background-color: #00214700 !important;}\u00bb][vc_column_inner width=\u00bb1\/3&#8243; css=\u00bb.vc_custom_1756258091229{padding-top: 20px !important;padding-right: 20px !important;padding-bottom: 20px !important;padding-left: 20px !important;background-color: #00214700 !important;border-radius: 15px !important;}\u00bb][vc_icon icon_fontawesome=\u00bbfas fa-archway\u00bb color=\u00bbcustom\u00bb background_style=\u00bbrounded\u00bb background_color=\u00bbcustom\u00bb align=\u00bbcenter\u00bb css=\u00bb\u00bb custom_color=\u00bb#002147&#8243; custom_background_color=\u00bb#D7B860&#8243;][vc_column_text css_animation=\u00bbnone\u00bb css=\u00bb.vc_custom_1757296948304{margin-bottom: 0px !important;padding-top: -20px !important;}\u00bb]<!-- T\u00edtulo de Dos L\u00edneas con diferentes grosores de fuente --><\/p>\n<div>\n<p style=\"font-family: Roboto, sans-serif; font-weight: 900; margin: 0px; line-height: 1.2; text-align: center;\"><span style=\"color: #d7b860;\"><strong data-start=\"2587\" data-end=\"2608\">La U en tu pueblo<\/strong><\/span><\/p>\n<p style=\"font-family: Roboto, sans-serif; font-weight: 300; margin-top: 10px; line-height: 1.2; text-align: center;\"><span style=\"font-size: 15px; color: #002147;\">Aportan recursos a trav\u00e9s de las <strong>estampillas PRO Universidad,<\/strong> <span style=\"font-size: 14px; font-family: Roboto, sans-serif; font-weight: 400; margin-top: 10px; line-height: 1.2; text-align: left;\">que permitir\u00e1n que la <strong>presencia en las cabeceras municipales<\/strong>.<\/span><\/span><\/p>\n<\/div>\n<p>[\/vc_column_text][\/vc_column_inner][vc_column_inner width=\u00bb1\/3&#8243; css=\u00bb.vc_custom_1756258111870{padding-top: 20px !important;padding-right: 20px !important;padding-bottom: 20px !important;padding-left: 20px !important;background-color: #00214700 !important;border-radius: 15px !important;}\u00bb][vc_icon icon_fontawesome=\u00bbfas fa-city\u00bb color=\u00bbcustom\u00bb background_style=\u00bbrounded\u00bb background_color=\u00bbcustom\u00bb align=\u00bbcenter\u00bb css=\u00bb\u00bb custom_color=\u00bb#002147&#8243; custom_background_color=\u00bb#D7B860&#8243;][vc_column_text css_animation=\u00bbnone\u00bb css=\u00bb.vc_custom_1761190438125{margin-bottom: 0px !important;padding-top: -20px !important;}\u00bb]<!-- T\u00edtulo de Dos L\u00edneas con diferentes grosores de fuente --><\/p>\n<div>\n<p style=\"font-family: Roboto, sans-serif; font-weight: 900; margin: 0px; line-height: 1.2; text-align: center;\"><span style=\"color: #d7b860;\"><strong data-start=\"2587\" data-end=\"2608\">Empresas privadas<\/strong><\/span><\/p>\n<p style=\"font-family: Roboto, sans-serif; font-weight: 300; margin-top: 10px; line-height: 1.2; text-align: center;\"><span style=\"font-size: 15px; color: #002147;\">La <strong>empresa privada anunci\u00f3 una inversi\u00f3n<\/strong> para apoyar programas educativos.<br \/>\n<span style=\"font-size: 14px; font-family: Roboto, sans-serif; font-weight: 400; margin-top: 10px; line-height: 1.2; text-align: left;\">Se vincularon con inter\u00e9s en focalizar proyectos en <strong>Anserma, <\/strong><strong>Marmato, Sup\u00eda y Riosucio.<\/strong><\/span><\/span><\/p>\n<p>&nbsp;<\/p>\n<\/div>\n<p>[\/vc_column_text][\/vc_column_inner][vc_column_inner width=\u00bb1\/3&#8243; css=\u00bb.vc_custom_1756258127402{padding-top: 20px !important;padding-right: 20px !important;padding-bottom: 20px !important;padding-left: 20px !important;background-color: #00214700 !important;border-radius: 15px !important;}\u00bb][vc_icon icon_fontawesome=\u00bbfas fa-book-reader\u00bb color=\u00bbcustom\u00bb background_style=\u00bbrounded\u00bb background_color=\u00bbcustom\u00bb align=\u00bbcenter\u00bb css=\u00bb\u00bb custom_color=\u00bb#002147&#8243; custom_background_color=\u00bb#D7B860&#8243;][vc_column_text css_animation=\u00bbnone\u00bb css=\u00bb.vc_custom_1757297068135{margin-bottom: 0px !important;padding-top: -20px !important;}\u00bb]<!-- T\u00edtulo de Dos L\u00edneas con diferentes grosores de fuente --><\/p>\n<div>\n<p style=\"font-family: Roboto, sans-serif; font-weight: 900; margin: 0px; line-height: 1.2; text-align: center;\"><span style=\"color: #d7b860;\"><strong data-start=\"2587\" data-end=\"2608\">Impacto social innovador<\/strong><\/span><\/p>\n<p style=\"font-family: Roboto, sans-serif; font-weight: 300; margin-top: 10px; line-height: 1.2; text-align: center;\"><span style=\"font-size: 15px; color: #002147;\">La <strong>alianza<\/strong> permitir\u00e1 llevar programas<strong> t\u00e9cnicos y tecnol\u00f3gicos<\/strong> a los <strong>establecimientos penitenciarios de Manizales<\/strong>. Esta iniciativa busca que las <strong>personas privadas de la libertad<\/strong> accedan a estudios que les <strong>permitan construir un futuro con mejores oportunidades<\/strong> al finalizar su condena.<\/span><\/p>\n<p>&nbsp;<\/p>\n<\/div>\n<p>[\/vc_column_text][\/vc_column_inner][\/vc_row_inner][vc_row_inner css=\u00bb.vc_custom_1756259097622{margin-top: -60px !important;background-color: #FFFFFF !important;}\u00bb][vc_column_inner][vc_column_text css=\u00bb\u00bb]Este respaldo demuestra que la <strong data-start=\"4158\" data-end=\"4186\">Alianza por la Educaci\u00f3n<\/strong> es poderosa, pertinente y necesaria para impulsar el desarrollo de las subregiones en Caldas.[\/vc_column_text][\/vc_column_inner][\/vc_row_inner][\/vc_tta_section][\/vc_tta_tabs][\/vc_column][\/vc_row][vc_row full_width=\u00bbstretch_row_content_no_spaces\u00bb css=\u00bb.vc_custom_1752726317925{margin-top: 60px !important;margin-bottom: 60px !important;}\u00bb][vc_column][vc_column_text css=\u00bb\u00bb]<\/p>\n<div style=\"display: flex; align-items: center;\"><!-- Cuadrado de Color --><\/p>\n<div style=\"width: 100px; height: 80px; background-color: #d7b860; margin-right: 10px;\"><\/div>\n<p><!-- T\u00edtulo de Dos L\u00edneas con diferentes grosores de fuente --><\/p>\n<div>\n<h4 style=\"font-family: 'Roboto', sans-serif; font-weight: 400; margin: 0;\">Explora<\/h4>\n<h2 style=\"font-family: 'Roboto', sans-serif; font-weight: 900; margin: 0;\">Nuestra Comunidad<\/h2>\n<\/div>\n<\/div>\n<p>[\/vc_column_text][\/vc_column][\/vc_row][vc_row][vc_column]\n\t\t\t<!-- START ucaldasregional REVOLUTION SLIDER 6.7.20 --><p class=\"rs-p-wp-fix\"><\/p>\n\t\t\t<rs-module-wrap id=\"rev_slider_8_1_wrapper\" data-source=\"post\" style=\"visibility:hidden;background:transparent;padding:0;margin:0px auto;margin-top:0;margin-bottom:0;\">\n\t\t\t\t<rs-module id=\"rev_slider_8_1\" style=\"\" data-version=\"6.7.20\">\n\t\t\t\t\t<rs-slides style=\"overflow: hidden; position: absolute;\">\n\t\t\t\t\t\t<rs-slide style=\"position: absolute;\" data-key=\"rs-103949\" data-title=\"\u201cUniversidad de Caldas en tu Pueblo\u201d graduar\u00e1 170 T\u00e9cnicos Profesionales en el Departamento durante el primer semestre\" data-thumb=\"\/\/www.ucaldas.edu.co\/portal\/wp-content\/uploads\/2026\/04\/IMG_0782-scaled-e1777418503752-100x50.jpg\" data-anim=\"adpr:false;\" data-in=\"o:0;\" data-out=\"a:false;\">\n\t\t\t\t\t\t\t<img decoding=\"async\" src=\"\/\/www.ucaldas.edu.co\/portal\/wp-content\/plugins\/revslider\/sr6\/assets\/assets\/dummy.png\" alt=\"Grados\" title=\"IMG_0782\" width=\"900\" height=\"600\" class=\"rev-slidebg tp-rs-img rs-lazyload\" data-lazyload=\"\/\/www.ucaldas.edu.co\/portal\/wp-content\/uploads\/2026\/04\/IMG_0782-scaled-e1777418503752.jpg\" data-no-retina>\n<!--\t\t\t\t\t\t--><rs-zone id=\"rrzt_103949\" class=\"rev_row_zone_top\" style=\"z-index: 6;\"><!--\n\n\t\t\t\t\t\t\t\t--><rs-row\n\t\t\t\t\t\t\t\t\tid=\"slider-8-slide-103949-layer-9\" \n\t\t\t\t\t\t\t\t\tdata-type=\"row\"\n\t\t\t\t\t\t\t\t\tdata-xy=\"xo:-4px;yo:78px;\"\n\t\t\t\t\t\t\t\t\tdata-text=\"l:22;fw:900;a:inherit;\"\n\t\t\t\t\t\t\t\t\tdata-dim=\"w:100%;\"\n\t\t\t\t\t\t\t\t\tdata-cbreak=\"3\"\n\t\t\t\t\t\t\t\t\tdata-rsp_bd=\"off\"\n\t\t\t\t\t\t\t\t\tdata-frame_1=\"sR:10;\"\n\t\t\t\t\t\t\t\t\tdata-frame_999=\"o:0;st:w;sR:8690;sA:9000;\"\n\t\t\t\t\t\t\t\t\tstyle=\"z-index:6;\"\n\t\t\t\t\t\t\t\t><!--\n\t\t\t\t\t\t\t\t\t--><rs-column\n\t\t\t\t\t\t\t\t\t\tid=\"slider-8-slide-103949-layer-10\" \n\t\t\t\t\t\t\t\t\t\tdata-type=\"column\"\n\t\t\t\t\t\t\t\t\t\tdata-text=\"l:22;a:inherit;\"\n\t\t\t\t\t\t\t\t\t\tdata-rsp_bd=\"off\"\n\t\t\t\t\t\t\t\t\t\tdata-column=\"w:16.67%;\"\n\t\t\t\t\t\t\t\t\t\tdata-padding=\"t:10;r:10;b:10;l:10;\"\n\t\t\t\t\t\t\t\t\t\tdata-frame_999=\"o:0;st:w;sR:8690;sA:9000;\"\n\t\t\t\t\t\t\t\t\t\tstyle=\"z-index:7;width:100%;\"\n\t\t\t\t\t\t\t\t\t><!--\n\t\t\t\t\t\t\t\t\t\t--><rs-layer\n\t\t\t\t\t\t\t\t\t\t\tid=\"slider-8-slide-103949-layer-7\" \n\t\t\t\t\t\t\t\t\t\t\tdata-type=\"text\"\n\t\t\t\t\t\t\t\t\t\t\tdata-color=\"#003b70\"\n\t\t\t\t\t\t\t\t\t\t\tdata-rsp_ch=\"on\"\n\t\t\t\t\t\t\t\t\t\t\tdata-xy=\"\"\n\t\t\t\t\t\t\t\t\t\t\tdata-pos=\"r\"\n\t\t\t\t\t\t\t\t\t\t\tdata-text=\"s:18;l:20;fw:900;\"\n\t\t\t\t\t\t\t\t\t\t\tdata-dim=\"w:187;\"\n\t\t\t\t\t\t\t\t\t\t\tdata-margin=\"t:24;\"\n\t\t\t\t\t\t\t\t\t\t\tdata-padding=\"t:11;r:11;b:11;l:11;\"\n\t\t\t\t\t\t\t\t\t\t\tdata-frame_999=\"o:0;st:w;sR:8690;\"\n\t\t\t\t\t\t\t\t\t\t\tstyle=\"z-index:8;background-color:#d7b860;font-family:'Roboto';\"\n\t\t\t\t\t\t\t\t\t\t><i class=\"fa-bullhorn\"><\/i> U Caldas Regional \n\t\t\t\t\t\t\t\t\t\t<\/rs-layer><!--\n\t\t\t\t\t\t\t\t\t--><\/rs-column><!--\n\n\t\t\t\t\t\t\t\t\t--><rs-column\n\t\t\t\t\t\t\t\t\t\tid=\"slider-8-slide-103949-layer-11\" \n\t\t\t\t\t\t\t\t\t\tdata-type=\"column\"\n\t\t\t\t\t\t\t\t\t\tdata-xy=\"xo:100px;yo:100px;\"\n\t\t\t\t\t\t\t\t\t\tdata-text=\"l:22;a:inherit;\"\n\t\t\t\t\t\t\t\t\t\tdata-rsp_bd=\"off\"\n\t\t\t\t\t\t\t\t\t\tdata-column=\"w:16.67%;\"\n\t\t\t\t\t\t\t\t\t\tdata-padding=\"t:10;r:10;b:10;l:10;\"\n\t\t\t\t\t\t\t\t\t\tdata-frame_999=\"o:0;st:w;sR:8690;sA:9000;\"\n\t\t\t\t\t\t\t\t\t\tstyle=\"z-index:9;width:100%;\"\n\t\t\t\t\t\t\t\t\t><!--\t\t\t\t\t\t\t\t\t--><\/rs-column><!--\n\n\t\t\t\t\t\t\t\t\t--><rs-column\n\t\t\t\t\t\t\t\t\t\tid=\"slider-8-slide-103949-layer-12\" \n\t\t\t\t\t\t\t\t\t\tdata-type=\"column\"\n\t\t\t\t\t\t\t\t\t\tdata-xy=\"xo:100px;yo:100px;\"\n\t\t\t\t\t\t\t\t\t\tdata-text=\"l:22;a:inherit;\"\n\t\t\t\t\t\t\t\t\t\tdata-rsp_bd=\"off\"\n\t\t\t\t\t\t\t\t\t\tdata-column=\"w:16.67%;\"\n\t\t\t\t\t\t\t\t\t\tdata-padding=\"t:10;r:10;b:10;l:10;\"\n\t\t\t\t\t\t\t\t\t\tdata-frame_999=\"o:0;st:w;sR:8690;sA:9000;\"\n\t\t\t\t\t\t\t\t\t\tstyle=\"z-index:10;width:100%;\"\n\t\t\t\t\t\t\t\t\t><!--\t\t\t\t\t\t\t\t\t--><\/rs-column><!--\n\n\t\t\t\t\t\t\t\t\t--><rs-column\n\t\t\t\t\t\t\t\t\t\tid=\"slider-8-slide-103949-layer-16\" \n\t\t\t\t\t\t\t\t\t\tdata-type=\"column\"\n\t\t\t\t\t\t\t\t\t\tdata-xy=\"xo:100px;yo:100px;\"\n\t\t\t\t\t\t\t\t\t\tdata-text=\"l:22;a:inherit;\"\n\t\t\t\t\t\t\t\t\t\tdata-rsp_bd=\"off\"\n\t\t\t\t\t\t\t\t\t\tdata-column=\"w:16.67%;\"\n\t\t\t\t\t\t\t\t\t\tdata-padding=\"t:10;r:10;b:10;l:10;\"\n\t\t\t\t\t\t\t\t\t\tdata-frame_999=\"o:0;st:w;sR:8690;sA:9000;\"\n\t\t\t\t\t\t\t\t\t\tstyle=\"z-index:11;width:100%;\"\n\t\t\t\t\t\t\t\t\t><!--\t\t\t\t\t\t\t\t\t--><\/rs-column><!--\n\n\t\t\t\t\t\t\t\t\t--><rs-column\n\t\t\t\t\t\t\t\t\t\tid=\"slider-8-slide-103949-layer-17\" \n\t\t\t\t\t\t\t\t\t\tdata-type=\"column\"\n\t\t\t\t\t\t\t\t\t\tdata-xy=\"xo:100px;yo:100px;\"\n\t\t\t\t\t\t\t\t\t\tdata-text=\"l:22;a:inherit;\"\n\t\t\t\t\t\t\t\t\t\tdata-rsp_bd=\"off\"\n\t\t\t\t\t\t\t\t\t\tdata-column=\"w:16.67%;\"\n\t\t\t\t\t\t\t\t\t\tdata-padding=\"t:10;r:10;b:10;l:10;\"\n\t\t\t\t\t\t\t\t\t\tdata-frame_999=\"o:0;st:w;sR:8690;sA:9000;\"\n\t\t\t\t\t\t\t\t\t\tstyle=\"z-index:12;width:100%;\"\n\t\t\t\t\t\t\t\t\t><!--\t\t\t\t\t\t\t\t\t--><\/rs-column><!--\n\n\t\t\t\t\t\t\t\t\t--><rs-column\n\t\t\t\t\t\t\t\t\t\tid=\"slider-8-slide-103949-layer-18\" \n\t\t\t\t\t\t\t\t\t\tdata-type=\"column\"\n\t\t\t\t\t\t\t\t\t\tdata-xy=\"xo:100px;yo:100px;\"\n\t\t\t\t\t\t\t\t\t\tdata-text=\"l:22;a:inherit;\"\n\t\t\t\t\t\t\t\t\t\tdata-rsp_bd=\"off\"\n\t\t\t\t\t\t\t\t\t\tdata-column=\"w:16.67%;\"\n\t\t\t\t\t\t\t\t\t\tdata-padding=\"t:10;r:10;b:10;l:10;\"\n\t\t\t\t\t\t\t\t\t\tdata-frame_999=\"o:0;st:w;sR:8690;sA:9000;\"\n\t\t\t\t\t\t\t\t\t\tstyle=\"z-index:13;width:100%;\"\n\t\t\t\t\t\t\t\t\t><!--\t\t\t\t\t\t\t\t\t--><\/rs-column><!--\n\t\t\t\t\t\t\t\t--><\/rs-row><!--\n\t\t\t\t\t\t\t--><\/rs-zone><!--\n\n\t\t\t\t\t\t\t--><rs-layer\n\t\t\t\t\t\t\t\tid=\"slider-8-slide-103949-layer-3\" \n\t\t\t\t\t\t\t\tclass=\"tp-shape tp-shapewrapper\"\n\t\t\t\t\t\t\t\tdata-type=\"shape\"\n\t\t\t\t\t\t\t\tdata-rsp_ch=\"on\"\n\t\t\t\t\t\t\t\tdata-text=\"fw:900;\"\n\t\t\t\t\t\t\t\tdata-dim=\"w:100%;h:100%;\"\n\t\t\t\t\t\t\t\tdata-frame_1=\"sR:10;\"\n\t\t\t\t\t\t\t\tdata-frame_999=\"o:0;st:w;sR:8690;\"\n\t\t\t\t\t\t\t\tstyle=\"z-index:5;background-color:rgba(0,59,112,0.6);\"\n\t\t\t\t\t\t\t> \n\t\t\t\t\t\t\t<\/rs-layer><!--\n\n\t\t\t\t\t\t\t--><rs-layer\n\t\t\t\t\t\t\t\tid=\"slider-8-slide-103949-layer-24\" \n\t\t\t\t\t\t\t\tdata-type=\"image\"\n\t\t\t\t\t\t\t\tdata-rsp_ch=\"on\"\n\t\t\t\t\t\t\t\tdata-xy=\"x:r;xo:33px,33px,33px,34px;y:b;yo:33px,33px,33px,53px;\"\n\t\t\t\t\t\t\t\tdata-text=\"w:nowrap,nowrap,nowrap,normal;l:22;fw:500;\"\n\t\t\t\t\t\t\t\tdata-dim=\"w:304px,304px,304px,198px;h:80px,80px,80px,52px;\"\n\t\t\t\t\t\t\t\tdata-frame_1=\"sR:10;\"\n\t\t\t\t\t\t\t\tdata-frame_999=\"o:0;st:w;sR:8690;\"\n\t\t\t\t\t\t\t\tstyle=\"z-index:14;cursor:pointer;\"\n\t\t\t\t\t\t\t><img decoding=\"async\" src=\"\/\/www.ucaldas.edu.co\/portal\/wp-content\/plugins\/revslider\/sr6\/assets\/assets\/dummy.png\" alt=\"Logo Imagen Tejiendo Universidad\" class=\"tp-rs-img rs-lazyload\" width=\"1920\" height=\"506\" data-lazyload=\"\/\/www.ucaldas.edu.co\/portal\/wp-content\/uploads\/2024\/03\/Banner_wb_transparenciav2_1920-506.png\" data-no-retina> \n\t\t\t\t\t\t\t<\/rs-layer><!--\n\n\t\t\t\t\t\t\t--><rs-layer\n\t\t\t\t\t\t\t\tid=\"slider-8-slide-103949-layer-25\" \n\t\t\t\t\t\t\t\tdata-type=\"text\"\n\t\t\t\t\t\t\t\tdata-rsp_ch=\"on\"\n\t\t\t\t\t\t\t\tdata-xy=\"x:l,l,l,c;xo:90px,90px,90px,0;y:m;yo:0,0,0,-102px;\"\n\t\t\t\t\t\t\t\tdata-text=\"w:normal;s:45,45,45,21;l:45,45,45,21;fw:500;\"\n\t\t\t\t\t\t\t\tdata-dim=\"w:622px,622px,622px,288px;h:auto,auto,auto,48px;\"\n\t\t\t\t\t\t\t\tdata-basealign=\"slide\"\n\t\t\t\t\t\t\t\tdata-frame_1=\"sR:10;\"\n\t\t\t\t\t\t\t\tdata-frame_999=\"o:0;st:w;sR:8690;\"\n\t\t\t\t\t\t\t\tstyle=\"z-index:15;font-family:'Roboto';\"\n\t\t\t\t\t\t\t>\u201cUniversidad de Caldas en tu Pueblo\u201d graduar\u00e1 170 T\u00e9cnicos Profesionales en el Departamento durante el primer semestre \n\t\t\t\t\t\t\t<\/rs-layer><!--\n\n\t\t\t\t\t\t\t--><a\n\t\t\t\t\t\t\t\tid=\"slider-8-slide-103949-layer-27\" \n\t\t\t\t\t\t\t\tclass=\"rs-layer\"\n\t\t\t\t\t\t\t\thref=\"https:\/\/www.ucaldas.edu.co\/portal\/universidad-en-tu-pueblo-graduara-170-tecnicos-profesionales-en-el-departamento-durante-el-primer-semestre\/\" target=\"_self\"\n\t\t\t\t\t\t\t\tdata-type=\"text\"\n\t\t\t\t\t\t\t\tdata-rsp_ch=\"on\"\n\t\t\t\t\t\t\t\tdata-xy=\"xo:90px;y:b;yo:60px;\"\n\t\t\t\t\t\t\t\tdata-text=\"w:normal;l:22;fw:900;\"\n\t\t\t\t\t\t\t\tdata-dim=\"w:127px;h:39px;\"\n\t\t\t\t\t\t\t\tdata-padding=\"t:6;r:12;b:6;l:12;\"\n\t\t\t\t\t\t\t\tdata-border=\"bos:solid;boc:#ffffff;bow:2px,2px,2px,2px;bor:3px,3px,3px,3px;\"\n\t\t\t\t\t\t\t\tdata-frame_1=\"sR:10;\"\n\t\t\t\t\t\t\t\tdata-frame_999=\"o:0;st:w;sR:8690;\"\n\t\t\t\t\t\t\t\tstyle=\"z-index:16;font-family:'Roboto';cursor:pointer;\"\n\t\t\t\t\t\t\t>Ver m\u00e1s <i class=\"fa-chevron-right\"><\/i> \n\t\t\t\t\t\t\t<\/a><!--\n-->\t\t\t\t\t<\/rs-slide>\n\t\t\t\t\t\t<rs-slide style=\"position: absolute;\" data-key=\"rs-103819\" data-title=\"Crece la infraestructura de la Sede Magdalena Centro de la U de Caldas con nuevo espacio deportivo que impulsa la vida universitaria\" data-thumb=\"\/\/www.ucaldas.edu.co\/portal\/wp-content\/uploads\/2026\/04\/WhatsApp-Image-2026-04-21-at-10.23.58-AM-e1776806650847-100x50.jpeg\" data-anim=\"adpr:false;\" data-in=\"o:0;\" data-out=\"a:false;\">\n\t\t\t\t\t\t\t<img decoding=\"async\" src=\"\/\/www.ucaldas.edu.co\/portal\/wp-content\/plugins\/revslider\/sr6\/assets\/assets\/dummy.png\" alt=\"Cancha La Dorada\" title=\"WhatsApp Image 2026-04-21 at 10.23.58 AM\" width=\"900\" height=\"600\" class=\"rev-slidebg tp-rs-img rs-lazyload\" data-lazyload=\"\/\/www.ucaldas.edu.co\/portal\/wp-content\/uploads\/2026\/04\/WhatsApp-Image-2026-04-21-at-10.23.58-AM-e1776806650847.jpeg\" data-no-retina>\n<!--\t\t\t\t\t\t--><rs-zone id=\"rrzt_103819\" class=\"rev_row_zone_top\" style=\"z-index: 6;\"><!--\n\n\t\t\t\t\t\t\t\t--><rs-row\n\t\t\t\t\t\t\t\t\tid=\"slider-8-slide-103819-layer-9\" \n\t\t\t\t\t\t\t\t\tdata-type=\"row\"\n\t\t\t\t\t\t\t\t\tdata-xy=\"xo:-4px;yo:78px;\"\n\t\t\t\t\t\t\t\t\tdata-text=\"l:22;fw:900;a:inherit;\"\n\t\t\t\t\t\t\t\t\tdata-dim=\"w:100%;\"\n\t\t\t\t\t\t\t\t\tdata-cbreak=\"3\"\n\t\t\t\t\t\t\t\t\tdata-rsp_bd=\"off\"\n\t\t\t\t\t\t\t\t\tdata-frame_1=\"sR:10;\"\n\t\t\t\t\t\t\t\t\tdata-frame_999=\"o:0;st:w;sR:8690;sA:9000;\"\n\t\t\t\t\t\t\t\t\tstyle=\"z-index:6;\"\n\t\t\t\t\t\t\t\t><!--\n\t\t\t\t\t\t\t\t\t--><rs-column\n\t\t\t\t\t\t\t\t\t\tid=\"slider-8-slide-103819-layer-10\" \n\t\t\t\t\t\t\t\t\t\tdata-type=\"column\"\n\t\t\t\t\t\t\t\t\t\tdata-text=\"l:22;a:inherit;\"\n\t\t\t\t\t\t\t\t\t\tdata-rsp_bd=\"off\"\n\t\t\t\t\t\t\t\t\t\tdata-column=\"w:16.67%;\"\n\t\t\t\t\t\t\t\t\t\tdata-padding=\"t:10;r:10;b:10;l:10;\"\n\t\t\t\t\t\t\t\t\t\tdata-frame_999=\"o:0;st:w;sR:8690;sA:9000;\"\n\t\t\t\t\t\t\t\t\t\tstyle=\"z-index:7;width:100%;\"\n\t\t\t\t\t\t\t\t\t><!--\n\t\t\t\t\t\t\t\t\t\t--><rs-layer\n\t\t\t\t\t\t\t\t\t\t\tid=\"slider-8-slide-103819-layer-7\" \n\t\t\t\t\t\t\t\t\t\t\tdata-type=\"text\"\n\t\t\t\t\t\t\t\t\t\t\tdata-color=\"#003b70\"\n\t\t\t\t\t\t\t\t\t\t\tdata-rsp_ch=\"on\"\n\t\t\t\t\t\t\t\t\t\t\tdata-xy=\"\"\n\t\t\t\t\t\t\t\t\t\t\tdata-pos=\"r\"\n\t\t\t\t\t\t\t\t\t\t\tdata-text=\"s:18;l:20;fw:900;\"\n\t\t\t\t\t\t\t\t\t\t\tdata-dim=\"w:187;\"\n\t\t\t\t\t\t\t\t\t\t\tdata-margin=\"t:24;\"\n\t\t\t\t\t\t\t\t\t\t\tdata-padding=\"t:11;r:11;b:11;l:11;\"\n\t\t\t\t\t\t\t\t\t\t\tdata-frame_999=\"o:0;st:w;sR:8690;\"\n\t\t\t\t\t\t\t\t\t\t\tstyle=\"z-index:8;background-color:#d7b860;font-family:'Roboto';\"\n\t\t\t\t\t\t\t\t\t\t><i class=\"fa-bullhorn\"><\/i> U Caldas Regional \n\t\t\t\t\t\t\t\t\t\t<\/rs-layer><!--\n\t\t\t\t\t\t\t\t\t--><\/rs-column><!--\n\n\t\t\t\t\t\t\t\t\t--><rs-column\n\t\t\t\t\t\t\t\t\t\tid=\"slider-8-slide-103819-layer-11\" \n\t\t\t\t\t\t\t\t\t\tdata-type=\"column\"\n\t\t\t\t\t\t\t\t\t\tdata-xy=\"xo:100px;yo:100px;\"\n\t\t\t\t\t\t\t\t\t\tdata-text=\"l:22;a:inherit;\"\n\t\t\t\t\t\t\t\t\t\tdata-rsp_bd=\"off\"\n\t\t\t\t\t\t\t\t\t\tdata-column=\"w:16.67%;\"\n\t\t\t\t\t\t\t\t\t\tdata-padding=\"t:10;r:10;b:10;l:10;\"\n\t\t\t\t\t\t\t\t\t\tdata-frame_999=\"o:0;st:w;sR:8690;sA:9000;\"\n\t\t\t\t\t\t\t\t\t\tstyle=\"z-index:9;width:100%;\"\n\t\t\t\t\t\t\t\t\t><!--\t\t\t\t\t\t\t\t\t--><\/rs-column><!--\n\n\t\t\t\t\t\t\t\t\t--><rs-column\n\t\t\t\t\t\t\t\t\t\tid=\"slider-8-slide-103819-layer-12\" \n\t\t\t\t\t\t\t\t\t\tdata-type=\"column\"\n\t\t\t\t\t\t\t\t\t\tdata-xy=\"xo:100px;yo:100px;\"\n\t\t\t\t\t\t\t\t\t\tdata-text=\"l:22;a:inherit;\"\n\t\t\t\t\t\t\t\t\t\tdata-rsp_bd=\"off\"\n\t\t\t\t\t\t\t\t\t\tdata-column=\"w:16.67%;\"\n\t\t\t\t\t\t\t\t\t\tdata-padding=\"t:10;r:10;b:10;l:10;\"\n\t\t\t\t\t\t\t\t\t\tdata-frame_999=\"o:0;st:w;sR:8690;sA:9000;\"\n\t\t\t\t\t\t\t\t\t\tstyle=\"z-index:10;width:100%;\"\n\t\t\t\t\t\t\t\t\t><!--\t\t\t\t\t\t\t\t\t--><\/rs-column><!--\n\n\t\t\t\t\t\t\t\t\t--><rs-column\n\t\t\t\t\t\t\t\t\t\tid=\"slider-8-slide-103819-layer-16\" \n\t\t\t\t\t\t\t\t\t\tdata-type=\"column\"\n\t\t\t\t\t\t\t\t\t\tdata-xy=\"xo:100px;yo:100px;\"\n\t\t\t\t\t\t\t\t\t\tdata-text=\"l:22;a:inherit;\"\n\t\t\t\t\t\t\t\t\t\tdata-rsp_bd=\"off\"\n\t\t\t\t\t\t\t\t\t\tdata-column=\"w:16.67%;\"\n\t\t\t\t\t\t\t\t\t\tdata-padding=\"t:10;r:10;b:10;l:10;\"\n\t\t\t\t\t\t\t\t\t\tdata-frame_999=\"o:0;st:w;sR:8690;sA:9000;\"\n\t\t\t\t\t\t\t\t\t\tstyle=\"z-index:11;width:100%;\"\n\t\t\t\t\t\t\t\t\t><!--\t\t\t\t\t\t\t\t\t--><\/rs-column><!--\n\n\t\t\t\t\t\t\t\t\t--><rs-column\n\t\t\t\t\t\t\t\t\t\tid=\"slider-8-slide-103819-layer-17\" \n\t\t\t\t\t\t\t\t\t\tdata-type=\"column\"\n\t\t\t\t\t\t\t\t\t\tdata-xy=\"xo:100px;yo:100px;\"\n\t\t\t\t\t\t\t\t\t\tdata-text=\"l:22;a:inherit;\"\n\t\t\t\t\t\t\t\t\t\tdata-rsp_bd=\"off\"\n\t\t\t\t\t\t\t\t\t\tdata-column=\"w:16.67%;\"\n\t\t\t\t\t\t\t\t\t\tdata-padding=\"t:10;r:10;b:10;l:10;\"\n\t\t\t\t\t\t\t\t\t\tdata-frame_999=\"o:0;st:w;sR:8690;sA:9000;\"\n\t\t\t\t\t\t\t\t\t\tstyle=\"z-index:12;width:100%;\"\n\t\t\t\t\t\t\t\t\t><!--\t\t\t\t\t\t\t\t\t--><\/rs-column><!--\n\n\t\t\t\t\t\t\t\t\t--><rs-column\n\t\t\t\t\t\t\t\t\t\tid=\"slider-8-slide-103819-layer-18\" \n\t\t\t\t\t\t\t\t\t\tdata-type=\"column\"\n\t\t\t\t\t\t\t\t\t\tdata-xy=\"xo:100px;yo:100px;\"\n\t\t\t\t\t\t\t\t\t\tdata-text=\"l:22;a:inherit;\"\n\t\t\t\t\t\t\t\t\t\tdata-rsp_bd=\"off\"\n\t\t\t\t\t\t\t\t\t\tdata-column=\"w:16.67%;\"\n\t\t\t\t\t\t\t\t\t\tdata-padding=\"t:10;r:10;b:10;l:10;\"\n\t\t\t\t\t\t\t\t\t\tdata-frame_999=\"o:0;st:w;sR:8690;sA:9000;\"\n\t\t\t\t\t\t\t\t\t\tstyle=\"z-index:13;width:100%;\"\n\t\t\t\t\t\t\t\t\t><!--\t\t\t\t\t\t\t\t\t--><\/rs-column><!--\n\t\t\t\t\t\t\t\t--><\/rs-row><!--\n\t\t\t\t\t\t\t--><\/rs-zone><!--\n\n\t\t\t\t\t\t\t--><rs-layer\n\t\t\t\t\t\t\t\tid=\"slider-8-slide-103819-layer-3\" \n\t\t\t\t\t\t\t\tclass=\"tp-shape tp-shapewrapper\"\n\t\t\t\t\t\t\t\tdata-type=\"shape\"\n\t\t\t\t\t\t\t\tdata-rsp_ch=\"on\"\n\t\t\t\t\t\t\t\tdata-text=\"fw:900;\"\n\t\t\t\t\t\t\t\tdata-dim=\"w:100%;h:100%;\"\n\t\t\t\t\t\t\t\tdata-frame_1=\"sR:10;\"\n\t\t\t\t\t\t\t\tdata-frame_999=\"o:0;st:w;sR:8690;\"\n\t\t\t\t\t\t\t\tstyle=\"z-index:5;background-color:rgba(0,59,112,0.6);\"\n\t\t\t\t\t\t\t> \n\t\t\t\t\t\t\t<\/rs-layer><!--\n\n\t\t\t\t\t\t\t--><rs-layer\n\t\t\t\t\t\t\t\tid=\"slider-8-slide-103819-layer-24\" \n\t\t\t\t\t\t\t\tdata-type=\"image\"\n\t\t\t\t\t\t\t\tdata-rsp_ch=\"on\"\n\t\t\t\t\t\t\t\tdata-xy=\"x:r;xo:33px,33px,33px,34px;y:b;yo:33px,33px,33px,53px;\"\n\t\t\t\t\t\t\t\tdata-text=\"w:nowrap,nowrap,nowrap,normal;l:22;fw:500;\"\n\t\t\t\t\t\t\t\tdata-dim=\"w:304px,304px,304px,198px;h:80px,80px,80px,52px;\"\n\t\t\t\t\t\t\t\tdata-frame_1=\"sR:10;\"\n\t\t\t\t\t\t\t\tdata-frame_999=\"o:0;st:w;sR:8690;\"\n\t\t\t\t\t\t\t\tstyle=\"z-index:14;cursor:pointer;\"\n\t\t\t\t\t\t\t><img decoding=\"async\" src=\"\/\/www.ucaldas.edu.co\/portal\/wp-content\/plugins\/revslider\/sr6\/assets\/assets\/dummy.png\" alt=\"Logo Imagen Tejiendo Universidad\" class=\"tp-rs-img rs-lazyload\" width=\"1920\" height=\"506\" data-lazyload=\"\/\/www.ucaldas.edu.co\/portal\/wp-content\/uploads\/2024\/03\/Banner_wb_transparenciav2_1920-506.png\" data-no-retina> \n\t\t\t\t\t\t\t<\/rs-layer><!--\n\n\t\t\t\t\t\t\t--><rs-layer\n\t\t\t\t\t\t\t\tid=\"slider-8-slide-103819-layer-25\" \n\t\t\t\t\t\t\t\tdata-type=\"text\"\n\t\t\t\t\t\t\t\tdata-rsp_ch=\"on\"\n\t\t\t\t\t\t\t\tdata-xy=\"x:l,l,l,c;xo:90px,90px,90px,0;y:m;yo:0,0,0,-102px;\"\n\t\t\t\t\t\t\t\tdata-text=\"w:normal;s:45,45,45,21;l:45,45,45,21;fw:500;\"\n\t\t\t\t\t\t\t\tdata-dim=\"w:622px,622px,622px,288px;h:auto,auto,auto,48px;\"\n\t\t\t\t\t\t\t\tdata-basealign=\"slide\"\n\t\t\t\t\t\t\t\tdata-frame_1=\"sR:10;\"\n\t\t\t\t\t\t\t\tdata-frame_999=\"o:0;st:w;sR:8690;\"\n\t\t\t\t\t\t\t\tstyle=\"z-index:15;font-family:'Roboto';\"\n\t\t\t\t\t\t\t>Crece la infraestructura de la Sede Magdalena Centro de la U de Caldas con nuevo espacio deportivo que impulsa la vida universitaria \n\t\t\t\t\t\t\t<\/rs-layer><!--\n\n\t\t\t\t\t\t\t--><a\n\t\t\t\t\t\t\t\tid=\"slider-8-slide-103819-layer-27\" \n\t\t\t\t\t\t\t\tclass=\"rs-layer\"\n\t\t\t\t\t\t\t\thref=\"https:\/\/www.ucaldas.edu.co\/portal\/crece-la-infraestructura-de-la-sede-magdalena-centro-de-la-u-de-caldas-con-nuevo-espacio-deportivo-que-impulsa-la-vida-universitaria\/\" target=\"_self\"\n\t\t\t\t\t\t\t\tdata-type=\"text\"\n\t\t\t\t\t\t\t\tdata-rsp_ch=\"on\"\n\t\t\t\t\t\t\t\tdata-xy=\"xo:90px;y:b;yo:60px;\"\n\t\t\t\t\t\t\t\tdata-text=\"w:normal;l:22;fw:900;\"\n\t\t\t\t\t\t\t\tdata-dim=\"w:127px;h:39px;\"\n\t\t\t\t\t\t\t\tdata-padding=\"t:6;r:12;b:6;l:12;\"\n\t\t\t\t\t\t\t\tdata-border=\"bos:solid;boc:#ffffff;bow:2px,2px,2px,2px;bor:3px,3px,3px,3px;\"\n\t\t\t\t\t\t\t\tdata-frame_1=\"sR:10;\"\n\t\t\t\t\t\t\t\tdata-frame_999=\"o:0;st:w;sR:8690;\"\n\t\t\t\t\t\t\t\tstyle=\"z-index:16;font-family:'Roboto';cursor:pointer;\"\n\t\t\t\t\t\t\t>Ver m\u00e1s <i class=\"fa-chevron-right\"><\/i> \n\t\t\t\t\t\t\t<\/a><!--\n-->\t\t\t\t\t<\/rs-slide>\n\t\t\t\t\t\t<rs-slide style=\"position: absolute;\" data-key=\"rs-103682\" data-title=\"J\u00f3venes del magdalena centro del pa\u00eds se preparan para estudiar nuevas carreras en la Sede de La Dorada de la U de Caldas\" data-thumb=\"\/\/www.ucaldas.edu.co\/portal\/wp-content\/uploads\/2026\/04\/WhatsApp-Image-2026-04-14-at-4.41.26-PM-1-scaled-e1776203121504-100x50.jpeg\" data-anim=\"adpr:false;\" data-in=\"o:0;\" data-out=\"a:false;\">\n\t\t\t\t\t\t\t<img decoding=\"async\" src=\"\/\/www.ucaldas.edu.co\/portal\/wp-content\/plugins\/revslider\/sr6\/assets\/assets\/dummy.png\" alt=\"Recorrido Magdalena Centro\" title=\"WhatsApp Image 2026-04-14 at 4.41.26 PM (1)\" width=\"900\" height=\"675\" class=\"rev-slidebg tp-rs-img rs-lazyload\" data-lazyload=\"\/\/www.ucaldas.edu.co\/portal\/wp-content\/uploads\/2026\/04\/WhatsApp-Image-2026-04-14-at-4.41.26-PM-1-scaled-e1776203121504.jpeg\" data-no-retina>\n<!--\t\t\t\t\t\t--><rs-zone id=\"rrzt_103682\" class=\"rev_row_zone_top\" style=\"z-index: 6;\"><!--\n\n\t\t\t\t\t\t\t\t--><rs-row\n\t\t\t\t\t\t\t\t\tid=\"slider-8-slide-103682-layer-9\" \n\t\t\t\t\t\t\t\t\tdata-type=\"row\"\n\t\t\t\t\t\t\t\t\tdata-xy=\"xo:-4px;yo:78px;\"\n\t\t\t\t\t\t\t\t\tdata-text=\"l:22;fw:900;a:inherit;\"\n\t\t\t\t\t\t\t\t\tdata-dim=\"w:100%;\"\n\t\t\t\t\t\t\t\t\tdata-cbreak=\"3\"\n\t\t\t\t\t\t\t\t\tdata-rsp_bd=\"off\"\n\t\t\t\t\t\t\t\t\tdata-frame_1=\"sR:10;\"\n\t\t\t\t\t\t\t\t\tdata-frame_999=\"o:0;st:w;sR:8690;sA:9000;\"\n\t\t\t\t\t\t\t\t\tstyle=\"z-index:6;\"\n\t\t\t\t\t\t\t\t><!--\n\t\t\t\t\t\t\t\t\t--><rs-column\n\t\t\t\t\t\t\t\t\t\tid=\"slider-8-slide-103682-layer-10\" \n\t\t\t\t\t\t\t\t\t\tdata-type=\"column\"\n\t\t\t\t\t\t\t\t\t\tdata-text=\"l:22;a:inherit;\"\n\t\t\t\t\t\t\t\t\t\tdata-rsp_bd=\"off\"\n\t\t\t\t\t\t\t\t\t\tdata-column=\"w:16.67%;\"\n\t\t\t\t\t\t\t\t\t\tdata-padding=\"t:10;r:10;b:10;l:10;\"\n\t\t\t\t\t\t\t\t\t\tdata-frame_999=\"o:0;st:w;sR:8690;sA:9000;\"\n\t\t\t\t\t\t\t\t\t\tstyle=\"z-index:7;width:100%;\"\n\t\t\t\t\t\t\t\t\t><!--\n\t\t\t\t\t\t\t\t\t\t--><rs-layer\n\t\t\t\t\t\t\t\t\t\t\tid=\"slider-8-slide-103682-layer-7\" \n\t\t\t\t\t\t\t\t\t\t\tdata-type=\"text\"\n\t\t\t\t\t\t\t\t\t\t\tdata-color=\"#003b70\"\n\t\t\t\t\t\t\t\t\t\t\tdata-rsp_ch=\"on\"\n\t\t\t\t\t\t\t\t\t\t\tdata-xy=\"\"\n\t\t\t\t\t\t\t\t\t\t\tdata-pos=\"r\"\n\t\t\t\t\t\t\t\t\t\t\tdata-text=\"s:18;l:20;fw:900;\"\n\t\t\t\t\t\t\t\t\t\t\tdata-dim=\"w:187;\"\n\t\t\t\t\t\t\t\t\t\t\tdata-margin=\"t:24;\"\n\t\t\t\t\t\t\t\t\t\t\tdata-padding=\"t:11;r:11;b:11;l:11;\"\n\t\t\t\t\t\t\t\t\t\t\tdata-frame_999=\"o:0;st:w;sR:8690;\"\n\t\t\t\t\t\t\t\t\t\t\tstyle=\"z-index:8;background-color:#d7b860;font-family:'Roboto';\"\n\t\t\t\t\t\t\t\t\t\t><i class=\"fa-bullhorn\"><\/i> U Caldas Regional \n\t\t\t\t\t\t\t\t\t\t<\/rs-layer><!--\n\t\t\t\t\t\t\t\t\t--><\/rs-column><!--\n\n\t\t\t\t\t\t\t\t\t--><rs-column\n\t\t\t\t\t\t\t\t\t\tid=\"slider-8-slide-103682-layer-11\" \n\t\t\t\t\t\t\t\t\t\tdata-type=\"column\"\n\t\t\t\t\t\t\t\t\t\tdata-xy=\"xo:100px;yo:100px;\"\n\t\t\t\t\t\t\t\t\t\tdata-text=\"l:22;a:inherit;\"\n\t\t\t\t\t\t\t\t\t\tdata-rsp_bd=\"off\"\n\t\t\t\t\t\t\t\t\t\tdata-column=\"w:16.67%;\"\n\t\t\t\t\t\t\t\t\t\tdata-padding=\"t:10;r:10;b:10;l:10;\"\n\t\t\t\t\t\t\t\t\t\tdata-frame_999=\"o:0;st:w;sR:8690;sA:9000;\"\n\t\t\t\t\t\t\t\t\t\tstyle=\"z-index:9;width:100%;\"\n\t\t\t\t\t\t\t\t\t><!--\t\t\t\t\t\t\t\t\t--><\/rs-column><!--\n\n\t\t\t\t\t\t\t\t\t--><rs-column\n\t\t\t\t\t\t\t\t\t\tid=\"slider-8-slide-103682-layer-12\" \n\t\t\t\t\t\t\t\t\t\tdata-type=\"column\"\n\t\t\t\t\t\t\t\t\t\tdata-xy=\"xo:100px;yo:100px;\"\n\t\t\t\t\t\t\t\t\t\tdata-text=\"l:22;a:inherit;\"\n\t\t\t\t\t\t\t\t\t\tdata-rsp_bd=\"off\"\n\t\t\t\t\t\t\t\t\t\tdata-column=\"w:16.67%;\"\n\t\t\t\t\t\t\t\t\t\tdata-padding=\"t:10;r:10;b:10;l:10;\"\n\t\t\t\t\t\t\t\t\t\tdata-frame_999=\"o:0;st:w;sR:8690;sA:9000;\"\n\t\t\t\t\t\t\t\t\t\tstyle=\"z-index:10;width:100%;\"\n\t\t\t\t\t\t\t\t\t><!--\t\t\t\t\t\t\t\t\t--><\/rs-column><!--\n\n\t\t\t\t\t\t\t\t\t--><rs-column\n\t\t\t\t\t\t\t\t\t\tid=\"slider-8-slide-103682-layer-16\" \n\t\t\t\t\t\t\t\t\t\tdata-type=\"column\"\n\t\t\t\t\t\t\t\t\t\tdata-xy=\"xo:100px;yo:100px;\"\n\t\t\t\t\t\t\t\t\t\tdata-text=\"l:22;a:inherit;\"\n\t\t\t\t\t\t\t\t\t\tdata-rsp_bd=\"off\"\n\t\t\t\t\t\t\t\t\t\tdata-column=\"w:16.67%;\"\n\t\t\t\t\t\t\t\t\t\tdata-padding=\"t:10;r:10;b:10;l:10;\"\n\t\t\t\t\t\t\t\t\t\tdata-frame_999=\"o:0;st:w;sR:8690;sA:9000;\"\n\t\t\t\t\t\t\t\t\t\tstyle=\"z-index:11;width:100%;\"\n\t\t\t\t\t\t\t\t\t><!--\t\t\t\t\t\t\t\t\t--><\/rs-column><!--\n\n\t\t\t\t\t\t\t\t\t--><rs-column\n\t\t\t\t\t\t\t\t\t\tid=\"slider-8-slide-103682-layer-17\" \n\t\t\t\t\t\t\t\t\t\tdata-type=\"column\"\n\t\t\t\t\t\t\t\t\t\tdata-xy=\"xo:100px;yo:100px;\"\n\t\t\t\t\t\t\t\t\t\tdata-text=\"l:22;a:inherit;\"\n\t\t\t\t\t\t\t\t\t\tdata-rsp_bd=\"off\"\n\t\t\t\t\t\t\t\t\t\tdata-column=\"w:16.67%;\"\n\t\t\t\t\t\t\t\t\t\tdata-padding=\"t:10;r:10;b:10;l:10;\"\n\t\t\t\t\t\t\t\t\t\tdata-frame_999=\"o:0;st:w;sR:8690;sA:9000;\"\n\t\t\t\t\t\t\t\t\t\tstyle=\"z-index:12;width:100%;\"\n\t\t\t\t\t\t\t\t\t><!--\t\t\t\t\t\t\t\t\t--><\/rs-column><!--\n\n\t\t\t\t\t\t\t\t\t--><rs-column\n\t\t\t\t\t\t\t\t\t\tid=\"slider-8-slide-103682-layer-18\" \n\t\t\t\t\t\t\t\t\t\tdata-type=\"column\"\n\t\t\t\t\t\t\t\t\t\tdata-xy=\"xo:100px;yo:100px;\"\n\t\t\t\t\t\t\t\t\t\tdata-text=\"l:22;a:inherit;\"\n\t\t\t\t\t\t\t\t\t\tdata-rsp_bd=\"off\"\n\t\t\t\t\t\t\t\t\t\tdata-column=\"w:16.67%;\"\n\t\t\t\t\t\t\t\t\t\tdata-padding=\"t:10;r:10;b:10;l:10;\"\n\t\t\t\t\t\t\t\t\t\tdata-frame_999=\"o:0;st:w;sR:8690;sA:9000;\"\n\t\t\t\t\t\t\t\t\t\tstyle=\"z-index:13;width:100%;\"\n\t\t\t\t\t\t\t\t\t><!--\t\t\t\t\t\t\t\t\t--><\/rs-column><!--\n\t\t\t\t\t\t\t\t--><\/rs-row><!--\n\t\t\t\t\t\t\t--><\/rs-zone><!--\n\n\t\t\t\t\t\t\t--><rs-layer\n\t\t\t\t\t\t\t\tid=\"slider-8-slide-103682-layer-3\" \n\t\t\t\t\t\t\t\tclass=\"tp-shape tp-shapewrapper\"\n\t\t\t\t\t\t\t\tdata-type=\"shape\"\n\t\t\t\t\t\t\t\tdata-rsp_ch=\"on\"\n\t\t\t\t\t\t\t\tdata-text=\"fw:900;\"\n\t\t\t\t\t\t\t\tdata-dim=\"w:100%;h:100%;\"\n\t\t\t\t\t\t\t\tdata-frame_1=\"sR:10;\"\n\t\t\t\t\t\t\t\tdata-frame_999=\"o:0;st:w;sR:8690;\"\n\t\t\t\t\t\t\t\tstyle=\"z-index:5;background-color:rgba(0,59,112,0.6);\"\n\t\t\t\t\t\t\t> \n\t\t\t\t\t\t\t<\/rs-layer><!--\n\n\t\t\t\t\t\t\t--><rs-layer\n\t\t\t\t\t\t\t\tid=\"slider-8-slide-103682-layer-24\" \n\t\t\t\t\t\t\t\tdata-type=\"image\"\n\t\t\t\t\t\t\t\tdata-rsp_ch=\"on\"\n\t\t\t\t\t\t\t\tdata-xy=\"x:r;xo:33px,33px,33px,34px;y:b;yo:33px,33px,33px,53px;\"\n\t\t\t\t\t\t\t\tdata-text=\"w:nowrap,nowrap,nowrap,normal;l:22;fw:500;\"\n\t\t\t\t\t\t\t\tdata-dim=\"w:304px,304px,304px,198px;h:80px,80px,80px,52px;\"\n\t\t\t\t\t\t\t\tdata-frame_1=\"sR:10;\"\n\t\t\t\t\t\t\t\tdata-frame_999=\"o:0;st:w;sR:8690;\"\n\t\t\t\t\t\t\t\tstyle=\"z-index:14;cursor:pointer;\"\n\t\t\t\t\t\t\t><img decoding=\"async\" src=\"\/\/www.ucaldas.edu.co\/portal\/wp-content\/plugins\/revslider\/sr6\/assets\/assets\/dummy.png\" alt=\"Logo Imagen Tejiendo Universidad\" class=\"tp-rs-img rs-lazyload\" width=\"1920\" height=\"506\" data-lazyload=\"\/\/www.ucaldas.edu.co\/portal\/wp-content\/uploads\/2024\/03\/Banner_wb_transparenciav2_1920-506.png\" data-no-retina> \n\t\t\t\t\t\t\t<\/rs-layer><!--\n\n\t\t\t\t\t\t\t--><rs-layer\n\t\t\t\t\t\t\t\tid=\"slider-8-slide-103682-layer-25\" \n\t\t\t\t\t\t\t\tdata-type=\"text\"\n\t\t\t\t\t\t\t\tdata-rsp_ch=\"on\"\n\t\t\t\t\t\t\t\tdata-xy=\"x:l,l,l,c;xo:90px,90px,90px,0;y:m;yo:0,0,0,-102px;\"\n\t\t\t\t\t\t\t\tdata-text=\"w:normal;s:45,45,45,21;l:45,45,45,21;fw:500;\"\n\t\t\t\t\t\t\t\tdata-dim=\"w:622px,622px,622px,288px;h:auto,auto,auto,48px;\"\n\t\t\t\t\t\t\t\tdata-basealign=\"slide\"\n\t\t\t\t\t\t\t\tdata-frame_1=\"sR:10;\"\n\t\t\t\t\t\t\t\tdata-frame_999=\"o:0;st:w;sR:8690;\"\n\t\t\t\t\t\t\t\tstyle=\"z-index:15;font-family:'Roboto';\"\n\t\t\t\t\t\t\t>J\u00f3venes del magdalena centro del pa\u00eds se preparan para estudiar nuevas carreras en la Sede de La Dorada de la U de Caldas \n\t\t\t\t\t\t\t<\/rs-layer><!--\n\n\t\t\t\t\t\t\t--><a\n\t\t\t\t\t\t\t\tid=\"slider-8-slide-103682-layer-27\" \n\t\t\t\t\t\t\t\tclass=\"rs-layer\"\n\t\t\t\t\t\t\t\thref=\"https:\/\/www.ucaldas.edu.co\/portal\/jovenes-del-magdalena-centro-del-pais-se-preparan-para-estudiar-nuevas-carreras-en-la-sede-de-la-dorada-de-la-u-de-caldas\/\" target=\"_self\"\n\t\t\t\t\t\t\t\tdata-type=\"text\"\n\t\t\t\t\t\t\t\tdata-rsp_ch=\"on\"\n\t\t\t\t\t\t\t\tdata-xy=\"xo:90px;y:b;yo:60px;\"\n\t\t\t\t\t\t\t\tdata-text=\"w:normal;l:22;fw:900;\"\n\t\t\t\t\t\t\t\tdata-dim=\"w:127px;h:39px;\"\n\t\t\t\t\t\t\t\tdata-padding=\"t:6;r:12;b:6;l:12;\"\n\t\t\t\t\t\t\t\tdata-border=\"bos:solid;boc:#ffffff;bow:2px,2px,2px,2px;bor:3px,3px,3px,3px;\"\n\t\t\t\t\t\t\t\tdata-frame_1=\"sR:10;\"\n\t\t\t\t\t\t\t\tdata-frame_999=\"o:0;st:w;sR:8690;\"\n\t\t\t\t\t\t\t\tstyle=\"z-index:16;font-family:'Roboto';cursor:pointer;\"\n\t\t\t\t\t\t\t>Ver m\u00e1s <i class=\"fa-chevron-right\"><\/i> \n\t\t\t\t\t\t\t<\/a><!--\n-->\t\t\t\t\t<\/rs-slide>\n\t\t\t\t\t\t<rs-slide style=\"position: absolute;\" data-key=\"rs-103494\" data-title=\"Universidad de Caldas supera meta de cobertura regional con m\u00e1s de 5.300 estudiantes en el territorio\" data-thumb=\"\/\/www.ucaldas.edu.co\/portal\/wp-content\/uploads\/2026\/03\/Portada-Asamblea-scaled-e1774561432685-100x50.jpeg\" data-anim=\"adpr:false;\" data-in=\"o:0;\" data-out=\"a:false;\">\n\t\t\t\t\t\t\t<img decoding=\"async\" src=\"\/\/www.ucaldas.edu.co\/portal\/wp-content\/plugins\/revslider\/sr6\/assets\/assets\/dummy.png\" alt=\"Asamblea Departamental en la U. de Caldas\" title=\"Portada Asamblea\" width=\"900\" height=\"600\" class=\"rev-slidebg tp-rs-img rs-lazyload\" data-lazyload=\"\/\/www.ucaldas.edu.co\/portal\/wp-content\/uploads\/2026\/03\/Portada-Asamblea-scaled-e1774561432685.jpeg\" data-no-retina>\n<!--\t\t\t\t\t\t--><rs-zone id=\"rrzt_103494\" class=\"rev_row_zone_top\" style=\"z-index: 6;\"><!--\n\n\t\t\t\t\t\t\t\t--><rs-row\n\t\t\t\t\t\t\t\t\tid=\"slider-8-slide-103494-layer-9\" \n\t\t\t\t\t\t\t\t\tdata-type=\"row\"\n\t\t\t\t\t\t\t\t\tdata-xy=\"xo:-4px;yo:78px;\"\n\t\t\t\t\t\t\t\t\tdata-text=\"l:22;fw:900;a:inherit;\"\n\t\t\t\t\t\t\t\t\tdata-dim=\"w:100%;\"\n\t\t\t\t\t\t\t\t\tdata-cbreak=\"3\"\n\t\t\t\t\t\t\t\t\tdata-rsp_bd=\"off\"\n\t\t\t\t\t\t\t\t\tdata-frame_1=\"sR:10;\"\n\t\t\t\t\t\t\t\t\tdata-frame_999=\"o:0;st:w;sR:8690;sA:9000;\"\n\t\t\t\t\t\t\t\t\tstyle=\"z-index:6;\"\n\t\t\t\t\t\t\t\t><!--\n\t\t\t\t\t\t\t\t\t--><rs-column\n\t\t\t\t\t\t\t\t\t\tid=\"slider-8-slide-103494-layer-10\" \n\t\t\t\t\t\t\t\t\t\tdata-type=\"column\"\n\t\t\t\t\t\t\t\t\t\tdata-text=\"l:22;a:inherit;\"\n\t\t\t\t\t\t\t\t\t\tdata-rsp_bd=\"off\"\n\t\t\t\t\t\t\t\t\t\tdata-column=\"w:16.67%;\"\n\t\t\t\t\t\t\t\t\t\tdata-padding=\"t:10;r:10;b:10;l:10;\"\n\t\t\t\t\t\t\t\t\t\tdata-frame_999=\"o:0;st:w;sR:8690;sA:9000;\"\n\t\t\t\t\t\t\t\t\t\tstyle=\"z-index:7;width:100%;\"\n\t\t\t\t\t\t\t\t\t><!--\n\t\t\t\t\t\t\t\t\t\t--><rs-layer\n\t\t\t\t\t\t\t\t\t\t\tid=\"slider-8-slide-103494-layer-7\" \n\t\t\t\t\t\t\t\t\t\t\tdata-type=\"text\"\n\t\t\t\t\t\t\t\t\t\t\tdata-color=\"#003b70\"\n\t\t\t\t\t\t\t\t\t\t\tdata-rsp_ch=\"on\"\n\t\t\t\t\t\t\t\t\t\t\tdata-xy=\"\"\n\t\t\t\t\t\t\t\t\t\t\tdata-pos=\"r\"\n\t\t\t\t\t\t\t\t\t\t\tdata-text=\"s:18;l:20;fw:900;\"\n\t\t\t\t\t\t\t\t\t\t\tdata-dim=\"w:187;\"\n\t\t\t\t\t\t\t\t\t\t\tdata-margin=\"t:24;\"\n\t\t\t\t\t\t\t\t\t\t\tdata-padding=\"t:11;r:11;b:11;l:11;\"\n\t\t\t\t\t\t\t\t\t\t\tdata-frame_999=\"o:0;st:w;sR:8690;\"\n\t\t\t\t\t\t\t\t\t\t\tstyle=\"z-index:8;background-color:#d7b860;font-family:'Roboto';\"\n\t\t\t\t\t\t\t\t\t\t><i class=\"fa-bullhorn\"><\/i> U Caldas Regional \n\t\t\t\t\t\t\t\t\t\t<\/rs-layer><!--\n\t\t\t\t\t\t\t\t\t--><\/rs-column><!--\n\n\t\t\t\t\t\t\t\t\t--><rs-column\n\t\t\t\t\t\t\t\t\t\tid=\"slider-8-slide-103494-layer-11\" \n\t\t\t\t\t\t\t\t\t\tdata-type=\"column\"\n\t\t\t\t\t\t\t\t\t\tdata-xy=\"xo:100px;yo:100px;\"\n\t\t\t\t\t\t\t\t\t\tdata-text=\"l:22;a:inherit;\"\n\t\t\t\t\t\t\t\t\t\tdata-rsp_bd=\"off\"\n\t\t\t\t\t\t\t\t\t\tdata-column=\"w:16.67%;\"\n\t\t\t\t\t\t\t\t\t\tdata-padding=\"t:10;r:10;b:10;l:10;\"\n\t\t\t\t\t\t\t\t\t\tdata-frame_999=\"o:0;st:w;sR:8690;sA:9000;\"\n\t\t\t\t\t\t\t\t\t\tstyle=\"z-index:9;width:100%;\"\n\t\t\t\t\t\t\t\t\t><!--\t\t\t\t\t\t\t\t\t--><\/rs-column><!--\n\n\t\t\t\t\t\t\t\t\t--><rs-column\n\t\t\t\t\t\t\t\t\t\tid=\"slider-8-slide-103494-layer-12\" \n\t\t\t\t\t\t\t\t\t\tdata-type=\"column\"\n\t\t\t\t\t\t\t\t\t\tdata-xy=\"xo:100px;yo:100px;\"\n\t\t\t\t\t\t\t\t\t\tdata-text=\"l:22;a:inherit;\"\n\t\t\t\t\t\t\t\t\t\tdata-rsp_bd=\"off\"\n\t\t\t\t\t\t\t\t\t\tdata-column=\"w:16.67%;\"\n\t\t\t\t\t\t\t\t\t\tdata-padding=\"t:10;r:10;b:10;l:10;\"\n\t\t\t\t\t\t\t\t\t\tdata-frame_999=\"o:0;st:w;sR:8690;sA:9000;\"\n\t\t\t\t\t\t\t\t\t\tstyle=\"z-index:10;width:100%;\"\n\t\t\t\t\t\t\t\t\t><!--\t\t\t\t\t\t\t\t\t--><\/rs-column><!--\n\n\t\t\t\t\t\t\t\t\t--><rs-column\n\t\t\t\t\t\t\t\t\t\tid=\"slider-8-slide-103494-layer-16\" \n\t\t\t\t\t\t\t\t\t\tdata-type=\"column\"\n\t\t\t\t\t\t\t\t\t\tdata-xy=\"xo:100px;yo:100px;\"\n\t\t\t\t\t\t\t\t\t\tdata-text=\"l:22;a:inherit;\"\n\t\t\t\t\t\t\t\t\t\tdata-rsp_bd=\"off\"\n\t\t\t\t\t\t\t\t\t\tdata-column=\"w:16.67%;\"\n\t\t\t\t\t\t\t\t\t\tdata-padding=\"t:10;r:10;b:10;l:10;\"\n\t\t\t\t\t\t\t\t\t\tdata-frame_999=\"o:0;st:w;sR:8690;sA:9000;\"\n\t\t\t\t\t\t\t\t\t\tstyle=\"z-index:11;width:100%;\"\n\t\t\t\t\t\t\t\t\t><!--\t\t\t\t\t\t\t\t\t--><\/rs-column><!--\n\n\t\t\t\t\t\t\t\t\t--><rs-column\n\t\t\t\t\t\t\t\t\t\tid=\"slider-8-slide-103494-layer-17\" \n\t\t\t\t\t\t\t\t\t\tdata-type=\"column\"\n\t\t\t\t\t\t\t\t\t\tdata-xy=\"xo:100px;yo:100px;\"\n\t\t\t\t\t\t\t\t\t\tdata-text=\"l:22;a:inherit;\"\n\t\t\t\t\t\t\t\t\t\tdata-rsp_bd=\"off\"\n\t\t\t\t\t\t\t\t\t\tdata-column=\"w:16.67%;\"\n\t\t\t\t\t\t\t\t\t\tdata-padding=\"t:10;r:10;b:10;l:10;\"\n\t\t\t\t\t\t\t\t\t\tdata-frame_999=\"o:0;st:w;sR:8690;sA:9000;\"\n\t\t\t\t\t\t\t\t\t\tstyle=\"z-index:12;width:100%;\"\n\t\t\t\t\t\t\t\t\t><!--\t\t\t\t\t\t\t\t\t--><\/rs-column><!--\n\n\t\t\t\t\t\t\t\t\t--><rs-column\n\t\t\t\t\t\t\t\t\t\tid=\"slider-8-slide-103494-layer-18\" \n\t\t\t\t\t\t\t\t\t\tdata-type=\"column\"\n\t\t\t\t\t\t\t\t\t\tdata-xy=\"xo:100px;yo:100px;\"\n\t\t\t\t\t\t\t\t\t\tdata-text=\"l:22;a:inherit;\"\n\t\t\t\t\t\t\t\t\t\tdata-rsp_bd=\"off\"\n\t\t\t\t\t\t\t\t\t\tdata-column=\"w:16.67%;\"\n\t\t\t\t\t\t\t\t\t\tdata-padding=\"t:10;r:10;b:10;l:10;\"\n\t\t\t\t\t\t\t\t\t\tdata-frame_999=\"o:0;st:w;sR:8690;sA:9000;\"\n\t\t\t\t\t\t\t\t\t\tstyle=\"z-index:13;width:100%;\"\n\t\t\t\t\t\t\t\t\t><!--\t\t\t\t\t\t\t\t\t--><\/rs-column><!--\n\t\t\t\t\t\t\t\t--><\/rs-row><!--\n\t\t\t\t\t\t\t--><\/rs-zone><!--\n\n\t\t\t\t\t\t\t--><rs-layer\n\t\t\t\t\t\t\t\tid=\"slider-8-slide-103494-layer-3\" \n\t\t\t\t\t\t\t\tclass=\"tp-shape tp-shapewrapper\"\n\t\t\t\t\t\t\t\tdata-type=\"shape\"\n\t\t\t\t\t\t\t\tdata-rsp_ch=\"on\"\n\t\t\t\t\t\t\t\tdata-text=\"fw:900;\"\n\t\t\t\t\t\t\t\tdata-dim=\"w:100%;h:100%;\"\n\t\t\t\t\t\t\t\tdata-frame_1=\"sR:10;\"\n\t\t\t\t\t\t\t\tdata-frame_999=\"o:0;st:w;sR:8690;\"\n\t\t\t\t\t\t\t\tstyle=\"z-index:5;background-color:rgba(0,59,112,0.6);\"\n\t\t\t\t\t\t\t> \n\t\t\t\t\t\t\t<\/rs-layer><!--\n\n\t\t\t\t\t\t\t--><rs-layer\n\t\t\t\t\t\t\t\tid=\"slider-8-slide-103494-layer-24\" \n\t\t\t\t\t\t\t\tdata-type=\"image\"\n\t\t\t\t\t\t\t\tdata-rsp_ch=\"on\"\n\t\t\t\t\t\t\t\tdata-xy=\"x:r;xo:33px,33px,33px,34px;y:b;yo:33px,33px,33px,53px;\"\n\t\t\t\t\t\t\t\tdata-text=\"w:nowrap,nowrap,nowrap,normal;l:22;fw:500;\"\n\t\t\t\t\t\t\t\tdata-dim=\"w:304px,304px,304px,198px;h:80px,80px,80px,52px;\"\n\t\t\t\t\t\t\t\tdata-frame_1=\"sR:10;\"\n\t\t\t\t\t\t\t\tdata-frame_999=\"o:0;st:w;sR:8690;\"\n\t\t\t\t\t\t\t\tstyle=\"z-index:14;cursor:pointer;\"\n\t\t\t\t\t\t\t><img decoding=\"async\" src=\"\/\/www.ucaldas.edu.co\/portal\/wp-content\/plugins\/revslider\/sr6\/assets\/assets\/dummy.png\" alt=\"Logo Imagen Tejiendo Universidad\" class=\"tp-rs-img rs-lazyload\" width=\"1920\" height=\"506\" data-lazyload=\"\/\/www.ucaldas.edu.co\/portal\/wp-content\/uploads\/2024\/03\/Banner_wb_transparenciav2_1920-506.png\" data-no-retina> \n\t\t\t\t\t\t\t<\/rs-layer><!--\n\n\t\t\t\t\t\t\t--><rs-layer\n\t\t\t\t\t\t\t\tid=\"slider-8-slide-103494-layer-25\" \n\t\t\t\t\t\t\t\tdata-type=\"text\"\n\t\t\t\t\t\t\t\tdata-rsp_ch=\"on\"\n\t\t\t\t\t\t\t\tdata-xy=\"x:l,l,l,c;xo:90px,90px,90px,0;y:m;yo:0,0,0,-102px;\"\n\t\t\t\t\t\t\t\tdata-text=\"w:normal;s:45,45,45,21;l:45,45,45,21;fw:500;\"\n\t\t\t\t\t\t\t\tdata-dim=\"w:622px,622px,622px,288px;h:auto,auto,auto,48px;\"\n\t\t\t\t\t\t\t\tdata-basealign=\"slide\"\n\t\t\t\t\t\t\t\tdata-frame_1=\"sR:10;\"\n\t\t\t\t\t\t\t\tdata-frame_999=\"o:0;st:w;sR:8690;\"\n\t\t\t\t\t\t\t\tstyle=\"z-index:15;font-family:'Roboto';\"\n\t\t\t\t\t\t\t>Universidad de Caldas supera meta de cobertura regional con m\u00e1s de 5.300 estudiantes en el territorio \n\t\t\t\t\t\t\t<\/rs-layer><!--\n\n\t\t\t\t\t\t\t--><a\n\t\t\t\t\t\t\t\tid=\"slider-8-slide-103494-layer-27\" \n\t\t\t\t\t\t\t\tclass=\"rs-layer\"\n\t\t\t\t\t\t\t\thref=\"https:\/\/www.ucaldas.edu.co\/portal\/universidad-de-caldas-supera-meta-de-cobertura-regional-con-mas-de-5-300-estudiantes-en-el-territorio\/\" target=\"_self\"\n\t\t\t\t\t\t\t\tdata-type=\"text\"\n\t\t\t\t\t\t\t\tdata-rsp_ch=\"on\"\n\t\t\t\t\t\t\t\tdata-xy=\"xo:90px;y:b;yo:60px;\"\n\t\t\t\t\t\t\t\tdata-text=\"w:normal;l:22;fw:900;\"\n\t\t\t\t\t\t\t\tdata-dim=\"w:127px;h:39px;\"\n\t\t\t\t\t\t\t\tdata-padding=\"t:6;r:12;b:6;l:12;\"\n\t\t\t\t\t\t\t\tdata-border=\"bos:solid;boc:#ffffff;bow:2px,2px,2px,2px;bor:3px,3px,3px,3px;\"\n\t\t\t\t\t\t\t\tdata-frame_1=\"sR:10;\"\n\t\t\t\t\t\t\t\tdata-frame_999=\"o:0;st:w;sR:8690;\"\n\t\t\t\t\t\t\t\tstyle=\"z-index:16;font-family:'Roboto';cursor:pointer;\"\n\t\t\t\t\t\t\t>Ver m\u00e1s <i class=\"fa-chevron-right\"><\/i> \n\t\t\t\t\t\t\t<\/a><!--\n-->\t\t\t\t\t<\/rs-slide>\n\t\t\t\t\t\t<rs-slide style=\"position: absolute;\" data-key=\"rs-102745\" data-title=\"Educaci\u00f3n superior y desarrollo rural: Universidad de Caldas lidera proyecto estrat\u00e9gico en el Magdalena Centro\" data-thumb=\"\/\/www.ucaldas.edu.co\/portal\/wp-content\/uploads\/2026\/02\/Portada-2-4-scaled-e1771966955830-100x50.jpg\" data-anim=\"adpr:false;\" data-in=\"o:0;\" data-out=\"a:false;\">\n\t\t\t\t\t\t\t<img decoding=\"async\" src=\"\/\/www.ucaldas.edu.co\/portal\/wp-content\/plugins\/revslider\/sr6\/assets\/assets\/dummy.png\" alt=\"Demarcaci\u00f3n terreno Santa Cecilia\" title=\"Portada (2)\" width=\"900\" height=\"600\" class=\"rev-slidebg tp-rs-img rs-lazyload\" data-lazyload=\"\/\/www.ucaldas.edu.co\/portal\/wp-content\/uploads\/2026\/02\/Portada-2-4-scaled-e1771966955830.jpg\" data-no-retina>\n<!--\t\t\t\t\t\t--><rs-zone id=\"rrzt_102745\" class=\"rev_row_zone_top\" style=\"z-index: 6;\"><!--\n\n\t\t\t\t\t\t\t\t--><rs-row\n\t\t\t\t\t\t\t\t\tid=\"slider-8-slide-102745-layer-9\" \n\t\t\t\t\t\t\t\t\tdata-type=\"row\"\n\t\t\t\t\t\t\t\t\tdata-xy=\"xo:-4px;yo:78px;\"\n\t\t\t\t\t\t\t\t\tdata-text=\"l:22;fw:900;a:inherit;\"\n\t\t\t\t\t\t\t\t\tdata-dim=\"w:100%;\"\n\t\t\t\t\t\t\t\t\tdata-cbreak=\"3\"\n\t\t\t\t\t\t\t\t\tdata-rsp_bd=\"off\"\n\t\t\t\t\t\t\t\t\tdata-frame_1=\"sR:10;\"\n\t\t\t\t\t\t\t\t\tdata-frame_999=\"o:0;st:w;sR:8690;sA:9000;\"\n\t\t\t\t\t\t\t\t\tstyle=\"z-index:6;\"\n\t\t\t\t\t\t\t\t><!--\n\t\t\t\t\t\t\t\t\t--><rs-column\n\t\t\t\t\t\t\t\t\t\tid=\"slider-8-slide-102745-layer-10\" \n\t\t\t\t\t\t\t\t\t\tdata-type=\"column\"\n\t\t\t\t\t\t\t\t\t\tdata-text=\"l:22;a:inherit;\"\n\t\t\t\t\t\t\t\t\t\tdata-rsp_bd=\"off\"\n\t\t\t\t\t\t\t\t\t\tdata-column=\"w:16.67%;\"\n\t\t\t\t\t\t\t\t\t\tdata-padding=\"t:10;r:10;b:10;l:10;\"\n\t\t\t\t\t\t\t\t\t\tdata-frame_999=\"o:0;st:w;sR:8690;sA:9000;\"\n\t\t\t\t\t\t\t\t\t\tstyle=\"z-index:7;width:100%;\"\n\t\t\t\t\t\t\t\t\t><!--\n\t\t\t\t\t\t\t\t\t\t--><rs-layer\n\t\t\t\t\t\t\t\t\t\t\tid=\"slider-8-slide-102745-layer-7\" \n\t\t\t\t\t\t\t\t\t\t\tdata-type=\"text\"\n\t\t\t\t\t\t\t\t\t\t\tdata-color=\"#003b70\"\n\t\t\t\t\t\t\t\t\t\t\tdata-rsp_ch=\"on\"\n\t\t\t\t\t\t\t\t\t\t\tdata-xy=\"\"\n\t\t\t\t\t\t\t\t\t\t\tdata-pos=\"r\"\n\t\t\t\t\t\t\t\t\t\t\tdata-text=\"s:18;l:20;fw:900;\"\n\t\t\t\t\t\t\t\t\t\t\tdata-dim=\"w:187;\"\n\t\t\t\t\t\t\t\t\t\t\tdata-margin=\"t:24;\"\n\t\t\t\t\t\t\t\t\t\t\tdata-padding=\"t:11;r:11;b:11;l:11;\"\n\t\t\t\t\t\t\t\t\t\t\tdata-frame_999=\"o:0;st:w;sR:8690;\"\n\t\t\t\t\t\t\t\t\t\t\tstyle=\"z-index:8;background-color:#d7b860;font-family:'Roboto';\"\n\t\t\t\t\t\t\t\t\t\t><i class=\"fa-bullhorn\"><\/i> U Caldas Regional \n\t\t\t\t\t\t\t\t\t\t<\/rs-layer><!--\n\t\t\t\t\t\t\t\t\t--><\/rs-column><!--\n\n\t\t\t\t\t\t\t\t\t--><rs-column\n\t\t\t\t\t\t\t\t\t\tid=\"slider-8-slide-102745-layer-11\" \n\t\t\t\t\t\t\t\t\t\tdata-type=\"column\"\n\t\t\t\t\t\t\t\t\t\tdata-xy=\"xo:100px;yo:100px;\"\n\t\t\t\t\t\t\t\t\t\tdata-text=\"l:22;a:inherit;\"\n\t\t\t\t\t\t\t\t\t\tdata-rsp_bd=\"off\"\n\t\t\t\t\t\t\t\t\t\tdata-column=\"w:16.67%;\"\n\t\t\t\t\t\t\t\t\t\tdata-padding=\"t:10;r:10;b:10;l:10;\"\n\t\t\t\t\t\t\t\t\t\tdata-frame_999=\"o:0;st:w;sR:8690;sA:9000;\"\n\t\t\t\t\t\t\t\t\t\tstyle=\"z-index:9;width:100%;\"\n\t\t\t\t\t\t\t\t\t><!--\t\t\t\t\t\t\t\t\t--><\/rs-column><!--\n\n\t\t\t\t\t\t\t\t\t--><rs-column\n\t\t\t\t\t\t\t\t\t\tid=\"slider-8-slide-102745-layer-12\" \n\t\t\t\t\t\t\t\t\t\tdata-type=\"column\"\n\t\t\t\t\t\t\t\t\t\tdata-xy=\"xo:100px;yo:100px;\"\n\t\t\t\t\t\t\t\t\t\tdata-text=\"l:22;a:inherit;\"\n\t\t\t\t\t\t\t\t\t\tdata-rsp_bd=\"off\"\n\t\t\t\t\t\t\t\t\t\tdata-column=\"w:16.67%;\"\n\t\t\t\t\t\t\t\t\t\tdata-padding=\"t:10;r:10;b:10;l:10;\"\n\t\t\t\t\t\t\t\t\t\tdata-frame_999=\"o:0;st:w;sR:8690;sA:9000;\"\n\t\t\t\t\t\t\t\t\t\tstyle=\"z-index:10;width:100%;\"\n\t\t\t\t\t\t\t\t\t><!--\t\t\t\t\t\t\t\t\t--><\/rs-column><!--\n\n\t\t\t\t\t\t\t\t\t--><rs-column\n\t\t\t\t\t\t\t\t\t\tid=\"slider-8-slide-102745-layer-16\" \n\t\t\t\t\t\t\t\t\t\tdata-type=\"column\"\n\t\t\t\t\t\t\t\t\t\tdata-xy=\"xo:100px;yo:100px;\"\n\t\t\t\t\t\t\t\t\t\tdata-text=\"l:22;a:inherit;\"\n\t\t\t\t\t\t\t\t\t\tdata-rsp_bd=\"off\"\n\t\t\t\t\t\t\t\t\t\tdata-column=\"w:16.67%;\"\n\t\t\t\t\t\t\t\t\t\tdata-padding=\"t:10;r:10;b:10;l:10;\"\n\t\t\t\t\t\t\t\t\t\tdata-frame_999=\"o:0;st:w;sR:8690;sA:9000;\"\n\t\t\t\t\t\t\t\t\t\tstyle=\"z-index:11;width:100%;\"\n\t\t\t\t\t\t\t\t\t><!--\t\t\t\t\t\t\t\t\t--><\/rs-column><!--\n\n\t\t\t\t\t\t\t\t\t--><rs-column\n\t\t\t\t\t\t\t\t\t\tid=\"slider-8-slide-102745-layer-17\" \n\t\t\t\t\t\t\t\t\t\tdata-type=\"column\"\n\t\t\t\t\t\t\t\t\t\tdata-xy=\"xo:100px;yo:100px;\"\n\t\t\t\t\t\t\t\t\t\tdata-text=\"l:22;a:inherit;\"\n\t\t\t\t\t\t\t\t\t\tdata-rsp_bd=\"off\"\n\t\t\t\t\t\t\t\t\t\tdata-column=\"w:16.67%;\"\n\t\t\t\t\t\t\t\t\t\tdata-padding=\"t:10;r:10;b:10;l:10;\"\n\t\t\t\t\t\t\t\t\t\tdata-frame_999=\"o:0;st:w;sR:8690;sA:9000;\"\n\t\t\t\t\t\t\t\t\t\tstyle=\"z-index:12;width:100%;\"\n\t\t\t\t\t\t\t\t\t><!--\t\t\t\t\t\t\t\t\t--><\/rs-column><!--\n\n\t\t\t\t\t\t\t\t\t--><rs-column\n\t\t\t\t\t\t\t\t\t\tid=\"slider-8-slide-102745-layer-18\" \n\t\t\t\t\t\t\t\t\t\tdata-type=\"column\"\n\t\t\t\t\t\t\t\t\t\tdata-xy=\"xo:100px;yo:100px;\"\n\t\t\t\t\t\t\t\t\t\tdata-text=\"l:22;a:inherit;\"\n\t\t\t\t\t\t\t\t\t\tdata-rsp_bd=\"off\"\n\t\t\t\t\t\t\t\t\t\tdata-column=\"w:16.67%;\"\n\t\t\t\t\t\t\t\t\t\tdata-padding=\"t:10;r:10;b:10;l:10;\"\n\t\t\t\t\t\t\t\t\t\tdata-frame_999=\"o:0;st:w;sR:8690;sA:9000;\"\n\t\t\t\t\t\t\t\t\t\tstyle=\"z-index:13;width:100%;\"\n\t\t\t\t\t\t\t\t\t><!--\t\t\t\t\t\t\t\t\t--><\/rs-column><!--\n\t\t\t\t\t\t\t\t--><\/rs-row><!--\n\t\t\t\t\t\t\t--><\/rs-zone><!--\n\n\t\t\t\t\t\t\t--><rs-layer\n\t\t\t\t\t\t\t\tid=\"slider-8-slide-102745-layer-3\" \n\t\t\t\t\t\t\t\tclass=\"tp-shape tp-shapewrapper\"\n\t\t\t\t\t\t\t\tdata-type=\"shape\"\n\t\t\t\t\t\t\t\tdata-rsp_ch=\"on\"\n\t\t\t\t\t\t\t\tdata-text=\"fw:900;\"\n\t\t\t\t\t\t\t\tdata-dim=\"w:100%;h:100%;\"\n\t\t\t\t\t\t\t\tdata-frame_1=\"sR:10;\"\n\t\t\t\t\t\t\t\tdata-frame_999=\"o:0;st:w;sR:8690;\"\n\t\t\t\t\t\t\t\tstyle=\"z-index:5;background-color:rgba(0,59,112,0.6);\"\n\t\t\t\t\t\t\t> \n\t\t\t\t\t\t\t<\/rs-layer><!--\n\n\t\t\t\t\t\t\t--><rs-layer\n\t\t\t\t\t\t\t\tid=\"slider-8-slide-102745-layer-24\" \n\t\t\t\t\t\t\t\tdata-type=\"image\"\n\t\t\t\t\t\t\t\tdata-rsp_ch=\"on\"\n\t\t\t\t\t\t\t\tdata-xy=\"x:r;xo:33px,33px,33px,34px;y:b;yo:33px,33px,33px,53px;\"\n\t\t\t\t\t\t\t\tdata-text=\"w:nowrap,nowrap,nowrap,normal;l:22;fw:500;\"\n\t\t\t\t\t\t\t\tdata-dim=\"w:304px,304px,304px,198px;h:80px,80px,80px,52px;\"\n\t\t\t\t\t\t\t\tdata-frame_1=\"sR:10;\"\n\t\t\t\t\t\t\t\tdata-frame_999=\"o:0;st:w;sR:8690;\"\n\t\t\t\t\t\t\t\tstyle=\"z-index:14;cursor:pointer;\"\n\t\t\t\t\t\t\t><img decoding=\"async\" src=\"\/\/www.ucaldas.edu.co\/portal\/wp-content\/plugins\/revslider\/sr6\/assets\/assets\/dummy.png\" alt=\"Logo Imagen Tejiendo Universidad\" class=\"tp-rs-img rs-lazyload\" width=\"1920\" height=\"506\" data-lazyload=\"\/\/www.ucaldas.edu.co\/portal\/wp-content\/uploads\/2024\/03\/Banner_wb_transparenciav2_1920-506.png\" data-no-retina> \n\t\t\t\t\t\t\t<\/rs-layer><!--\n\n\t\t\t\t\t\t\t--><rs-layer\n\t\t\t\t\t\t\t\tid=\"slider-8-slide-102745-layer-25\" \n\t\t\t\t\t\t\t\tdata-type=\"text\"\n\t\t\t\t\t\t\t\tdata-rsp_ch=\"on\"\n\t\t\t\t\t\t\t\tdata-xy=\"x:l,l,l,c;xo:90px,90px,90px,0;y:m;yo:0,0,0,-102px;\"\n\t\t\t\t\t\t\t\tdata-text=\"w:normal;s:45,45,45,21;l:45,45,45,21;fw:500;\"\n\t\t\t\t\t\t\t\tdata-dim=\"w:622px,622px,622px,288px;h:auto,auto,auto,48px;\"\n\t\t\t\t\t\t\t\tdata-basealign=\"slide\"\n\t\t\t\t\t\t\t\tdata-frame_1=\"sR:10;\"\n\t\t\t\t\t\t\t\tdata-frame_999=\"o:0;st:w;sR:8690;\"\n\t\t\t\t\t\t\t\tstyle=\"z-index:15;font-family:'Roboto';\"\n\t\t\t\t\t\t\t>Educaci\u00f3n superior y desarrollo rural: Universidad de Caldas lidera proyecto estrat\u00e9gico en el Magdalena Centro \n\t\t\t\t\t\t\t<\/rs-layer><!--\n\n\t\t\t\t\t\t\t--><a\n\t\t\t\t\t\t\t\tid=\"slider-8-slide-102745-layer-27\" \n\t\t\t\t\t\t\t\tclass=\"rs-layer\"\n\t\t\t\t\t\t\t\thref=\"https:\/\/www.ucaldas.edu.co\/portal\/educacion-superior-y-desarrollo-rural-universidad-de-caldas-lidera-proyecto-estrategico-en-el-magdalena-centro\/\" target=\"_self\"\n\t\t\t\t\t\t\t\tdata-type=\"text\"\n\t\t\t\t\t\t\t\tdata-rsp_ch=\"on\"\n\t\t\t\t\t\t\t\tdata-xy=\"xo:90px;y:b;yo:60px;\"\n\t\t\t\t\t\t\t\tdata-text=\"w:normal;l:22;fw:900;\"\n\t\t\t\t\t\t\t\tdata-dim=\"w:127px;h:39px;\"\n\t\t\t\t\t\t\t\tdata-padding=\"t:6;r:12;b:6;l:12;\"\n\t\t\t\t\t\t\t\tdata-border=\"bos:solid;boc:#ffffff;bow:2px,2px,2px,2px;bor:3px,3px,3px,3px;\"\n\t\t\t\t\t\t\t\tdata-frame_1=\"sR:10;\"\n\t\t\t\t\t\t\t\tdata-frame_999=\"o:0;st:w;sR:8690;\"\n\t\t\t\t\t\t\t\tstyle=\"z-index:16;font-family:'Roboto';cursor:pointer;\"\n\t\t\t\t\t\t\t>Ver m\u00e1s <i class=\"fa-chevron-right\"><\/i> \n\t\t\t\t\t\t\t<\/a><!--\n-->\t\t\t\t\t<\/rs-slide>\n\t\t\t\t\t<\/rs-slides>\n\t\t\t\t<\/rs-module>\n\t\t\t\t<script>\n\t\t\t\t\tsetREVStartSize({c: 'rev_slider_8_1',rl:[1240,1024,778,480],el:[500,500,500,500],gw:[1240,1024,778,480],gh:[500,500,500,500],type:'standard',justify:'',layout:'fullwidth',mh:\"0\"});if (window.RS_MODULES!==undefined && window.RS_MODULES.modules!==undefined && window.RS_MODULES.modules[\"revslider81\"]!==undefined) {window.RS_MODULES.modules[\"revslider81\"].once = false;window.revapi8 = undefined;if (window.RS_MODULES.checkMinimal!==undefined) window.RS_MODULES.checkMinimal()}\n\t\t\t\t<\/script>\n\t\t\t<\/rs-module-wrap>\n\t\t\t<!-- END REVOLUTION SLIDER -->\n[\/vc_column][\/vc_row][vc_row gap=\u00bb15&#8243; css=\u00bb.vc_custom_1756055912555{margin-top: 60px !important;}\u00bb][vc_column width=\u00bb1\/2&#8243;][vc_row_inner content_placement=\u00bbmiddle\u00bb][vc_column_inner width=\u00bb1\/4&#8243;][vc_icon icon_fontawesome=\u00bbfas fa-map-marked\u00bb color=\u00bbcustom\u00bb background_style=\u00bbrounded\u00bb background_color=\u00bbcustom\u00bb size=\u00bblg\u00bb align=\u00bbcenter\u00bb css_animation=\u00bbfadeInLeft\u00bb css=\u00bb.vc_custom_1756068630666{margin-bottom: 0px !important;padding-top: 20px !important;padding-right: 20px !important;padding-bottom: 20px !important;padding-left: 20px !important;}\u00bb custom_color=\u00bb#FFFFFF\u00bb custom_background_color=\u00bb#0F416D\u00bb][\/vc_column_inner][vc_column_inner width=\u00bb3\/4&#8243;][vc_column_text css_animation=\u00bbnone\u00bb css=\u00bb.vc_custom_1756175078535{margin-bottom: 0px !important;padding-bottom: 20px !important;}\u00bb]<!-- T\u00edtulo de Dos L\u00edneas con diferentes grosores de fuente --><\/p>\n<div>\n<p style=\"font-family: Roboto, sans-serif; font-weight: 900; margin: 0px; line-height: 1.2; text-align: left;\"><span style=\"color: #d7b860;\">U Caldas en tu pueblo<\/span><\/p>\n<p style=\"font-family: Roboto, sans-serif; font-weight: 400; margin-top: 10px; line-height: 1.2; text-align: left;\"><span style=\"color: #808080; font-size: 15px;\"><strong>\u00bfQuieres saber como llegamos a tu pueblo?<br \/>\n<\/strong><span style=\"font-size: 14px; font-family: Roboto, sans-serif; font-weight: 400; margin-top: 10px; line-height: 1.2; text-align: left;\">Ent\u00e9rate como puedes comenzar tu<strong> formaci\u00f3n profesional desde el colegio<\/strong><\/span><strong><br \/>\n<\/strong><\/span><\/p>\n<\/div>\n<p>[\/vc_column_text][\/vc_column_inner][\/vc_row_inner][vc_row_inner content_placement=\u00bbtop\u00bb css=\u00bb.vc_custom_1756068455713{padding-bottom: 20px !important;}\u00bb][vc_column_inner width=\u00bb1\/4&#8243;][\/vc_column_inner][vc_column_inner width=\u00bb3\/4&#8243; css=\u00bb.vc_custom_1756068491915{margin-bottom: 20px !important;}\u00bb][vc_separator border_width=\u00bb2&#8243; el_width=\u00bb80&#8243; css=\u00bb.vc_custom_1753144597411{margin-top: 20px !important;margin-bottom: 20px !important;}\u00bb][vc_btn title=\u00bbIr a U Caldas en tu pueblo\u00bb style=\u00bbflat\u00bb color=\u00bbblue\u00bb align=\u00bbright\u00bb i_icon_fontawesome=\u00bbstm-icon stm-icon-arrow-right\u00bb css=\u00bb.vc_custom_1756340491515{margin-bottom: 0px !important;padding-bottom: 20px !important;}\u00bb add_icon=\u00bbtrue\u00bb el_class=\u00bbbtn-oferta-home\u00bb link=\u00bburl:https%3A%2F%2Fwww.ucaldas.edu.co%2Fportal%2Fucaldas-en-tu-pueblo%2F|title:https%3A%2F%2Fwww.ucaldas.edu.co%2Fportal%2Fucaldas-en-tu-pueblo%2F|target:_blank\u00bb][\/vc_column_inner][\/vc_row_inner][\/vc_column][vc_column width=\u00bb1\/2&#8243;][vc_row_inner content_placement=\u00bbmiddle\u00bb][vc_column_inner width=\u00bb1\/4&#8243;][vc_icon icon_fontawesome=\u00bbfas fa-map-marked\u00bb color=\u00bbcustom\u00bb background_style=\u00bbrounded\u00bb background_color=\u00bbcustom\u00bb size=\u00bblg\u00bb align=\u00bbcenter\u00bb css_animation=\u00bbfadeInLeft\u00bb css=\u00bb.vc_custom_1756068630666{margin-bottom: 0px !important;padding-top: 20px !important;padding-right: 20px !important;padding-bottom: 20px !important;padding-left: 20px !important;}\u00bb custom_color=\u00bb#FFFFFF\u00bb custom_background_color=\u00bb#0F416D\u00bb][\/vc_column_inner][vc_column_inner width=\u00bb3\/4&#8243;][vc_column_text css_animation=\u00bbnone\u00bb css=\u00bb.vc_custom_1756083185435{margin-bottom: 0px !important;padding-bottom: 20px !important;}\u00bb]<!-- T\u00edtulo de Dos L\u00edneas con diferentes grosores de fuente --><\/p>\n<div>\n<p style=\"font-family: Roboto, sans-serif; font-weight: 900; margin: 0px; line-height: 1.2; text-align: left;\"><span style=\"color: #d7b860;\">Regionalizaci\u00f3n<\/span><\/p>\n<p style=\"font-family: Roboto, sans-serif; font-weight: 400; margin-top: 10px; line-height: 1.2; text-align: left;\"><span style=\"color: #808080; font-size: 15px;\"><strong>Conoce como llevamos nuestro proyecto a las regiones<\/strong> con la U de Caldas<br \/>\n<span style=\"font-size: 14px; font-family: Roboto, sans-serif; font-weight: 400; margin-top: 10px; line-height: 1.2; text-align: left;\"><strong>24 Municipios, 2 Departamentos, 4 sedes<\/strong> con la U de Caldas<\/span><br \/>\n<\/span><\/p>\n<\/div>\n<p>[\/vc_column_text][\/vc_column_inner][\/vc_row_inner][vc_row_inner content_placement=\u00bbtop\u00bb][vc_column_inner width=\u00bb1\/4&#8243;][\/vc_column_inner][vc_column_inner width=\u00bb3\/4&#8243; css=\u00bb.vc_custom_1756068499051{margin-bottom: 20px !important;}\u00bb][vc_separator border_width=\u00bb2&#8243; el_width=\u00bb80&#8243; css=\u00bb.vc_custom_1753144753922{margin-top: 20px !important;margin-bottom: 20px !important;}\u00bb][vc_btn title=\u00bbIr a Regionalizaci\u00f3n\u00bb style=\u00bbflat\u00bb color=\u00bbblue\u00bb align=\u00bbright\u00bb i_icon_fontawesome=\u00bbstm-icon stm-icon-arrow-right\u00bb css=\u00bb.vc_custom_1756340456796{margin-bottom: 0px !important;padding-bottom: 20px !important;}\u00bb add_icon=\u00bbtrue\u00bb el_class=\u00bbbtn-oferta-home\u00bb link=\u00bburl:https%3A%2F%2Fwww.ucaldas.edu.co%2Fportal%2Fregionalizacion%2F|target:_blank\u00bb][\/vc_column_inner][\/vc_row_inner][\/vc_column][\/vc_row][vc_row full_width=\u00bbstretch_row_content_no_spaces\u00bb content_placement=\u00bbmiddle\u00bb css=\u00bb.vc_custom_1756864453238{padding-top: 60px !important;padding-bottom: 60px !important;background: #003B70 url(https:\/\/www.ucaldas.edu.co\/portal\/wp-content\/uploads\/2025\/07\/La-U-en-tu-pueblo-regionalizacion-universidad-de-caldas-fondo-contacto.png?id=90754) !important;border-color: #FFFFFF !important;}\u00bb][vc_column][vc_column_text css=\u00bb\u00bb]<\/p>\n<div style=\"display: flex; align-items: center;\"><!-- Cuadrado de Color --><\/p>\n<div style=\"width: 100px; height: 80px; background-color: #d7b860; margin-right: 10px;\"><\/div>\n<p><!-- T\u00edtulo de Dos L\u00edneas con diferentes grosores de fuente --><\/p>\n<div>\n<h4 style=\"font-family: 'Roboto', sans-serif; font-weight: 400; margin: 0;\"><span style=\"color: #ffffff;\">\u00bfDeseas<\/span><\/h4>\n<h2 style=\"font-family: 'Roboto', sans-serif; font-weight: 900; margin: 0;\"><span style=\"color: #ffffff;\">Contactarnos?<\/span><\/h2>\n<\/div>\n<\/div>\n<p>[\/vc_column_text][vc_row_inner][vc_column_inner width=\u00bb1\/6&#8243;][\/vc_column_inner][vc_column_inner width=\u00bb2\/3&#8243;][vc_single_image image=\u00bb94513&#8243; img_size=\u00bbmedium\u00bb css_animation=\u00bbbounceInDown\u00bb css=\u00bb.vc_custom_1756862931615{margin-bottom: 40px !important;}\u00bb][vc_raw_html css=\u00bb\u00bb]JTIwJTNDZGl2JTIwY2xhc3MlM0QlMjJjb250ZW5lZG9yJTIyJTNFJTBBJTIwJTIwJTIwJTIwJTNDZGl2JTIwY2xhc3MlM0QlMjJibG9xdWUlMjBibG9xdWU2MCUyMiUzRSUwQSUyMCUyMCUyMCUyMCUyMCUyMCUyMCUyMCUzQ3AlMjBzdHlsZSUzRCUyMmNvbG9yJTNBJTIwJTIzMDBDRkZGJTNCJTIwZm9udC1zaXplJTNBJTIwMjJweCUzQiUyMG1hcmdpbiUzQSUyMDQwcHglMjAwcHglMjA0MHB4JTIwMHB4JTNCJTIyJTNFJTNDc3Ryb25nJTNFQ29udCVDMyVBMWN0YW5vcyUzQyUyRnN0cm9uZyUzRSUzQyUyRnAlM0UlMEElMjAlMjAlMjAlMjAlMjAlMjAlMjAlM0NkaXYlMjBjbGFzcyUzRCUyMmdyaWQtY29udGFpbmVyJTIyJTNFJTBBJTIwJTIwJTIwJTIwJTNDZGl2JTIwY2xhc3MlM0QlMjJncmlkLWl0ZW0lMjIlM0UlMEElMjAlMjAlMjAlMjAlMjAlMjAlM0NkaXYlMjBjbGFzcyUzRCUyMmljb24lMjIlM0UlM0NpJTIwY2xhc3MlM0QlMjJmYXMlMjBmYS1lbnZlbG9wZSUyMiUzRSUzQyUyRmklM0UlM0MlMkZkaXYlM0UlMEElMjAlMjAlMjAlMjAlMjAlMjAlM0NkaXYlMjBjbGFzcyUzRCUyMnRpdGxlJTIyJTNFQ29ycmVvJTNDJTJGZGl2JTNFJTBBJTIwJTIwJTIwJTIwJTIwJTIwJTBBJTBBJTNDZGl2JTIwY2xhc3MlM0QlMjJkZXNjcmlwdGlvbiUyMiUzRSUzQ2ElMjBocmVmJTNEJTIybWFpbHRvJTNBcmVnaW9uYWxpemFjaW9uJTQwdWNhbGRhcy5lZHUuY28lMjIlMjB0YXJnZXQlM0QlMjJfYmxhbmslMjIlMjByZWwlM0QlMjJub29wZW5lciUyMiUzRXJlZ2lvbmFsaXphY2lvbiU0MHVjYWxkYXMuZWR1LmNvJTNDJTJGYSUzRSUzQ2JyJTNFRXN0YW1vcyUyMGxpc3RvcyUyMHBhcmElMjBheXVkYXJ0ZS4lM0MlMkZkaXYlM0UlMEElMjAlMjAlMjAlMjAlM0MlMkZkaXYlM0UlMEElMEElMjAlMjAlMjAlMjAlM0NkaXYlMjBjbGFzcyUzRCUyMmdyaWQtaXRlbSUyMiUzRSUwQSUyMCUyMCUyMCUyMCUyMCUyMCUzQ2RpdiUyMGNsYXNzJTNEJTIyaWNvbiUyMiUzRSUzQ2klMjBjbGFzcyUzRCUyMmZhcyUyMGZhLW1hcC1tYXJrZXItYWx0JTIyJTNFJTNDJTJGaSUzRSUzQyUyRmRpdiUzRSUwQSUyMCUyMCUyMCUyMCUyMCUyMCUzQ2RpdiUyMGNsYXNzJTNEJTIydGl0bGUlMjIlM0VEaXJlY2NpJUMzJUIzbiUzQyUyRmRpdiUzRSUwQSUyMCUyMCUyMCUyMCUyMCUyMCUzQ2RpdiUyMGNsYXNzJTNEJTIyZGVzY3JpcHRpb24lMjIlM0VTZWRlJTIwUHJpbmNpcGFsJTIwQ2FsbGUlMjA2NSUyME5vJTIwMjYlMjAtJTIwMTAlMjAlM0NiciUzRU1hbml6YWxlcyUyQyUyMENhbGRhcyUzQyUyRmRpdiUzRSUwQSUyMCUyMCUyMCUyMCUzQyUyRmRpdiUzRSUwQSUwQSUyMCUyMCUyMCUyMCUzQ2RpdiUyMGNsYXNzJTNEJTIyZ3JpZC1pdGVtJTIyJTNFJTBBJTNDaWZyYW1lJTIwc3JjJTNEJTIyaHR0cHMlM0ElMkYlMkZ3d3cuZ29vZ2xlLmNvbSUyRm1hcHMlMkZlbWJlZCUzRnBiJTNEJTIxMW0xOCUyMTFtMTIlMjExbTMlMjExZDM5NzQuMjk0MzY1OTc1NDQxJTIxMmQtNzUuNDkyODg4Mjk5OTk5OTklMjEzZDUuMDU1OTU0NTk5OTk5OTk5JTIxMm0zJTIxMWYwJTIxMmYwJTIxM2YwJTIxM20yJTIxMWkxMDI0JTIxMmk3NjglMjE0ZjEzLjElMjEzbTMlMjExbTIlMjExczB4OGU0NzY1NjRhN2JmZWZjNyUyNTNBMHhjMWUyOWUyZWEzNjlhZmI2JTIxMnNVbml2ZXJzaWRhZCUyNTIwZGUlMjUyMENhbGRhcyUyMTVlMCUyMTNtMiUyMTFzZXMlMjEyc2NvJTIxNHYxNzUzOTQxMjU5NjQ1JTIxNW0yJTIxMXNlcyUyMTJzY28lMjIlMjB3aWR0aCUzRCUyMjEwMCUyNSUyMiUyMGhlaWdodCUzRCUyMjI1MCUyMiUyMHN0eWxlJTNEJTIyYm9yZGVyJTNBMCUzQiUyMiUyMGFsbG93ZnVsbHNjcmVlbiUzRCUyMiUyMiUyMGxvYWRpbmclM0QlMjJsYXp5JTIyJTIwcmVmZXJyZXJwb2xpY3klM0QlMjJuby1yZWZlcnJlci13aGVuLWRvd25ncmFkZSUyMiUzRSUzQyUyRmlmcmFtZSUzRSUwQSUyMCUyMCUyMCUyMCUzQyUyRmRpdiUzRSUwQSUwQSUyMCUyMCUyMCUyMCUzQ2RpdiUyMGNsYXNzJTNEJTIyZ3JpZC1pdGVtJTIyJTNFJTBBJTIwJTIwJTIwJTIwJTIwJTIwJTIwJTIwJTNDZGl2JTIwY2xhc3MlM0QlMjJpY29uJTIyJTNFJTNDaSUyMGNsYXNzJTNEJTIyZmFzJTIwZmEtcGhvbmUtYWx0JTIyJTNFJTNDJTJGaSUzRSUzQyUyRmRpdiUzRSUwQSUyMCUyMCUyMCUyMCUyMCUyMCUzQ2RpdiUyMGNsYXNzJTNEJTIydGl0bGUlMjIlM0VUZWwlQzMlQTlmb25vJTNDJTJGZGl2JTNFJTBBJTIwJTIwJTIwJTIwJTIwJTIwJTNDZGl2JTIwY2xhc3MlM0QlMjJkZXNjcmlwdGlvbiUyMiUzRSUyQjU3JTIwJTI4NiUyOSUyMDg4NyUyMDE1MDAlMjBFeHQuMTEyMTAlM0NiciUzRUx1bmVzJTIwYSUyMFZpZXJuZXMlM0MlMkZkaXYlM0UlMEElMjAlMjAlMjAlMjAlM0MlMkZkaXYlM0UlMEElMjAlMjAlM0MlMkZkaXYlM0UlMEElMjAlMjAlMjAlMjAlM0MlMkZkaXYlM0UlMEElMjAlMjAlMjAlMjAlM0NkaXYlMjBjbGFzcyUzRCUyMmJsb3F1ZSUyMGJsb3F1ZTQwJTIyJTNFJTBBJTIwJTIwJTIwJTIwJTNDcCUyMHN0eWxlJTNEJTIyY29sb3IlM0ElMjAlMjMwMENGRkYlM0IlMjBmb250LXNpemUlM0ElMjAyMnB4JTNCJTIwbWFyZ2luJTNBJTIwNDBweCUyMDBweCUyMDQwcHglMjAwcHglM0IlMjIlM0UlM0NzdHJvbmclM0VFc2NyJUMzJUFEYmVub3MlM0MlMkZzdHJvbmclM0UlM0MlMkZwJTNFJTBBJTNDcCUyMHN0eWxlJTNEJTIyY29sb3IlM0ElMjAlMjNGRkZGRkYlM0IlMjBmb250LXNpemUlM0ElMjAxOHB4JTNCJTIwbWFyZ2luJTNBJTIwNDBweCUyMDBweCUyMDQwcHglMjAwcHglM0IlMjIlM0UlQzIlQkZUaWVuZXMlMjBkdWRhcyUzRiUyMEVzY3IlQzMlQURiZW5vcyUyMHVuJTIwbWVuc2FqZSUyMHklMjBjb24lMjBndXN0byUyMHRlJTIwYXl1ZGFyZW1vcy4lM0MlMkZwJTNFJTBBJTIwJTIwJTIwJTIwJTIwJTIwJTVCY29udGFjdC1mb3JtLTclMjBpZCUzRCUyMmJiYzlhMGQlMjIlMjB0aXRsZSUzRCUyMlVDYWxkYXMlMjBlbiUyMFR1JTIwUHVlYmxvJTIyJTVEJTBBJTIwJTIwJTIwJTIwJTNDJTJGZGl2JTNFJTBBJTIwJTIwJTNDJTJGZGl2JTNF[\/vc_raw_html][\/vc_column_inner][vc_column_inner width=\u00bb1\/6&#8243;][\/vc_column_inner][\/vc_row_inner][\/vc_column][\/vc_row]<\/p>\n<\/div>","protected":false},"excerpt":{"rendered":"<p>[vc_row full_width=\u00bbstretch_row_content\u00bb disable_element=\u00bbyes\u00bb css=\u00bb.vc_custom_1763496706213{background-color: #003b70 !important;}\u00bb el_class=\u00bbcontenedor-accesos-directos\u00bb][vc_column width=\u00bb1\/4&#8243;][vc_row_inner][vc_column_inner el_class=\u00bbaccesos-directos\u00bb width=\u00bb1\/2&#8243; el_id=\u00bbir_a_admisiones\u00bb][vc_icon type=\u00bbentypo\u00bb icon_entypo=\u00bbentypo-icon entypo-icon-check\u00bb color=\u00bbcustom\u00bb align=\u00bbcenter\u00bb css_animation=\u00bbfadeInDown\u00bb custom_color=\u00bb#ffffff\u00bb][vc_custom_heading text=\u00bbAdmisiones\u00bb font_container=\u00bbtag:div|text_align:center|color:%23ffffff\u00bb google_fonts=\u00bbfont_family:Roboto%3A100%2C100italic%2C300%2C300italic%2Cregular%2Citalic%2C500%2C500italic%2C700%2C700italic%2C900%2C900italic|font_style:700%20bold%20regular%3A700%3Anormal\u00bb][\/vc_column_inner][vc_column_inner el_class=\u00bbaccesos-directos\u00bb width=\u00bb1\/2&#8243; el_id=\u00bbir_a_sia\u00bb][vc_icon icon_fontawesome=\u00bbfas fa-bullhorn\u00bb color=\u00bbcustom\u00bb align=\u00bbcenter\u00bb css_animation=\u00bbfadeInDown\u00bb css=\u00bb\u00bb custom_color=\u00bb#ffffff\u00bb][vc_custom_heading text=\u00bbNoticias\u00bb font_container=\u00bbtag:div|text_align:center|color:%23ffffff\u00bb google_fonts=\u00bbfont_family:Roboto%3A100%2C100italic%2C300%2C300italic%2Cregular%2Citalic%2C500%2C500italic%2C700%2C700italic%2C900%2C900italic|font_style:700%20bold%20regular%3A700%3Anormal\u00bb css=\u00bb\u00bb][\/vc_column_inner][\/vc_row_inner][\/vc_column][vc_column width=\u00bb1\/4&#8243;][vc_row_inner][vc_column_inner el_class=\u00bbaccesos-directos\u00bb width=\u00bb1\/2&#8243; el_id=\u00bbir_a_bienestar\u00bb][vc_icon type=\u00bbentypo\u00bb icon_entypo=\u00bbentypo-icon entypo-icon-heart\u00bb color=\u00bbcustom\u00bb size=\u00bblg\u00bb align=\u00bbcenter\u00bb css_animation=\u00bbfadeInDown\u00bb custom_color=\u00bb#ffffff\u00bb][vc_custom_heading text=\u00bbBienestar\u00bb font_container=\u00bbtag:div|text_align:center|color:%23ffffff\u00bb google_fonts=\u00bbfont_family:Roboto%3A100%2C100italic%2C300%2C300italic%2Cregular%2Citalic%2C500%2C500italic%2C700%2C700italic%2C900%2C900italic|font_style:700%20bold%20regular%3A700%3Anormal\u00bb][\/vc_column_inner][vc_column_inner el_class=\u00bbaccesos-directos\u00bb width=\u00bb1\/2&#8243; el_id=\u00bbir_a_biblioteca\u00bb][vc_icon type=\u00bbentypo\u00bb icon_entypo=\u00bbentypo-icon [&hellip;]<\/p>\n","protected":false},"author":13,"featured_media":79276,"parent":0,"menu_order":0,"comment_status":"closed","ping_status":"closed","template":"","meta":{"footnotes":""},"class_list":["post-88739","page","type-page","status-publish","has-post-thumbnail","hentry"],"yoast_head":"<!-- This site is optimized with the Yoast SEO plugin v27.5 - https:\/\/yoast.com\/product\/yoast-seo-wordpress\/ -->\n<title>Alianza por la Educaci\u00f3n<\/title>\n<meta name=\"description\" content=\"La Alianza por la Educaci\u00f3n fortalece la Regionalizaci\u00f3n de la Universidad de Caldas con apoyo p\u00fablico y privado para ampliar cobertura.\" \/>\n<meta name=\"robots\" content=\"index, follow, max-snippet:-1, max-image-preview:large, max-video-preview:-1\" \/>\n<link rel=\"canonical\" href=\"https:\/\/www.ucaldas.edu.co\/portal\/alianza-por-la-educacion\/\" \/>\n<script type=\"application\/ld+json\" class=\"yoast-schema-graph\">{\"@context\":\"https:\\\/\\\/schema.org\",\"@graph\":[{\"@type\":\"WebPage\",\"@id\":\"https:\\\/\\\/www.ucaldas.edu.co\\\/portal\\\/alianza-por-la-educacion\\\/\",\"url\":\"https:\\\/\\\/www.ucaldas.edu.co\\\/portal\\\/alianza-por-la-educacion\\\/\",\"name\":\"Alianza por la Educaci\u00f3n\",\"isPartOf\":{\"@id\":\"https:\\\/\\\/www.ucaldas.edu.co\\\/portal\\\/#website\"},\"primaryImageOfPage\":{\"@id\":\"https:\\\/\\\/www.ucaldas.edu.co\\\/portal\\\/alianza-por-la-educacion\\\/#primaryimage\"},\"image\":{\"@id\":\"https:\\\/\\\/www.ucaldas.edu.co\\\/portal\\\/alianza-por-la-educacion\\\/#primaryimage\"},\"thumbnailUrl\":\"https:\\\/\\\/www.ucaldas.edu.co\\\/portal\\\/wp-content\\\/uploads\\\/2024\\\/02\\\/Primer-comite-del-2024-de-la-Alianza-por-la-Cobertura-Educativa-Universidad-de-Caldas-en-tu-Pueblo.png\",\"datePublished\":\"2025-08-26T03:49:52+00:00\",\"dateModified\":\"2025-11-18T20:13:45+00:00\",\"description\":\"La Alianza por la Educaci\u00f3n fortalece la Regionalizaci\u00f3n de la Universidad de Caldas con apoyo p\u00fablico y privado para ampliar cobertura.\",\"breadcrumb\":{\"@id\":\"https:\\\/\\\/www.ucaldas.edu.co\\\/portal\\\/alianza-por-la-educacion\\\/#breadcrumb\"},\"inLanguage\":\"es\",\"potentialAction\":[{\"@type\":\"ReadAction\",\"target\":[\"https:\\\/\\\/www.ucaldas.edu.co\\\/portal\\\/alianza-por-la-educacion\\\/\"]}]},{\"@type\":\"ImageObject\",\"inLanguage\":\"es\",\"@id\":\"https:\\\/\\\/www.ucaldas.edu.co\\\/portal\\\/alianza-por-la-educacion\\\/#primaryimage\",\"url\":\"https:\\\/\\\/www.ucaldas.edu.co\\\/portal\\\/wp-content\\\/uploads\\\/2024\\\/02\\\/Primer-comite-del-2024-de-la-Alianza-por-la-Cobertura-Educativa-Universidad-de-Caldas-en-tu-Pueblo.png\",\"contentUrl\":\"https:\\\/\\\/www.ucaldas.edu.co\\\/portal\\\/wp-content\\\/uploads\\\/2024\\\/02\\\/Primer-comite-del-2024-de-la-Alianza-por-la-Cobertura-Educativa-Universidad-de-Caldas-en-tu-Pueblo.png\",\"width\":1838,\"height\":938,\"caption\":\"Persona firmando en el primer comit\u00e9 del 2024 de la Alianza por la cobertura Educativa de Caldas en tu pueblo\"},{\"@type\":\"BreadcrumbList\",\"@id\":\"https:\\\/\\\/www.ucaldas.edu.co\\\/portal\\\/alianza-por-la-educacion\\\/#breadcrumb\",\"itemListElement\":[{\"@type\":\"ListItem\",\"position\":1,\"name\":\"Portada\",\"item\":\"https:\\\/\\\/www.ucaldas.edu.co\\\/portal\\\/\"},{\"@type\":\"ListItem\",\"position\":2,\"name\":\"Alianza por la Educaci\u00f3n\"}]},{\"@type\":\"WebSite\",\"@id\":\"https:\\\/\\\/www.ucaldas.edu.co\\\/portal\\\/#website\",\"url\":\"https:\\\/\\\/www.ucaldas.edu.co\\\/portal\\\/\",\"name\":\"Universidad de Caldas\",\"description\":\"\",\"publisher\":{\"@id\":\"https:\\\/\\\/www.ucaldas.edu.co\\\/portal\\\/#organization\"},\"alternateName\":\"U. de Caldas\",\"potentialAction\":[{\"@type\":\"SearchAction\",\"target\":{\"@type\":\"EntryPoint\",\"urlTemplate\":\"https:\\\/\\\/www.ucaldas.edu.co\\\/portal\\\/?s={search_term_string}\"},\"query-input\":{\"@type\":\"PropertyValueSpecification\",\"valueRequired\":true,\"valueName\":\"search_term_string\"}}],\"inLanguage\":\"es\"},{\"@type\":\"Organization\",\"@id\":\"https:\\\/\\\/www.ucaldas.edu.co\\\/portal\\\/#organization\",\"name\":\"Universidad de Caldas\",\"alternateName\":\"U. de Caldas\",\"url\":\"https:\\\/\\\/www.ucaldas.edu.co\\\/portal\\\/\",\"logo\":{\"@type\":\"ImageObject\",\"inLanguage\":\"es\",\"@id\":\"https:\\\/\\\/www.ucaldas.edu.co\\\/portal\\\/#\\\/schema\\\/logo\\\/image\\\/\",\"url\":\"https:\\\/\\\/www.ucaldas.edu.co\\\/portal\\\/wp-content\\\/uploads\\\/2023\\\/11\\\/Logo_horizontal_oscuroU-2023.png\",\"contentUrl\":\"https:\\\/\\\/www.ucaldas.edu.co\\\/portal\\\/wp-content\\\/uploads\\\/2023\\\/11\\\/Logo_horizontal_oscuroU-2023.png\",\"width\":263,\"height\":101,\"caption\":\"Universidad de Caldas\"},\"image\":{\"@id\":\"https:\\\/\\\/www.ucaldas.edu.co\\\/portal\\\/#\\\/schema\\\/logo\\\/image\\\/\"},\"sameAs\":[\"https:\\\/\\\/www.facebook.com\\\/udecaldas\",\"https:\\\/\\\/x.com\\\/udecaldas\",\"https:\\\/\\\/www.youtube.com\\\/universidadcaldas\",\"https:\\\/\\\/www.instagram.com\\\/udecaldas\\\/\"]}]}<\/script>\n<!-- \/ Yoast SEO plugin. -->","yoast_head_json":{"title":"Alianza por la Educaci\u00f3n","description":"La Alianza por la Educaci\u00f3n fortalece la Regionalizaci\u00f3n de la Universidad de Caldas con apoyo p\u00fablico y privado para ampliar cobertura.","robots":{"index":"index","follow":"follow","max-snippet":"max-snippet:-1","max-image-preview":"max-image-preview:large","max-video-preview":"max-video-preview:-1"},"canonical":"https:\/\/www.ucaldas.edu.co\/portal\/alianza-por-la-educacion\/","schema":{"@context":"https:\/\/schema.org","@graph":[{"@type":"WebPage","@id":"https:\/\/www.ucaldas.edu.co\/portal\/alianza-por-la-educacion\/","url":"https:\/\/www.ucaldas.edu.co\/portal\/alianza-por-la-educacion\/","name":"Alianza por la Educaci\u00f3n","isPartOf":{"@id":"https:\/\/www.ucaldas.edu.co\/portal\/#website"},"primaryImageOfPage":{"@id":"https:\/\/www.ucaldas.edu.co\/portal\/alianza-por-la-educacion\/#primaryimage"},"image":{"@id":"https:\/\/www.ucaldas.edu.co\/portal\/alianza-por-la-educacion\/#primaryimage"},"thumbnailUrl":"https:\/\/www.ucaldas.edu.co\/portal\/wp-content\/uploads\/2024\/02\/Primer-comite-del-2024-de-la-Alianza-por-la-Cobertura-Educativa-Universidad-de-Caldas-en-tu-Pueblo.png","datePublished":"2025-08-26T03:49:52+00:00","dateModified":"2025-11-18T20:13:45+00:00","description":"La Alianza por la Educaci\u00f3n fortalece la Regionalizaci\u00f3n de la Universidad de Caldas con apoyo p\u00fablico y privado para ampliar cobertura.","breadcrumb":{"@id":"https:\/\/www.ucaldas.edu.co\/portal\/alianza-por-la-educacion\/#breadcrumb"},"inLanguage":"es","potentialAction":[{"@type":"ReadAction","target":["https:\/\/www.ucaldas.edu.co\/portal\/alianza-por-la-educacion\/"]}]},{"@type":"ImageObject","inLanguage":"es","@id":"https:\/\/www.ucaldas.edu.co\/portal\/alianza-por-la-educacion\/#primaryimage","url":"https:\/\/www.ucaldas.edu.co\/portal\/wp-content\/uploads\/2024\/02\/Primer-comite-del-2024-de-la-Alianza-por-la-Cobertura-Educativa-Universidad-de-Caldas-en-tu-Pueblo.png","contentUrl":"https:\/\/www.ucaldas.edu.co\/portal\/wp-content\/uploads\/2024\/02\/Primer-comite-del-2024-de-la-Alianza-por-la-Cobertura-Educativa-Universidad-de-Caldas-en-tu-Pueblo.png","width":1838,"height":938,"caption":"Persona firmando en el primer comit\u00e9 del 2024 de la Alianza por la cobertura Educativa de Caldas en tu pueblo"},{"@type":"BreadcrumbList","@id":"https:\/\/www.ucaldas.edu.co\/portal\/alianza-por-la-educacion\/#breadcrumb","itemListElement":[{"@type":"ListItem","position":1,"name":"Portada","item":"https:\/\/www.ucaldas.edu.co\/portal\/"},{"@type":"ListItem","position":2,"name":"Alianza por la Educaci\u00f3n"}]},{"@type":"WebSite","@id":"https:\/\/www.ucaldas.edu.co\/portal\/#website","url":"https:\/\/www.ucaldas.edu.co\/portal\/","name":"Universidad de Caldas","description":"","publisher":{"@id":"https:\/\/www.ucaldas.edu.co\/portal\/#organization"},"alternateName":"U. de Caldas","potentialAction":[{"@type":"SearchAction","target":{"@type":"EntryPoint","urlTemplate":"https:\/\/www.ucaldas.edu.co\/portal\/?s={search_term_string}"},"query-input":{"@type":"PropertyValueSpecification","valueRequired":true,"valueName":"search_term_string"}}],"inLanguage":"es"},{"@type":"Organization","@id":"https:\/\/www.ucaldas.edu.co\/portal\/#organization","name":"Universidad de Caldas","alternateName":"U. de Caldas","url":"https:\/\/www.ucaldas.edu.co\/portal\/","logo":{"@type":"ImageObject","inLanguage":"es","@id":"https:\/\/www.ucaldas.edu.co\/portal\/#\/schema\/logo\/image\/","url":"https:\/\/www.ucaldas.edu.co\/portal\/wp-content\/uploads\/2023\/11\/Logo_horizontal_oscuroU-2023.png","contentUrl":"https:\/\/www.ucaldas.edu.co\/portal\/wp-content\/uploads\/2023\/11\/Logo_horizontal_oscuroU-2023.png","width":263,"height":101,"caption":"Universidad de Caldas"},"image":{"@id":"https:\/\/www.ucaldas.edu.co\/portal\/#\/schema\/logo\/image\/"},"sameAs":["https:\/\/www.facebook.com\/udecaldas","https:\/\/x.com\/udecaldas","https:\/\/www.youtube.com\/universidadcaldas","https:\/\/www.instagram.com\/udecaldas\/"]}]}},"_links":{"self":[{"href":"https:\/\/www.ucaldas.edu.co\/portal\/wp-json\/wp\/v2\/pages\/88739","targetHints":{"allow":["GET"]}}],"collection":[{"href":"https:\/\/www.ucaldas.edu.co\/portal\/wp-json\/wp\/v2\/pages"}],"about":[{"href":"https:\/\/www.ucaldas.edu.co\/portal\/wp-json\/wp\/v2\/types\/page"}],"author":[{"embeddable":true,"href":"https:\/\/www.ucaldas.edu.co\/portal\/wp-json\/wp\/v2\/users\/13"}],"replies":[{"embeddable":true,"href":"https:\/\/www.ucaldas.edu.co\/portal\/wp-json\/wp\/v2\/comments?post=88739"}],"version-history":[{"count":12,"href":"https:\/\/www.ucaldas.edu.co\/portal\/wp-json\/wp\/v2\/pages\/88739\/revisions"}],"predecessor-version":[{"id":98580,"href":"https:\/\/www.ucaldas.edu.co\/portal\/wp-json\/wp\/v2\/pages\/88739\/revisions\/98580"}],"wp:featuredmedia":[{"embeddable":true,"href":"https:\/\/www.ucaldas.edu.co\/portal\/wp-json\/wp\/v2\/media\/79276"}],"wp:attachment":[{"href":"https:\/\/www.ucaldas.edu.co\/portal\/wp-json\/wp\/v2\/media?parent=88739"}],"curies":[{"name":"wp","href":"https:\/\/api.w.org\/{rel}","templated":true}]}}