{"id":72392,"date":"2022-09-14T19:58:57","date_gmt":"2022-09-14T19:58:57","guid":{"rendered":"https:\/\/www.ucaldas.edu.co\/portal\/?page_id=72392"},"modified":"2025-08-05T08:37:25","modified_gmt":"2025-08-05T13:37:25","slug":"atencion-al-ciudadano","status":"publish","type":"page","link":"https:\/\/www.ucaldas.edu.co\/portal\/atencion-al-ciudadano\/","title":{"rendered":"Atenci\u00f3n al ciudadano"},"content":{"rendered":"<div class=\"wpb-content-wrapper\"><p>[vc_row full_width=\u00bbstretch_row_content_no_spaces\u00bb][vc_column el_class=\u00bbportada-bienestar-universitario\u00bb][vc_single_image image=\u00bb78185&#8243; img_size=\u00bbfull\u00bb el_class=\u00bbportada-bienestar-universitario\u00bb][vc_custom_heading text=\u00bbAtenci\u00f3n al ciudadano\u00bb font_container=\u00bbtag:h1|text_align:center|color:%23ffffff\u00bb google_fonts=\u00bbfont_family:Roboto%3A100%2C100italic%2C300%2C300italic%2Cregular%2Citalic%2C500%2C500italic%2C700%2C700italic%2C900%2C900italic|font_style:900%20bold%20regular%3A900%3Anormal\u00bb el_class=\u00bbtitulo-bienestar-universitario\u00bb][\/vc_column][\/vc_row][vc_row][vc_column][vc_column_text css=\u00bb\u00bb]<span style=\"font-weight: 400;\">La Universidad de Caldas pone a disposici\u00f3n de la comunidad universitaria y la sociedad en general, el men\u00fa de atenci\u00f3n al ciudadano como canal de comunicaci\u00f3n e interacci\u00f3n directa con los usuarios, que facilita el recibo, tr\u00e1mite y respuesta a las peticiones, quejas, reclamos, sugerencias, denuncias y felicitaciones PQRSDF que sean allegadas a la instituci\u00f3n.<\/span><span style=\"font-weight: 400;\">\u00a0<\/span><\/p>\n<p>&nbsp;<\/p>\n<h4>Tipos de requerimientos<\/h4>\n<ol>\n<li><b> Derecho de petici\u00f3n de inter\u00e9s particular o general: <\/b>Es la manera de participar los particulares y\/o comunidad en general en la funci\u00f3n p\u00fablica, planteando solicitudes o requerimientos respetuosos de una acci\u00f3n, en forma verbal o escrita, que sean de competencia de la Universidad de Caldas. El tiempo establecido para responder este requerimiento es de 15 d\u00edas h\u00e1biles siguientes a la fecha de su recibo.<\/li>\n<li><strong>Derecho de petici\u00f3n de documentos y de informaci\u00f3n:\u00a0<\/strong><span style=\"font-weight: 400;\">Es el derecho de petici\u00f3n elevado con el prop\u00f3sito de que el funcionario, d\u00e9 a conocer c\u00f3mo ha actuado en un caso determinado o permita el examen de los documentos p\u00fablicos que tiene en su poder o expida copia de los documentos que reposan en la oficina a su cargo. <\/span><span style=\"font-weight: 400;\">El tiempo establecido para responder este requerimiento es de 10 d\u00edas h\u00e1biles siguientes a la fecha de su recibo.\u00a0\u00a0<\/span><\/li>\n<li><strong>Derecho de petici\u00f3n de consulta:\u00a0 <\/strong><span style=\"font-weight: 400;\">El derecho de petici\u00f3n tendr\u00e1 car\u00e1cter de consulta cuando se solicite el <\/span><span style=\"font-weight: 400;\">parecer, dictamen, opini\u00f3n o concepto de la Universidad, como instituci\u00f3n, <\/span><span style=\"font-weight: 400;\">acerca de las materias propias de las actividades p\u00fablicas delegadas.\u00a0 <\/span><span style=\"font-weight: 400;\">El tiempo establecido para responder este requerimiento es de 30 d\u00edas h\u00e1biles siguientes <\/span><span style=\"font-weight: 400;\">a la fecha de su recibo.\u00a0\u00a0<\/span><\/li>\n<li><span style=\"font-weight: 400;\"><strong>Queja:<\/strong> Es un tipo de derecho de petici\u00f3n, en el que se manifiesta inconformidad <\/span><span style=\"font-weight: 400;\">por el comportamiento en la atenci\u00f3n o por conductas irregulares de empleados <\/span><span style=\"font-weight: 400;\">oficiales o particulares a quienes se ha atribuido o adjudicado la prestaci\u00f3n <\/span><span style=\"font-weight: 400;\">de un servicio p\u00fablico.\u00a0 <\/span><span style=\"font-weight: 400;\">El tiempo establecido para responder este requerimiento es de 15 d\u00edas h\u00e1biles siguientes <\/span><span style=\"font-weight: 400;\">a la fecha de su recibo.<\/span><\/li>\n<li><span style=\"font-weight: 400;\"><strong>Reclamo:\u00a0<\/strong><\/span><span style=\"font-weight: 400;\">Es un tipo de derecho de petici\u00f3n, y se presenta cuando se da a las <\/span><span style=\"font-weight: 400;\">autoridades, noticia de la suspensi\u00f3n injustificada o de la prestaci\u00f3n <\/span><span style=\"font-weight: 400;\">deficiente de un servicio p\u00fablico. <\/span><span style=\"font-weight: 400;\">El tiempo establecido para responder este requerimiento es de 15 d\u00edas h\u00e1biles <\/span><span style=\"font-weight: 400;\">siguientes a la fecha de su recibo.\u00a0<\/span><\/li>\n<li><strong>Sugerencia: <\/strong><span style=\"font-weight: 400;\">Es la proposici\u00f3n, idea o indicaci\u00f3n que se ofrece o presta con el prop\u00f3sito de incidir en el mejoramiento de un proceso cuyo objeto se encuentre relacionado con la prestaci\u00f3n del servicio o el cumplimiento de una funci\u00f3n institucional. <\/span><span style=\"font-weight: 400;\">El tiempo establecido para responder este requerimiento es de 15 d\u00edas h\u00e1biles siguientes a la fecha de su recibo.\u00a0<\/span><\/li>\n<li><span style=\"font-weight: 400;\"><strong>Felicitaciones:<\/strong> Es una manifestaci\u00f3n de aceptaci\u00f3n, conformidad o satisfacci\u00f3n con el servicio recibido.<\/span><\/li>\n<\/ol>\n<p>[\/vc_column_text][vc_row_inner el_class=\u00bbmismo-alto\u00bb][vc_column_inner width=\u00bb1\/3&#8243;][vc_btn title=\u00bbEstrategia de relacionamiento con el ciudadano\u00bb style=\u00bbclassic\u00bb color=\u00bbprimary\u00bb align=\u00bbcenter\u00bb css=\u00bb\u00bb button_block=\u00bbtrue\u00bb link=\u00bburl:https%3A%2F%2Fwww.ucaldas.edu.co%2Fportal%2Fwp-content%2Fuploads%2F2025%2F07%2FEstrategia_Relacionamiento_Ciudadana_Ucaldas_2025.pdf|title:Estrategia%20de%20relacionamiento%20con%20el%20ciudadano|target:_blank\u00bb el_class=\u00bbbtn-height-66 btn-ucaldas-primary\u00bb][\/vc_column_inner][vc_column_inner width=\u00bb1\/3&#8243;][vc_btn title=\u00bbTr\u00e1mites, procedimientos administrativos y consultas de acceso a informaci\u00f3n p\u00fablica\u00bb style=\u00bbclassic\u00bb color=\u00bbprimary\u00bb align=\u00bbcenter\u00bb css=\u00bb\u00bb button_block=\u00bbtrue\u00bb link=\u00bburl:https%3A%2F%2Fwww.ucaldas.edu.co%2Fportal%2Ftransparencia%2F%231659559834283-2d44c7af-2bb1|title:Estrategia%20de%20relacionamiento%20con%20el%20ciudadano|target:_blank\u00bb el_class=\u00bbbtn-height-66 btn-ucaldas-primary\u00bb][\/vc_column_inner][vc_column_inner width=\u00bb1\/3&#8243;][vc_btn title=\u00bbInformes sobre Peticiones, Quejas y Reclamos\u00bb style=\u00bbclassic\u00bb color=\u00bbprimary\u00bb align=\u00bbcenter\u00bb css=\u00bb\u00bb button_block=\u00bbtrue\u00bb link=\u00bburl:https%3A%2F%2Fdrive.google.com%2Fdrive%2Ffolders%2F1Bv8CzsHoS-DAEiiHfgDQ9gAJCpQMuK2n|title:Estrategia%20de%20relacionamiento%20con%20el%20ciudadano|target:_blank\u00bb el_class=\u00bbbtn-height-66 btn-ucaldas-primary\u00bb][\/vc_column_inner][\/vc_row_inner][\/vc_column][\/vc_row][vc_row][vc_column][stm_title title_tag=\u00bbh4&#8243; title=\u00bbCanales de atenci\u00f3n\u00bb][\/stm_title][vc_column_text css=\u00bb\u00bb]<span style=\"font-weight: 400;\">Mediante los siguientes canales de atenci\u00f3n se podr\u00e1n interponer los diferentes tipos de requerimientos:<\/span>[\/vc_column_text][\/vc_column][\/vc_row][vc_row][vc_column][vc_tta_tabs color=\u00bbblue\u00bb active_section=\u00bb1&#8243;][vc_tta_section title=\u00bbPresencial\u00bb tab_id=\u00bb1663187376253-ecbfd4eb-d81a\u00bb][vc_column_text]<span style=\"font-weight: 400;\">Oficina de atenci\u00f3n al ciudadano &#8211; Ventanilla \u00fanica ubicada en la Sede Principal, Calle 65 No. 26-10 Manizales, Caldas.<br \/>\n<\/span><span style=\"font-weight: 400;\">Horarios de Trabajo del personal administrativo: Lunes a jueves de 7:45 am. \u2013 11:45 pm y 1:45 pm \u2013 5:45 pm, viernes 7:00 a 3:30 pm jornada continua<\/span>[\/vc_column_text][\/vc_tta_section][vc_tta_section title=\u00bbAtenci\u00f3n telef\u00f3nica\u00bb tab_id=\u00bb1663187376281-ae062cf1-d413&#8243;][vc_column_text]<span style=\"font-weight: 400;\">PBX: +57 (606) 8781500<br \/>\n<\/span><span style=\"font-weight: 400;\">L\u00ednea gratuita nacional: 01-8000-512120<\/span>[\/vc_column_text][\/vc_tta_section][vc_tta_section title=\u00bbVirtual\u00bb tab_id=\u00bb1663187480628-32211dbc-77f5&#8243;][vc_column_text]<span style=\"font-weight: 400;\">Sistema de atenci\u00f3n al ciudadano: <\/span><a href=\"https:\/\/pqrsdadmiarchi.ucaldas.edu.co\/\"><span style=\"font-weight: 400;\">https:\/\/pqrsdadmiarchi.ucaldas.edu.co\/<\/span><\/a><span style=\"font-weight: 400;\"> Selecciona la opci\u00f3n RADICAR<br \/>\n<\/span><span style=\"font-weight: 400;\">Correo electr\u00f3nico: <\/span><a href=\"mailto:atencionalciudadano@ucaldas.edu.co\"><span style=\"font-weight: 400;\">atencionalciudadano@ucaldas.edu.co<\/span><\/a><br \/>\n<span style=\"font-weight: 400;\">P\u00e1gina web institucional: <\/span><a href=\"https:\/\/www.ucaldas.edu.co\/portal\/\"><span style=\"font-weight: 400;\">https:\/\/www.ucaldas.edu.co\/portal\/<\/span><\/a>[\/vc_column_text][\/vc_tta_section][\/vc_tta_tabs][\/vc_column][\/vc_row]<\/p>\n<\/div>","protected":false},"excerpt":{"rendered":"<p>[vc_row full_width=\u00bbstretch_row_content_no_spaces\u00bb][vc_column el_class=\u00bbportada-bienestar-universitario\u00bb][vc_single_image image=\u00bb78185&#8243; img_size=\u00bbfull\u00bb el_class=\u00bbportada-bienestar-universitario\u00bb][vc_custom_heading text=\u00bbAtenci\u00f3n al ciudadano\u00bb font_container=\u00bbtag:h1|text_align:center|color:%23ffffff\u00bb google_fonts=\u00bbfont_family:Roboto%3A100%2C100italic%2C300%2C300italic%2Cregular%2Citalic%2C500%2C500italic%2C700%2C700italic%2C900%2C900italic|font_style:900%20bold%20regular%3A900%3Anormal\u00bb el_class=\u00bbtitulo-bienestar-universitario\u00bb][\/vc_column][\/vc_row][vc_row][vc_column][vc_column_text css=\u00bb\u00bb]La Universidad de Caldas pone a disposici\u00f3n de la comunidad universitaria y la sociedad en general, el men\u00fa de atenci\u00f3n al ciudadano como canal de comunicaci\u00f3n e interacci\u00f3n directa con los usuarios, que facilita el recibo, tr\u00e1mite y respuesta a las peticiones, quejas, [&hellip;]<\/p>\n","protected":false},"author":1,"featured_media":0,"parent":0,"menu_order":0,"comment_status":"closed","ping_status":"closed","template":"","meta":{"footnotes":""},"class_list":["post-72392","page","type-page","status-publish","hentry"],"yoast_head":"<!-- This site is optimized with the Yoast SEO plugin v27.5 - https:\/\/yoast.com\/product\/yoast-seo-wordpress\/ -->\n<title>Atenci\u00f3n al ciudadano<\/title>\n<meta name=\"description\" content=\"La Universidad de Caldas pone a disposici\u00f3n de la comunidad universitaria y la sociedad en general, el men\u00fa de atenci\u00f3n al ciudadano como...\" \/>\n<meta name=\"robots\" content=\"index, follow, max-snippet:-1, max-image-preview:large, max-video-preview:-1\" \/>\n<link rel=\"canonical\" href=\"https:\/\/www.ucaldas.edu.co\/portal\/atencion-al-ciudadano\/\" \/>\n<script type=\"application\/ld+json\" class=\"yoast-schema-graph\">{\"@context\":\"https:\\\/\\\/schema.org\",\"@graph\":[{\"@type\":\"WebPage\",\"@id\":\"https:\\\/\\\/www.ucaldas.edu.co\\\/portal\\\/atencion-al-ciudadano\\\/\",\"url\":\"https:\\\/\\\/www.ucaldas.edu.co\\\/portal\\\/atencion-al-ciudadano\\\/\",\"name\":\"Atenci\u00f3n al ciudadano\",\"isPartOf\":{\"@id\":\"https:\\\/\\\/www.ucaldas.edu.co\\\/portal\\\/#website\"},\"datePublished\":\"2022-09-14T19:58:57+00:00\",\"dateModified\":\"2025-08-05T13:37:25+00:00\",\"description\":\"La Universidad de Caldas pone a disposici\u00f3n de la comunidad universitaria y la sociedad en general, el men\u00fa de atenci\u00f3n al ciudadano como...\",\"breadcrumb\":{\"@id\":\"https:\\\/\\\/www.ucaldas.edu.co\\\/portal\\\/atencion-al-ciudadano\\\/#breadcrumb\"},\"inLanguage\":\"es\",\"potentialAction\":[{\"@type\":\"ReadAction\",\"target\":[\"https:\\\/\\\/www.ucaldas.edu.co\\\/portal\\\/atencion-al-ciudadano\\\/\"]}]},{\"@type\":\"BreadcrumbList\",\"@id\":\"https:\\\/\\\/www.ucaldas.edu.co\\\/portal\\\/atencion-al-ciudadano\\\/#breadcrumb\",\"itemListElement\":[{\"@type\":\"ListItem\",\"position\":1,\"name\":\"Portada\",\"item\":\"https:\\\/\\\/www.ucaldas.edu.co\\\/portal\\\/\"},{\"@type\":\"ListItem\",\"position\":2,\"name\":\"Atenci\u00f3n al ciudadano\"}]},{\"@type\":\"WebSite\",\"@id\":\"https:\\\/\\\/www.ucaldas.edu.co\\\/portal\\\/#website\",\"url\":\"https:\\\/\\\/www.ucaldas.edu.co\\\/portal\\\/\",\"name\":\"Universidad de Caldas\",\"description\":\"\",\"publisher\":{\"@id\":\"https:\\\/\\\/www.ucaldas.edu.co\\\/portal\\\/#organization\"},\"alternateName\":\"U. de Caldas\",\"potentialAction\":[{\"@type\":\"SearchAction\",\"target\":{\"@type\":\"EntryPoint\",\"urlTemplate\":\"https:\\\/\\\/www.ucaldas.edu.co\\\/portal\\\/?s={search_term_string}\"},\"query-input\":{\"@type\":\"PropertyValueSpecification\",\"valueRequired\":true,\"valueName\":\"search_term_string\"}}],\"inLanguage\":\"es\"},{\"@type\":\"Organization\",\"@id\":\"https:\\\/\\\/www.ucaldas.edu.co\\\/portal\\\/#organization\",\"name\":\"Universidad de Caldas\",\"alternateName\":\"U. de Caldas\",\"url\":\"https:\\\/\\\/www.ucaldas.edu.co\\\/portal\\\/\",\"logo\":{\"@type\":\"ImageObject\",\"inLanguage\":\"es\",\"@id\":\"https:\\\/\\\/www.ucaldas.edu.co\\\/portal\\\/#\\\/schema\\\/logo\\\/image\\\/\",\"url\":\"https:\\\/\\\/www.ucaldas.edu.co\\\/portal\\\/wp-content\\\/uploads\\\/2023\\\/11\\\/Logo_horizontal_oscuroU-2023.png\",\"contentUrl\":\"https:\\\/\\\/www.ucaldas.edu.co\\\/portal\\\/wp-content\\\/uploads\\\/2023\\\/11\\\/Logo_horizontal_oscuroU-2023.png\",\"width\":263,\"height\":101,\"caption\":\"Universidad de Caldas\"},\"image\":{\"@id\":\"https:\\\/\\\/www.ucaldas.edu.co\\\/portal\\\/#\\\/schema\\\/logo\\\/image\\\/\"},\"sameAs\":[\"https:\\\/\\\/www.facebook.com\\\/udecaldas\",\"https:\\\/\\\/x.com\\\/udecaldas\",\"https:\\\/\\\/www.youtube.com\\\/universidadcaldas\",\"https:\\\/\\\/www.instagram.com\\\/udecaldas\\\/\"]}]}<\/script>\n<!-- \/ Yoast SEO plugin. -->","yoast_head_json":{"title":"Atenci\u00f3n al ciudadano","description":"La Universidad de Caldas pone a disposici\u00f3n de la comunidad universitaria y la sociedad en general, el men\u00fa de atenci\u00f3n al ciudadano como...","robots":{"index":"index","follow":"follow","max-snippet":"max-snippet:-1","max-image-preview":"max-image-preview:large","max-video-preview":"max-video-preview:-1"},"canonical":"https:\/\/www.ucaldas.edu.co\/portal\/atencion-al-ciudadano\/","schema":{"@context":"https:\/\/schema.org","@graph":[{"@type":"WebPage","@id":"https:\/\/www.ucaldas.edu.co\/portal\/atencion-al-ciudadano\/","url":"https:\/\/www.ucaldas.edu.co\/portal\/atencion-al-ciudadano\/","name":"Atenci\u00f3n al ciudadano","isPartOf":{"@id":"https:\/\/www.ucaldas.edu.co\/portal\/#website"},"datePublished":"2022-09-14T19:58:57+00:00","dateModified":"2025-08-05T13:37:25+00:00","description":"La Universidad de Caldas pone a disposici\u00f3n de la comunidad universitaria y la sociedad en general, el men\u00fa de atenci\u00f3n al ciudadano como...","breadcrumb":{"@id":"https:\/\/www.ucaldas.edu.co\/portal\/atencion-al-ciudadano\/#breadcrumb"},"inLanguage":"es","potentialAction":[{"@type":"ReadAction","target":["https:\/\/www.ucaldas.edu.co\/portal\/atencion-al-ciudadano\/"]}]},{"@type":"BreadcrumbList","@id":"https:\/\/www.ucaldas.edu.co\/portal\/atencion-al-ciudadano\/#breadcrumb","itemListElement":[{"@type":"ListItem","position":1,"name":"Portada","item":"https:\/\/www.ucaldas.edu.co\/portal\/"},{"@type":"ListItem","position":2,"name":"Atenci\u00f3n al ciudadano"}]},{"@type":"WebSite","@id":"https:\/\/www.ucaldas.edu.co\/portal\/#website","url":"https:\/\/www.ucaldas.edu.co\/portal\/","name":"Universidad de Caldas","description":"","publisher":{"@id":"https:\/\/www.ucaldas.edu.co\/portal\/#organization"},"alternateName":"U. de Caldas","potentialAction":[{"@type":"SearchAction","target":{"@type":"EntryPoint","urlTemplate":"https:\/\/www.ucaldas.edu.co\/portal\/?s={search_term_string}"},"query-input":{"@type":"PropertyValueSpecification","valueRequired":true,"valueName":"search_term_string"}}],"inLanguage":"es"},{"@type":"Organization","@id":"https:\/\/www.ucaldas.edu.co\/portal\/#organization","name":"Universidad de Caldas","alternateName":"U. de Caldas","url":"https:\/\/www.ucaldas.edu.co\/portal\/","logo":{"@type":"ImageObject","inLanguage":"es","@id":"https:\/\/www.ucaldas.edu.co\/portal\/#\/schema\/logo\/image\/","url":"https:\/\/www.ucaldas.edu.co\/portal\/wp-content\/uploads\/2023\/11\/Logo_horizontal_oscuroU-2023.png","contentUrl":"https:\/\/www.ucaldas.edu.co\/portal\/wp-content\/uploads\/2023\/11\/Logo_horizontal_oscuroU-2023.png","width":263,"height":101,"caption":"Universidad de Caldas"},"image":{"@id":"https:\/\/www.ucaldas.edu.co\/portal\/#\/schema\/logo\/image\/"},"sameAs":["https:\/\/www.facebook.com\/udecaldas","https:\/\/x.com\/udecaldas","https:\/\/www.youtube.com\/universidadcaldas","https:\/\/www.instagram.com\/udecaldas\/"]}]}},"_links":{"self":[{"href":"https:\/\/www.ucaldas.edu.co\/portal\/wp-json\/wp\/v2\/pages\/72392","targetHints":{"allow":["GET"]}}],"collection":[{"href":"https:\/\/www.ucaldas.edu.co\/portal\/wp-json\/wp\/v2\/pages"}],"about":[{"href":"https:\/\/www.ucaldas.edu.co\/portal\/wp-json\/wp\/v2\/types\/page"}],"author":[{"embeddable":true,"href":"https:\/\/www.ucaldas.edu.co\/portal\/wp-json\/wp\/v2\/users\/1"}],"replies":[{"embeddable":true,"href":"https:\/\/www.ucaldas.edu.co\/portal\/wp-json\/wp\/v2\/comments?post=72392"}],"version-history":[{"count":0,"href":"https:\/\/www.ucaldas.edu.co\/portal\/wp-json\/wp\/v2\/pages\/72392\/revisions"}],"wp:attachment":[{"href":"https:\/\/www.ucaldas.edu.co\/portal\/wp-json\/wp\/v2\/media?parent=72392"}],"curies":[{"name":"wp","href":"https:\/\/api.w.org\/{rel}","templated":true}]}}