{"id":68373,"date":"2022-03-03T21:32:23","date_gmt":"2022-03-03T21:32:23","guid":{"rendered":"https:\/\/www.ucaldas.edu.co\/portal\/?page_id=68373"},"modified":"2026-04-10T08:56:57","modified_gmt":"2026-04-10T13:56:57","slug":"participa","status":"publish","type":"page","link":"https:\/\/www.ucaldas.edu.co\/portal\/transparencia\/participa\/","title":{"rendered":"Participa"},"content":{"rendered":"<div class=\"wpb-content-wrapper\"><p>[vc_row][vc_column][vc_column_text]En el Men\u00fa <strong>\u201cParticipa\u201d<\/strong> se encuentran los contenidos de informaci\u00f3n sobre los espacios, mecanismos y acciones que permiten la participaci\u00f3n de estudiantes, docentes, funcionarios, egresados y ciudadan\u00eda \u00a0en el ciclo de la gesti\u00f3n p\u00fablica de la Universidad de Caldas, esto con el prop\u00f3sito \u00a0de dinamizar su vinculaci\u00f3n en las decisiones y acciones p\u00fablicas durante el diagn\u00f3stico, formulaci\u00f3n, implementaci\u00f3n, evaluaci\u00f3n y seguimiento a la gesti\u00f3n institucional a trav\u00e9s de su sitio web institucional. En este sitio, \u00a0estudiantes, docentes, funcionarios, egresados y ciudadan\u00eda, \u00a0pueden acceder a los siguientes componentes:[\/vc_column_text][vc_tta_tabs color=\u00bbblue\u00bb active_section=\u00bb1&#8243;][vc_tta_section i_icon_fontawesome=\u00bbfa fa-list-alt\u00bb add_icon=\u00bbtrue\u00bb title=\u00bbDescripci\u00f3n General Men\u00fa Participa\u00bb tab_id=\u00bb1691522617952-edc73e0c-b911&#8243;][vc_column_text css=\u00bb\u00bb]<\/p>\n<ul>\n<li>Calendario de la estrategia anual de participaci\u00f3n ciudadana\n<ul>\n<li><a href=\"https:\/\/www.ucaldas.edu.co\/portal\/wp-content\/uploads\/2025\/07\/ESTRATEGIA-DE-PARTICIPACION-CIUDADANA-UNIVERSIDAD-DE-CALDAS-2025-_V2.xlsx\" rel=\"noopener\">2025<\/a><\/li>\n<li><a href=\"https:\/\/www.ucaldas.edu.co\/portal\/wp-content\/uploads\/2024\/01\/Estrategia-de-participacion-ciudadana-2024-Universidad-de-Caldas.pdf\" target=\"_blank\" rel=\"noopener\">2024<\/a><\/li>\n<li><a href=\"https:\/\/www.ucaldas.edu.co\/portal\/wp-content\/uploads\/2023\/08\/Estrategia-de-participacion-ciudadana-2023-agosto-2023.pdf\" target=\"_blank\" rel=\"noopener\">2023<\/a><\/li>\n<li><a href=\"https:\/\/www.ucaldas.edu.co\/portal\/wp-content\/uploads\/2022\/07\/Estrategia-de-participacion-ciudadana-Universidad-de-Caldas-Julio-2022.pdf\" target=\"_blank\" rel=\"noopener\">2022<\/a><\/li>\n<\/ul>\n<\/li>\n<li>Informes de resultados de la estrategia de participaci\u00f3n ciudadana\n<ul>\n<li><a href=\"https:\/\/www.ucaldas.edu.co\/portal\/wp-content\/uploads\/2026\/02\/Informe_Estrategia-de-Participacion_Ucaldas_2025.pdf\" target=\"_blank\" rel=\"noopener\">2025<\/a><\/li>\n<li><a href=\"https:\/\/www.ucaldas.edu.co\/portal\/wp-content\/uploads\/2025\/03\/INFORME-ESTRATEGIA-DE-PARTICIPACION-2024.pdf\" target=\"_blank\" rel=\"noopener\">2024<\/a><\/li>\n<li><a href=\"https:\/\/www.ucaldas.edu.co\/portal\/wp-content\/uploads\/2024\/04\/1.-INFORME-ESTRATEGIA-DE-PARTICIPACION-2023.pdf\" target=\"_blank\" rel=\"noopener\">2023<\/a><\/li>\n<\/ul>\n<\/li>\n<li><a href=\"https:\/\/www.ucaldas.edu.co\/portal\/convocatorias\/\" target=\"_blank\" rel=\"noopener\">Convocatorias<\/a><\/li>\n<li>Informes del eje de paz y convivencia del Plan Nacional de Desarrollo\n<ul>\n<li><a href=\"https:\/\/www.ucaldas.edu.co\/portal\/wp-content\/uploads\/2026\/03\/Informe_eje_de_paz_2025.pdf\" target=\"_blank\" rel=\"noopener\">2025<\/a><\/li>\n<li><a href=\"https:\/\/www.ucaldas.edu.co\/portal\/wp-content\/uploads\/2025\/08\/Informe-_eje_de_paz_2024.pdf\" target=\"_blank\" rel=\"noopener\">2024<\/a><\/li>\n<li><a href=\"https:\/\/www.ucaldas.edu.co\/portal\/wp-content\/uploads\/2024\/04\/2.-INFORME-COMISION-DE-PAZ-PARA-CONSTRUCCION-DE-LA-POLITICA.pdf\" target=\"_blank\" rel=\"noopener\">2023<\/a><\/li>\n<\/ul>\n<\/li>\n<li><a href=\"https:\/\/drive.google.com\/drive\/u\/1\/folders\/1C19PfqOcwRhXopNYw8bKmhVLRsb101GC\" target=\"_blank\" rel=\"noopener\">Acciones de mejora<\/a><\/li>\n<li>Plan anticorrupci\u00f3n y de atenci\u00f3n al ciudadano\n<ul>\n<li><a href=\"https:\/\/drive.google.com\/drive\/folders\/1Ub06MKVMWAXA0uBRsPVpdJNwXBgHnDHF?usp=sharing\" target=\"_blank\" rel=\"noopener\">2025<\/a><\/li>\n<li><a href=\"https:\/\/www.ucaldas.edu.co\/portal\/planes-institucionales\/#1597098988635-592085b1-e0e8\" target=\"_blank\" rel=\"noopener\">2024<\/a><\/li>\n<\/ul>\n<\/li>\n<li>Formulario de inscripci\u00f3n procesos de participaci\u00f3n\n<ul>\n<li><a href=\"https:\/\/forms.gle\/cMzVFazkbWFkwAq78\" target=\"_blank\" rel=\"noopener\">2024<\/a><\/li>\n<\/ul>\n<\/li>\n<li>Canales de interacci\u00f3n\n<ul>\n<li><a href=\"https:\/\/docs.google.com\/forms\/d\/1Mv8pwkcDfII3NpMNnSvJT14cHP8twt-IY81p2uJ_rts\/edit\" target=\"_blank\" rel=\"noopener\">Encuesta participaci\u00f3n ciudadana<\/a><\/li>\n<li><a href=\"https:\/\/docs.google.com\/forms\/d\/e\/1FAIpQLScA5-hveUaz70OjM3AgXfRXFwBOtDWFrODfs8beK9yywGTGVQ\/viewform\" target=\"_blank\" rel=\"noopener\">Encuesta participaci\u00f3n rendici\u00f3n de cuentas<\/a><\/li>\n<li><a href=\"https:\/\/lumina.ucaldas.edu.co\/\" target=\"_blank\" rel=\"noopener\">Chatbot Lumina<\/a><\/li>\n<li><a href=\"https:\/\/www.youtube.com\/watch?v=QDD5nZDLnPQ&amp;t=4\" target=\"_blank\" rel=\"noopener\">Transmisi\u00f3n<\/a><\/li>\n<\/ul>\n<\/li>\n<li>Resultados del diagn\u00f3stico de la pol\u00edtica de participaci\u00f3n ciudadana\n<ul>\n<li><a href=\"https:\/\/www.ucaldas.edu.co\/portal\/wp-content\/uploads\/2025\/09\/Autodiagnostico_Participacion_Ciudadana-2025-V1.xlsx\">2025<\/a><\/li>\n<li><a href=\"https:\/\/www.ucaldas.edu.co\/portal\/wp-content\/uploads\/2025\/09\/Autodiagnostico_Participacion_Ciudadana-2024-V1.xlsx\">2024<\/a><\/li>\n<\/ul>\n<\/li>\n<li>Archivo\n<ul>\n<li>Plan anticorrupci\u00f3n y de atenci\u00f3n al ciudadano\n<ul>\n<li><a href=\"https:\/\/www.ucaldas.edu.co\/portal\/wp-content\/uploads\/2024\/07\/Plan-anticorrupcion-2024-V3.xlsx\">2024<\/a><\/li>\n<li><a href=\"https:\/\/www.ucaldas.edu.co\/portal\/wp-content\/uploads\/2023\/01\/Plan-Anticorrupcion-2023-Enero-2023-v2.pdf\" target=\"_blank\" rel=\"noopener\">2023<\/a><\/li>\n<li><a href=\"https:\/\/www.ucaldas.edu.co\/portal\/wp-content\/uploads\/2022\/01\/Plan-Anticorrupcion-2022.-Version-1-Enero-2022.pdf\" target=\"_blank\" rel=\"noopener\">2022<\/a><\/li>\n<li><a href=\"https:\/\/www.ucaldas.edu.co\/portal\/wp-content\/uploads\/2020\/08\/Universidad-de-Caldas-Plan-anticorrupci%C3%B3n-2021.pdf\" target=\"_blank\" rel=\"noopener\">2021<\/a><\/li>\n<li><a role=\"link\" href=\"https:\/\/www.ucaldas.edu.co\/portal\/wp-content\/uploads\/2014\/02\/Plan-anticorrupci%C3%B3n-2020-U-de-C-pdf.pdf\" target=\"_blank\" rel=\"noopener\">2020<\/a>\n<ul>\n<li><a role=\"link\" href=\"https:\/\/www.ucaldas.edu.co\/portal\/wp-content\/uploads\/2014\/02\/Componente-Estrategias-Racionalizaci%C3%B3n-Tramites-2020-pdf.pdf\" target=\"_blank\" rel=\"noopener\">Anexo 1: componente estrategias de racionalizaci\u00f3n de tramites<\/a><\/li>\n<\/ul>\n<\/li>\n<li><a role=\"link\" href=\"https:\/\/www.ucaldas.edu.co\/portal\/wp-content\/uploads\/2014\/02\/Plan-anticorrupci%C3%B3n-2019-pdf.pdf\" target=\"_blank\" rel=\"noopener\">2019<\/a>\n<ul>\n<li><a role=\"link\" href=\"https:\/\/www.ucaldas.edu.co\/portal\/wp-content\/uploads\/2014\/02\/2-Comp-Estr-Rac-tramites-2019.xlsx\" target=\"_blank\" rel=\"noopener\">Anexo 1: componente estrategias de racionalizaci\u00f3n de tramites<\/a><\/li>\n<\/ul>\n<\/li>\n<li><a role=\"link\" href=\"https:\/\/www.ucaldas.edu.co\/portal\/wp-content\/uploads\/2015\/01\/PLAN_ANTICORRUPCION_2018_24012018.pdf\" target=\"_blank\" rel=\"noopener\">2018\u00a0<\/a>\n<ul>\n<li><a role=\"link\" href=\"https:\/\/www.ucaldas.edu.co\/portal\/wp-content\/uploads\/2014\/02\/componente_Estrategias_Racionalizacion_tramites_2018P_restrepo31012018_5.xlsx\" target=\"_blank\" rel=\"noopener\">Anexo 1: componente estrategias de racionalizaci\u00f3n de tramites<\/a><\/li>\n<\/ul>\n<\/li>\n<\/ul>\n<\/li>\n<li><a href=\"https:\/\/www.ucaldas.edu.co\/portal\/archivo-plan-anticorrupcion-planes-institucionales\/\">Archivo Plan Anticorrupci\u00f3n UCaldas<\/a><\/li>\n<\/ul>\n<\/li>\n<\/ul>\n<p>[\/vc_column_text][vc_column_text][\/vc_column_text][\/vc_tta_section][vc_tta_section i_icon_fontawesome=\u00bbfa fa-wpforms\u00bb add_icon=\u00bbtrue\u00bb title=\u00bbParticipaci\u00f3n para el diagn\u00f3stico e identificaci\u00f3n de problemas\u00bb tab_id=\u00bb1656529395666-b0f72386-0414&#8243;][vc_column_text css=\u00bb\u00bb]Es la vinculaci\u00f3n que hacemos de los grupos de valor en el proceso de recolecci\u00f3n y an\u00e1lisis de informaci\u00f3n para identificar los problemas que les afecta directa o indirectamente con base en datos y hechos, relacionados con la caracterizaci\u00f3n de la situaci\u00f3n abordada, lo que permite identificar las problem\u00e1ticas de los grupos de valor de la Universidad de Caldas.<\/p>\n<ul>\n<li><a href=\"https:\/\/www.ucaldas.edu.co\/portal\/wp-content\/uploads\/2025\/03\/Documento-1-IDENTIFICACION-DE-NECESIDADES.pdf\" target=\"_blank\" rel=\"noopener\">Definici\u00f3n y temas de inter\u00e9s<\/a><\/li>\n<li>Herramientas de evaluaci\u00f3n\n<ul>\n<li><a href=\"https:\/\/www.ucaldas.edu.co\/portal\/wp-content\/uploads\/2025\/03\/HERRAMIENTAS-DE-DIAGNOSTICO-UTILIZADAS-EN-EL-2024.pdf\" target=\"_blank\" rel=\"noopener\">2024<\/a><\/li>\n<\/ul>\n<\/li>\n<li>Resultados\n<ul>\n<li><a href=\"https:\/\/www.ucaldas.edu.co\/portal\/wp-content\/uploads\/2026\/03\/Resultado_Acciones_de_Diagnostico_2025.pdf\" target=\"_blank\" rel=\"noopener\">2025\u00a0<\/a><\/li>\n<li><a href=\"https:\/\/www.ucaldas.edu.co\/portal\/wp-content\/uploads\/2025\/03\/RESULTADOS-DE-LAS-ACCIONES-DE-DIAGNOSTICO-2024.pdf\" target=\"_blank\" rel=\"noopener\">2024<\/a><\/li>\n<li><a href=\"https:\/\/www.ucaldas.edu.co\/portal\/wp-content\/uploads\/2024\/02\/PROGRAMA-DIVERSIDAD-E-INCLUSION-2023-1.pdf\" target=\"_blank\" rel=\"noopener\">2023<\/a><\/li>\n<\/ul>\n<\/li>\n<\/ul>\n<p>[\/vc_column_text][vc_empty_space][\/vc_tta_section][vc_tta_section i_icon_fontawesome=\u00bbfa fa-tachometer\u00bb add_icon=\u00bbtrue\u00bb title=\u00bbPlaneaci\u00f3n y presupuesto participativo\u00bb tab_id=\u00bb1656529395697-df48968b-bc72&#8243;][vc_row_inner][vc_column_inner width=\u00bb1\/2&#8243;][vc_column_text css=\u00bb\u00bb]<\/p>\n<h2>Planeaci\u00f3n participativa:<\/h2>\n<p>Es entendida como el mecanismo mediante el cual la sociedad civil decide el rumbo de las pol\u00edticas, planes, programas, proyectos o tr\u00e1mites de acuerdo con sus necesidades. La participaci\u00f3n puede darse en la delimitaci\u00f3n de los resultados e impactos esperados y en la definici\u00f3n de productos y de actividades. Para la Universidad de Caldas, la planificaci\u00f3n estrat\u00e9gica y t\u00e1ctica inicia con el apoyo a la formulaci\u00f3n y revisi\u00f3n peri\u00f3dica de los documentos estrat\u00e9gicos de la instituci\u00f3n, con el fin de garantizar el cumplimiento de las l\u00edneas estrat\u00e9gicas all\u00ed trazadas.<\/p>\n<p>Para conocer los planes haga <a href=\"https:\/\/www.ucaldas.edu.co\/portal\/planes-institucionales\/\" rel=\"noopener\"><strong>click<\/strong> <strong>aqu\u00ed<\/strong><\/a>[\/vc_column_text][\/vc_column_inner][vc_column_inner width=\u00bb1\/2&#8243;][vc_column_text css=\u00bb\u00bb]<\/p>\n<h2>Presupuesto participativo:<\/h2>\n<p><strong>Este \u00edtem no aplica a la Universidad, dado que el Presupuesto participativo solo es obligatorio para territorio, alcald\u00edas y gobernaciones y no para entidades nacionales u organismos aut\u00f3nomos como lo es la Universidad (Ley 1557 de 2015, Art. 90, 91, 92 y 93)<\/strong>.<\/p>\n<p>Para conocer el presupuesto participativo haga <strong><a href=\"https:\/\/www.ucaldas.edu.co\/portal\/transparencia\/participa\/planes-institucionales\/\">click aqu\u00ed<\/a><\/strong>[\/vc_column_text][\/vc_column_inner][\/vc_row_inner][\/vc_tta_section][vc_tta_section i_icon_fontawesome=\u00bbfa fa-users\u00bb add_icon=\u00bbtrue\u00bb title=\u00bbConsulta ciudadana\u00bb tab_id=\u00bb1656529442811-43ef4730-7f15&#8243;][vc_column_text css=\u00bb\u00bb]<\/p>\n<h2>Canales de consulta<\/h2>\n<p>La Universidad pone a disposici\u00f3n de la comunidad universitaria el siguiente enlace a trav\u00e9s del cual se encuentra disponible la informaci\u00f3n institucional para consulta de la ciudadan\u00eda: <a href=\"https:\/\/www.ucaldas.edu.co\/portal\/convocatorias\/\" target=\"_blank\" rel=\"noopener\">https:\/\/www.ucaldas.edu.co\/portal\/convocatorias\/<\/a><\/p>\n<ul>\n<li><a href=\"https:\/\/www.ucaldas.edu.co\/portal\/wp-content\/uploads\/2025\/05\/Concepto-juridico-proyectos-normativos.pdf\" target=\"_blank\" rel=\"noopener\">Proyectos normativos<\/a><\/li>\n<li><a href=\"https:\/\/www.ucaldas.edu.co\/portal\/transparencia\/#1659554020377-00b439eb-5b9b\" target=\"_blank\" rel=\"noopener\">Normativa<\/a><\/li>\n<\/ul>\n<p>[\/vc_column_text][\/vc_tta_section][vc_tta_section i_icon_fontawesome=\u00bbfa fa-rocket\u00bb add_icon=\u00bbtrue\u00bb title=\u00bbColaboraci\u00f3n e innovaci\u00f3n\u00bb tab_id=\u00bb1656529459730-3a641d38-7812&#8243;][vc_column_text]Esta es entendida como la interacci\u00f3n con nuestros grupos de valor para la b\u00fasqueda de soluciones a problem\u00e1ticas que afectan a todos y as\u00ed resolver los desaf\u00edos que tiene la Universidad de modo que se creen redes de cooperaci\u00f3n que permiten comprender las problem\u00e1ticas o necesidades y recibir ideas y propuestas de soluci\u00f3n.<\/p>\n<ul>\n<li>Convocatorias\n<ul>\n<li><a href=\"https:\/\/investigacionesyposgrados.ucaldas.edu.co\/convocatorias-de-investigacion\/\" target=\"_blank\" rel=\"noopener\">Investigaci\u00f3n<\/a><\/li>\n<li><a href=\"https:\/\/www.ucaldas.edu.co\/portal\/convocatoria-de-extension\/\">Proyecci\u00f3n<\/a><\/li>\n<li><a href=\"https:\/\/www.ucaldas.edu.co\/portal\/oficina-asesora-de-innovacion-y-gestion-de-proyectos\/\" target=\"_blank\" rel=\"noopener\">Innovaci\u00f3n<\/a><\/li>\n<\/ul>\n<\/li>\n<\/ul>\n<p>[\/vc_column_text][\/vc_tta_section][vc_tta_section i_icon_fontawesome=\u00bbfa fa-check-square-o\u00bb add_icon=\u00bbtrue\u00bb title=\u00bbRendici\u00f3n de cuentas\u00bb tab_id=\u00bb1656529473021-31be3929-cb31&#8243;][vc_column_text css=\u00bb\u00bb]La rendici\u00f3n de cuentas es el proceso conformado por metodolog\u00edas y pr\u00e1cticas mediante las que, la Universidad informa y da a conocer los resultados de su gesti\u00f3n a los grupos de valor y a los organismos de control a partir de la promoci\u00f3n del di\u00e1logo. Dicha informaci\u00f3n se encuentra en el siguiente bot\u00f3n:[\/vc_column_text][vc_btn title=\u00bbRendici\u00f3n de cuentas\u00bb style=\u00bbclassic\u00bb color=\u00bbblue\u00bb align=\u00bbcenter\u00bb css_animation=\u00bbnone\u00bb css=\u00bb\u00bb link=\u00bburl:http%3A%2F%2Fucaldas.edu.co%2Fportal%2Frendicion-de-cuentas|title:Rendici%C3%B3n%20de%20cuentas\u00bb][\/vc_tta_section][vc_tta_section i_icon_fontawesome=\u00bbfa fa-eye\u00bb add_icon=\u00bbtrue\u00bb title=\u00bbControl social\u00bb tab_id=\u00bb1656529493697-45acf782-055e\u00bb][vc_column_text]Seg\u00fan la Ley 850 de 2003, que regula las veedur\u00edas ciudadanas, estas pueden ejercer control sobre la gesti\u00f3n p\u00fablica en cualquier momento, no solo cuando hay nuevos proyectos. Esto incluye la vigilancia de la ejecuci\u00f3n presupuestal, la calidad de los servicios educativos y el cumplimiento de los planes de desarrollo institucional.<\/p>\n<p>Es as\u00ed como la universidad de Caldas convoca a las veedur\u00edas cuando as\u00ed se requiera para el desarrollo de proyectos espec\u00edficos. De manera permanente, la universidad es incluida dentro de los informes de favorabilidad con relaci\u00f3n a su gesti\u00f3n, a trav\u00e9s de la Veedur\u00eda Ciudadana \u201cMANIZALES C\u00d3MO VAMOS\u201d.<\/p>\n<ul>\n<li><a href=\"https:\/\/www.ucaldas.edu.co\/portal\/wp-content\/uploads\/2023\/08\/DEFINICION-Y-LINEAMIENTOS-CONTROL-SOCIAL.pdf\" target=\"_blank\" rel=\"noopener\">Definici\u00f3n y lineamientos<\/a><\/li>\n<\/ul>\n<p><strong>Veedur\u00edas ciudadanas<\/strong><\/p>\n<ul>\n<li>2021 &#8211; 2022. Cancha Sint\u00e9tica Vel\u00f3dromo:\n<ul>\n<li><a href=\"https:\/\/www.ucaldas.edu.co\/portal\/wp-content\/uploads\/2022\/03\/02.-pdf-ACTA-REUNIO\u0301N-30-Junio-velodromo-con-cambios.pdf\" target=\"_blank\" rel=\"noopener\">Acta de reuni\u00f3n 30-06-2021, \u00abSocializaci\u00f3n del Proyecto Cancha Sint\u00e9tica Sector vel\u00f3dromo y Creaci\u00f3n de Comit\u00e9 de Veedur\u00eda Ciudadana o Comit\u00e9 Sostenibilidad Social\u00bb<\/a><\/li>\n<li><a href=\"https:\/\/www.ucaldas.edu.co\/portal\/wp-content\/uploads\/2022\/03\/ACTA-DE-ENTREGA-COMITE-SOSTENIBILIDAD-SOCIAL.pdf\" target=\"_blank\" rel=\"noopener\">Acta de entrega de comit\u00e9 de sostenibilidad social<\/a><\/li>\n<li><a href=\"https:\/\/www.ucaldas.edu.co\/portal\/wp-content\/uploads\/2022\/03\/acta-de-conformacio\u0301n-comite\u0301-de-sostenibi.pdf\" target=\"_blank\" rel=\"noopener\">Acta de conformaci\u00f3n del comit\u00e9 de sostenibilidad social<\/a><\/li>\n<\/ul>\n<\/li>\n<li>2023\n<ul>\n<li><a href=\"https:\/\/www.ucaldas.edu.co\/portal\/veeduria-ciudadana-para-los-proyectos-de-infraestructura-en-la-universidad-de-caldas\/\">Proyectos de infraestructura en la universidad<\/a><\/li>\n<\/ul>\n<\/li>\n<li>2024\n<ul>\n<li><a href=\"https:\/\/www.youtube.com\/watch?v=Y8pa_jqunmY\" target=\"_blank\" rel=\"noopener\">Manizales C\u00f3mo Vamos<\/a><\/li>\n<\/ul>\n<\/li>\n<\/ul>\n<p><strong><a href=\"https:\/\/www.ucaldas.edu.co\/portal\/control-interno\/#1506026941649-acf58cde-4b66\" target=\"_blank\" rel=\"noopener\">Informes<\/a><\/strong><\/p>\n<p><strong><a href=\"https:\/\/www.ucaldas.edu.co\/portal\/control-interno\/#1506027123178-2577cbee-4a44\" target=\"_blank\" rel=\"noopener\">Acciones de mejora<\/a><\/strong>[\/vc_column_text][\/vc_tta_section][\/vc_tta_tabs][vc_empty_space][\/vc_column][\/vc_row]<\/p>\n<\/div>","protected":false},"excerpt":{"rendered":"<p>[vc_row][vc_column][vc_column_text]En el Men\u00fa \u201cParticipa\u201d se encuentran los contenidos de informaci\u00f3n sobre los espacios, mecanismos y acciones que permiten la participaci\u00f3n de estudiantes, docentes, funcionarios, egresados y ciudadan\u00eda \u00a0en el ciclo de la gesti\u00f3n p\u00fablica de la Universidad de Caldas, esto con el prop\u00f3sito \u00a0de dinamizar su vinculaci\u00f3n en las decisiones y acciones p\u00fablicas durante el [&hellip;]<\/p>\n","protected":false},"author":1,"featured_media":78280,"parent":21386,"menu_order":0,"comment_status":"closed","ping_status":"closed","template":"","meta":{"footnotes":""},"class_list":["post-68373","page","type-page","status-publish","has-post-thumbnail","hentry"],"yoast_head":"<!-- This site is optimized with the Yoast SEO plugin v27.5 - https:\/\/yoast.com\/product\/yoast-seo-wordpress\/ -->\n<title>Participa en la Universidad de Caldas<\/title>\n<meta name=\"description\" content=\"Participa en informaci\u00f3n sobre espacios, mecanismos y acciones de participaci\u00f3n estudiantes, docentes, funcionarios, egresados y ciudadan\u00eda\" \/>\n<meta name=\"robots\" content=\"index, follow, max-snippet:-1, max-image-preview:large, max-video-preview:-1\" \/>\n<link rel=\"canonical\" href=\"https:\/\/www.ucaldas.edu.co\/portal\/transparencia\/participa\/\" \/>\n<script type=\"application\/ld+json\" class=\"yoast-schema-graph\">{\"@context\":\"https:\\\/\\\/schema.org\",\"@graph\":[{\"@type\":\"WebPage\",\"@id\":\"https:\\\/\\\/www.ucaldas.edu.co\\\/portal\\\/transparencia\\\/participa\\\/\",\"url\":\"https:\\\/\\\/www.ucaldas.edu.co\\\/portal\\\/transparencia\\\/participa\\\/\",\"name\":\"Participa en la Universidad de Caldas\",\"isPartOf\":{\"@id\":\"https:\\\/\\\/www.ucaldas.edu.co\\\/portal\\\/#website\"},\"primaryImageOfPage\":{\"@id\":\"https:\\\/\\\/www.ucaldas.edu.co\\\/portal\\\/transparencia\\\/participa\\\/#primaryimage\"},\"image\":{\"@id\":\"https:\\\/\\\/www.ucaldas.edu.co\\\/portal\\\/transparencia\\\/participa\\\/#primaryimage\"},\"thumbnailUrl\":\"https:\\\/\\\/www.ucaldas.edu.co\\\/portal\\\/wp-content\\\/uploads\\\/2023\\\/11\\\/minedu.jpg\",\"datePublished\":\"2022-03-03T21:32:23+00:00\",\"dateModified\":\"2026-04-10T13:56:57+00:00\",\"description\":\"Participa en informaci\u00f3n sobre espacios, mecanismos y acciones de participaci\u00f3n estudiantes, docentes, funcionarios, egresados y ciudadan\u00eda\",\"breadcrumb\":{\"@id\":\"https:\\\/\\\/www.ucaldas.edu.co\\\/portal\\\/transparencia\\\/participa\\\/#breadcrumb\"},\"inLanguage\":\"es\",\"potentialAction\":[{\"@type\":\"ReadAction\",\"target\":[\"https:\\\/\\\/www.ucaldas.edu.co\\\/portal\\\/transparencia\\\/participa\\\/\"]}]},{\"@type\":\"ImageObject\",\"inLanguage\":\"es\",\"@id\":\"https:\\\/\\\/www.ucaldas.edu.co\\\/portal\\\/transparencia\\\/participa\\\/#primaryimage\",\"url\":\"https:\\\/\\\/www.ucaldas.edu.co\\\/portal\\\/wp-content\\\/uploads\\\/2023\\\/11\\\/minedu.jpg\",\"contentUrl\":\"https:\\\/\\\/www.ucaldas.edu.co\\\/portal\\\/wp-content\\\/uploads\\\/2023\\\/11\\\/minedu.jpg\",\"width\":900,\"height\":510,\"caption\":\"sede principal u caldas\"},{\"@type\":\"BreadcrumbList\",\"@id\":\"https:\\\/\\\/www.ucaldas.edu.co\\\/portal\\\/transparencia\\\/participa\\\/#breadcrumb\",\"itemListElement\":[{\"@type\":\"ListItem\",\"position\":1,\"name\":\"Portada\",\"item\":\"https:\\\/\\\/www.ucaldas.edu.co\\\/portal\\\/\"},{\"@type\":\"ListItem\",\"position\":2,\"name\":\"Transparencia y acceso a informaci\u00f3n p\u00fablica\",\"item\":\"https:\\\/\\\/www.ucaldas.edu.co\\\/portal\\\/transparencia\\\/\"},{\"@type\":\"ListItem\",\"position\":3,\"name\":\"Participa\"}]},{\"@type\":\"WebSite\",\"@id\":\"https:\\\/\\\/www.ucaldas.edu.co\\\/portal\\\/#website\",\"url\":\"https:\\\/\\\/www.ucaldas.edu.co\\\/portal\\\/\",\"name\":\"Universidad de Caldas\",\"description\":\"\",\"publisher\":{\"@id\":\"https:\\\/\\\/www.ucaldas.edu.co\\\/portal\\\/#organization\"},\"alternateName\":\"U. de Caldas\",\"potentialAction\":[{\"@type\":\"SearchAction\",\"target\":{\"@type\":\"EntryPoint\",\"urlTemplate\":\"https:\\\/\\\/www.ucaldas.edu.co\\\/portal\\\/?s={search_term_string}\"},\"query-input\":{\"@type\":\"PropertyValueSpecification\",\"valueRequired\":true,\"valueName\":\"search_term_string\"}}],\"inLanguage\":\"es\"},{\"@type\":\"Organization\",\"@id\":\"https:\\\/\\\/www.ucaldas.edu.co\\\/portal\\\/#organization\",\"name\":\"Universidad de Caldas\",\"alternateName\":\"U. de Caldas\",\"url\":\"https:\\\/\\\/www.ucaldas.edu.co\\\/portal\\\/\",\"logo\":{\"@type\":\"ImageObject\",\"inLanguage\":\"es\",\"@id\":\"https:\\\/\\\/www.ucaldas.edu.co\\\/portal\\\/#\\\/schema\\\/logo\\\/image\\\/\",\"url\":\"https:\\\/\\\/www.ucaldas.edu.co\\\/portal\\\/wp-content\\\/uploads\\\/2023\\\/11\\\/Logo_horizontal_oscuroU-2023.png\",\"contentUrl\":\"https:\\\/\\\/www.ucaldas.edu.co\\\/portal\\\/wp-content\\\/uploads\\\/2023\\\/11\\\/Logo_horizontal_oscuroU-2023.png\",\"width\":263,\"height\":101,\"caption\":\"Universidad de Caldas\"},\"image\":{\"@id\":\"https:\\\/\\\/www.ucaldas.edu.co\\\/portal\\\/#\\\/schema\\\/logo\\\/image\\\/\"},\"sameAs\":[\"https:\\\/\\\/www.facebook.com\\\/udecaldas\",\"https:\\\/\\\/x.com\\\/udecaldas\",\"https:\\\/\\\/www.youtube.com\\\/universidadcaldas\",\"https:\\\/\\\/www.instagram.com\\\/udecaldas\\\/\"]}]}<\/script>\n<!-- \/ Yoast SEO plugin. -->","yoast_head_json":{"title":"Participa en la Universidad de Caldas","description":"Participa en informaci\u00f3n sobre espacios, mecanismos y acciones de participaci\u00f3n estudiantes, docentes, funcionarios, egresados y ciudadan\u00eda","robots":{"index":"index","follow":"follow","max-snippet":"max-snippet:-1","max-image-preview":"max-image-preview:large","max-video-preview":"max-video-preview:-1"},"canonical":"https:\/\/www.ucaldas.edu.co\/portal\/transparencia\/participa\/","schema":{"@context":"https:\/\/schema.org","@graph":[{"@type":"WebPage","@id":"https:\/\/www.ucaldas.edu.co\/portal\/transparencia\/participa\/","url":"https:\/\/www.ucaldas.edu.co\/portal\/transparencia\/participa\/","name":"Participa en la Universidad de Caldas","isPartOf":{"@id":"https:\/\/www.ucaldas.edu.co\/portal\/#website"},"primaryImageOfPage":{"@id":"https:\/\/www.ucaldas.edu.co\/portal\/transparencia\/participa\/#primaryimage"},"image":{"@id":"https:\/\/www.ucaldas.edu.co\/portal\/transparencia\/participa\/#primaryimage"},"thumbnailUrl":"https:\/\/www.ucaldas.edu.co\/portal\/wp-content\/uploads\/2023\/11\/minedu.jpg","datePublished":"2022-03-03T21:32:23+00:00","dateModified":"2026-04-10T13:56:57+00:00","description":"Participa en informaci\u00f3n sobre espacios, mecanismos y acciones de participaci\u00f3n estudiantes, docentes, funcionarios, egresados y ciudadan\u00eda","breadcrumb":{"@id":"https:\/\/www.ucaldas.edu.co\/portal\/transparencia\/participa\/#breadcrumb"},"inLanguage":"es","potentialAction":[{"@type":"ReadAction","target":["https:\/\/www.ucaldas.edu.co\/portal\/transparencia\/participa\/"]}]},{"@type":"ImageObject","inLanguage":"es","@id":"https:\/\/www.ucaldas.edu.co\/portal\/transparencia\/participa\/#primaryimage","url":"https:\/\/www.ucaldas.edu.co\/portal\/wp-content\/uploads\/2023\/11\/minedu.jpg","contentUrl":"https:\/\/www.ucaldas.edu.co\/portal\/wp-content\/uploads\/2023\/11\/minedu.jpg","width":900,"height":510,"caption":"sede principal u caldas"},{"@type":"BreadcrumbList","@id":"https:\/\/www.ucaldas.edu.co\/portal\/transparencia\/participa\/#breadcrumb","itemListElement":[{"@type":"ListItem","position":1,"name":"Portada","item":"https:\/\/www.ucaldas.edu.co\/portal\/"},{"@type":"ListItem","position":2,"name":"Transparencia y acceso a informaci\u00f3n p\u00fablica","item":"https:\/\/www.ucaldas.edu.co\/portal\/transparencia\/"},{"@type":"ListItem","position":3,"name":"Participa"}]},{"@type":"WebSite","@id":"https:\/\/www.ucaldas.edu.co\/portal\/#website","url":"https:\/\/www.ucaldas.edu.co\/portal\/","name":"Universidad de Caldas","description":"","publisher":{"@id":"https:\/\/www.ucaldas.edu.co\/portal\/#organization"},"alternateName":"U. de Caldas","potentialAction":[{"@type":"SearchAction","target":{"@type":"EntryPoint","urlTemplate":"https:\/\/www.ucaldas.edu.co\/portal\/?s={search_term_string}"},"query-input":{"@type":"PropertyValueSpecification","valueRequired":true,"valueName":"search_term_string"}}],"inLanguage":"es"},{"@type":"Organization","@id":"https:\/\/www.ucaldas.edu.co\/portal\/#organization","name":"Universidad de Caldas","alternateName":"U. de Caldas","url":"https:\/\/www.ucaldas.edu.co\/portal\/","logo":{"@type":"ImageObject","inLanguage":"es","@id":"https:\/\/www.ucaldas.edu.co\/portal\/#\/schema\/logo\/image\/","url":"https:\/\/www.ucaldas.edu.co\/portal\/wp-content\/uploads\/2023\/11\/Logo_horizontal_oscuroU-2023.png","contentUrl":"https:\/\/www.ucaldas.edu.co\/portal\/wp-content\/uploads\/2023\/11\/Logo_horizontal_oscuroU-2023.png","width":263,"height":101,"caption":"Universidad de Caldas"},"image":{"@id":"https:\/\/www.ucaldas.edu.co\/portal\/#\/schema\/logo\/image\/"},"sameAs":["https:\/\/www.facebook.com\/udecaldas","https:\/\/x.com\/udecaldas","https:\/\/www.youtube.com\/universidadcaldas","https:\/\/www.instagram.com\/udecaldas\/"]}]}},"_links":{"self":[{"href":"https:\/\/www.ucaldas.edu.co\/portal\/wp-json\/wp\/v2\/pages\/68373","targetHints":{"allow":["GET"]}}],"collection":[{"href":"https:\/\/www.ucaldas.edu.co\/portal\/wp-json\/wp\/v2\/pages"}],"about":[{"href":"https:\/\/www.ucaldas.edu.co\/portal\/wp-json\/wp\/v2\/types\/page"}],"author":[{"embeddable":true,"href":"https:\/\/www.ucaldas.edu.co\/portal\/wp-json\/wp\/v2\/users\/1"}],"replies":[{"embeddable":true,"href":"https:\/\/www.ucaldas.edu.co\/portal\/wp-json\/wp\/v2\/comments?post=68373"}],"version-history":[{"count":20,"href":"https:\/\/www.ucaldas.edu.co\/portal\/wp-json\/wp\/v2\/pages\/68373\/revisions"}],"predecessor-version":[{"id":103620,"href":"https:\/\/www.ucaldas.edu.co\/portal\/wp-json\/wp\/v2\/pages\/68373\/revisions\/103620"}],"up":[{"embeddable":true,"href":"https:\/\/www.ucaldas.edu.co\/portal\/wp-json\/wp\/v2\/pages\/21386"}],"wp:featuredmedia":[{"embeddable":true,"href":"https:\/\/www.ucaldas.edu.co\/portal\/wp-json\/wp\/v2\/media\/78280"}],"wp:attachment":[{"href":"https:\/\/www.ucaldas.edu.co\/portal\/wp-json\/wp\/v2\/media?parent=68373"}],"curies":[{"name":"wp","href":"https:\/\/api.w.org\/{rel}","templated":true}]}}