{"id":52452,"date":"2019-10-22T15:29:01","date_gmt":"2019-10-22T15:29:01","guid":{"rendered":"https:\/\/www.ucaldas.edu.co\/portal\/?page_id=52452"},"modified":"2023-07-11T15:41:45","modified_gmt":"2023-07-11T15:41:45","slug":"archivo-seguimiento-a-las-politicas-de-austeridad-y-eficiencia-del-gasto-de-la-universidad-de-caldas","status":"publish","type":"page","link":"https:\/\/www.ucaldas.edu.co\/portal\/archivo-seguimiento-a-las-politicas-de-austeridad-y-eficiencia-del-gasto-de-la-universidad-de-caldas\/","title":{"rendered":"Archivo &#8211; Seguimiento a las pol\u00edticas de austeridad y eficiencia del gasto de la Universidad de Caldas"},"content":{"rendered":"<div class=\"wpb-content-wrapper\"><p>[vc_row][vc_column][vc_column_text]<a href=\"https:\/\/www.ucaldas.edu.co\/portal\/control-interno\/#1506026941649-acf58cde-4b66\">&lt;&lt; Regresar a Secci\u00f3n de Control Interno<\/a><\/p>\n<table style=\"width: 100%;\" border=\"0\">\n<caption>Seguimiento a las pol\u00edticas de austeridad y eficiencia del gasto de la Universidad de Caldas<\/caption>\n<tbody>\n<tr align=\"center\">\n<td style=\"background-color: #e6e6fa; width: 1264px;\" colspan=\"2\" scope=\"col\"><strong>Seguimiento a las pol\u00edticas de austeridad y eficiencia del gasto de la Universidad de Caldas<\/strong><\/td>\n<\/tr>\n<tr>\n<td style=\"width: 947.217px;\">\n<ul>\n<li><span style=\"font-size: 11px;\"><a href=\"https:\/\/www.ucaldas.edu.co\/portal\/wp-content\/uploads\/2014\/02\/Informe-Nro.2-SGasto-3T18.pdf\" target=\"_blank\" rel=\"noopener\"><span style=\"font-family: Verdana, Arial, Helvetica, sans-serif;\">Informe de seguimiento al gasto 3T18<\/span><\/a><\/span><\/li>\n<\/ul>\n<\/td>\n<td style=\"width: 265.933px;\"><\/td>\n<\/tr>\n<tr>\n<td style=\"width: 947.217px;\">\n<ul>\n<li><span style=\"font-size: 11px;\"><a href=\"https:\/\/www.ucaldas.edu.co\/portal\/wp-content\/uploads\/2014\/02\/Informe-Nro.8-SGasto-4T18.pdf\" target=\"_blank\" rel=\"noopener\"><span style=\"font-family: Verdana, Arial, Helvetica, sans-serif;\">Informe de seguimiento al gasto 4T18<\/span><\/a><\/span><\/li>\n<\/ul>\n<\/td>\n<td style=\"width: 265.933px;\"><\/td>\n<\/tr>\n<tr>\n<td style=\"width: 947.217px;\">\n<ul>\n<li><span style=\"font-size: 11px;\"><a href=\"https:\/\/www.ucaldas.edu.co\/portal\/wp-content\/uploads\/2014\/02\/Informe-Nro.21SGasto-1T19.pdf\" target=\"_blank\" rel=\"noopener\"><span style=\"font-family: Verdana, Arial, Helvetica, sans-serif;\">Informe de seguimiento al gasto 1T19<\/span><\/a><\/span><\/li>\n<\/ul>\n<\/td>\n<td style=\"width: 265.933px;\"><\/td>\n<\/tr>\n<tr>\n<td style=\"width: 947.217px;\">\n<ul>\n<li><span style=\"font-size: 11px;\"><a href=\"https:\/\/www.ucaldas.edu.co\/portal\/wp-content\/uploads\/2014\/02\/Informe-Nro.38-SGasto-2T19.pdf\" target=\"_blank\" rel=\"noopener\"><span style=\"font-family: Verdana, Arial, Helvetica, sans-serif;\">Informe de seguimiento al gasto 2T19<\/span><\/a><\/span><\/li>\n<\/ul>\n<\/td>\n<td style=\"width: 265.933px;\"><\/td>\n<\/tr>\n<tr>\n<td style=\"width: 947.217px;\">\n<ul>\n<li><span style=\"font-size: 11px;\"><a href=\"https:\/\/www.ucaldas.edu.co\/portal\/wp-content\/uploads\/2014\/02\/Informe-de-Ejecuci\u00f3n-Programa-de-Auditor\u00edas-2018.pdf\" target=\"_blank\" rel=\"noopener\"><span style=\"font-family: Verdana, Arial, Helvetica, sans-serif;\">El informe de ejecuci\u00f3n del programa Anual de Auditor\u00edas vigencia 2018<\/span><\/a><\/span><\/li>\n<\/ul>\n<\/td>\n<td style=\"width: 265.933px;\"><\/td>\n<\/tr>\n<tr>\n<td style=\"width: 947.217px;\" scope=\"col\">\n<ul>\n<li><span style=\"font-size: 11px;\"><a href=\"https:\/\/www.ucaldas.edu.co\/portal\/wp-content\/uploads\/2014\/02\/Informe_Seguimiento_Gasto_1T17.pdf\" target=\"_blank\" rel=\"noopener\"><span style=\"font-family: Verdana, Arial, Helvetica, sans-serif;\">Informe de seguimiento al gasto 1T17<\/span><\/a><\/span><\/li>\n<\/ul>\n<\/td>\n<td style=\"width: 265.933px;\" scope=\"col\"><\/td>\n<\/tr>\n<tr>\n<td style=\"width: 947.217px;\" scope=\"col\">\n<ul>\n<li><span style=\"font-size: 11px;\"><a href=\"https:\/\/www.ucaldas.edu.co\/portal\/wp-content\/uploads\/2014\/02\/Informe_Seguimiento_Gasto_2T17.pdf\" target=\"_blank\" rel=\"noopener\"><span style=\"font-family: Verdana, Arial, Helvetica, sans-serif;\">Informe de seguimiento al gasto 2T17<\/span><\/a><\/span><\/li>\n<\/ul>\n<\/td>\n<td style=\"width: 265.933px;\" scope=\"col\"><\/td>\n<\/tr>\n<tr>\n<td style=\"width: 947.217px;\" scope=\"col\">\n<ul>\n<li><span style=\"font-size: 11px;\"><a href=\"https:\/\/www.ucaldas.edu.co\/portal\/wp-content\/uploads\/2014\/02\/Informe_Seguimiento_Gasto_4T16.pdf\" target=\"_blank\" rel=\"noopener\"><span style=\"font-family: Verdana, Arial, Helvetica, sans-serif;\">Informe de seguimiento al gasto 4T16<\/span><\/a><\/span><\/li>\n<\/ul>\n<\/td>\n<td style=\"width: 265.933px;\" scope=\"col\"><\/td>\n<\/tr>\n<tr>\n<td style=\"width: 947.217px;\" scope=\"col\">\n<ul>\n<li><span style=\"font-size: 11px;\"><a href=\"https:\/\/www.ucaldas.edu.co\/portal\/wp-content\/uploads\/2014\/02\/Arqueos-de-caja-menor.compressed.pdf\" target=\"_blank\" rel=\"noopener\"><span style=\"font-family: Verdana, Arial, Helvetica, sans-serif;\">Arqueos de caja menor<\/span><\/a><\/span><\/li>\n<\/ul>\n<\/td>\n<td style=\"width: 265.933px;\" scope=\"col\"><\/td>\n<\/tr>\n<tr>\n<td style=\"width: 947.217px;\" scope=\"col\">\n<ul>\n<li><span style=\"font-size: 11px;\"><a href=\"https:\/\/www.ucaldas.edu.co\/portal\/wp-content\/uploads\/2014\/02\/Veedur\u00eda-Becas-de-Compensaci\u00f3n-2016-2.compressed.pdf\" target=\"_blank\" rel=\"noopener\"><span style=\"font-family: Verdana, Arial, Helvetica, sans-serif;\">Veedur\u00eda Becas de Compensaci\u00f3n 2016-2<\/span><\/a><\/span><\/li>\n<\/ul>\n<\/td>\n<td style=\"width: 265.933px;\" scope=\"col\"><\/td>\n<\/tr>\n<tr>\n<td style=\"width: 947.217px;\" scope=\"col\">\n<ul>\n<li><span style=\"font-size: 11px;\"><a href=\"https:\/\/www.ucaldas.edu.co\/portal\/wp-content\/uploads\/2014\/02\/Veedur\u00eda-Becas-de-compensaci\u00f3n-2017-1.compressed.pdf\" target=\"_blank\" rel=\"noopener\"><span style=\"font-family: Verdana, Arial, Helvetica, sans-serif;\">Veedur\u00eda Becas de Compensaci\u00f3n 2017-1<\/span><\/a><\/span><\/li>\n<\/ul>\n<\/td>\n<td style=\"width: 265.933px;\" scope=\"col\"><\/td>\n<\/tr>\n<tr>\n<td style=\"width: 947.217px;\" scope=\"col\">\n<ul>\n<li><span style=\"font-size: 11px;\"><a href=\"https:\/\/www.ucaldas.edu.co\/portal\/wp-content\/uploads\/2014\/02\/certificado_401_20161231_12.pdf\" target=\"_blank\" rel=\"noopener\"><span style=\"font-family: Verdana, Arial, Helvetica, sans-serif;\">Cuenta consolidada &#8211; certificado_401_20161231_12<\/span><\/a><\/span><\/li>\n<\/ul>\n<\/td>\n<td style=\"width: 265.933px;\" scope=\"col\"><\/td>\n<\/tr>\n<\/tbody>\n<\/table>\n<p>[\/vc_column_text][\/vc_column][\/vc_row]<\/p>\n<\/div>","protected":false},"excerpt":{"rendered":"<p>[vc_row][vc_column][vc_column_text]&lt;&lt; Regresar a Secci\u00f3n de Control Interno Seguimiento a las pol\u00edticas de austeridad y eficiencia del gasto de la Universidad de Caldas Seguimiento a las pol\u00edticas de austeridad y eficiencia del gasto de la Universidad de Caldas Informe de seguimiento al gasto 3T18 Informe de seguimiento al gasto 4T18 Informe de seguimiento al gasto 1T19 [&hellip;]<\/p>\n","protected":false},"author":1,"featured_media":0,"parent":0,"menu_order":0,"comment_status":"closed","ping_status":"closed","template":"","meta":{"footnotes":""},"class_list":["post-52452","page","type-page","status-publish","hentry"],"yoast_head":"<!-- This site is optimized with the Yoast SEO plugin v27.5 - https:\/\/yoast.com\/product\/yoast-seo-wordpress\/ -->\n<title>Archivo - Seguimiento a las pol\u00edticas de austeridad y eficiencia del gasto de la Universidad de Caldas .<\/title>\n<meta name=\"robots\" content=\"index, follow, max-snippet:-1, max-image-preview:large, max-video-preview:-1\" \/>\n<link rel=\"canonical\" href=\"https:\/\/www.ucaldas.edu.co\/portal\/archivo-seguimiento-a-las-politicas-de-austeridad-y-eficiencia-del-gasto-de-la-universidad-de-caldas\/\" \/>\n<script type=\"application\/ld+json\" class=\"yoast-schema-graph\">{\"@context\":\"https:\\\/\\\/schema.org\",\"@graph\":[{\"@type\":\"WebPage\",\"@id\":\"https:\\\/\\\/www.ucaldas.edu.co\\\/portal\\\/archivo-seguimiento-a-las-politicas-de-austeridad-y-eficiencia-del-gasto-de-la-universidad-de-caldas\\\/\",\"url\":\"https:\\\/\\\/www.ucaldas.edu.co\\\/portal\\\/archivo-seguimiento-a-las-politicas-de-austeridad-y-eficiencia-del-gasto-de-la-universidad-de-caldas\\\/\",\"name\":\"Archivo - Seguimiento a las pol\u00edticas de austeridad y eficiencia del gasto de la Universidad de Caldas .\",\"isPartOf\":{\"@id\":\"https:\\\/\\\/www.ucaldas.edu.co\\\/portal\\\/#website\"},\"datePublished\":\"2019-10-22T15:29:01+00:00\",\"dateModified\":\"2023-07-11T15:41:45+00:00\",\"breadcrumb\":{\"@id\":\"https:\\\/\\\/www.ucaldas.edu.co\\\/portal\\\/archivo-seguimiento-a-las-politicas-de-austeridad-y-eficiencia-del-gasto-de-la-universidad-de-caldas\\\/#breadcrumb\"},\"inLanguage\":\"es\",\"potentialAction\":[{\"@type\":\"ReadAction\",\"target\":[\"https:\\\/\\\/www.ucaldas.edu.co\\\/portal\\\/archivo-seguimiento-a-las-politicas-de-austeridad-y-eficiencia-del-gasto-de-la-universidad-de-caldas\\\/\"]}]},{\"@type\":\"BreadcrumbList\",\"@id\":\"https:\\\/\\\/www.ucaldas.edu.co\\\/portal\\\/archivo-seguimiento-a-las-politicas-de-austeridad-y-eficiencia-del-gasto-de-la-universidad-de-caldas\\\/#breadcrumb\",\"itemListElement\":[{\"@type\":\"ListItem\",\"position\":1,\"name\":\"Portada\",\"item\":\"https:\\\/\\\/www.ucaldas.edu.co\\\/portal\\\/\"},{\"@type\":\"ListItem\",\"position\":2,\"name\":\"Archivo &#8211; Seguimiento a las pol\u00edticas de austeridad y eficiencia del gasto de la Universidad de Caldas\"}]},{\"@type\":\"WebSite\",\"@id\":\"https:\\\/\\\/www.ucaldas.edu.co\\\/portal\\\/#website\",\"url\":\"https:\\\/\\\/www.ucaldas.edu.co\\\/portal\\\/\",\"name\":\"Universidad de Caldas\",\"description\":\"\",\"publisher\":{\"@id\":\"https:\\\/\\\/www.ucaldas.edu.co\\\/portal\\\/#organization\"},\"alternateName\":\"U. de Caldas\",\"potentialAction\":[{\"@type\":\"SearchAction\",\"target\":{\"@type\":\"EntryPoint\",\"urlTemplate\":\"https:\\\/\\\/www.ucaldas.edu.co\\\/portal\\\/?s={search_term_string}\"},\"query-input\":{\"@type\":\"PropertyValueSpecification\",\"valueRequired\":true,\"valueName\":\"search_term_string\"}}],\"inLanguage\":\"es\"},{\"@type\":\"Organization\",\"@id\":\"https:\\\/\\\/www.ucaldas.edu.co\\\/portal\\\/#organization\",\"name\":\"Universidad de Caldas\",\"alternateName\":\"U. de Caldas\",\"url\":\"https:\\\/\\\/www.ucaldas.edu.co\\\/portal\\\/\",\"logo\":{\"@type\":\"ImageObject\",\"inLanguage\":\"es\",\"@id\":\"https:\\\/\\\/www.ucaldas.edu.co\\\/portal\\\/#\\\/schema\\\/logo\\\/image\\\/\",\"url\":\"https:\\\/\\\/www.ucaldas.edu.co\\\/portal\\\/wp-content\\\/uploads\\\/2023\\\/11\\\/Logo_horizontal_oscuroU-2023.png\",\"contentUrl\":\"https:\\\/\\\/www.ucaldas.edu.co\\\/portal\\\/wp-content\\\/uploads\\\/2023\\\/11\\\/Logo_horizontal_oscuroU-2023.png\",\"width\":263,\"height\":101,\"caption\":\"Universidad de Caldas\"},\"image\":{\"@id\":\"https:\\\/\\\/www.ucaldas.edu.co\\\/portal\\\/#\\\/schema\\\/logo\\\/image\\\/\"},\"sameAs\":[\"https:\\\/\\\/www.facebook.com\\\/udecaldas\",\"https:\\\/\\\/x.com\\\/udecaldas\",\"https:\\\/\\\/www.youtube.com\\\/universidadcaldas\",\"https:\\\/\\\/www.instagram.com\\\/udecaldas\\\/\"]}]}<\/script>\n<!-- \/ Yoast SEO plugin. -->","yoast_head_json":{"title":"Archivo - Seguimiento a las pol\u00edticas de austeridad y eficiencia del gasto de la Universidad de Caldas .","robots":{"index":"index","follow":"follow","max-snippet":"max-snippet:-1","max-image-preview":"max-image-preview:large","max-video-preview":"max-video-preview:-1"},"canonical":"https:\/\/www.ucaldas.edu.co\/portal\/archivo-seguimiento-a-las-politicas-de-austeridad-y-eficiencia-del-gasto-de-la-universidad-de-caldas\/","schema":{"@context":"https:\/\/schema.org","@graph":[{"@type":"WebPage","@id":"https:\/\/www.ucaldas.edu.co\/portal\/archivo-seguimiento-a-las-politicas-de-austeridad-y-eficiencia-del-gasto-de-la-universidad-de-caldas\/","url":"https:\/\/www.ucaldas.edu.co\/portal\/archivo-seguimiento-a-las-politicas-de-austeridad-y-eficiencia-del-gasto-de-la-universidad-de-caldas\/","name":"Archivo - Seguimiento a las pol\u00edticas de austeridad y eficiencia del gasto de la Universidad de Caldas .","isPartOf":{"@id":"https:\/\/www.ucaldas.edu.co\/portal\/#website"},"datePublished":"2019-10-22T15:29:01+00:00","dateModified":"2023-07-11T15:41:45+00:00","breadcrumb":{"@id":"https:\/\/www.ucaldas.edu.co\/portal\/archivo-seguimiento-a-las-politicas-de-austeridad-y-eficiencia-del-gasto-de-la-universidad-de-caldas\/#breadcrumb"},"inLanguage":"es","potentialAction":[{"@type":"ReadAction","target":["https:\/\/www.ucaldas.edu.co\/portal\/archivo-seguimiento-a-las-politicas-de-austeridad-y-eficiencia-del-gasto-de-la-universidad-de-caldas\/"]}]},{"@type":"BreadcrumbList","@id":"https:\/\/www.ucaldas.edu.co\/portal\/archivo-seguimiento-a-las-politicas-de-austeridad-y-eficiencia-del-gasto-de-la-universidad-de-caldas\/#breadcrumb","itemListElement":[{"@type":"ListItem","position":1,"name":"Portada","item":"https:\/\/www.ucaldas.edu.co\/portal\/"},{"@type":"ListItem","position":2,"name":"Archivo &#8211; Seguimiento a las pol\u00edticas de austeridad y eficiencia del gasto de la Universidad de Caldas"}]},{"@type":"WebSite","@id":"https:\/\/www.ucaldas.edu.co\/portal\/#website","url":"https:\/\/www.ucaldas.edu.co\/portal\/","name":"Universidad de Caldas","description":"","publisher":{"@id":"https:\/\/www.ucaldas.edu.co\/portal\/#organization"},"alternateName":"U. de Caldas","potentialAction":[{"@type":"SearchAction","target":{"@type":"EntryPoint","urlTemplate":"https:\/\/www.ucaldas.edu.co\/portal\/?s={search_term_string}"},"query-input":{"@type":"PropertyValueSpecification","valueRequired":true,"valueName":"search_term_string"}}],"inLanguage":"es"},{"@type":"Organization","@id":"https:\/\/www.ucaldas.edu.co\/portal\/#organization","name":"Universidad de Caldas","alternateName":"U. de Caldas","url":"https:\/\/www.ucaldas.edu.co\/portal\/","logo":{"@type":"ImageObject","inLanguage":"es","@id":"https:\/\/www.ucaldas.edu.co\/portal\/#\/schema\/logo\/image\/","url":"https:\/\/www.ucaldas.edu.co\/portal\/wp-content\/uploads\/2023\/11\/Logo_horizontal_oscuroU-2023.png","contentUrl":"https:\/\/www.ucaldas.edu.co\/portal\/wp-content\/uploads\/2023\/11\/Logo_horizontal_oscuroU-2023.png","width":263,"height":101,"caption":"Universidad de Caldas"},"image":{"@id":"https:\/\/www.ucaldas.edu.co\/portal\/#\/schema\/logo\/image\/"},"sameAs":["https:\/\/www.facebook.com\/udecaldas","https:\/\/x.com\/udecaldas","https:\/\/www.youtube.com\/universidadcaldas","https:\/\/www.instagram.com\/udecaldas\/"]}]}},"_links":{"self":[{"href":"https:\/\/www.ucaldas.edu.co\/portal\/wp-json\/wp\/v2\/pages\/52452","targetHints":{"allow":["GET"]}}],"collection":[{"href":"https:\/\/www.ucaldas.edu.co\/portal\/wp-json\/wp\/v2\/pages"}],"about":[{"href":"https:\/\/www.ucaldas.edu.co\/portal\/wp-json\/wp\/v2\/types\/page"}],"author":[{"embeddable":true,"href":"https:\/\/www.ucaldas.edu.co\/portal\/wp-json\/wp\/v2\/users\/1"}],"replies":[{"embeddable":true,"href":"https:\/\/www.ucaldas.edu.co\/portal\/wp-json\/wp\/v2\/comments?post=52452"}],"version-history":[{"count":0,"href":"https:\/\/www.ucaldas.edu.co\/portal\/wp-json\/wp\/v2\/pages\/52452\/revisions"}],"wp:attachment":[{"href":"https:\/\/www.ucaldas.edu.co\/portal\/wp-json\/wp\/v2\/media?parent=52452"}],"curies":[{"name":"wp","href":"https:\/\/api.w.org\/{rel}","templated":true}]}}