{"id":52448,"date":"2019-10-22T15:08:10","date_gmt":"2019-10-22T15:08:10","guid":{"rendered":"https:\/\/www.ucaldas.edu.co\/portal\/?page_id=52448"},"modified":"2021-12-16T21:10:50","modified_gmt":"2021-12-16T21:10:50","slug":"archivo-seguimiento-al-cumplimiento-del-plan-de-accion-y-plan-de-desarrollo","status":"publish","type":"page","link":"https:\/\/www.ucaldas.edu.co\/portal\/archivo-seguimiento-al-cumplimiento-del-plan-de-accion-y-plan-de-desarrollo\/","title":{"rendered":"Archivo &#8211; Seguimiento al cumplimiento del Plan de Acci\u00f3n y Plan de Desarrollo"},"content":{"rendered":"<div class=\"wpb-content-wrapper\"><p>[vc_row][vc_column][vc_column_text]<a href=\"https:\/\/www.ucaldas.edu.co\/portal\/control-interno\/#1506026941649-acf58cde-4b66\">&lt;&lt; Regresar a Secci\u00f3n de Control Interno<\/a><\/p>\n<table style=\"width: 100%;\" border=\"0\">\n<caption>Archivo, Seguimiento al cumplimiento del Plan de Acci\u00f3n y Plan de Desarrollo<\/caption>\n<tbody>\n<tr align=\"center\">\n<td style=\"background-color: #e6e6fa; width: 1264px;\" colspan=\"2\" scope=\"col\"><strong>Archivo &#8211; Seguimiento al cumplimiento del Plan de Acci\u00f3n y Plan de Desarrollo<\/strong><\/td>\n<\/tr>\n<tr>\n<td style=\"width: 947.217px;\" scope=\"col\">\n<ul>\n<li><span style=\"font-size: 11px;\"><a href=\"http:\/\/www.ucaldas.edu.co\/docs\/controlinterno\/avances_plan_desarrollo_plan_accion_corte_2011_1.pdf\" target=\"_blank\" rel=\"noopener\"><span style=\"font-family: Verdana, Arial, Helvetica, sans-serif;\">Avances Plan Desarrollo \u2013 Plan de Acci\u00f3n corte 2011-1<\/span><\/a><\/span><\/li>\n<\/ul>\n<\/td>\n<td style=\"width: 265.933px;\" scope=\"col\"><\/td>\n<\/tr>\n<tr>\n<td style=\"width: 947.217px;\" scope=\"col\">\n<ul>\n<li><span style=\"font-size: 11px;\"><a href=\"http:\/\/www.ucaldas.edu.co\/docs\/controlinterno\/avances_plan_desarrollo_plan_accion_corte_2011_2.pdf\" target=\"_blank\" rel=\"noopener\"><span style=\"font-family: Verdana, Arial, Helvetica, sans-serif;\">Avances Plan de Desarrollo Institucional \u2013 Plan Acci\u00f3n Institucional 2011-2<\/span><\/a><\/span><\/li>\n<\/ul>\n<\/td>\n<td style=\"width: 265.933px;\" scope=\"col\"><\/td>\n<\/tr>\n<tr>\n<td style=\"width: 947.217px;\" scope=\"col\">\n<ul>\n<li><span style=\"font-size: 11px;\"><a href=\"http:\/\/www.ucaldas.edu.co\/docs\/controlinterno\/avances_plan_desarrollo_plan_accion_corte_2012_1.pdf\" target=\"_blank\" rel=\"noopener\"><span style=\"font-family: Verdana, Arial, Helvetica, sans-serif;\">Avances Plan de Desarrollo Institucional \u2013 Plan Acci\u00f3n Institucional 2012-1<\/span><\/a><\/span><\/li>\n<\/ul>\n<\/td>\n<td style=\"width: 265.933px;\" scope=\"col\"><\/td>\n<\/tr>\n<tr>\n<td style=\"width: 947.217px;\" scope=\"col\">\n<ul>\n<li><span style=\"font-size: 11px;\"><a href=\"http:\/\/www.ucaldas.edu.co\/docs\/controlinterno\/avances_plan_desarrollo_plan_accion_corte_2012_2.pdf\" target=\"_blank\" rel=\"noopener\"><span style=\"font-family: Verdana, Arial, Helvetica, sans-serif;\">Avances Plan de Desarrollo Institucional \u2013 Plan Acci\u00f3n Institucional 2012-2<\/span><\/a><\/span><\/li>\n<\/ul>\n<\/td>\n<td style=\"width: 265.933px;\" scope=\"col\"><\/td>\n<\/tr>\n<tr>\n<td style=\"width: 947.217px;\" scope=\"col\">\n<ul>\n<li><span style=\"font-size: 11px;\"><a href=\"http:\/\/www.ucaldas.edu.co\/docs\/controlinterno\/Cumplimiento_Plan_de_Desarrollo_20131.pdf\" target=\"_blank\" rel=\"noopener\"><span style=\"font-family: Verdana, Arial, Helvetica, sans-serif;\">Avances Plan de Desarrollo Institucional \u2013 Plan Acci\u00f3n Institucional 2013-1<\/span><\/a><\/span><\/li>\n<\/ul>\n<\/td>\n<td style=\"width: 265.933px;\" scope=\"col\"><\/td>\n<\/tr>\n<tr>\n<td style=\"width: 947.217px;\" scope=\"col\">\n<ul>\n<li><span style=\"font-size: 11px;\"><a href=\"http:\/\/www.ucaldas.edu.co\/docs\/controlinterno\/avances_plan_desarrollo_institucional_plan_accion_institucional_2013_2.pdf\" target=\"_blank\" rel=\"noopener\"><span style=\"font-family: Verdana, Arial, Helvetica, sans-serif;\">Avance Plan de Desarrollo y Plan Acci\u00f3n Institucional periodo 2013-2 \u2013 con Corte al 31\/12\/2013<\/span><\/a><\/span><\/li>\n<\/ul>\n<\/td>\n<td style=\"width: 265.933px;\" scope=\"col\"><\/td>\n<\/tr>\n<tr>\n<td style=\"width: 947.217px;\" scope=\"col\">\n<ul>\n<li><span style=\"font-size: 11px;\"><a href=\"https:\/\/www.ucaldas.edu.co\/portal\/wp-content\/uploads\/2014\/02\/avances_plan_desarrollo_PAI_1_enero_19_mayo_2014.pdf\" target=\"_blank\" rel=\"noopener\"><span style=\"font-family: Verdana, Arial, Helvetica, sans-serif;\">Avance Plan de Desarrollo y Plan Acci\u00f3n Institucional periodo 2014-1 \u2013 con Corte al 31\/12\/2013<\/span><\/a><\/span><\/li>\n<\/ul>\n<\/td>\n<td style=\"width: 265.933px;\" scope=\"col\"><\/td>\n<\/tr>\n<tr>\n<td style=\"width: 947.217px;\" scope=\"col\">\n<ul>\n<li><span style=\"font-size: 11px;\"><a href=\"https:\/\/www.ucaldas.edu.co\/portal\/wp-content\/uploads\/2014\/02\/Informe-Plan-de-Acci%C3%B3n-Institucional-30-06-2019.pdf\" target=\"_blank\" rel=\"noopener\"><span style=\"font-family: Verdana, Arial, Helvetica, sans-serif;\">Avance Plan de Desarrollo y Plan Acci\u00f3n Institucional periodo 2019-2022 \u2013 con Corte al 30\/06\/2019<\/span><\/a><\/span><\/li>\n<\/ul>\n<\/td>\n<td style=\"width: 265.933px;\" scope=\"col\"><\/td>\n<\/tr>\n<tr>\n<td style=\"width: 947.217px;\" scope=\"col\">\n<ul>\n<li><span style=\"font-size: 11px;\"><a href=\"https:\/\/www.ucaldas.edu.co\/portal\/wp-content\/uploads\/2014\/02\/matriz_seg_plan_desarrollo_2017.pdf\" target=\"_blank\" rel=\"noopener\"><span style=\"font-family: Verdana, Arial, Helvetica, sans-serif;\">Seguimiento al Plan de Acci\u00f3n y Plan de Desarrollo 2009 \u2013 2018 (Corte a 2017 \u2013 1)<\/span><\/a><\/span><\/li>\n<\/ul>\n<\/td>\n<td style=\"width: 265.933px;\" scope=\"col\"><\/td>\n<\/tr>\n<tr>\n<td style=\"width: 947.217px;\" scope=\"col\">\n<ul>\n<li><span style=\"font-size: 11px;\"><a href=\"https:\/\/www.ucaldas.edu.co\/portal\/wp-content\/uploads\/2014\/02\/MATRIZ_SEGUIMIENTO_PLAN_DESARROLLO_PAG_WEB_2015.pdf\" target=\"_blank\" rel=\"noopener\"><span style=\"font-family: Verdana, Arial, Helvetica, sans-serif;\">Seguimiento al Plan de Acci\u00f3n y Plan de Desarrollo 2009 \u2013 2018 (Corte a Diciembre 31 de 2015)<\/span><\/a><\/span><\/li>\n<\/ul>\n<\/td>\n<td style=\"width: 265.933px;\" scope=\"col\"><\/td>\n<\/tr>\n<tr>\n<td style=\"width: 947.217px;\" scope=\"col\">\n<ul>\n<li><span style=\"font-size: 11px;\"><a href=\"https:\/\/www.ucaldas.edu.co\/portal\/wp-content\/uploads\/2014\/02\/MATRIZ-SEGUIMIENTO-PLAN-DESARROLLO-al-2017-1.pdf\" target=\"_blank\" rel=\"noopener\"><span style=\"font-family: Verdana, Arial, Helvetica, sans-serif;\">MATRIZ SEGUIMIENTO PLAN DESARROLLO al 2017-1<\/span><\/a><\/span><\/li>\n<\/ul>\n<\/td>\n<td style=\"width: 265.933px;\" scope=\"col\"><\/td>\n<\/tr>\n<\/tbody>\n<\/table>\n<p>[\/vc_column_text][\/vc_column][\/vc_row]<\/p>\n<\/div>","protected":false},"excerpt":{"rendered":"<p>[vc_row][vc_column][vc_column_text]&lt;&lt; Regresar a Secci\u00f3n de Control Interno Archivo, Seguimiento al cumplimiento del Plan de Acci\u00f3n y Plan de Desarrollo Archivo &#8211; Seguimiento al cumplimiento del Plan de Acci\u00f3n y Plan de Desarrollo Avances Plan Desarrollo \u2013 Plan de Acci\u00f3n corte 2011-1 Avances Plan de Desarrollo Institucional \u2013 Plan Acci\u00f3n Institucional 2011-2 Avances Plan de Desarrollo [&hellip;]<\/p>\n","protected":false},"author":1,"featured_media":0,"parent":0,"menu_order":0,"comment_status":"closed","ping_status":"closed","template":"","meta":{"footnotes":""},"class_list":["post-52448","page","type-page","status-publish","hentry"],"yoast_head":"<!-- This site is optimized with the Yoast SEO plugin v27.5 - https:\/\/yoast.com\/product\/yoast-seo-wordpress\/ -->\n<title>Archivo - Seguimiento al cumplimiento del Plan de Acci\u00f3n y Plan de Desarrollo .<\/title>\n<meta name=\"robots\" content=\"index, follow, max-snippet:-1, max-image-preview:large, max-video-preview:-1\" \/>\n<link rel=\"canonical\" href=\"https:\/\/www.ucaldas.edu.co\/portal\/archivo-seguimiento-al-cumplimiento-del-plan-de-accion-y-plan-de-desarrollo\/\" \/>\n<script type=\"application\/ld+json\" class=\"yoast-schema-graph\">{\"@context\":\"https:\\\/\\\/schema.org\",\"@graph\":[{\"@type\":\"WebPage\",\"@id\":\"https:\\\/\\\/www.ucaldas.edu.co\\\/portal\\\/archivo-seguimiento-al-cumplimiento-del-plan-de-accion-y-plan-de-desarrollo\\\/\",\"url\":\"https:\\\/\\\/www.ucaldas.edu.co\\\/portal\\\/archivo-seguimiento-al-cumplimiento-del-plan-de-accion-y-plan-de-desarrollo\\\/\",\"name\":\"Archivo - Seguimiento al cumplimiento del Plan de Acci\u00f3n y Plan de Desarrollo .\",\"isPartOf\":{\"@id\":\"https:\\\/\\\/www.ucaldas.edu.co\\\/portal\\\/#website\"},\"datePublished\":\"2019-10-22T15:08:10+00:00\",\"dateModified\":\"2021-12-16T21:10:50+00:00\",\"breadcrumb\":{\"@id\":\"https:\\\/\\\/www.ucaldas.edu.co\\\/portal\\\/archivo-seguimiento-al-cumplimiento-del-plan-de-accion-y-plan-de-desarrollo\\\/#breadcrumb\"},\"inLanguage\":\"es\",\"potentialAction\":[{\"@type\":\"ReadAction\",\"target\":[\"https:\\\/\\\/www.ucaldas.edu.co\\\/portal\\\/archivo-seguimiento-al-cumplimiento-del-plan-de-accion-y-plan-de-desarrollo\\\/\"]}]},{\"@type\":\"BreadcrumbList\",\"@id\":\"https:\\\/\\\/www.ucaldas.edu.co\\\/portal\\\/archivo-seguimiento-al-cumplimiento-del-plan-de-accion-y-plan-de-desarrollo\\\/#breadcrumb\",\"itemListElement\":[{\"@type\":\"ListItem\",\"position\":1,\"name\":\"Portada\",\"item\":\"https:\\\/\\\/www.ucaldas.edu.co\\\/portal\\\/\"},{\"@type\":\"ListItem\",\"position\":2,\"name\":\"Archivo &#8211; Seguimiento al cumplimiento del Plan de Acci\u00f3n y Plan de Desarrollo\"}]},{\"@type\":\"WebSite\",\"@id\":\"https:\\\/\\\/www.ucaldas.edu.co\\\/portal\\\/#website\",\"url\":\"https:\\\/\\\/www.ucaldas.edu.co\\\/portal\\\/\",\"name\":\"Universidad de Caldas\",\"description\":\"\",\"publisher\":{\"@id\":\"https:\\\/\\\/www.ucaldas.edu.co\\\/portal\\\/#organization\"},\"alternateName\":\"U. de Caldas\",\"potentialAction\":[{\"@type\":\"SearchAction\",\"target\":{\"@type\":\"EntryPoint\",\"urlTemplate\":\"https:\\\/\\\/www.ucaldas.edu.co\\\/portal\\\/?s={search_term_string}\"},\"query-input\":{\"@type\":\"PropertyValueSpecification\",\"valueRequired\":true,\"valueName\":\"search_term_string\"}}],\"inLanguage\":\"es\"},{\"@type\":\"Organization\",\"@id\":\"https:\\\/\\\/www.ucaldas.edu.co\\\/portal\\\/#organization\",\"name\":\"Universidad de Caldas\",\"alternateName\":\"U. de Caldas\",\"url\":\"https:\\\/\\\/www.ucaldas.edu.co\\\/portal\\\/\",\"logo\":{\"@type\":\"ImageObject\",\"inLanguage\":\"es\",\"@id\":\"https:\\\/\\\/www.ucaldas.edu.co\\\/portal\\\/#\\\/schema\\\/logo\\\/image\\\/\",\"url\":\"https:\\\/\\\/www.ucaldas.edu.co\\\/portal\\\/wp-content\\\/uploads\\\/2023\\\/11\\\/Logo_horizontal_oscuroU-2023.png\",\"contentUrl\":\"https:\\\/\\\/www.ucaldas.edu.co\\\/portal\\\/wp-content\\\/uploads\\\/2023\\\/11\\\/Logo_horizontal_oscuroU-2023.png\",\"width\":263,\"height\":101,\"caption\":\"Universidad de Caldas\"},\"image\":{\"@id\":\"https:\\\/\\\/www.ucaldas.edu.co\\\/portal\\\/#\\\/schema\\\/logo\\\/image\\\/\"},\"sameAs\":[\"https:\\\/\\\/www.facebook.com\\\/udecaldas\",\"https:\\\/\\\/x.com\\\/udecaldas\",\"https:\\\/\\\/www.youtube.com\\\/universidadcaldas\",\"https:\\\/\\\/www.instagram.com\\\/udecaldas\\\/\"]}]}<\/script>\n<!-- \/ Yoast SEO plugin. -->","yoast_head_json":{"title":"Archivo - Seguimiento al cumplimiento del Plan de Acci\u00f3n y Plan de Desarrollo .","robots":{"index":"index","follow":"follow","max-snippet":"max-snippet:-1","max-image-preview":"max-image-preview:large","max-video-preview":"max-video-preview:-1"},"canonical":"https:\/\/www.ucaldas.edu.co\/portal\/archivo-seguimiento-al-cumplimiento-del-plan-de-accion-y-plan-de-desarrollo\/","schema":{"@context":"https:\/\/schema.org","@graph":[{"@type":"WebPage","@id":"https:\/\/www.ucaldas.edu.co\/portal\/archivo-seguimiento-al-cumplimiento-del-plan-de-accion-y-plan-de-desarrollo\/","url":"https:\/\/www.ucaldas.edu.co\/portal\/archivo-seguimiento-al-cumplimiento-del-plan-de-accion-y-plan-de-desarrollo\/","name":"Archivo - Seguimiento al cumplimiento del Plan de Acci\u00f3n y Plan de Desarrollo .","isPartOf":{"@id":"https:\/\/www.ucaldas.edu.co\/portal\/#website"},"datePublished":"2019-10-22T15:08:10+00:00","dateModified":"2021-12-16T21:10:50+00:00","breadcrumb":{"@id":"https:\/\/www.ucaldas.edu.co\/portal\/archivo-seguimiento-al-cumplimiento-del-plan-de-accion-y-plan-de-desarrollo\/#breadcrumb"},"inLanguage":"es","potentialAction":[{"@type":"ReadAction","target":["https:\/\/www.ucaldas.edu.co\/portal\/archivo-seguimiento-al-cumplimiento-del-plan-de-accion-y-plan-de-desarrollo\/"]}]},{"@type":"BreadcrumbList","@id":"https:\/\/www.ucaldas.edu.co\/portal\/archivo-seguimiento-al-cumplimiento-del-plan-de-accion-y-plan-de-desarrollo\/#breadcrumb","itemListElement":[{"@type":"ListItem","position":1,"name":"Portada","item":"https:\/\/www.ucaldas.edu.co\/portal\/"},{"@type":"ListItem","position":2,"name":"Archivo &#8211; Seguimiento al cumplimiento del Plan de Acci\u00f3n y Plan de Desarrollo"}]},{"@type":"WebSite","@id":"https:\/\/www.ucaldas.edu.co\/portal\/#website","url":"https:\/\/www.ucaldas.edu.co\/portal\/","name":"Universidad de Caldas","description":"","publisher":{"@id":"https:\/\/www.ucaldas.edu.co\/portal\/#organization"},"alternateName":"U. de Caldas","potentialAction":[{"@type":"SearchAction","target":{"@type":"EntryPoint","urlTemplate":"https:\/\/www.ucaldas.edu.co\/portal\/?s={search_term_string}"},"query-input":{"@type":"PropertyValueSpecification","valueRequired":true,"valueName":"search_term_string"}}],"inLanguage":"es"},{"@type":"Organization","@id":"https:\/\/www.ucaldas.edu.co\/portal\/#organization","name":"Universidad de Caldas","alternateName":"U. de Caldas","url":"https:\/\/www.ucaldas.edu.co\/portal\/","logo":{"@type":"ImageObject","inLanguage":"es","@id":"https:\/\/www.ucaldas.edu.co\/portal\/#\/schema\/logo\/image\/","url":"https:\/\/www.ucaldas.edu.co\/portal\/wp-content\/uploads\/2023\/11\/Logo_horizontal_oscuroU-2023.png","contentUrl":"https:\/\/www.ucaldas.edu.co\/portal\/wp-content\/uploads\/2023\/11\/Logo_horizontal_oscuroU-2023.png","width":263,"height":101,"caption":"Universidad de Caldas"},"image":{"@id":"https:\/\/www.ucaldas.edu.co\/portal\/#\/schema\/logo\/image\/"},"sameAs":["https:\/\/www.facebook.com\/udecaldas","https:\/\/x.com\/udecaldas","https:\/\/www.youtube.com\/universidadcaldas","https:\/\/www.instagram.com\/udecaldas\/"]}]}},"_links":{"self":[{"href":"https:\/\/www.ucaldas.edu.co\/portal\/wp-json\/wp\/v2\/pages\/52448","targetHints":{"allow":["GET"]}}],"collection":[{"href":"https:\/\/www.ucaldas.edu.co\/portal\/wp-json\/wp\/v2\/pages"}],"about":[{"href":"https:\/\/www.ucaldas.edu.co\/portal\/wp-json\/wp\/v2\/types\/page"}],"author":[{"embeddable":true,"href":"https:\/\/www.ucaldas.edu.co\/portal\/wp-json\/wp\/v2\/users\/1"}],"replies":[{"embeddable":true,"href":"https:\/\/www.ucaldas.edu.co\/portal\/wp-json\/wp\/v2\/comments?post=52448"}],"version-history":[{"count":0,"href":"https:\/\/www.ucaldas.edu.co\/portal\/wp-json\/wp\/v2\/pages\/52448\/revisions"}],"wp:attachment":[{"href":"https:\/\/www.ucaldas.edu.co\/portal\/wp-json\/wp\/v2\/media?parent=52448"}],"curies":[{"name":"wp","href":"https:\/\/api.w.org\/{rel}","templated":true}]}}