{"id":159,"date":"2014-02-14T03:43:59","date_gmt":"2014-02-14T03:43:59","guid":{"rendered":"https:\/\/www.ucaldas.edu.co\/portal\/?page_id=159"},"modified":"2026-03-04T15:04:51","modified_gmt":"2026-03-04T20:04:51","slug":"historia-de-la-universidad","status":"publish","type":"page","link":"https:\/\/www.ucaldas.edu.co\/portal\/historia-de-la-universidad\/","title":{"rendered":"Historia de la Universidad"},"content":{"rendered":"<div class=\"wpb-content-wrapper\"><p>[vc_row][vc_column][vc_empty_space height=\u00bb60px\u00bb][vc_custom_heading text=\u00bbHistoria de la Universidad de Caldas\u00bb google_fonts=\u00bbfont_family:Roboto%3A100%2C100italic%2C300%2C300italic%2Cregular%2Citalic%2C500%2C500italic%2C700%2C700italic%2C900%2C900italic|font_style:900%20bold%20regular%3A900%3Anormal\u00bb][vc_empty_space height=\u00bb30px\u00bb][vc_column_text]Es a partir de la creaci\u00f3n del <a href=\"https:\/\/site.caldas.gov.co\/\"><strong>De<\/strong><\/a><a href=\"https:\/\/site.caldas.gov.co\/\"><strong>partamento de Caldas<\/strong><\/a> en el a\u00f1o de 1905 que se origina la posibilidad de un desarrollo rural, industrial y en educaci\u00f3n y cultura; gracias a la acumulaci\u00f3n de dinero proveniente del comercio, la miner\u00eda, la ganader\u00eda y otros, se busca el progreso de la regi\u00f3n a trav\u00e9s de la <strong>educaci\u00f3n<\/strong>, ubic\u00e1ndose el departamento a la cabeza de la rep\u00fablica en cuanto a instrucci\u00f3n primaria.<\/p>\n<p>Con relaci\u00f3n a la secundaria, los m\u00e1s s\u00f3lidos esfuerzos se cristalizan en marzo de <strong>1911<\/strong>, cuando se aprueba la creaci\u00f3n de un colegio mayor en Manizales, dos a\u00f1os m\u00e1s tarde suprimido, creando en su reemplazo el <strong>Instituto Universitario de Caldas<\/strong> el cual pasa, posteriormente, a convertirse en el n\u00facleo origen de la Universidad popular.<\/p>\n<p>&nbsp;<\/p>\n<h3>Bellas Artes<\/h3>\n<p>En el mes de noviembre de <strong>1931<\/strong> se crea <strong>Bellas Artes<\/strong> y doce a\u00f1os despu\u00e9s (<strong>1943<\/strong>) se cristaliza un anhelo caldense al ser fundada la Universidad Popular seg\u00fan <a href=\"http:\/\/www.ucaldas.edu.co\/docs\/Ordenanza_6_del_24_de_Mayo_1943.pdf\" target=\"_blank\" rel=\"noopener\">ordenanza 006 del 24 de mayo de 1943.<\/a><\/p>\n<p><img loading=\"lazy\" decoding=\"async\" class=\"aligncenter\" style=\"border: 0px;\" src=\"https:\/\/www.ucaldas.edu.co\/portal\/wp-content\/uploads\/2014\/02\/logo_anterior_3.jpg\" alt=\"Historia de la Universidad de Caldas: Logo Facultad de Agronom\u00eda, Decanato\" width=\"278\" height=\"188\" border=\"0\" \/><\/p>\n<p>A\u00f1os m\u00e1s tarde entre <strong>1949<\/strong>, se crean y empiezan a funcionar en <strong>1950<\/strong> las <strong>Facultades de Agronom\u00eda y Veterinaria<\/strong> como respuesta a las necesidades agr\u00edcolas, pecuarias e industriales de la regi\u00f3n.<br \/>\n<strong>Derecho<\/strong> y <strong>Medicina<\/strong> se crean en el a\u00f1o de <strong>1950<\/strong> como alternativa profesional y cultural de la clase dirigente del departamento.<\/p>\n<p><img loading=\"lazy\" decoding=\"async\" class=\"aligncenter\" style=\"border: 0px;\" src=\"https:\/\/www.ucaldas.edu.co\/portal\/wp-content\/uploads\/2014\/02\/logo_anterior_2.jpg\" alt=\"Historia de la Universidad: Logotipo Direcci\u00f3n de Extensi\u00f3n Cultural\" width=\"249\" height=\"167\" border=\"0\" \/><\/p>\n<p>Para <strong>1955<\/strong> aparece el <strong>Departamento de Lenguas Modernas<\/strong>. En <strong>1957<\/strong> se le otorga la categor\u00eda de <strong>Facultad a la escuela de Bellas Artes<\/strong>. En <strong>1959<\/strong> se crea la <strong>Facultad de Filosof\u00eda y Letras<\/strong> buscando conservar la cultura tradicional y con el fin de desarrollar las \u00e1reas humanas.<\/p>\n<p><img loading=\"lazy\" decoding=\"async\" class=\"aligncenter\" style=\"border: 0px;\" src=\"https:\/\/www.ucaldas.edu.co\/portal\/wp-content\/uploads\/2014\/02\/logo_anterior_1.jpg\" alt=\"Historia de la Universidad de Caldas: Logo 1911\" width=\"295\" height=\"198\" border=\"0\" \/><\/p>\n<p>&nbsp;<\/p>\n<h3>Facultad de Econom\u00eda<\/h3>\n<p>En <strong>1961<\/strong> se crea la <strong>Facultad de Econom\u00eda<\/strong> del hogar como una exigencia externa a trav\u00e9s de las pol\u00edticas de alianza para el progreso; posteriormente en el a\u00f1o de <strong>1983<\/strong> se crea la <strong>Facultad de Desarrollo Familiar<\/strong> en sustituci\u00f3n de dicha Facultad.<\/p>\n<p>La desmembraci\u00f3n del Departamento de Caldas en el a\u00f1o de <strong>1966<\/strong> da origen a que se presente y apruebe el proyecto de ley mediante el cual la Universidad dejaba de ser Departamental para convertirse en <strong>Instituci\u00f3n del Orden Nacional<\/strong>, seg\u00fan ley 34 de agosto de 1967.<\/p>\n<p>&nbsp;<\/p>\n<h3>Facultad de Enfermer\u00eda Y Facultad de Geolog\u00eda y Minas<\/h3>\n<ul>\n<li>En <strong>1970<\/strong> se crea la <strong>Facultad de Enfermer\u00eda<\/strong> como una estrategia para fortalecer las pol\u00edticas de salud del Departamento de Caldas.<\/li>\n<li>En <strong>1972<\/strong> se crea la <strong>Facultad de Geolog\u00eda y Minas<\/strong> encargada de liderar los estudios mineros y geol\u00f3gicos de la regi\u00f3n.<\/li>\n<\/ul>\n<p>&nbsp;<\/p>\n<h3>Nuevos Programas<\/h3>\n<p>En <strong>1989<\/strong>, mediante Acuerdo 008 de febrero 14, se crea el <strong>programa<\/strong> de <strong>Educaci\u00f3n F\u00edsica y Recreaci\u00f3n<\/strong>.<\/p>\n<p>Un a\u00f1o despu\u00e9s, en mayo 22 de <strong>1990<\/strong>, se crea el Programa de <strong>Dise\u00f1o Visual<\/strong> (Acuerdo 024) y posteriormente, en <strong>1994<\/strong> se crea el <strong>Programa de Ingenier\u00eda de Alimentos<\/strong> (Acuerdo 007 del 2 de febrero ) y <strong>Tecnolog\u00eda de Sistemas Inform\u00e1ticos<\/strong> (Acuerdo 008 del 2 de febrero).<\/p>\n<p>&nbsp;<\/p>\n<h3>Estructura Org\u00e1nica<\/h3>\n<p>Por \u00faltimo es de rese\u00f1ar que la <strong>reforma<\/strong> <strong>de la Estructura Org\u00e1nica<\/strong> que el Consejo Superior aprob\u00f3 el d\u00eda 22 de agosto de <strong>1995<\/strong>, contempla cambios Acad\u00e9mico-administrativos, dando origen a que los diferentes programas acad\u00e9micos queden agrupados en seis grandes Facultades.<\/p>\n<p>&nbsp;<\/p>\n<h3><strong>Listado de rectores <\/strong><\/h3>\n<ul>\n<li>Haminio Lombana Villegas 1943.<\/li>\n<li>Guillermo Ocampo Avenda\u00f1o 1944.<\/li>\n<li>Guillermo Londo\u00f1o Mej\u00eda 1944-1945.<\/li>\n<li>Juan Hurtado Henao 1946 &#8211; 1954.<\/li>\n<li>Arturo G\u00f3mez Jaramillo 1954- 1955.<\/li>\n<li>C\u00e9sar Palacio Londo\u00f1o 1955-1956.<\/li>\n<li>Teniente Coronel Guillermo Guzm\u00e1n 1956- 1957.<\/li>\n<li>Arturo G\u00f3mez Jaramillo 1957- 1958.<\/li>\n<li>Daniel Restrepo Escobar 1958.<\/li>\n<li>Agust\u00edn Santacoloma 1958- 1959.<\/li>\n<li>Mario V\u00e9lez Escobar 1959.<\/li>\n<li>Rafael Marulanda Villegas 1959- 1968.<\/li>\n<li>Alvaro Cardona M. 1963 (E).<\/li>\n<li>Ernesto Guti\u00e9rrez Arango 1963 &#8211; 1969.<\/li>\n<li>Enrique Mej\u00eda Ruiz 1969 &#8211; 1974.<\/li>\n<li>Alvaro Cardona Montes 1974 (E).<\/li>\n<li>Guillermo Arcila Arango 1974 &#8211; 1976.<\/li>\n<li>Kevin \u00c1ngel Mej\u00eda, 1976.<\/li>\n<li>Rodrigo Garavito Hern\u00e1ndez 1976.<\/li>\n<li>Alfonso L\u00f3pez Reina 1976 &#8211; 1977 (E).<\/li>\n<li>Carlos Iv\u00e1n Buitrago Mu\u00f1oz 1977 &#8211; 1981.<\/li>\n<li>Alberto G\u00f3mez G. 1981 (E).<\/li>\n<li>Alfonso Delgadillo Parra 1981 &#8211; 1984.<\/li>\n<li>Alvaro Guti\u00e9rrez Arbel\u00e1ez 1984 &#8211; 1990.<\/li>\n<li>Rodrigo Restrepo Gallego 1990 &#8211; 1992.<\/li>\n<li>Jorge Raad Aljure 1992 &#8211; 1994.<\/li>\n<li>Guido Echeverry Piedrahita 1995 &#8211; 1998.<\/li>\n<li>Dar\u00edo Mej\u00eda Pardo 1999 &#8211; 2001.<\/li>\n<li>Carlos Enrique Ru\u00edz Restrepo 2001 &#8211; 2003.<\/li>\n<li>Bernardo Rivera S\u00e1nchez 2003 &#8211; 2006.<\/li>\n<li>Ricardo G\u00f3mez Giraldo 2007 &#8211; 2013.<\/li>\n<li>Carlos Alberto Ospina Herrera 2014<\/li>\n<li>Felipe C\u00e9sar Londo\u00f1o L\u00f3pez 2014 &#8211; 2017<\/li>\n<li>Alejando Ceballos M\u00e1rquez 2018 &#8211; 2022<\/li>\n<li>Fabio Hernando Arias Orozco 2023 &#8211; Actualmente<\/li>\n<\/ul>\n<p>[\/vc_column_text][\/vc_column][\/vc_row][vc_row][vc_column][stm_timeline][stm_timeline_item img_id=\u00bb81663&#8243; img_size=\u00bb600&#215;800&#8243; title=\u00bb1911&#8243;]Es a partir de la creaci\u00f3n del\u00a0<a href=\"https:\/\/site.caldas.gov.co\/\"><strong>De<\/strong><\/a><a href=\"https:\/\/site.caldas.gov.co\/\"><strong>partamento de Caldas<\/strong><\/a>\u00a0en el a\u00f1o de 1905 que se origina la posibilidad de un desarrollo rural, industrial y en educaci\u00f3n y cultura; gracias a la acumulaci\u00f3n de dinero proveniente del comercio, la miner\u00eda, la ganader\u00eda y otros, se busca el progreso de la regi\u00f3n a trav\u00e9s de la\u00a0<strong>educaci\u00f3n<\/strong>, ubic\u00e1ndose el departamento a la cabeza de la rep\u00fablica en cuanto a instrucci\u00f3n primaria.<\/p>\n<p>Con relaci\u00f3n a la secundaria, los m\u00e1s s\u00f3lidos esfuerzos se cristalizan en marzo de\u00a0<strong>1911<\/strong>, cuando se aprueba la creaci\u00f3n de un colegio mayor en Manizales, dos a\u00f1os m\u00e1s tarde suprimido, creando en su reemplazo el\u00a0<strong>Instituto Universitario de Caldas<\/strong>\u00a0el cual pasa, posteriormente, a convertirse en el n\u00facleo origen de la Universidad popular.[\/stm_timeline_item][\/stm_timeline][\/vc_column][\/vc_row]<\/p>\n<\/div>","protected":false},"excerpt":{"rendered":"<p>[vc_row][vc_column][vc_empty_space height=\u00bb60px\u00bb][vc_custom_heading text=\u00bbHistoria de la Universidad de Caldas\u00bb google_fonts=\u00bbfont_family:Roboto%3A100%2C100italic%2C300%2C300italic%2Cregular%2Citalic%2C500%2C500italic%2C700%2C700italic%2C900%2C900italic|font_style:900%20bold%20regular%3A900%3Anormal\u00bb][vc_empty_space height=\u00bb30px\u00bb][vc_column_text]Es a partir de la creaci\u00f3n del Departamento de Caldas en el a\u00f1o de 1905 que se origina la posibilidad de un desarrollo rural, industrial y en educaci\u00f3n y cultura; gracias a la acumulaci\u00f3n de dinero proveniente del comercio, la miner\u00eda, la ganader\u00eda y otros, se [&hellip;]<\/p>\n","protected":false},"author":1,"featured_media":0,"parent":0,"menu_order":0,"comment_status":"closed","ping_status":"open","template":"","meta":{"footnotes":""},"class_list":["post-159","page","type-page","status-publish","hentry"],"yoast_head":"<!-- This site is optimized with the Yoast SEO plugin v27.5 - https:\/\/yoast.com\/product\/yoast-seo-wordpress\/ -->\n<title>Historia de la Universidad<\/title>\n<meta name=\"description\" content=\"Historia de la Universidad de Caldas desde el a\u00f1o 1905 cuando se origina la posibilidad de un desarrollo en educaci\u00f3n y cultura.\" \/>\n<meta name=\"robots\" content=\"index, follow, max-snippet:-1, max-image-preview:large, max-video-preview:-1\" \/>\n<link rel=\"canonical\" href=\"https:\/\/www.ucaldas.edu.co\/portal\/historia-de-la-universidad\/\" \/>\n<script type=\"application\/ld+json\" class=\"yoast-schema-graph\">{\"@context\":\"https:\\\/\\\/schema.org\",\"@graph\":[{\"@type\":\"WebPage\",\"@id\":\"https:\\\/\\\/www.ucaldas.edu.co\\\/portal\\\/historia-de-la-universidad\\\/\",\"url\":\"https:\\\/\\\/www.ucaldas.edu.co\\\/portal\\\/historia-de-la-universidad\\\/\",\"name\":\"Historia de la Universidad\",\"isPartOf\":{\"@id\":\"https:\\\/\\\/www.ucaldas.edu.co\\\/portal\\\/#website\"},\"primaryImageOfPage\":{\"@id\":\"https:\\\/\\\/www.ucaldas.edu.co\\\/portal\\\/historia-de-la-universidad\\\/#primaryimage\"},\"image\":{\"@id\":\"https:\\\/\\\/www.ucaldas.edu.co\\\/portal\\\/historia-de-la-universidad\\\/#primaryimage\"},\"thumbnailUrl\":\"https:\\\/\\\/www.ucaldas.edu.co\\\/portal\\\/wp-content\\\/uploads\\\/2014\\\/02\\\/logo_anterior_3.jpg\",\"datePublished\":\"2014-02-14T03:43:59+00:00\",\"dateModified\":\"2026-03-04T20:04:51+00:00\",\"description\":\"Historia de la Universidad de Caldas desde el a\u00f1o 1905 cuando se origina la posibilidad de un desarrollo en educaci\u00f3n y cultura.\",\"breadcrumb\":{\"@id\":\"https:\\\/\\\/www.ucaldas.edu.co\\\/portal\\\/historia-de-la-universidad\\\/#breadcrumb\"},\"inLanguage\":\"es\",\"potentialAction\":[{\"@type\":\"ReadAction\",\"target\":[\"https:\\\/\\\/www.ucaldas.edu.co\\\/portal\\\/historia-de-la-universidad\\\/\"]}]},{\"@type\":\"ImageObject\",\"inLanguage\":\"es\",\"@id\":\"https:\\\/\\\/www.ucaldas.edu.co\\\/portal\\\/historia-de-la-universidad\\\/#primaryimage\",\"url\":\"https:\\\/\\\/www.ucaldas.edu.co\\\/portal\\\/wp-content\\\/uploads\\\/2014\\\/02\\\/logo_anterior_3.jpg\",\"contentUrl\":\"https:\\\/\\\/www.ucaldas.edu.co\\\/portal\\\/wp-content\\\/uploads\\\/2014\\\/02\\\/logo_anterior_3.jpg\",\"width\":194,\"height\":131},{\"@type\":\"BreadcrumbList\",\"@id\":\"https:\\\/\\\/www.ucaldas.edu.co\\\/portal\\\/historia-de-la-universidad\\\/#breadcrumb\",\"itemListElement\":[{\"@type\":\"ListItem\",\"position\":1,\"name\":\"Portada\",\"item\":\"https:\\\/\\\/www.ucaldas.edu.co\\\/portal\\\/\"},{\"@type\":\"ListItem\",\"position\":2,\"name\":\"Historia de la Universidad\"}]},{\"@type\":\"WebSite\",\"@id\":\"https:\\\/\\\/www.ucaldas.edu.co\\\/portal\\\/#website\",\"url\":\"https:\\\/\\\/www.ucaldas.edu.co\\\/portal\\\/\",\"name\":\"Universidad de Caldas\",\"description\":\"\",\"publisher\":{\"@id\":\"https:\\\/\\\/www.ucaldas.edu.co\\\/portal\\\/#organization\"},\"alternateName\":\"U. de Caldas\",\"potentialAction\":[{\"@type\":\"SearchAction\",\"target\":{\"@type\":\"EntryPoint\",\"urlTemplate\":\"https:\\\/\\\/www.ucaldas.edu.co\\\/portal\\\/?s={search_term_string}\"},\"query-input\":{\"@type\":\"PropertyValueSpecification\",\"valueRequired\":true,\"valueName\":\"search_term_string\"}}],\"inLanguage\":\"es\"},{\"@type\":\"Organization\",\"@id\":\"https:\\\/\\\/www.ucaldas.edu.co\\\/portal\\\/#organization\",\"name\":\"Universidad de Caldas\",\"alternateName\":\"U. de Caldas\",\"url\":\"https:\\\/\\\/www.ucaldas.edu.co\\\/portal\\\/\",\"logo\":{\"@type\":\"ImageObject\",\"inLanguage\":\"es\",\"@id\":\"https:\\\/\\\/www.ucaldas.edu.co\\\/portal\\\/#\\\/schema\\\/logo\\\/image\\\/\",\"url\":\"https:\\\/\\\/www.ucaldas.edu.co\\\/portal\\\/wp-content\\\/uploads\\\/2023\\\/11\\\/Logo_horizontal_oscuroU-2023.png\",\"contentUrl\":\"https:\\\/\\\/www.ucaldas.edu.co\\\/portal\\\/wp-content\\\/uploads\\\/2023\\\/11\\\/Logo_horizontal_oscuroU-2023.png\",\"width\":263,\"height\":101,\"caption\":\"Universidad de Caldas\"},\"image\":{\"@id\":\"https:\\\/\\\/www.ucaldas.edu.co\\\/portal\\\/#\\\/schema\\\/logo\\\/image\\\/\"},\"sameAs\":[\"https:\\\/\\\/www.facebook.com\\\/udecaldas\",\"https:\\\/\\\/x.com\\\/udecaldas\",\"https:\\\/\\\/www.youtube.com\\\/universidadcaldas\",\"https:\\\/\\\/www.instagram.com\\\/udecaldas\\\/\"]}]}<\/script>\n<!-- \/ Yoast SEO plugin. -->","yoast_head_json":{"title":"Historia de la Universidad","description":"Historia de la Universidad de Caldas desde el a\u00f1o 1905 cuando se origina la posibilidad de un desarrollo en educaci\u00f3n y cultura.","robots":{"index":"index","follow":"follow","max-snippet":"max-snippet:-1","max-image-preview":"max-image-preview:large","max-video-preview":"max-video-preview:-1"},"canonical":"https:\/\/www.ucaldas.edu.co\/portal\/historia-de-la-universidad\/","schema":{"@context":"https:\/\/schema.org","@graph":[{"@type":"WebPage","@id":"https:\/\/www.ucaldas.edu.co\/portal\/historia-de-la-universidad\/","url":"https:\/\/www.ucaldas.edu.co\/portal\/historia-de-la-universidad\/","name":"Historia de la Universidad","isPartOf":{"@id":"https:\/\/www.ucaldas.edu.co\/portal\/#website"},"primaryImageOfPage":{"@id":"https:\/\/www.ucaldas.edu.co\/portal\/historia-de-la-universidad\/#primaryimage"},"image":{"@id":"https:\/\/www.ucaldas.edu.co\/portal\/historia-de-la-universidad\/#primaryimage"},"thumbnailUrl":"https:\/\/www.ucaldas.edu.co\/portal\/wp-content\/uploads\/2014\/02\/logo_anterior_3.jpg","datePublished":"2014-02-14T03:43:59+00:00","dateModified":"2026-03-04T20:04:51+00:00","description":"Historia de la Universidad de Caldas desde el a\u00f1o 1905 cuando se origina la posibilidad de un desarrollo en educaci\u00f3n y cultura.","breadcrumb":{"@id":"https:\/\/www.ucaldas.edu.co\/portal\/historia-de-la-universidad\/#breadcrumb"},"inLanguage":"es","potentialAction":[{"@type":"ReadAction","target":["https:\/\/www.ucaldas.edu.co\/portal\/historia-de-la-universidad\/"]}]},{"@type":"ImageObject","inLanguage":"es","@id":"https:\/\/www.ucaldas.edu.co\/portal\/historia-de-la-universidad\/#primaryimage","url":"https:\/\/www.ucaldas.edu.co\/portal\/wp-content\/uploads\/2014\/02\/logo_anterior_3.jpg","contentUrl":"https:\/\/www.ucaldas.edu.co\/portal\/wp-content\/uploads\/2014\/02\/logo_anterior_3.jpg","width":194,"height":131},{"@type":"BreadcrumbList","@id":"https:\/\/www.ucaldas.edu.co\/portal\/historia-de-la-universidad\/#breadcrumb","itemListElement":[{"@type":"ListItem","position":1,"name":"Portada","item":"https:\/\/www.ucaldas.edu.co\/portal\/"},{"@type":"ListItem","position":2,"name":"Historia de la Universidad"}]},{"@type":"WebSite","@id":"https:\/\/www.ucaldas.edu.co\/portal\/#website","url":"https:\/\/www.ucaldas.edu.co\/portal\/","name":"Universidad de Caldas","description":"","publisher":{"@id":"https:\/\/www.ucaldas.edu.co\/portal\/#organization"},"alternateName":"U. de Caldas","potentialAction":[{"@type":"SearchAction","target":{"@type":"EntryPoint","urlTemplate":"https:\/\/www.ucaldas.edu.co\/portal\/?s={search_term_string}"},"query-input":{"@type":"PropertyValueSpecification","valueRequired":true,"valueName":"search_term_string"}}],"inLanguage":"es"},{"@type":"Organization","@id":"https:\/\/www.ucaldas.edu.co\/portal\/#organization","name":"Universidad de Caldas","alternateName":"U. de Caldas","url":"https:\/\/www.ucaldas.edu.co\/portal\/","logo":{"@type":"ImageObject","inLanguage":"es","@id":"https:\/\/www.ucaldas.edu.co\/portal\/#\/schema\/logo\/image\/","url":"https:\/\/www.ucaldas.edu.co\/portal\/wp-content\/uploads\/2023\/11\/Logo_horizontal_oscuroU-2023.png","contentUrl":"https:\/\/www.ucaldas.edu.co\/portal\/wp-content\/uploads\/2023\/11\/Logo_horizontal_oscuroU-2023.png","width":263,"height":101,"caption":"Universidad de Caldas"},"image":{"@id":"https:\/\/www.ucaldas.edu.co\/portal\/#\/schema\/logo\/image\/"},"sameAs":["https:\/\/www.facebook.com\/udecaldas","https:\/\/x.com\/udecaldas","https:\/\/www.youtube.com\/universidadcaldas","https:\/\/www.instagram.com\/udecaldas\/"]}]}},"_links":{"self":[{"href":"https:\/\/www.ucaldas.edu.co\/portal\/wp-json\/wp\/v2\/pages\/159","targetHints":{"allow":["GET"]}}],"collection":[{"href":"https:\/\/www.ucaldas.edu.co\/portal\/wp-json\/wp\/v2\/pages"}],"about":[{"href":"https:\/\/www.ucaldas.edu.co\/portal\/wp-json\/wp\/v2\/types\/page"}],"author":[{"embeddable":true,"href":"https:\/\/www.ucaldas.edu.co\/portal\/wp-json\/wp\/v2\/users\/1"}],"replies":[{"embeddable":true,"href":"https:\/\/www.ucaldas.edu.co\/portal\/wp-json\/wp\/v2\/comments?post=159"}],"version-history":[{"count":2,"href":"https:\/\/www.ucaldas.edu.co\/portal\/wp-json\/wp\/v2\/pages\/159\/revisions"}],"predecessor-version":[{"id":103001,"href":"https:\/\/www.ucaldas.edu.co\/portal\/wp-json\/wp\/v2\/pages\/159\/revisions\/103001"}],"wp:attachment":[{"href":"https:\/\/www.ucaldas.edu.co\/portal\/wp-json\/wp\/v2\/media?parent=159"}],"curies":[{"name":"wp","href":"https:\/\/api.w.org\/{rel}","templated":true}]}}