{"id":141,"date":"2014-02-14T03:31:12","date_gmt":"2014-02-14T03:31:12","guid":{"rendered":"https:\/\/www.ucaldas.edu.co\/portal\/?page_id=141"},"modified":"2025-12-09T08:43:09","modified_gmt":"2025-12-09T13:43:09","slug":"consejo-academico","status":"publish","type":"page","link":"https:\/\/www.ucaldas.edu.co\/portal\/consejo-academico\/","title":{"rendered":"Miembros Consejo Acad\u00e9mico de la Universidad de Caldas"},"content":{"rendered":"<div class=\"wpb-content-wrapper\"><p>[vc_row][vc_column][vc_column_text]El Consejo Acad\u00e9mico es la autoridad acad\u00e9mica de la Universidad, \u00f3rgano asesor del Rector y tiene entre sus tareas la de conceptuar ante el <a href=\"https:\/\/www.ucaldas.edu.co\/portal\/consejo-superior\/\">Consejo Superior<\/a>, sobre la creaci\u00f3n, modificaci\u00f3n o supresi\u00f3n de unidades acad\u00e9micas; as\u00ed como la de revisar y adoptar los programas docentes de conformidad con las normas legales, definir las pol\u00edticas acad\u00e9micas de la instituci\u00f3n y decidir sobre el desarrollo acad\u00e9mico de la Universidad, especialmente en cuanto se refiere a los programas acad\u00e9micos, la investigaci\u00f3n, la extensi\u00f3n y al bienestar universitario de car\u00e1cter acad\u00e9mico.[\/vc_column_text][stm_camps_table][stm_camps_table_heading heading=\u00bb%5B%7B%22title%22%3A%22Cargo%22%7D%2C%7B%22title%22%3A%22Nombre%22%7D%2C%7B%22title%22%3A%22Correo%22%7D%5D\u00bb][stm_camps_table_row stm_cell=\u00bb%5B%7B%22stm_text%22%3A%22Rector%22%7D%2C%7B%22stm_text%22%3A%22Fabio%20Hernando%20Arias%20Orozco%22%7D%2C%7B%22stm_text%22%3A%22fabio.arias%40ucaldas.edu.co%20%22%7D%5D\u00bb][stm_camps_table_row stm_cell=\u00bb%5B%7B%22stm_text%22%3A%22Vicerrector%20Acad%C3%A9mico%22%7D%2C%7B%22stm_text%22%3A%22German%20G%C3%B3mez%20Londo%C3%B1o%22%7D%2C%7B%22stm_text%22%3A%22vicerrectoracademico%40ucaldas.edu.co%20%22%7D%5D\u00bb][stm_camps_table_row stm_cell=\u00bb%5B%7B%22stm_text%22%3A%22Vicerrectora%20Administrativa%22%7D%2C%7B%22stm_text%22%3A%22Paula%20Andrea%20Chica%20Cort%C3%A9s%22%7D%2C%7B%22stm_text%22%3A%22paula.chica%40ucaldas.edu.co%20%22%7D%5D\u00bb][stm_camps_table_row stm_cell=\u00bb%5B%7B%22stm_text%22%3A%22Vicerrector%20de%20Investigaciones%20y%20Posgrados%5Cn%22%7D%2C%7B%22stm_text%22%3A%22H%C3%A9ctor%20Fabio%20Torres%20Cardona%22%7D%2C%7B%22stm_text%22%3A%22vip%40ucaldas.edu.co%20%22%7D%5D\u00bb][stm_camps_table_row stm_cell=\u00bb%5B%7B%22stm_text%22%3A%22Vicerrector%20de%20Proyecci%C3%B3n%22%7D%2C%7B%22stm_text%22%3A%22Dar%C3%ADo%20Arenas%20Villegas%22%7D%2C%7B%22stm_text%22%3A%22vpu%40ucaldas.edu.co%22%7D%5D\u00bb][stm_camps_table_row stm_cell=\u00bb%5B%7B%22stm_text%22%3A%22Decana%20Facultad%20De%20Artes%20Y%20Humanidades%22%7D%2C%7B%22stm_text%22%3A%22Germana%20Carolina%20Soler%20Mill%C3%A1n%22%7D%2C%7B%22stm_text%22%3A%22carolina.soler%40ucaldas.edu.co%22%7D%5D\u00bb][stm_camps_table_row stm_cell=\u00bb%5B%7B%22stm_text%22%3A%22Decano%20Facultad%20De%20Ciencias%20Agropecuarias%22%7D%2C%7B%22stm_text%22%3A%22Henry%20Mesa%20Echeverri%22%7D%2C%7B%22stm_text%22%3A%22henry.mesa%40ucaldas.edu.co%22%7D%5D\u00bb][stm_camps_table_row stm_cell=\u00bb%5B%7B%22stm_text%22%3A%22Decana%20Facultad%20De%20Ciencias%20Exactas%20Y%20Naturales%22%7D%2C%7B%22stm_text%22%3A%22Elvira%20Cristina%20Ru%C3%ADz%20Jim%C3%A9nez%22%7D%2C%7B%22stm_text%22%3A%22elvira.ruiz%40ucaldas.edu.co%22%7D%5D\u00bb][stm_camps_table_row stm_cell=\u00bb%5B%7B%22stm_text%22%3A%22Decano%20Facultad%20De%20Inteligencia%20Artificial%20e%20Ingenier%C3%ADas%22%7D%2C%7B%22stm_text%22%3A%22Mauricio%20Arbel%C3%A1ez%20Rendon%22%7D%2C%7B%22stm_text%22%3A%22mar%40ucaldas.edu.co%22%7D%5D\u00bb][stm_camps_table_row stm_cell=\u00bb%5B%7B%22stm_text%22%3A%22Decano%20Facultad%20De%20Ciencias%20Jur%C3%ADdicas%20Y%20Sociales%22%7D%2C%7B%22stm_text%22%3A%22Ricardo%20Casta%C3%B1o%20Zapata%22%7D%2C%7B%22stm_text%22%3A%22ricardo.castano%40ucaldas.edu.co%22%7D%5D\u00bb][stm_camps_table_row stm_cell=\u00bb%5B%7B%22stm_text%22%3A%22Decano%20Facultad%20De%20Ciencias%20Para%20La%20Salud%22%7D%2C%7B%22stm_text%22%3A%22Carlos%20Alberto%20Villegas%20Isaza%22%7D%2C%7B%22stm_text%22%3A%22carlos.villegas%40ucaldas.edu.co%22%7D%5D\u00bb][stm_camps_table_row stm_cell=\u00bb%5B%7B%22stm_text%22%3A%22Representante%20De%20Los%20Directores%20De%20Programa%20Principal%5Cn%22%7D%2C%7B%22stm_text%22%3A%22Jorge%20Abel%20Casta%C3%B1eda%20Salazar%22%7D%2C%7B%22stm_text%22%3A%22jorge.casta%C3%B1eda_s%40ucaldas.edu.co%22%7D%5D\u00bb][stm_camps_table_row stm_cell=\u00bb%5B%7B%22stm_text%22%3A%22Representante%20De%20Los%20Directores%20De%20Programa%20Suplente%22%7D%2C%7B%22stm_text%22%3A%22Diego%20Alonso%20Alzate%20Salazar%22%7D%2C%7B%22stm_text%22%3A%22diego.alzate%40ucaldas.edu.co%22%7D%5D\u00bb][stm_camps_table_row stm_cell=\u00bb%5B%7B%22stm_text%22%3A%22Representantes%20De%20Los%20Directores%20De%20Departamento%20Principal%22%7D%2C%7B%22stm_text%22%3A%22Dolly%20Magnolia%20Gonz%C3%A1lez%22%7D%2C%7B%22stm_text%22%3A%22dolly.gonzalez%40ucaldas.edu.co%22%7D%5D\u00bb][stm_camps_table_row stm_cell=\u00bb%5B%7B%22stm_text%22%3A%22Representantes%20De%20Los%20Directores%20De%20Departamento%20Suplente%22%7D%2C%7B%22stm_text%22%3A%22Nelson%20Enrique%20Arias%20Ortiz%22%7D%2C%7B%22stm_text%22%3A%22nelson.arias%40ucaldas.edu.co%22%7D%5D\u00bb][stm_camps_table_row stm_cell=\u00bb%5B%7B%22stm_text%22%3A%22Representante%20De%20Los%20Profesores%20Principal%22%7D%2C%7B%22stm_text%22%3A%22Marco%20Elias%20Ospina%20Murillo%22%7D%2C%7B%22stm_text%22%3A%22marco.ospina%40ucaldas.edu.co%22%7D%5D\u00bb][stm_camps_table_row stm_cell=\u00bb%5B%7B%22stm_text%22%3A%22Representante%20De%20Los%20Profesores%20Suplente%22%7D%2C%7B%22stm_text%22%3A%22Yasaldez%20Eder%20Loaiza%20Zuluaga%22%7D%2C%7B%22stm_text%22%3A%22yasaldez%40ucaldas.edu.co%22%7D%5D\u00bb][stm_camps_table_row stm_cell=\u00bb%5B%7B%22stm_text%22%3A%22Representante%20De%20Los%20Profesores%20Principal%22%7D%2C%7B%22stm_text%22%3A%22Lorena%20G%C3%B3mez%20Giraldo%22%7D%2C%7B%22stm_text%22%3A%22lorena.gomez%40ucaldas.edu.co%22%7D%5D\u00bb][stm_camps_table_row stm_cell=\u00bb%5B%7B%22stm_text%22%3A%22Representante%20De%20Los%20Profesores%20Suplente%22%7D%2C%7B%22stm_text%22%3A%22Marlyn%20Hellen%20Romero%20Pa%C3%B1uela%22%7D%2C%7B%22stm_text%22%3A%22marlyn.romero%40ucaldas.edu.co%22%7D%5D\u00bb][stm_camps_table_row stm_cell=\u00bb%5B%7B%22stm_text%22%3A%22Representante%20De%20Los%20Estudiantes%20Principal%22%7D%2C%7B%22stm_text%22%3A%22Leidy%20Vivian%20Garc%C3%ADa%20S%C3%A1nchez%22%7D%2C%7B%22stm_text%22%3A%22leidy.261715288%40ucaldas.edu.co%22%7D%5D\u00bb][stm_camps_table_row stm_cell=\u00bb%5B%7B%22stm_text%22%3A%22Representante%20De%20Los%20Estudiantes%20Suplente%22%7D%2C%7B%22stm_text%22%3A%22Juan%20Camilo%20Espinal%20Pardo%22%7D%2C%7B%22stm_text%22%3A%22juan.espinal5953%40ucaldas.edu.co%22%7D%5D\u00bb][stm_camps_table_row stm_cell=\u00bb%5B%7B%22stm_text%22%3A%22Representante%20De%20Los%20Estudiantes%20Principal%22%7D%2C%7B%22stm_text%22%3A%22Cristian%20Danilo%20Avenda%C3%B1o%20Sanchez%22%7D%2C%7B%22stm_text%22%3A%22cristian.211912805%40ucaldas.edu.co%22%7D%5D\u00bb][stm_camps_table_row stm_cell=\u00bb%5B%7B%22stm_text%22%3A%22Representante%20De%20Los%20Estudiantes%20Suplente%22%7D%2C%7B%22stm_text%22%3A%22Vacante%22%7D%2C%7B%7D%5D\u00bb][stm_camps_table_row stm_cell=\u00bb%5B%7B%22stm_text%22%3A%22Representante%20De%20Los%20Graduados%20Principal%22%7D%2C%7B%22stm_text%22%3A%22Mellisa%20Quintanilla%20Yepes%22%7D%2C%7B%22stm_text%22%3A%22melyssaquintanillayepes%40gmail.com%22%7D%5D\u00bb][stm_camps_table_row stm_cell=\u00bb%5B%7B%22stm_text%22%3A%22Representante%20De%20Los%20Graduados%20Suplente%22%7D%2C%7B%22stm_text%22%3A%22Mar%C3%ADa%20Carmenza%20Quintero%20Cardona%22%7D%2C%7B%22stm_text%22%3A%22carmenzaquinterocardona%40gmail.com%22%7D%5D\u00bb][stm_camps_table_row stm_cell=\u00bb%5B%7B%22stm_text%22%3A%22Secretaria%20General%22%7D%2C%7B%22stm_text%22%3A%22Paula%20Bibiana%20Agudelo%20Franco%22%7D%2C%7B%22stm_text%22%3A%22paulab.agudelo%40ucaldas.edu.co%22%7D%5D\u00bb][\/stm_camps_table][\/vc_column][\/vc_row][vc_row disable_element=\u00bbyes\u00bb][vc_column][vc_column_text]El Consejo Acad\u00e9mico es la autoridad acad\u00e9mica de la Universidad, \u00f3rgano asesor del Rector y tiene entre sus tareas la de conceptuar ante el <a href=\"https:\/\/www.ucaldas.edu.co\/portal\/consejo-superior\/\">Consejo Superior<\/a>, sobre la creaci\u00f3n, modificaci\u00f3n o supresi\u00f3n de unidades acad\u00e9micas; as\u00ed como la de revisar y adoptar los programas docentes de conformidad con las normas legales, definir las pol\u00edticas acad\u00e9micas de la instituci\u00f3n y decidir sobre el desarrollo acad\u00e9mico de la Universidad, especialmente en cuanto se refiere a los programas acad\u00e9micos, la investigaci\u00f3n, la extensi\u00f3n y al bienestar universitario de car\u00e1cter acad\u00e9mico.<\/p>\n<table style=\"width: 100%;\" border=\"0\">\n<caption>Miembros del Consejo Acad\u00e9mico Universidad de Caldas<\/caption>\n<tbody>\n<tr style=\"height: 21px;\" align=\"center\">\n<td style=\"background-color: #e6e6fa; width: 94%; height: 21px;\" colspan=\"2\" scope=\"col\"><b>Miembros del Consejo Acad\u00e9mico Universidad de Caldas<\/b><\/td>\n<\/tr>\n<tr style=\"height: 15px;\">\n<td style=\"width: 37.1243%; background-color: #e6e6fa; height: 15px;\" scope=\"col\">\n<p style=\"text-align: left;\"><strong>Cargo<\/strong><\/p>\n<\/td>\n<td style=\"width: 33.8757%; background-color: #e6e6fa; height: 15px; text-align: left;\" scope=\"col\"><strong>Nombre<\/strong><\/td>\n<\/tr>\n<tr style=\"height: 15.6979px;\">\n<td style=\"width: 37.1243%; height: 15.6979px;\" scope=\"col\">\n<p style=\"text-align: left;\">Rector<\/p>\n<\/td>\n<td style=\"width: 33.8757%; height: 15.6979px; text-align: left;\" scope=\"col\">Fabio Hernando Arias Orozco<\/td>\n<\/tr>\n<tr style=\"height: 15px;\">\n<td style=\"width: 37.1243%; height: 15px;\" scope=\"col\">Vicerrector Acad\u00e9mico<\/td>\n<td style=\"width: 33.8757%; height: 15px; text-align: left;\" scope=\"col\">German G\u00f3mez Londo\u00f1o<\/td>\n<\/tr>\n<tr style=\"height: 15px;\">\n<td style=\"width: 37.1243%; height: 15px;\" scope=\"col\">Decana Facultad De Artes Y Humanidades<\/td>\n<td style=\"width: 33.8757%; height: 15px; text-align: left;\" scope=\"col\">Claudia Patricia Leguizam\u00f3n Londo\u00f1o<\/td>\n<\/tr>\n<tr style=\"height: 15px;\">\n<td style=\"width: 37.1243%; height: 15px;\" scope=\"col\">Decano Facultad De Ciencias Agropecuarias<\/td>\n<td style=\"width: 33.8757%; height: 15px; text-align: left;\" scope=\"col\">Jos\u00e9 Fernando Kogson Quintero<\/td>\n<\/tr>\n<tr style=\"height: 15px;\">\n<td style=\"width: 37.1243%; height: 15px;\" scope=\"col\">Decana Facultad De Ciencias Exactas Y Naturales<\/td>\n<td style=\"width: 33.8757%; height: 15px; text-align: left;\" scope=\"col\">Elvira Cristina Ru\u00edz Jim\u00e9nez<\/td>\n<\/tr>\n<tr style=\"height: 15px;\">\n<td style=\"width: 37.1243%; height: 15px;\" scope=\"col\">Decana Facultad De Ingenier\u00eda<\/td>\n<td style=\"width: 33.8757%; height: 15px; text-align: left;\" scope=\"col\">Mar\u00eda Helena Mej\u00eda Salazar<\/td>\n<\/tr>\n<tr style=\"height: 15px;\">\n<td style=\"width: 37.1243%; height: 15px;\" scope=\"col\">Decano Facultad De Ciencias Jur\u00eddicas Y Sociales<\/td>\n<td style=\"width: 33.8757%; height: 15px; text-align: left;\" scope=\"col\">Gabriel Gallego Montes<\/td>\n<\/tr>\n<tr style=\"height: 15px;\">\n<td style=\"width: 37.1243%; height: 15px;\" scope=\"col\">Decano (e) Facultad De Ciencias Para La Salud<\/td>\n<td style=\"width: 33.8757%; height: 15px; text-align: left;\" scope=\"col\">Carlos Alberto Villegas Isaza<\/td>\n<\/tr>\n<tr style=\"height: 15px;\">\n<td style=\"width: 37.1243%; height: 15px;\" scope=\"col\">Representante De Los Directores De Programa Principal<\/td>\n<td style=\"width: 33.8757%; height: 15px; text-align: left;\" scope=\"col\">Germana Carolina Soler Mill\u00e1n<\/td>\n<\/tr>\n<tr style=\"height: 15px;\">\n<td style=\"width: 37.1243%; height: 15px;\" scope=\"col\">Representante De Los Directores De Programa Suplente<\/td>\n<td style=\"width: 33.8757%; height: 15px; text-align: left;\" scope=\"col\"><em>Vacante<\/em><\/td>\n<\/tr>\n<tr style=\"height: 15px;\">\n<td style=\"width: 37.1243%; height: 15px;\" scope=\"col\">Representantes De Los Directores De Departamento Principal<\/td>\n<td style=\"width: 33.8757%; height: 15px; text-align: left;\" scope=\"col\">Luz Elena Sep\u00falveda Gallego<\/td>\n<\/tr>\n<tr style=\"height: 15px;\">\n<td style=\"width: 37.1243%; height: 15px;\" scope=\"col\">Representantes De Los Directores De Departamento Suplente<\/td>\n<td style=\"width: 33.8757%; height: 15px; text-align: left;\" scope=\"col\"><em>Vacante<\/em><\/td>\n<\/tr>\n<tr style=\"height: 15px;\">\n<td style=\"width: 37.1243%; height: 15px;\" scope=\"col\">Representaci\u00f3n Principal De Los Profesores<\/td>\n<td style=\"width: 33.8757%; height: 15px; text-align: left;\" scope=\"col\">Julio C\u00e9sar Caicedo Eraso<\/td>\n<\/tr>\n<tr style=\"height: 15px;\">\n<td style=\"width: 37.1243%; height: 15px;\" scope=\"col\">Representaci\u00f3n Suplente De Los Profesores<\/td>\n<td style=\"width: 33.8757%; height: 15px; text-align: left;\" scope=\"col\">Marlyn Hellen Romero Pa\u00f1uela<\/td>\n<\/tr>\n<tr style=\"height: 15px;\">\n<td style=\"width: 37.1243%; height: 15px;\" scope=\"col\">Representante De Los Profesores Principal<\/td>\n<td style=\"width: 33.8757%; height: 15px; text-align: left;\" scope=\"col\"><em>Vacante<\/em><\/td>\n<\/tr>\n<tr style=\"height: 15px;\">\n<td style=\"width: 37.1243%; height: 15px;\" scope=\"col\">Representante De Los Profesores Suplente<\/td>\n<td style=\"width: 33.8757%; height: 15px; text-align: left;\" scope=\"col\"><em>Vacante<\/em><\/td>\n<\/tr>\n<tr style=\"height: 15px;\">\n<td style=\"width: 37.1243%; height: 15px;\" scope=\"col\">Representante De Los Estudiantes Principal<\/td>\n<td style=\"width: 33.8757%; height: 15px; text-align: left;\" scope=\"col\">Vacante<\/td>\n<\/tr>\n<tr style=\"height: 15px;\">\n<td style=\"width: 37.1243%; height: 15px;\" scope=\"col\">Representante De Los Estudiantes Suplente<\/td>\n<td style=\"width: 33.8757%; height: 15px; text-align: left;\" scope=\"col\"><em>Vacante<\/em><\/td>\n<\/tr>\n<tr style=\"height: 15px;\">\n<td style=\"width: 37.1243%; height: 15px;\" scope=\"col\">Representante De Los Estudiantes Principal<\/td>\n<td style=\"width: 33.8757%; height: 15px; text-align: left;\" scope=\"col\">Juan Carlos Jaramillo Herrera<\/td>\n<\/tr>\n<tr style=\"height: 15px;\">\n<td style=\"width: 37.1243%; height: 15px;\" scope=\"col\">Representante De Los Estudiantes Suplente<\/td>\n<td style=\"width: 33.8757%; height: 15px; text-align: left;\" scope=\"col\">Cristi\u00e1n Camilo Escobar Ca\u00f1averal<\/td>\n<\/tr>\n<tr style=\"height: 15px;\">\n<td style=\"width: 37.1243%; height: 15px;\" scope=\"col\">Representante De Los Graduados Principal<\/td>\n<td style=\"width: 33.8757%; height: 15px; text-align: left;\" scope=\"col\">David Alejandro Ram\u00edrez Mar\u00edn<\/td>\n<\/tr>\n<tr style=\"height: 15px;\">\n<td style=\"width: 37.1243%; height: 15px;\" scope=\"col\">Secretaria Consejo Acad\u00e9mico<\/td>\n<td style=\"width: 33.8757%; height: 15px; text-align: left;\" scope=\"col\">Paula Bibiana Agudelo Franco<\/td>\n<\/tr>\n<\/tbody>\n<\/table>\n<p>[\/vc_column_text][\/vc_column][\/vc_row]<\/p>\n<\/div>","protected":false},"excerpt":{"rendered":"<p>[vc_row][vc_column][vc_column_text]El Consejo Acad\u00e9mico es la autoridad acad\u00e9mica de la Universidad, \u00f3rgano asesor del Rector y tiene entre sus tareas la de conceptuar ante el Consejo Superior, sobre la creaci\u00f3n, modificaci\u00f3n o supresi\u00f3n de unidades acad\u00e9micas; as\u00ed como la de revisar y adoptar los programas docentes de conformidad con las normas legales, definir las pol\u00edticas acad\u00e9micas [&hellip;]<\/p>\n","protected":false},"author":1,"featured_media":73949,"parent":0,"menu_order":0,"comment_status":"closed","ping_status":"open","template":"","meta":{"footnotes":""},"class_list":["post-141","page","type-page","status-publish","has-post-thumbnail","hentry"],"yoast_head":"<!-- This site is optimized with the Yoast SEO plugin v27.5 - https:\/\/yoast.com\/product\/yoast-seo-wordpress\/ -->\n<title>Miembros Consejo Acad\u00e9mico de la Universidad de Caldas<\/title>\n<meta name=\"description\" content=\"El Consejo Acad\u00e9mico es la autoridad acad\u00e9mica de la Universidad, \u00f3rgano asesor del Rector y tiene entre sus tarea conceptuar ante el Consejo\" \/>\n<meta name=\"robots\" content=\"index, follow, max-snippet:-1, max-image-preview:large, max-video-preview:-1\" \/>\n<link rel=\"canonical\" href=\"https:\/\/www.ucaldas.edu.co\/portal\/consejo-academico\/\" \/>\n<script type=\"application\/ld+json\" class=\"yoast-schema-graph\">{\"@context\":\"https:\\\/\\\/schema.org\",\"@graph\":[{\"@type\":\"WebPage\",\"@id\":\"https:\\\/\\\/www.ucaldas.edu.co\\\/portal\\\/consejo-academico\\\/\",\"url\":\"https:\\\/\\\/www.ucaldas.edu.co\\\/portal\\\/consejo-academico\\\/\",\"name\":\"Miembros Consejo Acad\u00e9mico de la Universidad de Caldas\",\"isPartOf\":{\"@id\":\"https:\\\/\\\/www.ucaldas.edu.co\\\/portal\\\/#website\"},\"primaryImageOfPage\":{\"@id\":\"https:\\\/\\\/www.ucaldas.edu.co\\\/portal\\\/consejo-academico\\\/#primaryimage\"},\"image\":{\"@id\":\"https:\\\/\\\/www.ucaldas.edu.co\\\/portal\\\/consejo-academico\\\/#primaryimage\"},\"thumbnailUrl\":\"https:\\\/\\\/www.ucaldas.edu.co\\\/portal\\\/wp-content\\\/uploads\\\/2022\\\/12\\\/Consejo-superio-academico.jpg\",\"datePublished\":\"2014-02-14T03:31:12+00:00\",\"dateModified\":\"2025-12-09T13:43:09+00:00\",\"description\":\"El Consejo Acad\u00e9mico es la autoridad acad\u00e9mica de la Universidad, \u00f3rgano asesor del Rector y tiene entre sus tarea conceptuar ante el Consejo\",\"breadcrumb\":{\"@id\":\"https:\\\/\\\/www.ucaldas.edu.co\\\/portal\\\/consejo-academico\\\/#breadcrumb\"},\"inLanguage\":\"es\",\"potentialAction\":[{\"@type\":\"ReadAction\",\"target\":[\"https:\\\/\\\/www.ucaldas.edu.co\\\/portal\\\/consejo-academico\\\/\"]}]},{\"@type\":\"ImageObject\",\"inLanguage\":\"es\",\"@id\":\"https:\\\/\\\/www.ucaldas.edu.co\\\/portal\\\/consejo-academico\\\/#primaryimage\",\"url\":\"https:\\\/\\\/www.ucaldas.edu.co\\\/portal\\\/wp-content\\\/uploads\\\/2022\\\/12\\\/Consejo-superio-academico.jpg\",\"contentUrl\":\"https:\\\/\\\/www.ucaldas.edu.co\\\/portal\\\/wp-content\\\/uploads\\\/2022\\\/12\\\/Consejo-superio-academico.jpg\",\"width\":700,\"height\":400,\"caption\":\"Personas reunidas en la sala de juntas para el consejo superior y acad\u00e9mico\"},{\"@type\":\"BreadcrumbList\",\"@id\":\"https:\\\/\\\/www.ucaldas.edu.co\\\/portal\\\/consejo-academico\\\/#breadcrumb\",\"itemListElement\":[{\"@type\":\"ListItem\",\"position\":1,\"name\":\"Portada\",\"item\":\"https:\\\/\\\/www.ucaldas.edu.co\\\/portal\\\/\"},{\"@type\":\"ListItem\",\"position\":2,\"name\":\"Miembros Consejo Acad\u00e9mico de la Universidad de Caldas\"}]},{\"@type\":\"WebSite\",\"@id\":\"https:\\\/\\\/www.ucaldas.edu.co\\\/portal\\\/#website\",\"url\":\"https:\\\/\\\/www.ucaldas.edu.co\\\/portal\\\/\",\"name\":\"Universidad de Caldas\",\"description\":\"\",\"publisher\":{\"@id\":\"https:\\\/\\\/www.ucaldas.edu.co\\\/portal\\\/#organization\"},\"alternateName\":\"U. de Caldas\",\"potentialAction\":[{\"@type\":\"SearchAction\",\"target\":{\"@type\":\"EntryPoint\",\"urlTemplate\":\"https:\\\/\\\/www.ucaldas.edu.co\\\/portal\\\/?s={search_term_string}\"},\"query-input\":{\"@type\":\"PropertyValueSpecification\",\"valueRequired\":true,\"valueName\":\"search_term_string\"}}],\"inLanguage\":\"es\"},{\"@type\":\"Organization\",\"@id\":\"https:\\\/\\\/www.ucaldas.edu.co\\\/portal\\\/#organization\",\"name\":\"Universidad de Caldas\",\"alternateName\":\"U. de Caldas\",\"url\":\"https:\\\/\\\/www.ucaldas.edu.co\\\/portal\\\/\",\"logo\":{\"@type\":\"ImageObject\",\"inLanguage\":\"es\",\"@id\":\"https:\\\/\\\/www.ucaldas.edu.co\\\/portal\\\/#\\\/schema\\\/logo\\\/image\\\/\",\"url\":\"https:\\\/\\\/www.ucaldas.edu.co\\\/portal\\\/wp-content\\\/uploads\\\/2023\\\/11\\\/Logo_horizontal_oscuroU-2023.png\",\"contentUrl\":\"https:\\\/\\\/www.ucaldas.edu.co\\\/portal\\\/wp-content\\\/uploads\\\/2023\\\/11\\\/Logo_horizontal_oscuroU-2023.png\",\"width\":263,\"height\":101,\"caption\":\"Universidad de Caldas\"},\"image\":{\"@id\":\"https:\\\/\\\/www.ucaldas.edu.co\\\/portal\\\/#\\\/schema\\\/logo\\\/image\\\/\"},\"sameAs\":[\"https:\\\/\\\/www.facebook.com\\\/udecaldas\",\"https:\\\/\\\/x.com\\\/udecaldas\",\"https:\\\/\\\/www.youtube.com\\\/universidadcaldas\",\"https:\\\/\\\/www.instagram.com\\\/udecaldas\\\/\"]}]}<\/script>\n<!-- \/ Yoast SEO plugin. -->","yoast_head_json":{"title":"Miembros Consejo Acad\u00e9mico de la Universidad de Caldas","description":"El Consejo Acad\u00e9mico es la autoridad acad\u00e9mica de la Universidad, \u00f3rgano asesor del Rector y tiene entre sus tarea conceptuar ante el Consejo","robots":{"index":"index","follow":"follow","max-snippet":"max-snippet:-1","max-image-preview":"max-image-preview:large","max-video-preview":"max-video-preview:-1"},"canonical":"https:\/\/www.ucaldas.edu.co\/portal\/consejo-academico\/","schema":{"@context":"https:\/\/schema.org","@graph":[{"@type":"WebPage","@id":"https:\/\/www.ucaldas.edu.co\/portal\/consejo-academico\/","url":"https:\/\/www.ucaldas.edu.co\/portal\/consejo-academico\/","name":"Miembros Consejo Acad\u00e9mico de la Universidad de Caldas","isPartOf":{"@id":"https:\/\/www.ucaldas.edu.co\/portal\/#website"},"primaryImageOfPage":{"@id":"https:\/\/www.ucaldas.edu.co\/portal\/consejo-academico\/#primaryimage"},"image":{"@id":"https:\/\/www.ucaldas.edu.co\/portal\/consejo-academico\/#primaryimage"},"thumbnailUrl":"https:\/\/www.ucaldas.edu.co\/portal\/wp-content\/uploads\/2022\/12\/Consejo-superio-academico.jpg","datePublished":"2014-02-14T03:31:12+00:00","dateModified":"2025-12-09T13:43:09+00:00","description":"El Consejo Acad\u00e9mico es la autoridad acad\u00e9mica de la Universidad, \u00f3rgano asesor del Rector y tiene entre sus tarea conceptuar ante el Consejo","breadcrumb":{"@id":"https:\/\/www.ucaldas.edu.co\/portal\/consejo-academico\/#breadcrumb"},"inLanguage":"es","potentialAction":[{"@type":"ReadAction","target":["https:\/\/www.ucaldas.edu.co\/portal\/consejo-academico\/"]}]},{"@type":"ImageObject","inLanguage":"es","@id":"https:\/\/www.ucaldas.edu.co\/portal\/consejo-academico\/#primaryimage","url":"https:\/\/www.ucaldas.edu.co\/portal\/wp-content\/uploads\/2022\/12\/Consejo-superio-academico.jpg","contentUrl":"https:\/\/www.ucaldas.edu.co\/portal\/wp-content\/uploads\/2022\/12\/Consejo-superio-academico.jpg","width":700,"height":400,"caption":"Personas reunidas en la sala de juntas para el consejo superior y acad\u00e9mico"},{"@type":"BreadcrumbList","@id":"https:\/\/www.ucaldas.edu.co\/portal\/consejo-academico\/#breadcrumb","itemListElement":[{"@type":"ListItem","position":1,"name":"Portada","item":"https:\/\/www.ucaldas.edu.co\/portal\/"},{"@type":"ListItem","position":2,"name":"Miembros Consejo Acad\u00e9mico de la Universidad de Caldas"}]},{"@type":"WebSite","@id":"https:\/\/www.ucaldas.edu.co\/portal\/#website","url":"https:\/\/www.ucaldas.edu.co\/portal\/","name":"Universidad de Caldas","description":"","publisher":{"@id":"https:\/\/www.ucaldas.edu.co\/portal\/#organization"},"alternateName":"U. de Caldas","potentialAction":[{"@type":"SearchAction","target":{"@type":"EntryPoint","urlTemplate":"https:\/\/www.ucaldas.edu.co\/portal\/?s={search_term_string}"},"query-input":{"@type":"PropertyValueSpecification","valueRequired":true,"valueName":"search_term_string"}}],"inLanguage":"es"},{"@type":"Organization","@id":"https:\/\/www.ucaldas.edu.co\/portal\/#organization","name":"Universidad de Caldas","alternateName":"U. de Caldas","url":"https:\/\/www.ucaldas.edu.co\/portal\/","logo":{"@type":"ImageObject","inLanguage":"es","@id":"https:\/\/www.ucaldas.edu.co\/portal\/#\/schema\/logo\/image\/","url":"https:\/\/www.ucaldas.edu.co\/portal\/wp-content\/uploads\/2023\/11\/Logo_horizontal_oscuroU-2023.png","contentUrl":"https:\/\/www.ucaldas.edu.co\/portal\/wp-content\/uploads\/2023\/11\/Logo_horizontal_oscuroU-2023.png","width":263,"height":101,"caption":"Universidad de Caldas"},"image":{"@id":"https:\/\/www.ucaldas.edu.co\/portal\/#\/schema\/logo\/image\/"},"sameAs":["https:\/\/www.facebook.com\/udecaldas","https:\/\/x.com\/udecaldas","https:\/\/www.youtube.com\/universidadcaldas","https:\/\/www.instagram.com\/udecaldas\/"]}]}},"_links":{"self":[{"href":"https:\/\/www.ucaldas.edu.co\/portal\/wp-json\/wp\/v2\/pages\/141","targetHints":{"allow":["GET"]}}],"collection":[{"href":"https:\/\/www.ucaldas.edu.co\/portal\/wp-json\/wp\/v2\/pages"}],"about":[{"href":"https:\/\/www.ucaldas.edu.co\/portal\/wp-json\/wp\/v2\/types\/page"}],"author":[{"embeddable":true,"href":"https:\/\/www.ucaldas.edu.co\/portal\/wp-json\/wp\/v2\/users\/1"}],"replies":[{"embeddable":true,"href":"https:\/\/www.ucaldas.edu.co\/portal\/wp-json\/wp\/v2\/comments?post=141"}],"version-history":[{"count":2,"href":"https:\/\/www.ucaldas.edu.co\/portal\/wp-json\/wp\/v2\/pages\/141\/revisions"}],"predecessor-version":[{"id":100502,"href":"https:\/\/www.ucaldas.edu.co\/portal\/wp-json\/wp\/v2\/pages\/141\/revisions\/100502"}],"wp:featuredmedia":[{"embeddable":true,"href":"https:\/\/www.ucaldas.edu.co\/portal\/wp-json\/wp\/v2\/media\/73949"}],"wp:attachment":[{"href":"https:\/\/www.ucaldas.edu.co\/portal\/wp-json\/wp\/v2\/media?parent=141"}],"curies":[{"name":"wp","href":"https:\/\/api.w.org\/{rel}","templated":true}]}}