{"id":127,"date":"2014-02-14T03:16:52","date_gmt":"2014-02-14T03:16:52","guid":{"rendered":"https:\/\/www.ucaldas.edu.co\/portal\/?page_id=127"},"modified":"2026-03-26T17:41:57","modified_gmt":"2026-03-26T22:41:57","slug":"control-interno","status":"publish","type":"page","link":"https:\/\/www.ucaldas.edu.co\/portal\/control-interno\/","title":{"rendered":"Control interno de Gesti\u00f3n"},"content":{"rendered":"<div class=\"wpb-content-wrapper\"><p>[vc_row][vc_column][vc_tta_tabs stm_tabs_style=\u00bbstyle-2&#8243; color=\u00bbblue\u00bb active_section=\u00bb1&#8243;][vc_tta_section title=\u00bbInformaci\u00f3n General\u00bb tab_id=\u00bb1506026941637-0d3d3854-ed61&#8243;][vc_column_text css=\u00bb\u00bb]La oficina de control interno tiene como misi\u00f3n asesorar y acompa\u00f1ar el desarrollo de la gesti\u00f3n en la Universidad, buscando que el sistema de control interno responda a las necesidades institucionales, bajo un marco de autocontrol y autonom\u00eda responsable, procurando la excelencia y calidad en la prestaci\u00f3n del servicio, acorde con lo consignado en la Constituci\u00f3n Pol\u00edtica de 1991, que nos invita a la creaci\u00f3n de un sistema que tenga como fundamento los principios de igualdad, moralidad, eficiencia, econom\u00eda, imparcialidad, celeridad, transparencia, responsabilidad y valoraci\u00f3n de costos ambientales.<\/p>\n<p>De conformidad con el Decreto 1083 del 2015, ART\u00cdCULO 2.2.21.5.3 De las oficinas de control interno. Las Unidades u Oficinas de Control Interno o quien haga sus veces desarrollar\u00e1n su labor a trav\u00e9s de los siguientes roles: liderazgo estrat\u00e9gico; enfoque hacia la prevenci\u00f3n, evaluaci\u00f3n de la gesti\u00f3n del riesgo, evaluaci\u00f3n y seguimiento, relaci\u00f3n con entes externos de control.<\/p>\n<p>La visi\u00f3n de la dependencia es consolidar la Universidad de Caldas como una organizaci\u00f3n transparente de cara a la regi\u00f3n, con talento humano, comprometido en el mejoramiento continuo a trav\u00e9s de la cultura del autocontrol.<\/p>\n<ul>\n<li><a href=\"http:\/\/sig.ucaldas.edu.co\/admiarchigestion\/F-12053.PDF\" target=\"_blank\" rel=\"noopener\">Acuerdo 56 de 2018. Consejo Superior. Por el cual se reglamenta el ejercicio del control interno en la Universidad de Caldas<\/a><\/li>\n<li><a href=\"http:\/\/sig.ucaldas.edu.co\/admiarchigestion\/1000-882.PDF\" target=\"_blank\" rel=\"noopener\">Resoluci\u00f3n\u00a0 1679 de 2022. Rector\u00eda. Por medio de la cual se adopta el Estatuto y C\u00f3digo de \u00c9tica de Auditor\u00eda Interna que define el prop\u00f3sito, la autoridad y la responsabilidad de la actividad de Auditor\u00eda Interna en la Universidad de Caldas<\/a><\/li>\n<\/ul>\n<p>[\/vc_column_text][\/vc_tta_section][vc_tta_section title=\u00bbInformes de Auditoria y Seguimiento\u00bb tab_id=\u00bb1506026941649-acf58cde-4b66&#8243;][vc_custom_heading text=\u00bbAuditor\u00eda y Seguimiento\u00bb google_fonts=\u00bbfont_family:Roboto%3A100%2C100italic%2C300%2C300italic%2Cregular%2Citalic%2C500%2C500italic%2C700%2C700italic%2C900%2C900italic|font_style:900%20bold%20regular%3A900%3Anormal\u00bb][vc_empty_space][vc_column_text css=\u00bb\u00bb]<strong><em>Transparencia y Acceso a la Informaci\u00f3n<\/em><\/strong><\/p>\n<ul>\n<li><a href=\"https:\/\/www.ucaldas.edu.co\/portal\/wp-content\/uploads\/2025\/08\/Informe-con-anexos.pdf\" target=\"_blank\" rel=\"noopener\">Informe Transparencia y acceso a la informaci\u00f3n p\u00fablica 2025<\/a><\/li>\n<li><a href=\"https:\/\/www.ucaldas.edu.co\/portal\/wp-content\/uploads\/2025\/01\/2024-II-00010158.pdf\" target=\"_blank\" rel=\"noopener\">Informe Transparencia y acceso a la informaci\u00f3n p\u00fablica 2024<\/a><\/li>\n<li><a href=\"https:\/\/www.ucaldas.edu.co\/portal\/wp-content\/uploads\/2024\/02\/Informe-transparencia-2023-II-00009494.pdf\" target=\"_blank\" rel=\"noopener\">Informe Transparencia y acceso a la informaci\u00f3n p\u00fablica 2023<\/a><\/li>\n<li><a href=\"https:\/\/www.ucaldas.edu.co\/portal\/wp-content\/uploads\/2023\/09\/2022-II-00019452-septiembre-2023.pdf\" target=\"_blank\" rel=\"noopener\">Informe Transparencia y acceso a la informaci\u00f3n p\u00fablica 2022<\/a><\/li>\n<li><a href=\"https:\/\/www.ucaldas.edu.co\/portal\/wp-content\/uploads\/2023\/09\/informe-2021-septiembre-2023.pdf\" target=\"_blank\" rel=\"noopener\">Informe Transparencia y acceso a la informaci\u00f3n p\u00fablica 2021<\/a><\/li>\n<\/ul>\n<p>&nbsp;<\/p>\n<p><strong><em>Informes Evaluaci\u00f3n de Rendici\u00f3n de Cuentas<\/em><\/strong><\/p>\n<ul>\n<li><a href=\"https:\/\/www.ucaldas.edu.co\/portal\/wp-content\/uploads\/2025\/07\/Informe-rendicion-de-cuentas.pdf\" target=\"_blank\" rel=\"noopener\">Informe Evaluaci\u00f3n Rendici\u00f3n de cuentas 2024<\/a><\/li>\n<li><a href=\"https:\/\/www.ucaldas.edu.co\/portal\/wp-content\/uploads\/2024\/08\/1-Informe-rendicion-de-cuentas-control-interno.pdf\" target=\"_blank\" rel=\"noopener\">Informe Evaluaci\u00f3n Rendici\u00f3n de cuentas 2023<\/a><\/li>\n<li><a href=\"https:\/\/www.ucaldas.edu.co\/portal\/wp-content\/uploads\/2023\/07\/informe-eval-rend-cuentas-2022-julio-2023.pdf\" target=\"_blank\" rel=\"noopener\">Informe Evaluaci\u00f3n Rendici\u00f3n de cuentas 2022<\/a><\/li>\n<li><a href=\"https:\/\/www.ucaldas.edu.co\/portal\/wp-content\/uploads\/2023\/07\/inf-eval-rend-cuentas-2021-julio-2023.pdf\" target=\"_blank\" rel=\"noopener\">Informe Evaluaci\u00f3n Rendici\u00f3n de cuentas 2021<\/a><\/li>\n<li><a href=\"https:\/\/www.ucaldas.edu.co\/portal\/wp-content\/uploads\/2023\/07\/inf-eval-red-cuentas-2020-julio-2023.pdf\" target=\"_blank\" rel=\"noopener\">Informe Evaluaci\u00f3n Rendici\u00f3n de cuentas 2020<\/a><\/li>\n<\/ul>\n<p>&nbsp;<\/p>\n<p><strong><em>Seguimientos al Plan Anticorrupci\u00f3n y de Atenci\u00f3n al Ciudadano &#8211; ley 1474 de 2011<\/em><\/strong><\/p>\n<ul>\n<li><a href=\"https:\/\/www.ucaldas.edu.co\/portal\/archivo-plan-anticorrupcion-control-interno\/\">Consultar archivo del Plan anticorrupci\u00f3n<\/a><\/li>\n<\/ul>\n<p>&nbsp;<\/p>\n<p><em><b>Seguimiento Programa de Transparencia y \u00c9tica\u00a0P\u00fablica.<\/b><\/em><\/p>\n<ul>\n<li><a href=\"https:\/\/www.ucaldas.edu.co\/portal\/wp-content\/uploads\/2025\/08\/Informe-programa-trans.pdf\" target=\"_blank\" rel=\"noopener\">Informe seguimiento PTEP junio 2025<\/a><\/li>\n<\/ul>\n<p>&nbsp;<\/p>\n<p><em><strong>Informes de Evaluaci\u00f3n Independiente del Estado del Sistema de Control Interno \u2013 Decreto 2106 de 2019<\/strong><\/em><\/p>\n<ul>\n<li><a href=\"https:\/\/www.ucaldas.edu.co\/portal\/wp-content\/uploads\/2026\/01\/Inf-SCI-Dic-2025.pdf\" target=\"_blank\" rel=\"noopener\">Informe semestral Segundo semestre de 2025<\/a><\/li>\n<li><a href=\"https:\/\/www.ucaldas.edu.co\/portal\/wp-content\/uploads\/2025\/07\/InfEvalIndSCI-junio-2025.pdf\" target=\"_blank\" rel=\"noopener\">Informe semestral Primer semestre de 2025<\/a><\/li>\n<li><a href=\"https:\/\/www.ucaldas.edu.co\/portal\/wp-content\/uploads\/2025\/01\/Informe-SCI-dic-2024.pdf\" target=\"_blank\" rel=\"noopener\">Informe semestral Segundo semestre de 2024<\/a><\/li>\n<li><a href=\"https:\/\/www.ucaldas.edu.co\/portal\/wp-content\/uploads\/2024\/08\/InfPormenorizadoCIjun2024-1.pdf\" target=\"_blank\" rel=\"noopener\">Informe semestral Primer semestre de 2024<\/a><\/li>\n<li><a href=\"https:\/\/www.ucaldas.edu.co\/portal\/wp-content\/uploads\/2024\/02\/Inf-pormenorizado-CI-2023.pdf\" target=\"_blank\" rel=\"noopener\">Informe semestral Segundo semestre de 2023<\/a><\/li>\n<li><a href=\"https:\/\/www.ucaldas.edu.co\/portal\/wp-content\/uploads\/2023\/07\/Formato-informe-sci-parametrizado-final.pdf\" target=\"_blank\" rel=\"noopener\">Informe semestral Primer semestre de 2023<\/a><\/li>\n<li><a href=\"https:\/\/www.ucaldas.edu.co\/portal\/wp-content\/uploads\/2023\/01\/Formato-informe-sci-parametrizado-final-Enero-2023.pdf\" target=\"_blank\" rel=\"noopener\">Informe semestral Segundo semestre de 2022<\/a><\/li>\n<li><a href=\"https:\/\/www.ucaldas.edu.co\/portal\/wp-content\/uploads\/2022\/07\/Inf-Pormenorizado-CI-junio-2022.pdf\" target=\"_blank\" rel=\"noopener\">Informe semestral Primer semestre de 2022<\/a><\/li>\n<li><a href=\"https:\/\/www.ucaldas.edu.co\/portal\/wp-content\/uploads\/2022\/02\/Informe-promenorizado-ci-2021-Feb-2022.pdf\" target=\"_blank\" rel=\"noopener\">Informe semestral Segundo semestre de 2021<\/a><\/li>\n<li><a href=\"https:\/\/www.ucaldas.edu.co\/portal\/wp-content\/uploads\/2021\/07\/Formato-informe-sci-parametrizado-final-30-06-2021..pdf\" target=\"_blank\" rel=\"noopener\">Informe semestral Primer semestre de 2021<\/a><\/li>\n<li><a href=\"https:\/\/www.ucaldas.edu.co\/portal\/wp-content\/uploads\/2014\/02\/Inf-pormenorizado-SCI-Segundo-Sem-2020.pdf\" target=\"_blank\" rel=\"noopener\">Informe semestral Segundo semestre de 2020<\/a><\/li>\n<li><a href=\"https:\/\/www.ucaldas.edu.co\/portal\/wp-content\/uploads\/2014\/02\/Inf-pormenorizado-SCI-Primer-Sem-2020-.pdf\" target=\"_blank\" rel=\"noopener\">Informe semestral Primer semestre de 2020<\/a><\/li>\n<li><a href=\"https:\/\/www.ucaldas.edu.co\/portal\/archivo-informes-pormenorizados-sobre-el-sistema-de-control-interno\/\">Consultar archivo de Informes pormenorizados sobre el sistema de Control interno<\/a><\/li>\n<\/ul>\n<h3><\/h3>\n<h3><strong>Informes de Auditor\u00edas<\/strong><\/h3>\n<p><em><strong>Informe evaluaci\u00f3n de la gesti\u00f3n por dependencia<\/strong><\/em><\/p>\n<ul>\n<li><a href=\"https:\/\/www.ucaldas.edu.co\/portal\/wp-content\/uploads\/2026\/02\/Inf-Ejecutivo-Evaluacion-Dependencias-2025.pdf\" target=\"_blank\" rel=\"noopener\">Informe Evaluaci\u00f3n de la Gesti\u00f3n por Dependencia 2025<\/a><\/li>\n<li><a href=\"https:\/\/www.ucaldas.edu.co\/portal\/wp-content\/uploads\/2025\/03\/INFORME-GERENCIAL-EVAL-X-DEPENDENCIAS-2024.pdf\" target=\"_blank\" rel=\"noopener\">Informe Evaluaci\u00f3n de la Gesti\u00f3n por Dependencia 2024<\/a><\/li>\n<li><a href=\"https:\/\/www.ucaldas.edu.co\/portal\/wp-content\/uploads\/2025\/03\/INFORME-GERENCIAL-EVAL-X-DEPENDENCIAS-2023.pdf\" target=\"_blank\" rel=\"noopener\">Informe Evaluaci\u00f3n de la Gesti\u00f3n por Dependencia 2023<\/a><\/li>\n<\/ul>\n<p>&nbsp;<\/p>\n<p><em><strong>Seguimiento a las pol\u00edticas de austeridad y eficiencia del gasto de la Universidad de Caldas<\/strong><\/em><\/p>\n<ul>\n<li><a href=\"https:\/\/www.ucaldas.edu.co\/portal\/wp-content\/uploads\/2026\/02\/INFSEGUIMGASTO4t25_OCT-DIC2025.pdf\" target=\"_blank\" rel=\"noopener\">Informe de seguimiento al gasto 4T25<\/a><\/li>\n<li><a href=\"https:\/\/www.ucaldas.edu.co\/portal\/wp-content\/uploads\/2025\/11\/InformeAusteridadIIITrim2025.pdf\" target=\"_blank\" rel=\"noopener\">Informe de seguimiento al gasto 3T25<\/a><\/li>\n<li><a href=\"https:\/\/www.ucaldas.edu.co\/portal\/wp-content\/uploads\/2025\/10\/InformeAusteridadIITrim2025.pdf\" target=\"_blank\" rel=\"noopener\">Informe de seguimiento al gasto 2T25<\/a><\/li>\n<li><a href=\"https:\/\/www.ucaldas.edu.co\/portal\/wp-content\/uploads\/2025\/07\/2025-II-00005548.pdf\" target=\"_blank\" rel=\"noopener\">Informe de seguimiento al gasto 1T25<\/a><\/li>\n<li><a href=\"https:\/\/www.ucaldas.edu.co\/portal\/wp-content\/uploads\/2025\/04\/2025-II-00003225.pdf\" target=\"_blank\" rel=\"noopener\">Informe de seguimiento al gasto 4T24<\/a><\/li>\n<li><a href=\"https:\/\/www.ucaldas.edu.co\/portal\/wp-content\/uploads\/2024\/11\/2024-II-00011423.pdf\" target=\"_blank\" rel=\"noopener\">Informe de seguimiento al gasto 3T24<\/a><\/li>\n<li><a href=\"https:\/\/www.ucaldas.edu.co\/portal\/wp-content\/uploads\/2024\/08\/2024-II-00008433.pdf\" target=\"_blank\" rel=\"noopener\">Informe de seguimiento al gasto 2T24<\/a><\/li>\n<li><a href=\"https:\/\/www.ucaldas.edu.co\/portal\/wp-content\/uploads\/2024\/08\/INF-AUSTERIDAD-EN-EL-GASTO-2024-Corregido.pdf\" target=\"_blank\" rel=\"noopener\">Informe de seguimiento al gasto 1T24<\/a><\/li>\n<li><a href=\"https:\/\/www.ucaldas.edu.co\/portal\/wp-content\/uploads\/2024\/04\/informe-trimestral-4T23.pdf\" target=\"_blank\" rel=\"noopener\">Informe de seguimiento al gasto 4T23<\/a><\/li>\n<li><a href=\"https:\/\/www.ucaldas.edu.co\/portal\/wp-content\/uploads\/2023\/11\/2023-II-00010293.pdf\" target=\"_blank\" rel=\"noopener\">Informe de seguimiento al gasto 3T23<\/a><\/li>\n<li><a href=\"https:\/\/www.ucaldas.edu.co\/portal\/wp-content\/uploads\/2023\/08\/Informe-2-T23.pdf\" target=\"_blank\" rel=\"noopener\">Informe de seguimiento al gasto 2T23<\/a><\/li>\n<li><a href=\"https:\/\/www.ucaldas.edu.co\/portal\/wp-content\/uploads\/2023\/06\/informe-Austeridad-marzo-2023-Junio-2023.pdf\" target=\"_blank\" rel=\"noopener\">Informe de seguimiento al gasto 1T23<\/a><\/li>\n<li><a href=\"https:\/\/www.ucaldas.edu.co\/portal\/wp-content\/uploads\/2023\/02\/informe-trimestral-4T22-Feb-2023.pdf\" target=\"_blank\" rel=\"noopener\">Informe de seguimiento al gasto 4T22<\/a><\/li>\n<li><a href=\"https:\/\/www.ucaldas.edu.co\/portal\/wp-content\/uploads\/2022\/11\/INFORMEAUSTERIDAD-control-interno-Nov-2022.pdf\" target=\"_blank\" rel=\"noopener\">Informe de seguimiento al gasto 3T22<\/a><\/li>\n<li><a href=\"https:\/\/www.ucaldas.edu.co\/portal\/wp-content\/uploads\/2022\/08\/Informe-2-T22-Agosto-2022.pdf\" target=\"_blank\" rel=\"noopener\">Informe de seguimiento al gasto 2T22<\/a><\/li>\n<li><a href=\"https:\/\/www.ucaldas.edu.co\/portal\/wp-content\/uploads\/2022\/06\/Informe-1-T22-Junio-2022.pdf\" target=\"_blank\" rel=\"noopener\">Informe de seguimiento al gasto 1T22<\/a><\/li>\n<li><a href=\"https:\/\/www.ucaldas.edu.co\/portal\/wp-content\/uploads\/2022\/03\/Informe-Trimestral-4T21-Marzo-2022.pdf\" target=\"_blank\" rel=\"noopener\">Informe de seguimiento al gasto 4T21<\/a><\/li>\n<li><a href=\"https:\/\/www.ucaldas.edu.co\/portal\/wp-content\/uploads\/2021\/11\/Informe-de-Seguimiento-al-Gasto-3T21-Nov-2021.pdf\" target=\"_blank\" rel=\"noopener\">Informe de seguimiento al gasto 3T21<\/a><\/li>\n<li><a href=\"https:\/\/www.ucaldas.edu.co\/portal\/wp-content\/uploads\/2021\/11\/Informe-de-Seguimiento-al-Gasto-2T21.pdf\" target=\"_blank\" rel=\"noopener\">Informe de seguimiento al gasto 2T21<\/a><\/li>\n<li><a href=\"https:\/\/www.ucaldas.edu.co\/portal\/wp-content\/uploads\/2021\/11\/Informe-de-Seguimiento-al-Gasto-1T21.pdf\" target=\"_blank\" rel=\"noopener\">Informe de seguimiento al gasto 1T21<\/a><\/li>\n<li><a href=\"https:\/\/www.ucaldas.edu.co\/portal\/wp-content\/uploads\/2021\/11\/Informe-de-Seguimiento-al-Gasto-4T20.pdf\" target=\"_blank\" rel=\"noopener\">Informe de seguimiento al gasto 4T20<\/a><\/li>\n<li><a href=\"https:\/\/www.ucaldas.edu.co\/portal\/wp-content\/uploads\/2021\/11\/Informe-de-Seguimiento-al-Gasto-3T20.pdf\" target=\"_blank\" rel=\"noopener\">Informe de seguimiento al gasto 3T20<\/a><\/li>\n<li><a href=\"https:\/\/www.ucaldas.edu.co\/portal\/wp-content\/uploads\/2021\/11\/Informe-de-Seguimiento-al-Gasto-2T20.pdf\" target=\"_blank\" rel=\"noopener\">Informe de seguimiento al gasto 2T20<\/a><\/li>\n<li><a href=\"https:\/\/www.ucaldas.edu.co\/portal\/wp-content\/uploads\/2021\/11\/Informe-de-Seguimiento-al-Gasto-1T20.pdf\" target=\"_blank\" rel=\"noopener\">Informe de seguimiento al gasto 1T20<\/a><\/li>\n<li><a href=\"https:\/\/www.ucaldas.edu.co\/portal\/archivo-seguimiento-a-las-politicas-de-austeridad-y-eficiencia-del-gasto-de-la-universidad-de-caldas\/\">Consultar archivo de Informes de Seguimiento a las pol\u00edticas de austeridad y eficiencia del gasto de la Universidad de Caldas<\/a><\/li>\n<\/ul>\n<p>&nbsp;<\/p>\n<p><em><strong>Informes de seguimiento a la Gesti\u00f3n Contractual<\/strong><\/em><\/p>\n<ul>\n<li><a href=\"https:\/\/www.ucaldas.edu.co\/portal\/wp-content\/uploads\/2025\/08\/inf-contratacion.pdf\" target=\"_blank\" rel=\"noopener\">Informe Gesti\u00f3n Contractual Primer Semestre 2025<\/a><\/li>\n<li><a href=\"https:\/\/www.ucaldas.edu.co\/portal\/wp-content\/uploads\/2025\/01\/2024-II-00005914-Contratacion.pdf\" target=\"_blank\" rel=\"noopener\">Informe Gesti\u00f3n Contractual Primer Semestre 2024<\/a><\/li>\n<li><a href=\"https:\/\/www.ucaldas.edu.co\/portal\/wp-content\/uploads\/2024\/02\/Informe-Gestion-Contractual-2023-II-00009755-1.pdf\" target=\"_blank\" rel=\"noopener\">Informe Gesti\u00f3n Contractual Primer Semestre 2023<\/a><\/li>\n<li><a href=\"https:\/\/www.ucaldas.edu.co\/portal\/wp-content\/uploads\/2023\/08\/2023-II-00003015final-agosto-2023.pdf\" target=\"_blank\" rel=\"noopener\">Informe Gesti\u00f3n Contractual Segundo Semestre 2022<\/a><\/li>\n<li><a href=\"https:\/\/www.ucaldas.edu.co\/portal\/wp-content\/uploads\/2022\/05\/CONTINUACION-AUDITORIA-CONTRATOS-OBRA-2021-Mayo-2022.pdf\" target=\"_blank\" rel=\"noopener\">Informe Gesti\u00f3n Contractual Primer Semestre 2022<\/a><\/li>\n<li><a href=\"https:\/\/www.ucaldas.edu.co\/portal\/wp-content\/uploads\/2022\/03\/AUDITORIA-REVISADA-GESTION-CONTRACTUAL-OBRAS-2021-Marzo-2022.pdf\" target=\"_blank\" rel=\"noopener\">Informe diciembre Gesti\u00f3n Contractual 2021<\/a><\/li>\n<li><a href=\"https:\/\/www.ucaldas.edu.co\/portal\/wp-content\/uploads\/2021\/11\/Informe-Abril-Junio-Gestion-Contractual-2021-nov-2021.pdf\" target=\"_blank\" rel=\"noopener\">Informe abril \u2013 junio Gesti\u00f3n Contractual 2021<\/a><\/li>\n<li><a href=\"https:\/\/www.ucaldas.edu.co\/portal\/wp-content\/uploads\/2021\/11\/Informe-Enero-Marzo-Gestion-Contractual-2021-nov-2021.pdf\" target=\"_blank\" rel=\"noopener\">Informe enero \u2013 marzo Gesti\u00f3n Contractual 2021<\/a><\/li>\n<li><a href=\"https:\/\/www.ucaldas.edu.co\/portal\/wp-content\/uploads\/2014\/02\/INFORMENRO.09.pdf\" target=\"_blank\" rel=\"noopener\">Informe enero \u2013 febrero Gesti\u00f3n Contractual 2020<\/a><\/li>\n<li><a href=\"https:\/\/www.ucaldas.edu.co\/portal\/wp-content\/uploads\/2014\/02\/Informe-de-auditoria-gestion-contractual-con-ocasion-urgencia-manifiesta..pdf\" target=\"_blank\" rel=\"noopener\">Informe marzo \u2013 septiembre Gesti\u00f3n Contractual 2020<\/a><\/li>\n<li><a href=\"https:\/\/www.ucaldas.edu.co\/portal\/archivo-informe-de-seguimiento-a-la-gestion-contractual\/\">Consultar archivo de Informes de seguimiento a la Gesti\u00f3n Contractual<\/a><\/li>\n<\/ul>\n<p>&nbsp;<\/p>\n<p><em><strong>Informe de evaluaci\u00f3n y seguimiento al Sistema de Control Interno Contable<\/strong><\/em><\/p>\n<ul>\n<li><a href=\"https:\/\/www.ucaldas.edu.co\/portal\/wp-content\/uploads\/2026\/03\/27017000284K9020901-1220251772057967642.pdf\" target=\"_blank\" rel=\"noopener\">Informe CHIP-2025<\/a><\/li>\n<li><a href=\"https:\/\/www.ucaldas.edu.co\/portal\/wp-content\/uploads\/2025\/02\/InfControlInternoContable2024.pdf\" target=\"_blank\" rel=\"noopener\">Informe CHIP-2024<\/a><\/li>\n<li><a href=\"https:\/\/www.ucaldas.edu.co\/portal\/wp-content\/uploads\/2024\/03\/Informe-CHIP-2023.pdf\" target=\"_blank\" rel=\"noopener\">Informe CHIP-2023<\/a><\/li>\n<li><a href=\"https:\/\/www.ucaldas.edu.co\/portal\/wp-content\/uploads\/2023\/02\/inf-ci-contable-2022-Feb-2023.pdf\" target=\"_blank\" rel=\"noopener\">Informe CHIP-2022<\/a><\/li>\n<li><a href=\"https:\/\/www.ucaldas.edu.co\/portal\/wp-content\/uploads\/2022\/03\/Informe-Sist-Control-int-Contable-2021-Marzo-2022.pdf\" target=\"_blank\" rel=\"noopener\">Informe CHIP-2021<\/a><\/li>\n<li><a href=\"https:\/\/www.ucaldas.edu.co\/portal\/wp-content\/uploads\/2021\/11\/Informe-CHIP-Vigencia-2020.pdf\" target=\"_blank\" rel=\"noopener\">Informe CHIP-2020<\/a><\/li>\n<li><a href=\"https:\/\/www.ucaldas.edu.co\/portal\/archivo-informe-de-evaluacion-y-seguimiento-al-sistema-de-control-interno-contable\/\">Consultar archivo de informes de evaluaci\u00f3n y seguimiento al Sistema de Control Interno Contable<\/a><\/li>\n<\/ul>\n<p>&nbsp;<\/p>\n<p><em><strong>Certificado semestral para la Agencia Nacional de Defensa Jur\u00eddica del Estado \u2013 Ekogui<\/strong><\/em><\/p>\n<ul>\n<li><a href=\"https:\/\/www.ucaldas.edu.co\/portal\/wp-content\/uploads\/2026\/03\/IFeKOGUI2025-II.pdf\" target=\"_blank\" rel=\"noopener\">Certificaci\u00f3n Segundo Semestre de 2025<\/a><\/li>\n<li><a href=\"https:\/\/www.ucaldas.edu.co\/portal\/wp-content\/uploads\/2025\/08\/2025-II-00008717.pdf\" target=\"_blank\" rel=\"noopener\">Certificaci\u00f3n Primer Semestre de 2025<\/a><\/li>\n<li><a href=\"https:\/\/www.ucaldas.edu.co\/portal\/wp-content\/uploads\/2025\/03\/Informe-defensa-juridica-e-Kogui-II-2024-FINAL.pdf\" target=\"_blank\" rel=\"noopener\">Certificaci\u00f3n Segundo Semestre de 2024<\/a><\/li>\n<li><a href=\"https:\/\/www.ucaldas.edu.co\/portal\/wp-content\/uploads\/2024\/08\/Informe-defensa-juridica-e-Kogui-I-2024.pdf\" target=\"_blank\" rel=\"noopener\">Certificaci\u00f3n Primer Semestre de 2024<\/a><\/li>\n<li><a href=\"https:\/\/www.ucaldas.edu.co\/portal\/wp-content\/uploads\/2024\/03\/Informe-defensa-juridica-e-Kogui-II-2023.pdf\" target=\"_blank\" rel=\"noopener\">Certificaci\u00f3n\u00a0<span class=\"gmail_default\">Segundo<\/span> Semestre de 2023<\/a><\/li>\n<li><a href=\"https:\/\/www.ucaldas.edu.co\/portal\/wp-content\/uploads\/2023\/09\/Informe-defensa-juridica-e-Kogui-septiembre-2023.pdf\" target=\"_blank\" rel=\"noopener\">Certificaci\u00f3n Primer Semestre de 2023<\/a><\/li>\n<li><a href=\"https:\/\/www.ucaldas.edu.co\/portal\/wp-content\/uploads\/2023\/03\/Informe-defensa-juridica-e-Kogui-Mar-2023.pdf\" target=\"_blank\" rel=\"noopener\">Certificaci\u00f3n Segundo Semestre de 2022<\/a><\/li>\n<li><a href=\"https:\/\/www.ucaldas.edu.co\/portal\/wp-content\/uploads\/2022\/09\/2022-II-00012256-Sept-2022.pdf\" target=\"_blank\" rel=\"noopener\">Certificaci\u00f3n Primer Semestre de 2022<\/a><\/li>\n<li><a href=\"https:\/\/www.ucaldas.edu.co\/portal\/wp-content\/uploads\/2022\/03\/Certificacion-Segundo-Semestre-de-2021-Marzo-2022.pdf\" target=\"_blank\" rel=\"noopener\">Certificaci\u00f3n Segundo Semestre de 2021<\/a><\/li>\n<li><a href=\"https:\/\/www.ucaldas.edu.co\/portal\/wp-content\/uploads\/2021\/11\/Certificacion-primer-semestre-de-2021-Nov-2021.pdf\" target=\"_blank\" rel=\"noopener\">Certificaci\u00f3n Primer Semestre de 2021<\/a><\/li>\n<li><a href=\"https:\/\/www.ucaldas.edu.co\/portal\/wp-content\/uploads\/2021\/11\/Certificacion-segundo-semestre-de-2020-nov-2021.pdf\" target=\"_blank\" rel=\"noopener\">Certificaci\u00f3n Segundo Semestre de 2020<\/a><\/li>\n<li><a href=\"https:\/\/www.ucaldas.edu.co\/portal\/wp-content\/uploads\/2014\/02\/INFORME-E-KOGUI-2020.pdf\" target=\"_blank\" rel=\"noopener\">Certificaci\u00f3n Primer Semestre de 2020<\/a><\/li>\n<li><a href=\"https:\/\/www.ucaldas.edu.co\/portal\/archivo-certificado-semestral-para-la-agencia-nacional-de-defensa-juridica-del-estado-ekogui\/\">Consultar archivo de Certificados semestral para la Agencia Nacional de Defensa Jur\u00eddica del Estado \u2013 Ekogui<\/a><\/li>\n<\/ul>\n<p>&nbsp;<\/p>\n<p><em><strong>Informe Uso legal del software<\/strong><\/em><\/p>\n<ul>\n<li><a href=\"https:\/\/www.ucaldas.edu.co\/portal\/wp-content\/uploads\/2026\/03\/IFDerechosdeAutor2026.pdf\" target=\"_blank\" rel=\"noopener\">Derechos de Autor y uso de Software 2026<\/a><\/li>\n<li><a href=\"https:\/\/www.ucaldas.edu.co\/portal\/wp-content\/uploads\/2025\/03\/2025-II-00002687.pdf\" target=\"_blank\" rel=\"noopener\">Derechos de Autor y uso de Software 2025<\/a><\/li>\n<li><a href=\"https:\/\/www.ucaldas.edu.co\/portal\/wp-content\/uploads\/2024\/03\/Derechos-de-Autor-y-uso-de-Software-2024.pdf\" target=\"_blank\" rel=\"noopener\">Derechos de Autor y uso de Software 2024<\/a><\/li>\n<li><a href=\"https:\/\/www.ucaldas.edu.co\/portal\/wp-content\/uploads\/2023\/03\/Derechos-de-Autor-y-uso-de-Software-2023-Mar-2023.pdf\" target=\"_blank\" rel=\"noopener\">Derechos de Autor y uso de Software 2023<\/a><\/li>\n<li><a href=\"https:\/\/www.ucaldas.edu.co\/portal\/wp-content\/uploads\/2022\/03\/Certificado-Derechos-de-Autor-y-Uso-de-Software-2022-marzo-2022.pdf\" target=\"_blank\" rel=\"noopener\">Derechos de Autor y uso de Software 2022<\/a><\/li>\n<li><a href=\"https:\/\/www.ucaldas.edu.co\/portal\/wp-content\/uploads\/2021\/11\/Derechos-de-Autor-y-Uso-de-Software-2021.pdf\" target=\"_blank\" rel=\"noopener\">Derechos de Autor y uso de Software 2021<\/a><\/li>\n<li><a href=\"https:\/\/www.ucaldas.edu.co\/portal\/wp-content\/uploads\/2014\/02\/Derechos-de-Autor-y-uso-de-Software.pdf\" target=\"_blank\" rel=\"noopener\">Derechos de Autor y uso de Software<\/a><\/li>\n<li><a href=\"https:\/\/www.ucaldas.edu.co\/portal\/archivo-informe-uso-legal-del-software\/\">Consultar archivo de informes de uso de software<\/a><\/li>\n<\/ul>\n<p>&nbsp;<\/p>\n<p><em><strong>Informe ejecutivo anual del modelo est\u00e1ndar de control Interno MECI<\/strong><\/em><\/p>\n<ul>\n<li><a href=\"https:\/\/www.ucaldas.edu.co\/portal\/wp-content\/uploads\/2026\/03\/Certificado-Diligenciamiento-Furag.pdf\" target=\"_blank\" rel=\"noopener\">Evaluaci\u00f3n al SCI \u2013 MECI \u2013 Certificado MECI 2025<\/a><\/li>\n<li><a href=\"https:\/\/www.ucaldas.edu.co\/portal\/wp-content\/uploads\/2025\/03\/CertificadoDiligenciamientoRDM11_3740581837215735732.pdf\" target=\"_blank\" rel=\"noopener\">Evaluaci\u00f3n al SCI \u2013 MECI \u2013 Certificado MECI 2024<\/a><\/li>\n<li><a href=\"https:\/\/www.ucaldas.edu.co\/portal\/wp-content\/uploads\/2024\/04\/Evaluacion-al-SCI-MECI-Certificado-MECI-2023.pdf\" target=\"_blank\" rel=\"noopener\">Evaluaci\u00f3n al SCI \u2013 MECI \u2013 Certificado MECI 2023<\/a><\/li>\n<li><a href=\"https:\/\/www.ucaldas.edu.co\/portal\/wp-content\/uploads\/2023\/06\/Evaluacion-al-SCI-%E2%80%93-MECI-%E2%80%93-Certificado-MECI-2022.pdf\" target=\"_blank\" rel=\"noopener\">Evaluaci\u00f3n al SCI \u2013 MECI \u2013 Certificado MECI 2022<\/a><\/li>\n<li><a href=\"https:\/\/www.ucaldas.edu.co\/portal\/wp-content\/uploads\/2022\/03\/CertificadoDiligenciamientoRDM11_1681378967510372092-Marzo-2022.pdf\" target=\"_blank\" rel=\"noopener\">Evaluaci\u00f3n al SCI \u2013 MECI \u2013 Certificado MECI 2021<\/a><\/li>\n<li><a href=\"https:\/\/www.ucaldas.edu.co\/portal\/wp-content\/uploads\/2014\/02\/Certificado-MECI.pdf\" target=\"_blank\" rel=\"noopener\">Evaluaci\u00f3n al SCI \u2013 MECI \u2013 Certificado MECI<\/a><\/li>\n<li><a href=\"https:\/\/www.ucaldas.edu.co\/portal\/wp-content\/uploads\/2014\/02\/Resultados-MECI.pdf\" target=\"_blank\" rel=\"noopener\">Evaluaci\u00f3n al SCI \u2013 ME Resultados MECI<\/a><\/li>\n<\/ul>\n<h3><\/h3>\n<h3><strong>Auditor\u00edas<\/strong><\/h3>\n<p><em><strong>Veedur\u00eda Becas de compensaci\u00f3n<\/strong><\/em><\/p>\n<ul>\n<li><a href=\"https:\/\/www.ucaldas.edu.co\/portal\/wp-content\/uploads\/2022\/09\/2-Informe-Becas-2021-2-Sept-2022.pdf\" target=\"_blank\" rel=\"noopener\">Informe Veedur\u00eda Becas de Compensaci\u00f3n vigencia 2022<\/a><\/li>\n<li><a href=\"https:\/\/www.ucaldas.edu.co\/portal\/wp-content\/uploads\/2022\/03\/INFORME-DE-AUDITORIA-VEEDURIA-BECAS-DE-COMPENSACION-Marzo-2022.pdf\" target=\"_blank\" rel=\"noopener\">Informe Veedur\u00eda Becas de Compensaci\u00f3n vigencia 2021<\/a><\/li>\n<li><a href=\"https:\/\/www.ucaldas.edu.co\/portal\/wp-content\/uploads\/2014\/02\/Informe-Veedur%C3%ADa-Becas-de-Compensacion-2020.pdf\" target=\"_blank\" rel=\"noopener\">Informe Veedur\u00eda Becas de Compensaci\u00f3n vigencia 2020<\/a><\/li>\n<li><a href=\"https:\/\/www.ucaldas.edu.co\/portal\/wp-content\/uploads\/2014\/02\/Informe-Nro.26-Becas-de-Compensaci%C3%B3n-2019.pdf\" target=\"_blank\" rel=\"noopener\">Informe Nro. 26 Veedur\u00eda Becas de Compensaci\u00f3n vigencia 2019<\/a><\/li>\n<li><a href=\"https:\/\/www.ucaldas.edu.co\/portal\/wp-content\/uploads\/2014\/02\/Informe-Nro.18-Veedur%C3%ADa-Becas-de-Compensaci%C3%B3n-2018-2.pdf\" target=\"_blank\" rel=\"noopener\">Informe Nro. 18 Veedur\u00eda Becas de Compensaci\u00f3n 2018-2<\/a><\/li>\n<li><a href=\"https:\/\/www.ucaldas.edu.co\/portal\/wp-content\/uploads\/2014\/02\/Informe-Nro.21-Veedur%C3%ADa-Becas-de-Compensaci%C3%B3n-2018-1.pdf\" target=\"_blank\" rel=\"noopener\">Informe Nro. 21 Veedur\u00eda Becas de Compensaci\u00f3n 2018-1<\/a><\/li>\n<li><a href=\"https:\/\/www.ucaldas.edu.co\/portal\/wp-content\/uploads\/2014\/02\/Informe-Nro.3-Veedur%C3%ADa-Becas-de-Compensaci%C3%B3n-2017-2.pdf\" target=\"_blank\" rel=\"noopener\">Informe Nro. 3 Veedur\u00eda Becas de Compensaci\u00f3n 2017-2<\/a><\/li>\n<\/ul>\n<p>&nbsp;<\/p>\n<p><em><strong>Seguimiento al sistema de quejas, reclamos y sugerencias de la Universidad de Caldas<\/strong><\/em><\/p>\n<ul>\n<li><a href=\"https:\/\/www.ucaldas.edu.co\/portal\/wp-content\/uploads\/2025\/08\/2025-II-00008385.pdf\" target=\"_blank\" rel=\"noopener\">Informe Auditor\u00eda Nro 001 PQRS 2025-1<\/a><\/li>\n<li><a href=\"https:\/\/www.ucaldas.edu.co\/portal\/wp-content\/uploads\/2025\/02\/INFORME-PQRSF-2024-PAGINA-WEB.pdf\" target=\"_blank\" rel=\"noopener\">Informe Auditor\u00eda Nro 001 PQRS 2024-2<\/a><\/li>\n<li><a href=\"https:\/\/www.ucaldas.edu.co\/portal\/wp-content\/uploads\/2024\/10\/primer-semestre-2024.pdf\" target=\"_blank\" rel=\"noopener\">Informe Auditor\u00eda Nro 001 PQRS 2024-1<\/a><\/li>\n<li><a href=\"https:\/\/www.ucaldas.edu.co\/portal\/wp-content\/uploads\/2024\/01\/Informe-seguimiento-pqr-sem-2-2023-.pdf\" target=\"_blank\" rel=\"noopener\">Informe Auditor\u00eda Nro 002 PQRS 2023-2<\/a><\/li>\n<li><a href=\"https:\/\/www.ucaldas.edu.co\/portal\/wp-content\/uploads\/2024\/01\/Informe-seguimiento-pqr-sem-1-2023-.pdf\" target=\"_blank\" rel=\"noopener\">Informe Auditor\u00eda Nro 001 PQRS 2023-1<\/a><\/li>\n<li><a href=\"https:\/\/www.ucaldas.edu.co\/portal\/wp-content\/uploads\/2023\/02\/2023-II-00000998-Feb-2023.pdf\" target=\"_blank\" rel=\"noopener\">Informe Auditor\u00eda Nro 002 PQRS 2022-2<\/a><\/li>\n<li><a href=\"https:\/\/www.ucaldas.edu.co\/portal\/wp-content\/uploads\/2022\/08\/InfAuPQRS-junio-2022-Agosto-2022-v2.pdf\" target=\"_blank\" rel=\"noopener\">Informe Auditor\u00eda Nro 001 PQRS 2022-1<\/a><\/li>\n<li><a href=\"https:\/\/www.ucaldas.edu.co\/portal\/wp-content\/uploads\/2022\/02\/Informe-Auditoria-Nro.-2-PQRS-2021-2-Feb-2022.pdf\" target=\"_blank\" rel=\"noopener\">Informe Auditor\u00eda Nro 002 PQRS 2021-2<\/a><\/li>\n<li><a href=\"https:\/\/www.ucaldas.edu.co\/portal\/wp-content\/uploads\/2021\/11\/Informe-Auditoria-PQRS-2021-1.pdf\" target=\"_blank\" rel=\"noopener\">Informe Auditor\u00eda Nro 001 PQRS 2021-1<\/a><\/li>\n<li><a href=\"https:\/\/www.ucaldas.edu.co\/portal\/wp-content\/uploads\/2021\/11\/Informe-Auditoria-Nro-02-PQRS-2020-2-Nov-2021.pdf\" target=\"_blank\" rel=\"noopener\">Informe Auditor\u00eda Nro 002 PQRS 2020-2<\/a><\/li>\n<li><a href=\"https:\/\/www.ucaldas.edu.co\/portal\/wp-content\/uploads\/2014\/02\/Informe-de-auditor%C3%ADa-PQRS-2020-1.pdf\" target=\"_blank\" rel=\"noopener\">Informe Auditor\u00eda Nro 001 PQRS 2020-1<\/a><\/li>\n<li><a href=\"https:\/\/www.ucaldas.edu.co\/portal\/archivo-seguimiento-al-sistema-de-quejas-reclamos-y-sugerencias-de-la-universidad-de-caldas\/\">Consultar archivo de Informes de Seguimiento al sistema de quejas, reclamos y sugerencias de la Universidad de Caldas<\/a><\/li>\n<\/ul>\n<p>[\/vc_column_text][vc_empty_space][\/vc_tta_section][vc_tta_section title=\u00bbInformes Planes de Mejoramiento\u00bb tab_id=\u00bb1506027123178-2577cbee-4a44&#8243;][vc_custom_heading text=\u00bbPlanes de mejoramiento\u00bb google_fonts=\u00bbfont_family:Roboto%3A100%2C100italic%2C300%2C300italic%2Cregular%2Citalic%2C500%2C500italic%2C700%2C700italic%2C900%2C900italic|font_style:900%20bold%20regular%3A900%3Anormal\u00bb][vc_custom_heading text=\u00bbEntes de control\u00bb font_container=\u00bbtag:h3|text_align:left\u00bb google_fonts=\u00bbfont_family:Roboto%3A100%2C100italic%2C300%2C300italic%2Cregular%2Citalic%2C500%2C500italic%2C700%2C700italic%2C900%2C900italic|font_style:300%20light%20regular%3A300%3Anormal\u00bb][vc_empty_space][vc_column_text css=\u00bb\u00bb]<strong><em>Contralor\u00eda General de la Naci\u00f3n<\/em><\/strong><\/p>\n<ul>\n<li><a href=\"https:\/\/www.ucaldas.edu.co\/portal\/wp-content\/uploads\/2025\/07\/Inf-plan-mej-cgr-junio-2025.pdf\" target=\"_blank\" rel=\"noopener\">Seguimiento al Plan de Mejoramiento Junio 2025<\/a><\/li>\n<li><a href=\"https:\/\/www.ucaldas.edu.co\/portal\/wp-content\/uploads\/2025\/02\/Plan-mej-dic-2024CGR.pdf\" target=\"_blank\" rel=\"noopener\">Seguimiento al Plan de Mejoramiento diciembre 2024<\/a><\/li>\n<li><a href=\"https:\/\/www.ucaldas.edu.co\/portal\/wp-content\/uploads\/2025\/01\/Inf-junio-2024.pdf\" target=\"_blank\" rel=\"noopener\">Seguimiento al Plan de Mejoramiento a junio 2024<\/a><\/li>\n<li><a href=\"https:\/\/www.ucaldas.edu.co\/portal\/wp-content\/uploads\/2024\/07\/Plan-de-mejoramiento.pdf\" target=\"_blank\" rel=\"noopener\">Plan de Mejoramiento institucional vigencia 2023<\/a><\/li>\n<li><a href=\"https:\/\/www.ucaldas.edu.co\/portal\/wp-content\/uploads\/2024\/01\/Plan-de-mejoramiento-Diciembre-2023.pdf\" target=\"_blank\" rel=\"noopener\">Seguimiento al Plan de Mejoramiento a diciembre 2023<\/a><\/li>\n<li><a href=\"https:\/\/www.ucaldas.edu.co\/portal\/wp-content\/uploads\/2023\/07\/Siguimiento-al-plan-de-mejoramiento-Reporte-general-julio-2023.pdf\" target=\"_blank\" rel=\"noopener\">Seguimiento al Plan de Mejoramiento a junio 2023<\/a><\/li>\n<li><a href=\"https:\/\/www.ucaldas.edu.co\/portal\/wp-content\/uploads\/2023\/02\/plan-mej-dic-2022-Feb-2023.pdf\" target=\"_blank\" rel=\"noopener\">Seguimiento al Plan de Mejoramiento a diciembre 2022<\/a><\/li>\n<li><a href=\"https:\/\/www.ucaldas.edu.co\/portal\/wp-content\/uploads\/2022\/09\/Seguimiento-plan-mmto-junio-2022-Sept-2022.pdf\" target=\"_blank\" rel=\"noopener\">Seguimiento al Plan de Mejoramiento a junio 2022<\/a><\/li>\n<li><a href=\"https:\/\/www.ucaldas.edu.co\/portal\/wp-content\/uploads\/2022\/06\/Plan-de-mejoramiento-2021-Junio-2022.pdf\" target=\"_blank\" rel=\"noopener\">Plan de Mejoramiento institucional vigencia 2021<\/a><\/li>\n<li><a href=\"https:\/\/www.ucaldas.edu.co\/portal\/wp-content\/uploads\/2022\/03\/Plan-de-Mejoramiento-dic-2021-Marzo-2022.pdf\" target=\"_blank\" rel=\"noopener\">Seguimiento al Plan de Mejoramiento a diciembre 2021<\/a><\/li>\n<li><a href=\"https:\/\/www.ucaldas.edu.co\/portal\/wp-content\/uploads\/2021\/07\/Plan-de-mejoramiento-1-y-2-Trimestre-2021.pdf\" target=\"_blank\" rel=\"noopener\">Seguimiento al Plan de Mejoramiento a junio 2021<\/a><\/li>\n<li><a href=\"https:\/\/www.ucaldas.edu.co\/portal\/wp-content\/uploads\/2014\/02\/Seguimiento-al-Plan-de-Mejoramiento-a-Septiembre-de-2020.pdf\" target=\"_blank\" rel=\"noopener\">Seguimiento al Plan de Mejoramiento a septiembre de 2020<\/a><\/li>\n<li><a href=\"https:\/\/www.ucaldas.edu.co\/portal\/wp-content\/uploads\/2014\/02\/Seguimiento-PMI-a-marzo-31-de-2020.pdf\" target=\"_blank\" rel=\"noopener\">Seguimiento al Plan de Mejoramiento a marzo 2020<\/a><\/li>\n<li><a href=\"https:\/\/www.ucaldas.edu.co\/portal\/wp-content\/uploads\/2014\/02\/Seguimiento-al-Plan-de-Mejoramiento-a-Junio-de-2020.pdf\" target=\"_blank\" rel=\"noopener\">Seguimiento al Plan de Mejoramiento a junio 2020<\/a><\/li>\n<li><a href=\"https:\/\/www.ucaldas.edu.co\/portal\/wp-content\/uploads\/2014\/02\/SEGUIMIENTO-PMI-1ER-TRIM-2020.pdf\" target=\"_blank\" rel=\"noopener\">Seguimiento al Plan de Mejoramiento a marzo 2020<\/a><\/li>\n<li><a href=\"https:\/\/www.ucaldas.edu.co\/portal\/wp-content\/uploads\/2014\/02\/Seguimiento-PMI-31-12-2019-Web.pdf\" target=\"_blank\" rel=\"noopener\">Seguimiento al Plan de Mejoramiento a diciembre de 2019<\/a><\/li>\n<li><a href=\"https:\/\/www.ucaldas.edu.co\/portal\/wp-content\/uploads\/2014\/02\/Seguimiento-PMI-de-junio-a-agosto-de-2019.pdf\" target=\"_blank\" rel=\"noopener\">Seguimiento al Plan de Mejoramiento junio a agosto de 2019<\/a><\/li>\n<li><a href=\"https:\/\/www.ucaldas.edu.co\/portal\/wp-content\/uploads\/2014\/02\/Informe-sobre-el-cumplimiento-a-los-planes-de-mejoramiento.pdf\" target=\"_blank\" rel=\"noopener\">Informe sobre el cumplimiento a los planes de mejoramiento \u2013 Febrero 15 de 2019<\/a><\/li>\n<li><a href=\"https:\/\/www.ucaldas.edu.co\/portal\/wp-content\/uploads\/2014\/02\/Plan_Mejoramiento_Vigencia_2019_2020.pdf\" target=\"_blank\" rel=\"noopener\">Plan de mejoramiento institucional vigencia 2019-2020<\/a><\/li>\n<li><a href=\"https:\/\/www.ucaldas.edu.co\/portal\/wp-content\/uploads\/2014\/02\/Seguimiento-al-PMI-30-06-2018.pdf\" target=\"_blank\" rel=\"noopener\">Plan de mejoramiento institucional con corte al 30 de junio de 2018 PMI<\/a><\/li>\n<li><a href=\"https:\/\/www.ucaldas.edu.co\/portal\/archivo-planes-de-mejoramiento-entes-de-control\/\">Consultar archivo de los Planes de mejoramiento entes de control<\/a><\/li>\n<\/ul>\n<p><strong><em>Archivo General de la Naci\u00f3n<\/em><\/strong><\/p>\n<ul>\n<li><a href=\"https:\/\/www.ucaldas.edu.co\/portal\/wp-content\/uploads\/2023\/02\/2-2022-9286-Universidad-de-Caldas-Feb-2023.pdf\" target=\"_blank\" rel=\"noopener\">Plan de Mejoramiento Archiv\u00edstico 4T22 Cierre<\/a><\/li>\n<li><a href=\"https:\/\/www.ucaldas.edu.co\/portal\/wp-content\/uploads\/2022\/12\/planMtto-AGRsep-2022-Dic-2022.pdf\" target=\"_blank\" rel=\"noopener\">Plan de Mejoramiento Archiv\u00edstico 3T22<\/a><\/li>\n<li><a href=\"https:\/\/www.ucaldas.edu.co\/portal\/wp-content\/uploads\/2022\/09\/PMAGD_segund_semes_2022-Sept-2022.pdf\" target=\"_blank\" rel=\"noopener\">Plan de Mejoramiento Archiv\u00edstico 2T22<\/a><\/li>\n<li><a href=\"https:\/\/www.ucaldas.edu.co\/portal\/wp-content\/uploads\/2022\/05\/PLAN-DE-MMTO-AGN-MARZO-2022-Mayo-2022.pdf\" target=\"_blank\" rel=\"noopener\">Plan de Mejoramiento Archiv\u00edstico 1T22<\/a><\/li>\n<li><a href=\"https:\/\/www.ucaldas.edu.co\/portal\/wp-content\/uploads\/2022\/03\/Plan-de-Mejoramiento-Archivistico-4T21-Marzo-2022.pdf\" target=\"_blank\" rel=\"noopener\">Plan de Mejoramiento Archiv\u00edstico 4T21<\/a><\/li>\n<li><a href=\"https:\/\/www.ucaldas.edu.co\/portal\/wp-content\/uploads\/2022\/03\/Plan-de-Mejoramiento-Archivistico-3T21-Marzo-2022.pdf\" target=\"_blank\" rel=\"noopener\">Plan de Mejoramiento Archiv\u00edstico 3T21<\/a><\/li>\n<li><a href=\"https:\/\/www.ucaldas.edu.co\/portal\/wp-content\/uploads\/2022\/03\/Plan-de-Mejoramiento-Archivistico-2T21-Marzo-2022.pdf\" target=\"_blank\" rel=\"noopener\">Plan de Mejoramiento Archiv\u00edstico 2T21<\/a><\/li>\n<li><a href=\"https:\/\/www.ucaldas.edu.co\/portal\/wp-content\/uploads\/2014\/02\/Plan-de-Mejoramiento-Archiv%C3%ADstico-4T19.pdf\" target=\"_blank\" rel=\"noopener\">Plan de Mejoramiento Archiv\u00edstico 4T19<\/a><\/li>\n<li><a href=\"https:\/\/www.ucaldas.edu.co\/portal\/wp-content\/uploads\/2014\/02\/Plan-de-Mejoramiento-Archiv%C3%ADstico-3T19.pdf\" target=\"_blank\" rel=\"noopener\">Plan de Mejoramiento Archiv\u00edstico 3T19<\/a><\/li>\n<li><a href=\"https:\/\/www.ucaldas.edu.co\/portal\/wp-content\/uploads\/2014\/02\/Plan-de-Mejoramiento-Archiv%C3%ADstico-a-mayo-24-de-2019.pdf\" target=\"_blank\" rel=\"noopener\">Plan de Mejoramiento Archiv\u00edstico a Mayo 24 de 2019<\/a><\/li>\n<\/ul>\n<p>[\/vc_column_text][vc_empty_space][\/vc_tta_section][vc_tta_section title=\u00bbPlan Anual de Auditoria y Ejecuciones\u00bb tab_id=\u00bb1506028252020-a0387ba9-4dd1&#8243;][vc_custom_heading text=\u00bbPlan Anual de Auditoria y Ejecuciones\u00bb google_fonts=\u00bbfont_family:Roboto%3A100%2C100italic%2C300%2C300italic%2Cregular%2Citalic%2C500%2C500italic%2C700%2C700italic%2C900%2C900italic|font_style:900%20bold%20regular%3A900%3Anormal\u00bb][vc_empty_space][vc_column_text css=\u00bb\u00bb]<em><strong>Plan Anual de Auditoria y Seguimiento a Planes de Mejora<\/strong><\/em><\/p>\n<ul>\n<li><a href=\"https:\/\/www.ucaldas.edu.co\/portal\/wp-content\/uploads\/2026\/02\/Plan-Anual-de-Auditoia-2026.pdf\" target=\"_blank\" rel=\"noopener\">Plan Anual de Auditor\u00eda 2026<\/a><\/li>\n<li><a href=\"https:\/\/www.ucaldas.edu.co\/portal\/wp-content\/uploads\/2026\/02\/Informe-de-ejecucion-Plan-de-Auditoria-Anual-a-diciembre-2025.pdf\" target=\"_blank\" rel=\"noopener\">Informe de ejecuci\u00f3n Plan de Auditor\u00eda a diciembre 2025<\/a><\/li>\n<li><a href=\"https:\/\/www.ucaldas.edu.co\/portal\/wp-content\/uploads\/2025\/02\/Plan-de-Auditoria-Aprobado.pdf\" target=\"_blank\" rel=\"noopener\">Plan Anual de Auditor\u00eda 2025<\/a><\/li>\n<li><a href=\"https:\/\/www.ucaldas.edu.co\/portal\/wp-content\/uploads\/2025\/02\/Ejec-Plan-Aud-2024.pdf\" target=\"_blank\" rel=\"noopener\">Informe de ejecuci\u00f3n Plan de Auditor\u00eda a diciembre 2024<\/a><\/li>\n<li><a href=\"https:\/\/www.ucaldas.edu.co\/portal\/wp-content\/uploads\/2024\/03\/Plan-auditoria-2024.pdf\" target=\"_blank\" rel=\"noopener\">Plan Anual de Auditor\u00eda 2024<\/a><\/li>\n<li><a href=\"https:\/\/www.ucaldas.edu.co\/portal\/wp-content\/uploads\/2024\/02\/Plan-Anual-de-Auditoria-EjecionPlanAud2023.pdf\" target=\"_blank\" rel=\"noopener\">Informe de ejecuci\u00f3n Plan de Auditor\u00eda a diciembre 2023<\/a><\/li>\n<li><a href=\"https:\/\/www.ucaldas.edu.co\/portal\/wp-content\/uploads\/2023\/09\/Plan-auditoria-2023v3.pdf\" target=\"_blank\" rel=\"noopener\">Plan Anual de Auditor\u00eda 2023 versi\u00f3n 3<\/a><\/li>\n<li><a href=\"https:\/\/www.ucaldas.edu.co\/portal\/wp-content\/uploads\/2023\/08\/Plan-auditoria-2023v2.pdf\" target=\"_blank\" rel=\"noopener\">Plan Anual de Auditor\u00eda 2023 versi\u00f3n 2<\/a><\/li>\n<li><a href=\"https:\/\/www.ucaldas.edu.co\/portal\/wp-content\/uploads\/2023\/02\/2022-01-19_Informes_OCI_general_actualizado-Feb-2023.pdf\" target=\"_blank\" rel=\"noopener\">Plan Anual de Auditor\u00eda 2023<\/a><\/li>\n<li><a href=\"https:\/\/www.ucaldas.edu.co\/portal\/wp-content\/uploads\/2023\/02\/Ejec-plan-aud-2022-Feb-2023.pdf\" target=\"_blank\" rel=\"noopener\">Informe de ejecuci\u00f3n Plan de Auditor\u00eda a diciembre 2022<\/a><\/li>\n<li><a href=\"https:\/\/www.ucaldas.edu.co\/portal\/wp-content\/uploads\/2022\/04\/Plan-Anual-Auditoria-V2-Abril-2022.pdf\" target=\"_blank\" rel=\"noopener\">Plan Anual de Auditor\u00eda\u00a02022 versi\u00f3n 2<\/a><\/li>\n<li><a href=\"https:\/\/www.ucaldas.edu.co\/portal\/wp-content\/uploads\/2022\/02\/Plan-de-Auditoria-2022-Feb-2022.pdf\" target=\"_blank\" rel=\"noopener\">Plan Anual de Auditor\u00eda 2022<\/a><\/li>\n<li><a href=\"https:\/\/www.ucaldas.edu.co\/portal\/wp-content\/uploads\/2022\/02\/Plan-auditoria-2021-seg-dic-Feb-2022.pdf\" target=\"_blank\" rel=\"noopener\">Informe de Ejecuci\u00f3n Plan de Auditor\u00eda a diciembre 2021<\/a><\/li>\n<li><a href=\"https:\/\/www.ucaldas.edu.co\/portal\/wp-content\/uploads\/2021\/10\/Plan-Anual-de-Auditoria-2021-Oct-2021.pdf\" target=\"_blank\" rel=\"noopener\">Plan Anual de Auditor\u00eda 2021<\/a><\/li>\n<li><a href=\"https:\/\/www.ucaldas.edu.co\/portal\/wp-content\/uploads\/2021\/10\/Seguimiento-Ejecucion-Plan-de-Auditoria-Sep2021-Oct-2021.pdf\" target=\"_blank\" rel=\"noopener\">Informe de Seguimiento Plan de Auditoria \u2013 Seguimiento a Sep 2021<\/a><\/li>\n<\/ul>\n<p><em><strong>Boletines e informaci\u00f3n de inter\u00e9s<\/strong><\/em><\/p>\n<ul>\n<li><a href=\"https:\/\/www.ucaldas.edu.co\/portal\/wp-content\/uploads\/2025\/09\/1.BOLETIN-INFO-NORMATIVIDAD_INFO-04-ABRIL-2025.pdf\" target=\"_blank\" rel=\"noopener\">Bolet\u00edn informativo 1 &#8211; 2025: Normatividad Control Interno de Gesti\u00f3n \/ Control Disciplinario.<\/a><\/li>\n<li><a href=\"https:\/\/www.ucaldas.edu.co\/portal\/wp-content\/uploads\/2025\/09\/2.BOLETIN-DIFERENCIACION-11-ABRIL-2025-.pdf\" target=\"_blank\" rel=\"noopener\">Bolet\u00edn informativo 2 &#8211; 2025: Diferenciaci\u00f3n Control Interno de Gesti\u00f3n \/ Control Disciplinario.<\/a><\/li>\n<li><a href=\"https:\/\/www.ucaldas.edu.co\/portal\/wp-content\/uploads\/2025\/09\/3.BOLETIN-FUNCION-Y-ACCIONES-25-ABRIL-2025.pdf\" target=\"_blank\" rel=\"noopener\">Bolet\u00edn informativo 3 &#8211; 2025: Funci\u00f3n y Acciones Control Interno de Gesti\u00f3n \/ Control Disciplinario.<\/a><\/li>\n<li><a href=\"https:\/\/www.ucaldas.edu.co\/portal\/wp-content\/uploads\/2025\/09\/4.BOLETIN-INFO-DCTOS-OPERAC-09-MAYO-2025.pdf\" target=\"_blank\" rel=\"noopener\">Bolet\u00edn informativo 4 &#8211; 2025: Documentos y Operaci\u00f3n &#8211; Control Interno de Gesti\u00f3n \/ Control Disciplinario.<\/a><\/li>\n<li><a href=\"https:\/\/www.ucaldas.edu.co\/portal\/wp-content\/uploads\/2025\/09\/5.BOLETIN-INFO-MECI-17-JULIO-2025.pdf\" target=\"_blank\" rel=\"noopener\">Bolet\u00edn informativo 5 &#8211; 2025: MECI &#8211; Modelo Est\u00e1ndar de Control Interno de Gesti\u00f3n.<\/a><\/li>\n<li><a href=\"https:\/\/www.ucaldas.edu.co\/portal\/wp-content\/uploads\/2025\/09\/6.BOLETIN-REULTADOS-MECI-MIPG_DAFP-19-AGOST-2025.pdf\" target=\"_blank\" rel=\"noopener\">Bolet\u00edn informativo 6 &#8211; 2025: Resultados MECI: Modelo Est\u00e1ndar de Control Interno &#8211; MIPG: Modelo Integrado de Planeaci\u00f3n y Gesti\u00f3n \/ DAFP &#8211; Departamento Administrativo de la Funci\u00f3n P\u00fablica.<\/a><\/li>\n<li><a href=\"https:\/\/www.ucaldas.edu.co\/portal\/wp-content\/uploads\/2025\/09\/7.BOLETIN-MAPA-DE-RIESGOS.pdf\" target=\"_blank\" rel=\"noopener\">Bolet\u00edn informativo 7 &#8211; 2025: Gesti\u00f3n de Riesgos Institucionales.<\/a><\/li>\n<li><a href=\"https:\/\/www.ucaldas.edu.co\/portal\/wp-content\/uploads\/2025\/03\/campana-fomento-etica-y-cultura-autocontrol.pdf\" target=\"_blank\" rel=\"noopener\">Plan fomento de la cultura de autocontrol 2025<\/a><\/li>\n<li><a href=\"https:\/\/www.ucaldas.edu.co\/portal\/wp-content\/uploads\/2025\/08\/EJECUCION-AGOSTO-2025.pdf\" target=\"_blank\" rel=\"noopener\">Informe ejecuci\u00f3n plan fomento de la cultura de autocontrol<\/a><\/li>\n<li><a href=\"https:\/\/sites.google.com\/ucaldas.edu.co\/control-interno-de-gestion\/inicio\" target=\"_blank\" rel=\"noopener\">Informes de auditorias y planes de mejoramiento<\/a><\/li>\n<li><a href=\"https:\/\/www.ucaldas.edu.co\/portal\/archivo-control-interno-boletines\/\">Consultar archivo de boletines e informaci\u00f3n de inter\u00e9s<\/a><\/li>\n<\/ul>\n<p>[\/vc_column_text][vc_empty_space][\/vc_tta_section][vc_tta_section title=\u00bbGesti\u00f3n de Riesgos\u00bb tab_id=\u00bb1506028270811-bdf4e323-1254&#8243;][vc_custom_heading text=\u00bbGesti\u00f3n de riesgos\u00bb google_fonts=\u00bbfont_family:Roboto%3A100%2C100italic%2C300%2C300italic%2Cregular%2Citalic%2C500%2C500italic%2C700%2C700italic%2C900%2C900italic|font_style:900%20bold%20regular%3A900%3Anormal\u00bb][vc_empty_space][vc_column_text css=\u00bb\u00bb]<\/p>\n<ul>\n<li><a href=\"https:\/\/www.ucaldas.edu.co\/portal\/wp-content\/uploads\/2025\/08\/inf-unificado-mapas-de-riesgo.pdf\" target=\"_blank\" rel=\"noopener\">Informe de la evaluaci\u00f3n de la Gesti\u00f3n del Riesgo, vigencia 2024<\/a><\/li>\n<li><a href=\"https:\/\/www.ucaldas.edu.co\/portal\/wp-content\/uploads\/2025\/01\/2024-II-00010783.pdf\" target=\"_blank\" rel=\"noopener\">Informe de la evaluaci\u00f3n de la Gesti\u00f3n del Riesgo, vigencia 2023<\/a><\/li>\n<li><a href=\"https:\/\/www.ucaldas.edu.co\/portal\/wp-content\/uploads\/2023\/06\/INF-AUD-SEG-MAPA-DE-RIESGOS-PR-MARZO-2022.pdf\" target=\"_blank\" rel=\"noopener\">Informe de la evaluaci\u00f3n de la Gesti\u00f3n del Riesgo, vigencia 2022<\/a><\/li>\n<li><a href=\"https:\/\/www.ucaldas.edu.co\/portal\/wp-content\/uploads\/2022\/04\/INF-PUB-PAG-WEB-SEG-MAPA-RIESGOS-MARZO-2022-Abril-2022.pdf\" target=\"_blank\" rel=\"noopener\">Informe de la evaluaci\u00f3n de la Gesti\u00f3n del Riesgo, vigencia 2021<\/a><\/li>\n<li><a href=\"https:\/\/www.ucaldas.edu.co\/portal\/wp-content\/uploads\/2022\/01\/INFORME-DE-EVALUACION-A-LA-GESTION-DEL-RIESGO-Enero-2022.pdf\" target=\"_blank\" rel=\"noopener\">Informe de la evaluaci\u00f3n de la Gesti\u00f3n del Riesgo, vigencia 2020<\/a><\/li>\n<li><a href=\"https:\/\/www.ucaldas.edu.co\/portal\/wp-content\/uploads\/2024\/10\/Politica-de-administracion-del-riesgo-V3.pdf\" target=\"_blank\" rel=\"noopener\">Pol\u00edtica de Administraci\u00f3n del Riesgo<\/a><em> (Versi\u00f3n 3)<\/em><\/li>\n<li><a href=\"https:\/\/www.ucaldas.edu.co\/portal\/wp-content\/uploads\/2023\/08\/Politica-de-administracion-del-riesgo.pdf\" target=\"_blank\" rel=\"noopener\">Pol\u00edtica de Administraci\u00f3n del Riesgo<\/a><em>\u00a0(Versi\u00f3n 2)<\/em><\/li>\n<li><a href=\"https:\/\/www.ucaldas.edu.co\/portal\/wp-content\/uploads\/2022\/01\/Politica-de-administracion-del-riesgo-Enero-2022.pdf\" target=\"_blank\" rel=\"noopener\">Pol\u00edtica de Administraci\u00f3n del Riesgo<\/a><em>\u00a0(Versi\u00f3n 1)<\/em><\/li>\n<li><a href=\"https:\/\/www.ucaldas.edu.co\/portal\/wp-content\/uploads\/2014\/02\/Politica_Administracion_Riesgos_Institucionales-1.pdf\" target=\"_blank\" rel=\"noopener\">Pol\u00edtica de Administraci\u00f3n de Riesgos Institucionales<\/a><\/li>\n<li><a href=\"https:\/\/www.ucaldas.edu.co\/portal\/wp-content\/uploads\/2022\/01\/Informe-Evaluacion-Riesgos-2019-enero-2022.pdf\" target=\"_blank\" rel=\"noopener\">Informe de la evaluaci\u00f3n de la Gesti\u00f3n del Riesgo, vigencia 2019<\/a><\/li>\n<li><a href=\"https:\/\/www.ucaldas.edu.co\/portal\/wp-content\/uploads\/2014\/02\/Informe-de-Evaluaci%C3%B3n-de-la-Gesti%C3%B3n-del-Riesgo-vigencia-2018.pdf\" target=\"_blank\" rel=\"noopener\">Informe de Evaluaci\u00f3n de la Gesti\u00f3n del Riesgo vigencia 2018<\/a><\/li>\n<li><a href=\"https:\/\/www.ucaldas.edu.co\/portal\/wp-content\/uploads\/2014\/02\/00015267-Circular-Directivasobreriesgosdecorrupcion.pdf\" target=\"_blank\" rel=\"noopener\">Circular Directiva sobre riesgos de corrupci\u00f3n<\/a><\/li>\n<li><a href=\"https:\/\/www.ucaldas.edu.co\/portal\/wp-content\/uploads\/2014\/02\/Informe_Seguimiento_mapa_riesgos_corrupcion.pdf\" target=\"_blank\" rel=\"noopener\">Informe seguimiento mapa de riesgos de corrupci\u00f3n<\/a><\/li>\n<li><a href=\"https:\/\/www.ucaldas.edu.co\/portal\/wp-content\/uploads\/2014\/02\/Estado_mapa_riesgos_cuadroseguimiento.pdf\" target=\"_blank\" rel=\"noopener\">Estado de mapa de riesgos y cuadro de seguimiento<br \/>\n<\/a><\/li>\n<\/ul>\n<p><!--\n\n\n<ul>\n \t\n\n<li style=\"list-style-type: none;\">\n\n\n<ul>\n \t\n\n<li><a href=\"https:\/\/www.ucaldas.edu.co\/portal\/wp-content\/uploads\/2014\/02\/Informe-de-Evaluaci\u00f3n-de-la-Gesti\u00f3n-del-Riesgo-vigencia-2018.pdf\">Informe de Evaluaci\u00f3n de la Gesti\u00f3n del Riesgo vigencia 2018 <\/a><a href=\"https:\/\/www.ucaldas.edu.co\/portal\/wp-content\/uploads\/2014\/02\/Informe-de-Evaluaci\u00f3n-de-la-Gesti\u00f3n-del-Riesgo-vigencia-2018.pdf\"><img loading=\"lazy\" decoding=\"async\" class=\"alignnone\" title=\"PDF\" src=\"https:\/\/www.ucaldas.edu.co\/portal\/wp-content\/uploads\/2014\/02\/icono_pdf.gif\" alt=\"PDF\" width=\"19\" height=\"20\" border=\"0\" \/><\/a> - Publicado 15 de febrero de 2019<\/li>\n\n\n \t\n\n<li class=\"MsoNormal\" style=\"margin: 0cm 0cm 0pt; text-align: justify;\">Circular <a href=\"https:\/\/www.ucaldas.edu.co\/portal\/wp-content\/uploads\/2014\/02\/00015267-Circular-Directivasobreriesgosdecorrupcion.pdf\">Directiva sobre riesgos de corrupci\u00f3n <img loading=\"lazy\" decoding=\"async\" title=\"PDF\" src=\"https:\/\/www.ucaldas.edu.co\/portal\/wp-content\/uploads\/2014\/02\/icono_pdf.gif\" alt=\"PDF\" width=\"19\" height=\"20\" border=\"0\" \/><\/a><\/li>\n\n\n \t\n\n<li>Informe <a href=\"https:\/\/www.ucaldas.edu.co\/portal\/wp-content\/uploads\/2014\/02\/Informe_Seguimiento_mapa_riesgos_corrupcion.pdf\">seguimiento mapa de riesgos de corrupci\u00f3n <img loading=\"lazy\" decoding=\"async\" title=\"PDF\" src=\"https:\/\/www.ucaldas.edu.co\/portal\/wp-content\/uploads\/2014\/02\/icono_pdf.gif\" alt=\"PDF\" width=\"19\" height=\"20\" border=\"0\" \/><\/a> - fecha de publicaci\u00f3n del 11 de septiembre<\/li>\n\n\n \t\n\n<li><a href=\"https:\/\/www.ucaldas.edu.co\/portal\/wp-content\/uploads\/2014\/02\/Estado_mapa_riesgos_cuadroseguimiento.pdf\">Estado de mapa de riesgos y cuadro de seguimiento<\/a> <a href=\"https:\/\/www.ucaldas.edu.co\/portal\/wp-content\/uploads\/2014\/02\/Estado_mapa_riesgos_cuadroseguimiento.pdf\"><img loading=\"lazy\" decoding=\"async\" class=\"alignnone\" title=\"PDF\" src=\"https:\/\/www.ucaldas.edu.co\/portal\/wp-content\/uploads\/2014\/02\/icono_pdf.gif\" alt=\"PDF\" width=\"19\" height=\"20\" border=\"0\" \/><\/a><\/li>\n\n\n<\/ul>\n\n\n<\/li>\n\n\n<\/ul>\n\n\n-->[\/vc_column_text][vc_empty_space][\/vc_tta_section][vc_tta_section title=\u00bbReportes al Congreso\u00bb tab_id=\u00bb1567112792863-cd206101-0c81&#8243;][vc_custom_heading text=\u00bbReportes al congreso y otros\u00bb google_fonts=\u00bbfont_family:Roboto%3A100%2C100italic%2C300%2C300italic%2Cregular%2Citalic%2C500%2C500italic%2C700%2C700italic%2C900%2C900italic|font_style:900%20bold%20regular%3A900%3Anormal\u00bb][vc_empty_space][vc_column_text css=\u00bb\u00bb]<\/p>\n<ul>\n<li><a href=\"https:\/\/www.ucaldas.edu.co\/portal\/wp-content\/uploads\/2026\/03\/Informe-Camara-Representantes-Vig.2025.pdf\" target=\"_blank\" rel=\"noopener\">Informe C\u00e1mara de Representantes \u2013 Vigencia 2025<\/a><\/li>\n<li><a href=\"https:\/\/www.ucaldas.edu.co\/portal\/wp-content\/uploads\/2025\/03\/RPTA-SOLICITUD-CAMARA-DE-REPRESNT.pdf\" target=\"_blank\" rel=\"noopener\">Informe C\u00e1mara de Representantes \u2013 Vigencia 2024<\/a><\/li>\n<li><a href=\"https:\/\/www.ucaldas.edu.co\/portal\/wp-content\/uploads\/2024\/04\/Informe-Camara-de-Representantes-Vigencia-2023.pdf\" target=\"_blank\" rel=\"noopener\">Informe C\u00e1mara de Representantes \u2013 Vigencia 2023<\/a><\/li>\n<li><a href=\"https:\/\/www.ucaldas.edu.co\/portal\/wp-content\/uploads\/2023\/06\/2023-II-00001779.pdf\" target=\"_blank\" rel=\"noopener\">Informe C\u00e1mara de Representantes \u2013 Vigencia 2022<\/a><\/li>\n<li><a href=\"https:\/\/www.ucaldas.edu.co\/portal\/wp-content\/uploads\/2022\/03\/Camara-de-Representantes-Control-interno-marzo-2022.pdf\" target=\"_blank\" rel=\"noopener\">Informe C\u00e1mara de Representantes \u2013 Vigencia 2021<\/a><\/li>\n<li><a href=\"https:\/\/www.ucaldas.edu.co\/portal\/wp-content\/uploads\/2014\/02\/Informe-C%C3%A1mara-de-Representantes.pdf\" target=\"_blank\" rel=\"noopener\">Informe C\u00e1mara de Representantes<br \/>\n<\/a><\/li>\n<\/ul>\n<p>[\/vc_column_text][vc_empty_space][\/vc_tta_section][\/vc_tta_tabs][\/vc_column][\/vc_row][vc_row][vc_column][vc_custom_heading text=\u00bbContacto\u00bb font_container=\u00bbtag:h4|text_align:left\u00bb google_fonts=\u00bbfont_family:Roboto%3A100%2C100italic%2C300%2C300italic%2Cregular%2Citalic%2C500%2C500italic%2C700%2C700italic%2C900%2C900italic|font_style:900%20bold%20regular%3A900%3Anormal\u00bb css=\u00bb\u00bb][vc_tta_tabs color=\u00bbblue\u00bb active_section=\u00bb1&#8243;][vc_tta_section title=\u00bbAsesor de Control Interno\u00bb tab_id=\u00bb1639684826772-14d3fc8b-e37f\u00bb][vc_row_inner][vc_column_inner width=\u00bb1\/5&#8243;][vc_single_image image=\u00bb96997&#8243; img_size=\u00bbfull\u00bb css=\u00bb\u00bb][\/vc_column_inner][vc_column_inner width=\u00bb1\/5&#8243;][vc_column_text css=\u00bb\u00bb]<\/p>\n<h5 class=\"vc_custom_heading vc_do_custom_heading margin-0\">Jos\u00e9 Manuel Castellanos Correa<\/h5>\n<p>Asesor de Control Interno<br \/>\n8781500 Ext. 11323<br \/>\n<a href=\"mailto:asesorcontrolinternogestion@ucaldas.edu.co\" target=\"_blank\" rel=\"noopener\">asesorcontrolinternogestion@ucaldas.edu.co<\/a>[\/vc_column_text][\/vc_column_inner][vc_column_inner width=\u00bb1\/5&#8243;][\/vc_column_inner][vc_column_inner width=\u00bb1\/5&#8243;][\/vc_column_inner][vc_column_inner width=\u00bb1\/5&#8243;][\/vc_column_inner][\/vc_row_inner][\/vc_tta_section][vc_tta_section title=\u00bbEquipo de trabajo\u00bb tab_id=\u00bb1639684826977-12c88edd-811b\u00bb][vc_row_inner][vc_column_inner width=\u00bb1\/6&#8243;][vc_single_image image=\u00bb95297&#8243; img_size=\u00bbfull\u00bb alignment=\u00bbcenter\u00bb css=\u00bb\u00bb][\/vc_column_inner][vc_column_inner width=\u00bb1\/6&#8243;][vc_column_text css=\u00bb\u00bb]<\/p>\n<h5 class=\"margin-0\">Mar\u00eda Soledad Ram\u00edrez Zapata<\/h5>\n<div class=\"margin-0\" style=\"font-size: 12px;\"><strong>Profesional Especializado<\/strong><br \/>\n8781500 Ext. 11323 \u2013 11324<br \/>\nmaria.ramirez_z@ucaldas.edu.co<\/div>\n<p>[\/vc_column_text][\/vc_column_inner][vc_column_inner width=\u00bb1\/6&#8243;][vc_single_image image=\u00bb95298&#8243; img_size=\u00bbfull\u00bb alignment=\u00bbcenter\u00bb css=\u00bb\u00bb][\/vc_column_inner][vc_column_inner width=\u00bb1\/6&#8243;][vc_column_text css=\u00bb\u00bb]<\/p>\n<h5 class=\"margin-0\">Sandra Milena Sosa L\u00f3pez<\/h5>\n<div class=\"margin-0\" style=\"font-size: 12px;\"><strong>Profesional Universitario<\/strong><br \/>\n8781500 Ext. 11323 \u2013 11324<br \/>\nsandra.sosa@ucaldas.edu.co<\/div>\n<p>[\/vc_column_text][\/vc_column_inner][vc_column_inner width=\u00bb1\/6&#8243;][vc_single_image image=\u00bb95299&#8243; img_size=\u00bbfull\u00bb alignment=\u00bbcenter\u00bb css=\u00bb\u00bb][\/vc_column_inner][vc_column_inner width=\u00bb1\/6&#8243;][vc_column_text css=\u00bb\u00bb]<\/p>\n<h5 class=\"margin-0\">Liliana Patricia Holgu\u00edn Aranzazu<\/h5>\n<div class=\"margin-0\" style=\"font-size: 12px;\"><strong>Auxiliar Administrativa<\/strong><br \/>\n8781500 Ext. 11323 \u2013 11324<br \/>\ncontroli@ucaldas.edu.co<\/div>\n<p>[\/vc_column_text][\/vc_column_inner][\/vc_row_inner][\/vc_tta_section][\/vc_tta_tabs][\/vc_column][\/vc_row]<\/p>\n<\/div>","protected":false},"excerpt":{"rendered":"<p>[vc_row][vc_column][vc_tta_tabs stm_tabs_style=\u00bbstyle-2&#8243; color=\u00bbblue\u00bb active_section=\u00bb1&#8243;][vc_tta_section title=\u00bbInformaci\u00f3n General\u00bb tab_id=\u00bb1506026941637-0d3d3854-ed61&#8243;][vc_column_text css=\u00bb\u00bb]La oficina de control interno tiene como misi\u00f3n asesorar y acompa\u00f1ar el desarrollo de la gesti\u00f3n en la Universidad, buscando que el sistema de control interno responda a las necesidades institucionales, bajo un marco de autocontrol y autonom\u00eda responsable, procurando la excelencia y calidad en la prestaci\u00f3n del [&hellip;]<\/p>\n","protected":false},"author":1,"featured_media":78185,"parent":0,"menu_order":0,"comment_status":"closed","ping_status":"open","template":"","meta":{"footnotes":""},"class_list":["post-127","page","type-page","status-publish","has-post-thumbnail","hentry"],"yoast_head":"<!-- This site is optimized with the Yoast SEO plugin v27.5 - https:\/\/yoast.com\/product\/yoast-seo-wordpress\/ -->\n<title>Control interno de Gesti\u00f3n<\/title>\n<meta name=\"description\" content=\"La oficina de control interno tiene como misi\u00f3n asesorar y acompa\u00f1ar el desarrollo de la gesti\u00f3n en la Universidad de Caldas.\" \/>\n<meta name=\"robots\" content=\"index, follow, max-snippet:-1, max-image-preview:large, max-video-preview:-1\" \/>\n<link rel=\"canonical\" href=\"https:\/\/www.ucaldas.edu.co\/portal\/control-interno\/\" \/>\n<script type=\"application\/ld+json\" class=\"yoast-schema-graph\">{\"@context\":\"https:\\\/\\\/schema.org\",\"@graph\":[{\"@type\":\"WebPage\",\"@id\":\"https:\\\/\\\/www.ucaldas.edu.co\\\/portal\\\/control-interno\\\/\",\"url\":\"https:\\\/\\\/www.ucaldas.edu.co\\\/portal\\\/control-interno\\\/\",\"name\":\"Control interno de Gesti\u00f3n\",\"isPartOf\":{\"@id\":\"https:\\\/\\\/www.ucaldas.edu.co\\\/portal\\\/#website\"},\"primaryImageOfPage\":{\"@id\":\"https:\\\/\\\/www.ucaldas.edu.co\\\/portal\\\/control-interno\\\/#primaryimage\"},\"image\":{\"@id\":\"https:\\\/\\\/www.ucaldas.edu.co\\\/portal\\\/control-interno\\\/#primaryimage\"},\"thumbnailUrl\":\"https:\\\/\\\/www.ucaldas.edu.co\\\/portal\\\/wp-content\\\/uploads\\\/2023\\\/11\\\/Edificio-Administrativo-UCaldas.png\",\"datePublished\":\"2014-02-14T03:16:52+00:00\",\"dateModified\":\"2026-03-26T22:41:57+00:00\",\"description\":\"La oficina de control interno tiene como misi\u00f3n asesorar y acompa\u00f1ar el desarrollo de la gesti\u00f3n en la Universidad de Caldas.\",\"breadcrumb\":{\"@id\":\"https:\\\/\\\/www.ucaldas.edu.co\\\/portal\\\/control-interno\\\/#breadcrumb\"},\"inLanguage\":\"es\",\"potentialAction\":[{\"@type\":\"ReadAction\",\"target\":[\"https:\\\/\\\/www.ucaldas.edu.co\\\/portal\\\/control-interno\\\/\"]}]},{\"@type\":\"ImageObject\",\"inLanguage\":\"es\",\"@id\":\"https:\\\/\\\/www.ucaldas.edu.co\\\/portal\\\/control-interno\\\/#primaryimage\",\"url\":\"https:\\\/\\\/www.ucaldas.edu.co\\\/portal\\\/wp-content\\\/uploads\\\/2023\\\/11\\\/Edificio-Administrativo-UCaldas.png\",\"contentUrl\":\"https:\\\/\\\/www.ucaldas.edu.co\\\/portal\\\/wp-content\\\/uploads\\\/2023\\\/11\\\/Edificio-Administrativo-UCaldas.png\",\"width\":1920,\"height\":600,\"caption\":\"Secretar\u00eda General, Planes Institucionales, Gesti\u00f3n Humana, Plan de capacitaci\u00f3n\"},{\"@type\":\"BreadcrumbList\",\"@id\":\"https:\\\/\\\/www.ucaldas.edu.co\\\/portal\\\/control-interno\\\/#breadcrumb\",\"itemListElement\":[{\"@type\":\"ListItem\",\"position\":1,\"name\":\"Portada\",\"item\":\"https:\\\/\\\/www.ucaldas.edu.co\\\/portal\\\/\"},{\"@type\":\"ListItem\",\"position\":2,\"name\":\"Control interno de Gesti\u00f3n\"}]},{\"@type\":\"WebSite\",\"@id\":\"https:\\\/\\\/www.ucaldas.edu.co\\\/portal\\\/#website\",\"url\":\"https:\\\/\\\/www.ucaldas.edu.co\\\/portal\\\/\",\"name\":\"Universidad de Caldas\",\"description\":\"\",\"publisher\":{\"@id\":\"https:\\\/\\\/www.ucaldas.edu.co\\\/portal\\\/#organization\"},\"alternateName\":\"U. de Caldas\",\"potentialAction\":[{\"@type\":\"SearchAction\",\"target\":{\"@type\":\"EntryPoint\",\"urlTemplate\":\"https:\\\/\\\/www.ucaldas.edu.co\\\/portal\\\/?s={search_term_string}\"},\"query-input\":{\"@type\":\"PropertyValueSpecification\",\"valueRequired\":true,\"valueName\":\"search_term_string\"}}],\"inLanguage\":\"es\"},{\"@type\":\"Organization\",\"@id\":\"https:\\\/\\\/www.ucaldas.edu.co\\\/portal\\\/#organization\",\"name\":\"Universidad de Caldas\",\"alternateName\":\"U. de Caldas\",\"url\":\"https:\\\/\\\/www.ucaldas.edu.co\\\/portal\\\/\",\"logo\":{\"@type\":\"ImageObject\",\"inLanguage\":\"es\",\"@id\":\"https:\\\/\\\/www.ucaldas.edu.co\\\/portal\\\/#\\\/schema\\\/logo\\\/image\\\/\",\"url\":\"https:\\\/\\\/www.ucaldas.edu.co\\\/portal\\\/wp-content\\\/uploads\\\/2023\\\/11\\\/Logo_horizontal_oscuroU-2023.png\",\"contentUrl\":\"https:\\\/\\\/www.ucaldas.edu.co\\\/portal\\\/wp-content\\\/uploads\\\/2023\\\/11\\\/Logo_horizontal_oscuroU-2023.png\",\"width\":263,\"height\":101,\"caption\":\"Universidad de Caldas\"},\"image\":{\"@id\":\"https:\\\/\\\/www.ucaldas.edu.co\\\/portal\\\/#\\\/schema\\\/logo\\\/image\\\/\"},\"sameAs\":[\"https:\\\/\\\/www.facebook.com\\\/udecaldas\",\"https:\\\/\\\/x.com\\\/udecaldas\",\"https:\\\/\\\/www.youtube.com\\\/universidadcaldas\",\"https:\\\/\\\/www.instagram.com\\\/udecaldas\\\/\"]}]}<\/script>\n<!-- \/ Yoast SEO plugin. -->","yoast_head_json":{"title":"Control interno de Gesti\u00f3n","description":"La oficina de control interno tiene como misi\u00f3n asesorar y acompa\u00f1ar el desarrollo de la gesti\u00f3n en la Universidad de Caldas.","robots":{"index":"index","follow":"follow","max-snippet":"max-snippet:-1","max-image-preview":"max-image-preview:large","max-video-preview":"max-video-preview:-1"},"canonical":"https:\/\/www.ucaldas.edu.co\/portal\/control-interno\/","schema":{"@context":"https:\/\/schema.org","@graph":[{"@type":"WebPage","@id":"https:\/\/www.ucaldas.edu.co\/portal\/control-interno\/","url":"https:\/\/www.ucaldas.edu.co\/portal\/control-interno\/","name":"Control interno de Gesti\u00f3n","isPartOf":{"@id":"https:\/\/www.ucaldas.edu.co\/portal\/#website"},"primaryImageOfPage":{"@id":"https:\/\/www.ucaldas.edu.co\/portal\/control-interno\/#primaryimage"},"image":{"@id":"https:\/\/www.ucaldas.edu.co\/portal\/control-interno\/#primaryimage"},"thumbnailUrl":"https:\/\/www.ucaldas.edu.co\/portal\/wp-content\/uploads\/2023\/11\/Edificio-Administrativo-UCaldas.png","datePublished":"2014-02-14T03:16:52+00:00","dateModified":"2026-03-26T22:41:57+00:00","description":"La oficina de control interno tiene como misi\u00f3n asesorar y acompa\u00f1ar el desarrollo de la gesti\u00f3n en la Universidad de Caldas.","breadcrumb":{"@id":"https:\/\/www.ucaldas.edu.co\/portal\/control-interno\/#breadcrumb"},"inLanguage":"es","potentialAction":[{"@type":"ReadAction","target":["https:\/\/www.ucaldas.edu.co\/portal\/control-interno\/"]}]},{"@type":"ImageObject","inLanguage":"es","@id":"https:\/\/www.ucaldas.edu.co\/portal\/control-interno\/#primaryimage","url":"https:\/\/www.ucaldas.edu.co\/portal\/wp-content\/uploads\/2023\/11\/Edificio-Administrativo-UCaldas.png","contentUrl":"https:\/\/www.ucaldas.edu.co\/portal\/wp-content\/uploads\/2023\/11\/Edificio-Administrativo-UCaldas.png","width":1920,"height":600,"caption":"Secretar\u00eda General, Planes Institucionales, Gesti\u00f3n Humana, Plan de capacitaci\u00f3n"},{"@type":"BreadcrumbList","@id":"https:\/\/www.ucaldas.edu.co\/portal\/control-interno\/#breadcrumb","itemListElement":[{"@type":"ListItem","position":1,"name":"Portada","item":"https:\/\/www.ucaldas.edu.co\/portal\/"},{"@type":"ListItem","position":2,"name":"Control interno de Gesti\u00f3n"}]},{"@type":"WebSite","@id":"https:\/\/www.ucaldas.edu.co\/portal\/#website","url":"https:\/\/www.ucaldas.edu.co\/portal\/","name":"Universidad de Caldas","description":"","publisher":{"@id":"https:\/\/www.ucaldas.edu.co\/portal\/#organization"},"alternateName":"U. de Caldas","potentialAction":[{"@type":"SearchAction","target":{"@type":"EntryPoint","urlTemplate":"https:\/\/www.ucaldas.edu.co\/portal\/?s={search_term_string}"},"query-input":{"@type":"PropertyValueSpecification","valueRequired":true,"valueName":"search_term_string"}}],"inLanguage":"es"},{"@type":"Organization","@id":"https:\/\/www.ucaldas.edu.co\/portal\/#organization","name":"Universidad de Caldas","alternateName":"U. de Caldas","url":"https:\/\/www.ucaldas.edu.co\/portal\/","logo":{"@type":"ImageObject","inLanguage":"es","@id":"https:\/\/www.ucaldas.edu.co\/portal\/#\/schema\/logo\/image\/","url":"https:\/\/www.ucaldas.edu.co\/portal\/wp-content\/uploads\/2023\/11\/Logo_horizontal_oscuroU-2023.png","contentUrl":"https:\/\/www.ucaldas.edu.co\/portal\/wp-content\/uploads\/2023\/11\/Logo_horizontal_oscuroU-2023.png","width":263,"height":101,"caption":"Universidad de Caldas"},"image":{"@id":"https:\/\/www.ucaldas.edu.co\/portal\/#\/schema\/logo\/image\/"},"sameAs":["https:\/\/www.facebook.com\/udecaldas","https:\/\/x.com\/udecaldas","https:\/\/www.youtube.com\/universidadcaldas","https:\/\/www.instagram.com\/udecaldas\/"]}]}},"_links":{"self":[{"href":"https:\/\/www.ucaldas.edu.co\/portal\/wp-json\/wp\/v2\/pages\/127","targetHints":{"allow":["GET"]}}],"collection":[{"href":"https:\/\/www.ucaldas.edu.co\/portal\/wp-json\/wp\/v2\/pages"}],"about":[{"href":"https:\/\/www.ucaldas.edu.co\/portal\/wp-json\/wp\/v2\/types\/page"}],"author":[{"embeddable":true,"href":"https:\/\/www.ucaldas.edu.co\/portal\/wp-json\/wp\/v2\/users\/1"}],"replies":[{"embeddable":true,"href":"https:\/\/www.ucaldas.edu.co\/portal\/wp-json\/wp\/v2\/comments?post=127"}],"version-history":[{"count":18,"href":"https:\/\/www.ucaldas.edu.co\/portal\/wp-json\/wp\/v2\/pages\/127\/revisions"}],"predecessor-version":[{"id":103515,"href":"https:\/\/www.ucaldas.edu.co\/portal\/wp-json\/wp\/v2\/pages\/127\/revisions\/103515"}],"wp:featuredmedia":[{"embeddable":true,"href":"https:\/\/www.ucaldas.edu.co\/portal\/wp-json\/wp\/v2\/media\/78185"}],"wp:attachment":[{"href":"https:\/\/www.ucaldas.edu.co\/portal\/wp-json\/wp\/v2\/media?parent=127"}],"curies":[{"name":"wp","href":"https:\/\/api.w.org\/{rel}","templated":true}]}}