{"id":102685,"date":"2026-02-24T09:20:45","date_gmt":"2026-02-24T14:20:45","guid":{"rendered":"https:\/\/www.ucaldas.edu.co\/portal\/?page_id=102685"},"modified":"2026-03-20T08:19:03","modified_gmt":"2026-03-20T13:19:03","slug":"rendicion-de-cuentas","status":"publish","type":"page","link":"https:\/\/www.ucaldas.edu.co\/portal\/transparencia\/participa\/rendicion-de-cuentas\/","title":{"rendered":"Rendici\u00f3n de Cuentas"},"content":{"rendered":"<div class=\"wpb-content-wrapper\"><p>[vc_row][vc_column][vc_column_text css=\u00bb\u00bb]Este espacio re\u00fane de manera clara y accesible toda la informaci\u00f3n relacionada con la Rendici\u00f3n de Cuentas, como un ejercicio permanente de transparencia, di\u00e1logo y control social. Aqu\u00ed la ciudadan\u00eda podr\u00e1 consultar la estrategia institucional, los informes y las convocatorias que promueven la participaci\u00f3n en la evaluaci\u00f3n y mejora de la gesti\u00f3n p\u00fablica. Este proceso se desarrolla en cumplimiento de lo establecido en la Ley 1757 de 2015, que fortalece los mecanismos de participaci\u00f3n ciudadana, la Ley 1712 de 2014 de Transparencia y Acceso a la Informaci\u00f3n P\u00fablica y la resoluci\u00f3n 1519 de 2020 por la cual se definen los est\u00e1ndares y directrices para publicar la informaci\u00f3n se\u00f1alada en la ley; reafirmando el compromiso institucional con una gesti\u00f3n abierta, responsable y orientada al inter\u00e9s general.[\/vc_column_text][vc_tta_accordion active_section=\u00bb1&#8243; collapsible_all=\u00bbtrue\u00bb][vc_tta_section title=\u00bb2025&#8243; tab_id=\u00bb1771943112587-cf9f959d-f895&#8243;][vc_row_inner][vc_column_inner][vc_column_text css=\u00bb\u00bb]<\/p>\n<ul>\n<li><strong>Postulaci\u00f3n de tem\u00e1ticas<\/strong><\/li>\n<li><a href=\"https:\/\/www.ucaldas.edu.co\/portal\/wp-content\/uploads\/2025\/07\/ANALISIS-DOFA_-2025_-Universidad-de-Caldas.pdf\" target=\"_blank\" rel=\"noopener\"><strong>An\u00e1lisis DOFA en el contexto de la participaci\u00f3n ciudadana<\/strong><\/a><\/li>\n<li><a href=\"https:\/\/www.ucaldas.edu.co\/portal\/wp-content\/uploads\/2026\/03\/Estrategia-de-Rendicion-de-Cuentas-U-Caldas-2025_-V1.pdf\" target=\"_blank\" rel=\"noopener\"><strong>Estrategia de Rendici\u00f3n de Cuentas<\/strong><\/a><\/li>\n<li><strong>Estrategia de comunicaci\u00f3n para la rendici\u00f3n de cuentas <\/strong><em>(Pr\u00f3ximamente)<\/em><\/li>\n<li><a href=\"https:\/\/www.ucaldas.edu.co\/portal\/wp-content\/uploads\/2026\/03\/Informe-rendicion-de-cuentas-2025.pdf\" target=\"_blank\" rel=\"noopener\"><strong>Informe de gesti\u00f3n<\/strong><\/a><\/li>\n<li><strong>Preguntas y Respuestas de la Comunidad<\/strong> <em>(El informe de preguntas y respuestas ser\u00e1 publicado despu\u00e9s del evento)<\/em><\/li>\n<li><strong>Memorias del Evento de Rendici\u00f3n de Cuentas<\/strong> <em>(El informe Pos Audiencia ser\u00e1 publicado despu\u00e9s del evento)<\/em><\/li>\n<li><a href=\"https:\/\/www.ucaldas.edu.co\/portal\/wp-content\/uploads\/2026\/03\/Acciones_de_dialogo_2025_Ucaldas.pdf\" target=\"_blank\" rel=\"noopener\"><strong>Calendario de eventos de di\u00e1logo<\/strong><\/a><\/li>\n<\/ul>\n<p>[\/vc_column_text][\/vc_column_inner][\/vc_row_inner][\/vc_tta_section][vc_tta_section title=\u00bb2024&#8243; tab_id=\u00bb1771943112634-a18cfc32-0b34&#8243;][vc_row_inner][vc_column_inner][vc_column_text css=\u00bb\u00bb]<\/p>\n<ul>\n<li><a href=\"https:\/\/docs.google.com\/forms\/u\/0\/d\/e\/1FAIpQLScA5-hveUaz70OjM3AgXfRXFwBOtDWFrODfs8beK9yywGTGVQ\/viewform?pli=1&amp;authuser=0\" target=\"_blank\" rel=\"noopener\"><strong>Postulaci\u00f3n de tem\u00e1ticas<\/strong><\/a><\/li>\n<li><a href=\"https:\/\/www.ucaldas.edu.co\/portal\/wp-content\/uploads\/2024\/10\/Analisis-DOFA-en-el-contexto-de-la-Participacion-Ciudadana-2024.pdf\" target=\"_blank\" rel=\"noopener\"><strong>Analisis DOFA en el contexto de la participaci\u00f3n ciudadana<\/strong><\/a><\/li>\n<li><a href=\"https:\/\/www.ucaldas.edu.co\/portal\/wp-content\/uploads\/2026\/03\/Estrategia-de-Rendicion-de-Cuentas-U-Caldas-2024-V1_Publicada.pdf\" target=\"_blank\" rel=\"noopener\"><strong>Estrategia de Rendici\u00f3n de Cuentas<\/strong><\/a><\/li>\n<li><a href=\"https:\/\/www.ucaldas.edu.co\/portal\/wp-content\/uploads\/2026\/01\/Estrategia_comunicacion_sensibilizacion_2025.pdf\" target=\"_blank\" rel=\"noopener\"><strong>Estrategia de comunicaci\u00f3n para la rendici\u00f3n de cuentas<\/strong><\/a><\/li>\n<li><a href=\"https:\/\/www.ucaldas.edu.co\/portal\/wp-content\/uploads\/2026\/02\/Informe-rendicion-de-cuentas-2024-version-1.pdf\" target=\"_blank\" rel=\"noopener\"><strong>Informe de gesti\u00f3n<\/strong><\/a><\/li>\n<li><a href=\"https:\/\/www.ucaldas.edu.co\/portal\/wp-content\/uploads\/2026\/02\/Informe-de-preguntas-y-respuestas-2024-en-2025-pdf.pdf\" target=\"_blank\" rel=\"noopener\"><strong>Preguntas y Respuestas de la Comunidad<\/strong><\/a><\/li>\n<li><a href=\"https:\/\/www.ucaldas.edu.co\/portal\/wp-content\/uploads\/2026\/02\/Informe_posaudiencia_Rendicion_de_Cuentas-_vigencia2024.pdf\" target=\"_blank\" rel=\"noopener\"><strong>Memorias del Evento de Rendici\u00f3n de Cuentas<\/strong><\/a><\/li>\n<li><a href=\"https:\/\/www.ucaldas.edu.co\/portal\/wp-content\/uploads\/2025\/03\/ACCIONES-DE-DIALOGO-2024.pdf\" target=\"_blank\" rel=\"noopener\"><strong>Calendario de eventos de di\u00e1logo<\/strong><\/a><\/li>\n<\/ul>\n<p>[\/vc_column_text][\/vc_column_inner][\/vc_row_inner][\/vc_tta_section][vc_tta_section title=\u00bb2023&#8243; tab_id=\u00bb1771944337313-f78febfb-af79&#8243;][vc_row_inner][vc_column_inner][vc_column_text css=\u00bb\u00bb]<\/p>\n<ul>\n<li><a href=\"https:\/\/www.ucaldas.edu.co\/portal\/wp-content\/uploads\/2024\/02\/ANALISIS-DOFA-2023-Universidad-de-Caldas.pdf\" target=\"_blank\" rel=\"noopener\"><strong>An\u00e1lisis DOFA en el contexto de la participaci\u00f3n participaci\u00f3n ciudadana<\/strong><\/a><\/li>\n<li><strong><a href=\"https:\/\/www.ucaldas.edu.co\/portal\/wp-content\/uploads\/2026\/02\/Estrategia-de-Rendicion-de-Cuentas-U-Caldas-2023.pdf\" target=\"_blank\" rel=\"noopener\">Estrategia de Rendici\u00f3n de Cuentas<\/a><\/strong><\/li>\n<li><a href=\"https:\/\/www.ucaldas.edu.co\/portal\/wp-content\/uploads\/2026\/02\/Informe-de-Rendicion-de-Cuentas-U-Caldas-2023.pdf\" target=\"_blank\" rel=\"noopener\"><strong>Informe de gesti\u00f3n<\/strong><\/a><\/li>\n<li><a href=\"https:\/\/www.ucaldas.edu.co\/portal\/wp-content\/uploads\/2026\/02\/Preguntas-y-Respuestas-Rendicion-de-Cuentas-U-Caldas-2023.pdf\" target=\"_blank\" rel=\"noopener\"><strong>Preguntas y Respuestas de la Comunidad<\/strong><\/a><\/li>\n<li><a href=\"https:\/\/www.ucaldas.edu.co\/portal\/wp-content\/uploads\/2026\/02\/Informe-Post-Audiencia-de-Rendicion-de-Cuentas-U-Caldas-2023.pdf\" target=\"_blank\" rel=\"noopener\"><strong>Memorias del Evento de Rendici\u00f3n de Cuentas<\/strong><\/a><\/li>\n<\/ul>\n<p>[\/vc_column_text][\/vc_column_inner][\/vc_row_inner][\/vc_tta_section][vc_tta_section title=\u00bb2022&#8243; tab_id=\u00bb1771944349138-6ebeac2a-59dc\u00bb][vc_row_inner][vc_column_inner][vc_column_text css=\u00bb\u00bb]<\/p>\n<ul>\n<li><strong><a href=\"https:\/\/www.ucaldas.edu.co\/portal\/wp-content\/uploads\/2026\/02\/Estrategia-de-Rendicion-de-Cuentas-U-Caldas-2022.pdf\" target=\"_blank\" rel=\"noopener\">Estrategia de Rendici\u00f3n de Cuentas<\/a><\/strong><\/li>\n<li><a href=\"https:\/\/www.ucaldas.edu.co\/portal\/wp-content\/uploads\/2026\/02\/Informe-de-Rendicion-de-Cuentas-U-Caldas-2022.pdf\" target=\"_blank\" rel=\"noopener\"><strong>Informe<\/strong><\/a><\/li>\n<li><a href=\"https:\/\/www.ucaldas.edu.co\/portal\/wp-content\/uploads\/2026\/02\/Preguntas-y-Respuestas-Rendicion-de-Cuentas-U-Caldas-2022.pdf\" target=\"_blank\" rel=\"noopener\"><strong>Preguntas y Respuestas de la Comunidad<\/strong><\/a><\/li>\n<li><a href=\"https:\/\/www.ucaldas.edu.co\/portal\/wp-content\/uploads\/2026\/02\/Informe-Post-Audiencia-de-Rendicion-de-Cuentas-U-Caldas-2022.pdf\" target=\"_blank\" rel=\"noopener\"><strong>Memorias del Evento de Rendici\u00f3n de Cuentas<\/strong><\/a><\/li>\n<\/ul>\n<p>[\/vc_column_text][\/vc_column_inner][\/vc_row_inner][\/vc_tta_section][vc_tta_section title=\u00bb2021&#8243; tab_id=\u00bb1771947853128-b5bf5aad-11eb\u00bb][vc_row_inner][vc_column_inner][vc_column_text css=\u00bb\u00bb]<\/p>\n<ul>\n<li><a href=\"https:\/\/www.ucaldas.edu.co\/portal\/wp-content\/uploads\/2026\/02\/Informe-de-Rendicion-de-Cuentas-U-Caldas-2021.pdf\" target=\"_blank\" rel=\"noopener\"><strong>Informe<\/strong><\/a><\/li>\n<li><a href=\"https:\/\/www.ucaldas.edu.co\/portal\/wp-content\/uploads\/2026\/02\/Preguntas-y-Respuestas-Rendicion-de-Cuentas-U-Caldas-2021.pdf\" target=\"_blank\" rel=\"noopener\"><strong>Preguntas y Respuestas de la Comunidad<\/strong><\/a><\/li>\n<li><a href=\"https:\/\/www.ucaldas.edu.co\/portal\/wp-content\/uploads\/2026\/02\/Informe-de-Evaluacion-y-Seguimiento-al-Proceso-de-Rendicion-de-Cuentas-2021.pdf\" target=\"_blank\" rel=\"noopener\"><strong>Informe de Seguimiento al Proceso de Rendici\u00f3n de Cuentas<\/strong><\/a><\/li>\n<li><a href=\"https:\/\/www.ucaldas.edu.co\/portal\/wp-content\/uploads\/2026\/02\/Informe-Post-Audiencia-de-Rendicion-de-Cuentas-U-Caldas-2021.pdf\" target=\"_blank\" rel=\"noopener\"><strong>Memorias del Evento de Rendici\u00f3n de Cuentas<\/strong><\/a><\/li>\n<\/ul>\n<p>[\/vc_column_text][\/vc_column_inner][\/vc_row_inner][\/vc_tta_section][vc_tta_section title=\u00bb2020&#8243; tab_id=\u00bb1771950403158-318f954d-c10c\u00bb][vc_row_inner][vc_column_inner][vc_column_text css=\u00bb\u00bb]<\/p>\n<ul>\n<li><a href=\"https:\/\/www.ucaldas.edu.co\/portal\/wp-content\/uploads\/2026\/02\/Informe-de-Rendicion-de-Cuentas-U-Caldas-2020.pdf\" target=\"_blank\" rel=\"noopener\"><strong>Informe<\/strong><\/a><\/li>\n<li><a href=\"https:\/\/www.ucaldas.edu.co\/portal\/wp-content\/uploads\/2026\/02\/Preguntas-y-Respuestas-Rendicion-de-Cuentas-U-Caldas-2020.pdf\" target=\"_blank\" rel=\"noopener\"><strong>Preguntas y Respuestas de la Comunidad<\/strong><\/a><\/li>\n<li><a href=\"https:\/\/www.ucaldas.edu.co\/portal\/wp-content\/uploads\/2026\/02\/Informe-Post-Audiencia-de-Rendicion-de-Cuentas-U-Caldas-2020.pdf\" target=\"_blank\" rel=\"noopener\"><strong>Memorias del Evento de Rendici\u00f3n de Cuentas<\/strong><\/a><\/li>\n<\/ul>\n<p>[\/vc_column_text][\/vc_column_inner][\/vc_row_inner][\/vc_tta_section][vc_tta_section title=\u00bb2019&#8243; tab_id=\u00bb1772026860257-ef2528ab-c905&#8243;][vc_row_inner][vc_column_inner][vc_column_text css=\u00bb\u00bb]<\/p>\n<ul>\n<li><a href=\"https:\/\/www.ucaldas.edu.co\/portal\/wp-content\/uploads\/2026\/02\/Informe-de-Rendicion-de-Cuentas-U-Caldas-2019.pdf\" target=\"_blank\" rel=\"noopener\"><strong>Informe<\/strong><\/a><\/li>\n<li><a href=\"https:\/\/www.ucaldas.edu.co\/portal\/wp-content\/uploads\/2026\/02\/Preguntas-y-Respuestas-Rendicion-de-Cuentas-U-Caldas-2019.pdf\" target=\"_blank\" rel=\"noopener\"><strong>Preguntas y Respuestas de la Comunidad<\/strong><\/a><\/li>\n<li><a href=\"https:\/\/www.ucaldas.edu.co\/portal\/wp-content\/uploads\/2026\/02\/Informe-Post-Audiencia-de-Rendicion-de-Cuentas-U-Caldas-2019.pdf\" target=\"_blank\" rel=\"noopener\"><strong>Memorias del Evento de Rendici\u00f3n de Cuentas<\/strong><\/a><\/li>\n<\/ul>\n<p>[\/vc_column_text][\/vc_column_inner][\/vc_row_inner][\/vc_tta_section][vc_tta_section title=\u00bb2018&#8243; tab_id=\u00bb1772033731519-ea56af7d-24c6&#8243;][vc_row_inner][vc_column_inner][vc_column_text css=\u00bb\u00bb]<\/p>\n<ul>\n<li><a href=\"https:\/\/www.ucaldas.edu.co\/portal\/wp-content\/uploads\/2026\/02\/Informe-de-Rendicion-de-Cuentas-U-Caldas-2018.pdf\" target=\"_blank\" rel=\"noopener\"><strong>Informe<\/strong><\/a><\/li>\n<li><a href=\"https:\/\/www.ucaldas.edu.co\/portal\/wp-content\/uploads\/2026\/02\/Preguntas-y-Respuestas-Rendicion-de-Cuentas-U-Caldas-2018.pdf\" target=\"_blank\" rel=\"noopener\"><strong>Preguntas y Respuestas de la Comunidad<\/strong><\/a><\/li>\n<li><a href=\"https:\/\/www.ucaldas.edu.co\/portal\/wp-content\/uploads\/2026\/02\/Informe-Post-Audiencia-de-Rendicion-de-Cuentas-U-Caldas-2018.pdf\" target=\"_blank\" rel=\"noopener\"><strong>Memorias del Evento de Rendici\u00f3n de Cuentas<\/strong><\/a><\/li>\n<\/ul>\n<p>[\/vc_column_text][\/vc_column_inner][\/vc_row_inner][\/vc_tta_section][vc_tta_section title=\u00bb2017&#8243; tab_id=\u00bb1772045583095-af718599-48c6&#8243;][vc_row_inner][vc_column_inner][vc_column_text css=\u00bb\u00bb]<\/p>\n<ul>\n<li><a href=\"https:\/\/www.ucaldas.edu.co\/portal\/wp-content\/uploads\/2026\/02\/Informe-de-Rendicion-de-Cuentas-U-Caldas-2017.pdf\" target=\"_blank\" rel=\"noopener\"><strong>Informe<\/strong><\/a><\/li>\n<li><a href=\"https:\/\/www.ucaldas.edu.co\/portal\/wp-content\/uploads\/2026\/02\/Preguntas-y-Respuestas-Rendicion-de-Cuentas-U-Caldas-2017.pdf\" target=\"_blank\" rel=\"noopener\"><strong>Preguntas y Respuestas de la Comunidad<\/strong><\/a><\/li>\n<li><a href=\"https:\/\/www.ucaldas.edu.co\/portal\/wp-content\/uploads\/2026\/02\/Preguntas-y-Respuestas-Rendicion-de-Cuentas-U-Caldas-2017.pdf\" target=\"_blank\" rel=\"noopener\"><strong>Memorias del Evento de Rendici\u00f3n de Cuentas<\/strong><\/a><\/li>\n<\/ul>\n<p>[\/vc_column_text][\/vc_column_inner][\/vc_row_inner][\/vc_tta_section][vc_tta_section title=\u00bb2016&#8243; tab_id=\u00bb1772046474859-33d1480f-f14f\u00bb][vc_row_inner][vc_column_inner][vc_column_text css=\u00bb\u00bb]<\/p>\n<ul>\n<li><a href=\"https:\/\/www.ucaldas.edu.co\/portal\/wp-content\/uploads\/2026\/02\/Informe-de-Rendicion-de-Cuentas-U-Caldas-2016.pdf\" target=\"_blank\" rel=\"noopener\"><strong>Informe<\/strong><\/a><\/li>\n<li><a href=\"https:\/\/www.ucaldas.edu.co\/portal\/wp-content\/uploads\/2026\/02\/Preguntas-y-Respuestas-Rendicion-de-Cuentas-U-Caldas-2016.pdf\" target=\"_blank\" rel=\"noopener\"><strong>Preguntas y Respuestas de la Comunidad<\/strong><\/a><\/li>\n<\/ul>\n<p>[\/vc_column_text][\/vc_column_inner][\/vc_row_inner][\/vc_tta_section][vc_tta_section title=\u00bb2015&#8243; tab_id=\u00bb1772046985749-e25c8c6d-b370&#8243;][vc_row_inner][vc_column_inner][vc_column_text css=\u00bb\u00bb]<\/p>\n<ul>\n<li><a href=\"https:\/\/www.ucaldas.edu.co\/portal\/wp-content\/uploads\/2026\/02\/Informe%20de%20Rendici%C3%B3n%20de%20Cuentas%20U%20Caldas%202015.pdf\" target=\"_blank\" rel=\"noopener\"><strong>Informe<\/strong><\/a><\/li>\n<li><a href=\"https:\/\/www.ucaldas.edu.co\/portal\/wp-content\/uploads\/2026\/02\/Preguntas-y-Respuestas-Rendicion-de-Cuentas-U-Caldas-2015.pdf\" target=\"_blank\" rel=\"noopener\"><strong>Preguntas y Respuestas de la Comunidad<\/strong><\/a><\/li>\n<li><a href=\"https:\/\/www.ucaldas.edu.co\/portal\/wp-content\/uploads\/2026\/02\/Informe-Post-Audiencia-de-Rendicion-de-Cuentas-U-Caldas-2015.pdf\" target=\"_blank\" rel=\"noopener\"><strong>Memorias del Evento de Rendici\u00f3n de Cuentas<\/strong><\/a><\/li>\n<\/ul>\n<p>[\/vc_column_text][\/vc_column_inner][\/vc_row_inner][\/vc_tta_section][\/vc_tta_accordion][\/vc_column][\/vc_row]<\/p>\n<\/div>","protected":false},"excerpt":{"rendered":"<p>[vc_row][vc_column][vc_column_text css=\u00bb\u00bb]Este espacio re\u00fane de manera clara y accesible toda la informaci\u00f3n relacionada con la Rendici\u00f3n de Cuentas, como un ejercicio permanente de transparencia, di\u00e1logo y control social. Aqu\u00ed la ciudadan\u00eda podr\u00e1 consultar la estrategia institucional, los informes y las convocatorias que promueven la participaci\u00f3n en la evaluaci\u00f3n y mejora de la gesti\u00f3n p\u00fablica. Este [&hellip;]<\/p>\n","protected":false},"author":1,"featured_media":93103,"parent":68373,"menu_order":0,"comment_status":"closed","ping_status":"closed","template":"","meta":{"footnotes":""},"class_list":["post-102685","page","type-page","status-publish","has-post-thumbnail","hentry"],"yoast_head":"<!-- This site is optimized with the Yoast SEO plugin v27.5 - https:\/\/yoast.com\/product\/yoast-seo-wordpress\/ -->\n<title>Rendici\u00f3n de Cuentas<\/title>\n<meta name=\"description\" content=\"Aqu\u00ed toda la informaci\u00f3n relacionada con la Rendici\u00f3n de Cuentas, como un ejercicio permanente de transparencia, di\u00e1logo y control social.\" \/>\n<meta name=\"robots\" content=\"index, follow, max-snippet:-1, max-image-preview:large, max-video-preview:-1\" \/>\n<link rel=\"canonical\" href=\"https:\/\/www.ucaldas.edu.co\/portal\/transparencia\/participa\/rendicion-de-cuentas\/\" \/>\n<script type=\"application\/ld+json\" class=\"yoast-schema-graph\">{\"@context\":\"https:\\\/\\\/schema.org\",\"@graph\":[{\"@type\":\"WebPage\",\"@id\":\"https:\\\/\\\/www.ucaldas.edu.co\\\/portal\\\/transparencia\\\/participa\\\/rendicion-de-cuentas\\\/\",\"url\":\"https:\\\/\\\/www.ucaldas.edu.co\\\/portal\\\/transparencia\\\/participa\\\/rendicion-de-cuentas\\\/\",\"name\":\"Rendici\u00f3n de Cuentas\",\"isPartOf\":{\"@id\":\"https:\\\/\\\/www.ucaldas.edu.co\\\/portal\\\/#website\"},\"primaryImageOfPage\":{\"@id\":\"https:\\\/\\\/www.ucaldas.edu.co\\\/portal\\\/transparencia\\\/participa\\\/rendicion-de-cuentas\\\/#primaryimage\"},\"image\":{\"@id\":\"https:\\\/\\\/www.ucaldas.edu.co\\\/portal\\\/transparencia\\\/participa\\\/rendicion-de-cuentas\\\/#primaryimage\"},\"thumbnailUrl\":\"https:\\\/\\\/www.ucaldas.edu.co\\\/portal\\\/wp-content\\\/uploads\\\/2025\\\/08\\\/portada-micrositios.png\",\"datePublished\":\"2026-02-24T14:20:45+00:00\",\"dateModified\":\"2026-03-20T13:19:03+00:00\",\"description\":\"Aqu\u00ed toda la informaci\u00f3n relacionada con la Rendici\u00f3n de Cuentas, como un ejercicio permanente de transparencia, di\u00e1logo y control social.\",\"breadcrumb\":{\"@id\":\"https:\\\/\\\/www.ucaldas.edu.co\\\/portal\\\/transparencia\\\/participa\\\/rendicion-de-cuentas\\\/#breadcrumb\"},\"inLanguage\":\"es\",\"potentialAction\":[{\"@type\":\"ReadAction\",\"target\":[\"https:\\\/\\\/www.ucaldas.edu.co\\\/portal\\\/transparencia\\\/participa\\\/rendicion-de-cuentas\\\/\"]}]},{\"@type\":\"ImageObject\",\"inLanguage\":\"es\",\"@id\":\"https:\\\/\\\/www.ucaldas.edu.co\\\/portal\\\/transparencia\\\/participa\\\/rendicion-de-cuentas\\\/#primaryimage\",\"url\":\"https:\\\/\\\/www.ucaldas.edu.co\\\/portal\\\/wp-content\\\/uploads\\\/2025\\\/08\\\/portada-micrositios.png\",\"contentUrl\":\"https:\\\/\\\/www.ucaldas.edu.co\\\/portal\\\/wp-content\\\/uploads\\\/2025\\\/08\\\/portada-micrositios.png\",\"width\":1920,\"height\":600,\"caption\":\"Nueva portada para micrositios\"},{\"@type\":\"BreadcrumbList\",\"@id\":\"https:\\\/\\\/www.ucaldas.edu.co\\\/portal\\\/transparencia\\\/participa\\\/rendicion-de-cuentas\\\/#breadcrumb\",\"itemListElement\":[{\"@type\":\"ListItem\",\"position\":1,\"name\":\"Portada\",\"item\":\"https:\\\/\\\/www.ucaldas.edu.co\\\/portal\\\/\"},{\"@type\":\"ListItem\",\"position\":2,\"name\":\"Transparencia y acceso a informaci\u00f3n p\u00fablica\",\"item\":\"https:\\\/\\\/www.ucaldas.edu.co\\\/portal\\\/transparencia\\\/\"},{\"@type\":\"ListItem\",\"position\":3,\"name\":\"Participa\",\"item\":\"https:\\\/\\\/www.ucaldas.edu.co\\\/portal\\\/transparencia\\\/participa\\\/\"},{\"@type\":\"ListItem\",\"position\":4,\"name\":\"Rendici\u00f3n de Cuentas\"}]},{\"@type\":\"WebSite\",\"@id\":\"https:\\\/\\\/www.ucaldas.edu.co\\\/portal\\\/#website\",\"url\":\"https:\\\/\\\/www.ucaldas.edu.co\\\/portal\\\/\",\"name\":\"Universidad de Caldas\",\"description\":\"\",\"publisher\":{\"@id\":\"https:\\\/\\\/www.ucaldas.edu.co\\\/portal\\\/#organization\"},\"alternateName\":\"U. de Caldas\",\"potentialAction\":[{\"@type\":\"SearchAction\",\"target\":{\"@type\":\"EntryPoint\",\"urlTemplate\":\"https:\\\/\\\/www.ucaldas.edu.co\\\/portal\\\/?s={search_term_string}\"},\"query-input\":{\"@type\":\"PropertyValueSpecification\",\"valueRequired\":true,\"valueName\":\"search_term_string\"}}],\"inLanguage\":\"es\"},{\"@type\":\"Organization\",\"@id\":\"https:\\\/\\\/www.ucaldas.edu.co\\\/portal\\\/#organization\",\"name\":\"Universidad de Caldas\",\"alternateName\":\"U. de Caldas\",\"url\":\"https:\\\/\\\/www.ucaldas.edu.co\\\/portal\\\/\",\"logo\":{\"@type\":\"ImageObject\",\"inLanguage\":\"es\",\"@id\":\"https:\\\/\\\/www.ucaldas.edu.co\\\/portal\\\/#\\\/schema\\\/logo\\\/image\\\/\",\"url\":\"https:\\\/\\\/www.ucaldas.edu.co\\\/portal\\\/wp-content\\\/uploads\\\/2023\\\/11\\\/Logo_horizontal_oscuroU-2023.png\",\"contentUrl\":\"https:\\\/\\\/www.ucaldas.edu.co\\\/portal\\\/wp-content\\\/uploads\\\/2023\\\/11\\\/Logo_horizontal_oscuroU-2023.png\",\"width\":263,\"height\":101,\"caption\":\"Universidad de Caldas\"},\"image\":{\"@id\":\"https:\\\/\\\/www.ucaldas.edu.co\\\/portal\\\/#\\\/schema\\\/logo\\\/image\\\/\"},\"sameAs\":[\"https:\\\/\\\/www.facebook.com\\\/udecaldas\",\"https:\\\/\\\/x.com\\\/udecaldas\",\"https:\\\/\\\/www.youtube.com\\\/universidadcaldas\",\"https:\\\/\\\/www.instagram.com\\\/udecaldas\\\/\"]}]}<\/script>\n<!-- \/ Yoast SEO plugin. -->","yoast_head_json":{"title":"Rendici\u00f3n de Cuentas","description":"Aqu\u00ed toda la informaci\u00f3n relacionada con la Rendici\u00f3n de Cuentas, como un ejercicio permanente de transparencia, di\u00e1logo y control social.","robots":{"index":"index","follow":"follow","max-snippet":"max-snippet:-1","max-image-preview":"max-image-preview:large","max-video-preview":"max-video-preview:-1"},"canonical":"https:\/\/www.ucaldas.edu.co\/portal\/transparencia\/participa\/rendicion-de-cuentas\/","schema":{"@context":"https:\/\/schema.org","@graph":[{"@type":"WebPage","@id":"https:\/\/www.ucaldas.edu.co\/portal\/transparencia\/participa\/rendicion-de-cuentas\/","url":"https:\/\/www.ucaldas.edu.co\/portal\/transparencia\/participa\/rendicion-de-cuentas\/","name":"Rendici\u00f3n de Cuentas","isPartOf":{"@id":"https:\/\/www.ucaldas.edu.co\/portal\/#website"},"primaryImageOfPage":{"@id":"https:\/\/www.ucaldas.edu.co\/portal\/transparencia\/participa\/rendicion-de-cuentas\/#primaryimage"},"image":{"@id":"https:\/\/www.ucaldas.edu.co\/portal\/transparencia\/participa\/rendicion-de-cuentas\/#primaryimage"},"thumbnailUrl":"https:\/\/www.ucaldas.edu.co\/portal\/wp-content\/uploads\/2025\/08\/portada-micrositios.png","datePublished":"2026-02-24T14:20:45+00:00","dateModified":"2026-03-20T13:19:03+00:00","description":"Aqu\u00ed toda la informaci\u00f3n relacionada con la Rendici\u00f3n de Cuentas, como un ejercicio permanente de transparencia, di\u00e1logo y control social.","breadcrumb":{"@id":"https:\/\/www.ucaldas.edu.co\/portal\/transparencia\/participa\/rendicion-de-cuentas\/#breadcrumb"},"inLanguage":"es","potentialAction":[{"@type":"ReadAction","target":["https:\/\/www.ucaldas.edu.co\/portal\/transparencia\/participa\/rendicion-de-cuentas\/"]}]},{"@type":"ImageObject","inLanguage":"es","@id":"https:\/\/www.ucaldas.edu.co\/portal\/transparencia\/participa\/rendicion-de-cuentas\/#primaryimage","url":"https:\/\/www.ucaldas.edu.co\/portal\/wp-content\/uploads\/2025\/08\/portada-micrositios.png","contentUrl":"https:\/\/www.ucaldas.edu.co\/portal\/wp-content\/uploads\/2025\/08\/portada-micrositios.png","width":1920,"height":600,"caption":"Nueva portada para micrositios"},{"@type":"BreadcrumbList","@id":"https:\/\/www.ucaldas.edu.co\/portal\/transparencia\/participa\/rendicion-de-cuentas\/#breadcrumb","itemListElement":[{"@type":"ListItem","position":1,"name":"Portada","item":"https:\/\/www.ucaldas.edu.co\/portal\/"},{"@type":"ListItem","position":2,"name":"Transparencia y acceso a informaci\u00f3n p\u00fablica","item":"https:\/\/www.ucaldas.edu.co\/portal\/transparencia\/"},{"@type":"ListItem","position":3,"name":"Participa","item":"https:\/\/www.ucaldas.edu.co\/portal\/transparencia\/participa\/"},{"@type":"ListItem","position":4,"name":"Rendici\u00f3n de Cuentas"}]},{"@type":"WebSite","@id":"https:\/\/www.ucaldas.edu.co\/portal\/#website","url":"https:\/\/www.ucaldas.edu.co\/portal\/","name":"Universidad de Caldas","description":"","publisher":{"@id":"https:\/\/www.ucaldas.edu.co\/portal\/#organization"},"alternateName":"U. de Caldas","potentialAction":[{"@type":"SearchAction","target":{"@type":"EntryPoint","urlTemplate":"https:\/\/www.ucaldas.edu.co\/portal\/?s={search_term_string}"},"query-input":{"@type":"PropertyValueSpecification","valueRequired":true,"valueName":"search_term_string"}}],"inLanguage":"es"},{"@type":"Organization","@id":"https:\/\/www.ucaldas.edu.co\/portal\/#organization","name":"Universidad de Caldas","alternateName":"U. de Caldas","url":"https:\/\/www.ucaldas.edu.co\/portal\/","logo":{"@type":"ImageObject","inLanguage":"es","@id":"https:\/\/www.ucaldas.edu.co\/portal\/#\/schema\/logo\/image\/","url":"https:\/\/www.ucaldas.edu.co\/portal\/wp-content\/uploads\/2023\/11\/Logo_horizontal_oscuroU-2023.png","contentUrl":"https:\/\/www.ucaldas.edu.co\/portal\/wp-content\/uploads\/2023\/11\/Logo_horizontal_oscuroU-2023.png","width":263,"height":101,"caption":"Universidad de Caldas"},"image":{"@id":"https:\/\/www.ucaldas.edu.co\/portal\/#\/schema\/logo\/image\/"},"sameAs":["https:\/\/www.facebook.com\/udecaldas","https:\/\/x.com\/udecaldas","https:\/\/www.youtube.com\/universidadcaldas","https:\/\/www.instagram.com\/udecaldas\/"]}]}},"_links":{"self":[{"href":"https:\/\/www.ucaldas.edu.co\/portal\/wp-json\/wp\/v2\/pages\/102685","targetHints":{"allow":["GET"]}}],"collection":[{"href":"https:\/\/www.ucaldas.edu.co\/portal\/wp-json\/wp\/v2\/pages"}],"about":[{"href":"https:\/\/www.ucaldas.edu.co\/portal\/wp-json\/wp\/v2\/types\/page"}],"author":[{"embeddable":true,"href":"https:\/\/www.ucaldas.edu.co\/portal\/wp-json\/wp\/v2\/users\/1"}],"replies":[{"embeddable":true,"href":"https:\/\/www.ucaldas.edu.co\/portal\/wp-json\/wp\/v2\/comments?post=102685"}],"version-history":[{"count":24,"href":"https:\/\/www.ucaldas.edu.co\/portal\/wp-json\/wp\/v2\/pages\/102685\/revisions"}],"predecessor-version":[{"id":103445,"href":"https:\/\/www.ucaldas.edu.co\/portal\/wp-json\/wp\/v2\/pages\/102685\/revisions\/103445"}],"up":[{"embeddable":true,"href":"https:\/\/www.ucaldas.edu.co\/portal\/wp-json\/wp\/v2\/pages\/68373"}],"wp:featuredmedia":[{"embeddable":true,"href":"https:\/\/www.ucaldas.edu.co\/portal\/wp-json\/wp\/v2\/media\/93103"}],"wp:attachment":[{"href":"https:\/\/www.ucaldas.edu.co\/portal\/wp-json\/wp\/v2\/media?parent=102685"}],"curies":[{"name":"wp","href":"https:\/\/api.w.org\/{rel}","templated":true}]}}